{"id":3387,"date":"2022-09-09T12:15:57","date_gmt":"2022-09-09T10:15:57","guid":{"rendered":"https:\/\/hotel-gaedi.ch\/hiking\/"},"modified":"2024-11-15T15:06:57","modified_gmt":"2024-11-15T14:06:57","slug":"hiking","status":"publish","type":"page","link":"https:\/\/hotel-gaedi.ch\/en\/activities\/hiking\/","title":{"rendered":"Hiking"},"content":{"rendered":"\n<div class=\"wp-block-group container introtext-centered-sun-icon-title\"><div class=\"wp-block-group__inner-container is-layout-flow wp-block-group-is-layout-flow\">\n<div class=\"wp-block-columns row is-layout-flex wp-container-core-columns-is-layout-9d6595d7 wp-block-columns-is-layout-flex\">\n<div class=\"wp-block-column col-12 is-layout-flow wp-block-column-is-layout-flow\">\n<h1 class=\"wp-block-heading\">Hiking in Valais with heavenly views<\/h1>\n\n\n\n<p>Hotel G\u00e4di in Gr\u00e4chen is the perfect starting point for hiking vacations in Valais. At the same time, the view is unbeatably beautiful. Whether directly on the next hiking trail, with the cable car Hannigalp directly in front of the Hotel G\u00e4di up the mountain or with the bus to a starting point of your choice; the Hotel G\u00e4di is always in the right place.<\/p>\n<\/div>\n<\/div>\n<\/div><\/div>\n\n<div class=\"wp-block-group container teaser-2col-image-text multiple-images-horizontal\"><div class=\"wp-block-group__inner-container is-layout-flow wp-block-group-is-layout-flow\">\n<div class=\"wp-block-columns row is-layout-flex wp-container-core-columns-is-layout-9d6595d7 wp-block-columns-is-layout-flex\">\n<div class=\"wp-block-column col-lg-12 col-xl-7 is-layout-flow wp-block-column-is-layout-flow\">\n<div class=\"wp-block-columns row is-layout-flex wp-container-core-columns-is-layout-9d6595d7 wp-block-columns-is-layout-flex\">\n<div class=\"wp-block-column col-12 col-sm-6 is-layout-flow wp-block-column-is-layout-flow\">\n<figure class=\"wp-block-image size-full\"><img loading=\"lazy\" decoding=\"async\" width=\"835\" height=\"1024\" src=\"https:\/\/hotel-gaedi.ch\/wp-content\/uploads\/2022\/11\/2017_Famille_Ete_-c-Valais-Wallis-Promotion-Pascal-Gertschen-180_Grachen_chasse-au-tresor.jpg\" alt=\"\" class=\"wp-image-2408\" srcset=\"https:\/\/hotel-gaedi.ch\/wp-content\/uploads\/2022\/11\/2017_Famille_Ete_-c-Valais-Wallis-Promotion-Pascal-Gertschen-180_Grachen_chasse-au-tresor.jpg 835w, https:\/\/hotel-gaedi.ch\/wp-content\/uploads\/2022\/11\/2017_Famille_Ete_-c-Valais-Wallis-Promotion-Pascal-Gertschen-180_Grachen_chasse-au-tresor-408x500.jpg 408w, https:\/\/hotel-gaedi.ch\/wp-content\/uploads\/2022\/11\/2017_Famille_Ete_-c-Valais-Wallis-Promotion-Pascal-Gertschen-180_Grachen_chasse-au-tresor-768x942.jpg 768w\" sizes=\"auto, (max-width: 835px) 100vw, 835px\" \/><\/figure>\n<\/div>\n\n\n\n<div class=\"wp-block-column col-12 col-sm-6 is-layout-flow wp-block-column-is-layout-flow\">\n<figure class=\"wp-block-image size-full\"><img loading=\"lazy\" decoding=\"async\" width=\"835\" height=\"1024\" src=\"https:\/\/hotel-gaedi.ch\/wp-content\/uploads\/2022\/11\/2017_Famille_Ete_-c-Valais-Wallis-Promotion-Pascal-Gertschen-22_Grachen_chasse-au-tresor.jpg\" alt=\"\" class=\"wp-image-2407\" srcset=\"https:\/\/hotel-gaedi.ch\/wp-content\/uploads\/2022\/11\/2017_Famille_Ete_-c-Valais-Wallis-Promotion-Pascal-Gertschen-22_Grachen_chasse-au-tresor.jpg 835w, https:\/\/hotel-gaedi.ch\/wp-content\/uploads\/2022\/11\/2017_Famille_Ete_-c-Valais-Wallis-Promotion-Pascal-Gertschen-22_Grachen_chasse-au-tresor-408x500.jpg 408w, https:\/\/hotel-gaedi.ch\/wp-content\/uploads\/2022\/11\/2017_Famille_Ete_-c-Valais-Wallis-Promotion-Pascal-Gertschen-22_Grachen_chasse-au-tresor-768x942.jpg 768w\" sizes=\"auto, (max-width: 835px) 100vw, 835px\" \/><\/figure>\n<\/div>\n<\/div>\n<\/div>\n\n\n\n<div class=\"wp-block-column col-lg-12 col-xl-5 is-layout-flow wp-block-column-is-layout-flow\">\n<h2 class=\"wp-block-heading\">Do you know the Europe Trail with the Charles Kuonen Suspension Bridge?<\/h2>\n\n\n\n<p>A <em>must-see<\/em> is the new <em>Charles Kuonen<\/em> suspension bridge, which is no less than 494 meters long and 85 meters above the gorge. It is the longest suspension bridge in the Alps.<\/p>\n\n\n\n<p>In winter in Gr\u00e4chen, varied and wonderful winter hiking trails invite you to find relaxation in nature. Whether short distances of 20 minutes or extensive hikes of over 2 hours; there is certainly the right route for you.<\/p>\n\n\n\n<div class=\"wp-block-buttons is-layout-flex wp-block-buttons-is-layout-flex\">\n<div class=\"wp-block-button\"><a class=\"wp-block-button__link wp-element-button\" href=\"https:\/\/graechen.ch\/en\/Hiking-Time\" target=\"_blank\" rel=\"noreferrer noopener\">Hiking information<\/a><\/div>\n<\/div>\n<\/div>\n<\/div>\n<\/div><\/div>\n\n<div class=\"wp-block-group container-fluid section-dark-bg-icons-text\"><div class=\"wp-block-group__inner-container is-layout-flow wp-block-group-is-layout-flow\">\n<div class=\"wp-block-columns row is-layout-flex wp-container-core-columns-is-layout-9d6595d7 wp-block-columns-is-layout-flex\">\n<div class=\"wp-block-column col-12 is-layout-flow wp-block-column-is-layout-flow\">\n<div class=\"wp-block-group container\"><div class=\"wp-block-group__inner-container is-layout-flow wp-block-group-is-layout-flow\">\n<div class=\"wp-block-columns row gx-6 is-layout-flex wp-container-core-columns-is-layout-9d6595d7 wp-block-columns-is-layout-flex\">\n<div class=\"wp-block-column col-12 col-lg-4 is-layout-flow wp-block-column-is-layout-flow\">\n<figure class=\"wp-block-image size-large\"><img decoding=\"async\" src=\"https:\/\/hotel-gaedi.ch\/wp-content\/uploads\/2022\/10\/weitwanderungen.svg\" alt=\"\" class=\"wp-image-1260\"\/><\/figure>\n\n\n\n<h4 class=\"wp-block-heading\">Long distance hikes in Valais<\/h4>\n\n\n\n<p>High trail, panoramas, Matterhorn<\/p>\n<\/div>\n\n\n\n<div class=\"wp-block-column col-12 col-lg-4 is-layout-flow wp-block-column-is-layout-flow\">\n<figure class=\"wp-block-image size-large\"><img decoding=\"async\" src=\"https:\/\/hotel-gaedi.ch\/wp-content\/uploads\/2022\/10\/kurzwanderung.svg\" alt=\"\" class=\"wp-image-1257\"\/><\/figure>\n\n\n\n<h4 class=\"wp-block-heading\">Short hikes around Gr\u00e4chen in Valais<\/h4>\n\n\n\n<p>At your whim on 250 km of hiking trail network<\/p>\n<\/div>\n\n\n\n<div class=\"wp-block-column col-12 col-lg-4 is-layout-flow wp-block-column-is-layout-flow\">\n<figure class=\"wp-block-image size-large\"><img decoding=\"async\" src=\"https:\/\/hotel-gaedi.ch\/wp-content\/uploads\/2022\/10\/kulinarikwanderung.svg\" alt=\"\" class=\"wp-image-1256\"\/><\/figure>\n\n\n\n<h4 class=\"wp-block-heading\">Culinary hike<\/h4>\n\n\n\n<p>Valais specialties on the trail<\/p>\n<\/div>\n<\/div>\n<\/div><\/div>\n<\/div>\n<\/div>\n<\/div><\/div>\n\n<div class=\"wp-block-group container-fluid fullwidth-bg-image-overlay-text flowtext\"><div class=\"wp-block-group__inner-container is-layout-flow wp-block-group-is-layout-flow\">\n<div class=\"wp-block-columns row is-layout-flex wp-container-core-columns-is-layout-9d6595d7 wp-block-columns-is-layout-flex\">\n<div class=\"wp-block-column col-12 is-layout-flow wp-block-column-is-layout-flow\">\n<div class=\"wp-block-cover\" style=\"min-height:772px;aspect-ratio:unset;\"><span aria-hidden=\"true\" class=\"wp-block-cover__background has-background-dim-0 has-background-dim\"><\/span><img loading=\"lazy\" decoding=\"async\" width=\"1920\" height=\"1169\" class=\"wp-block-cover__image-background wp-image-2411\" alt=\"\" src=\"https:\/\/hotel-gaedi.ch\/wp-content\/uploads\/2022\/11\/2018_VTT_GrachenMoosalp_32_\u00a9Valais-Wallis-Promotion-Pascal-Gertschen.jpg\" data-object-fit=\"cover\" srcset=\"https:\/\/hotel-gaedi.ch\/wp-content\/uploads\/2022\/11\/2018_VTT_GrachenMoosalp_32_\u00a9Valais-Wallis-Promotion-Pascal-Gertschen.jpg 1920w, https:\/\/hotel-gaedi.ch\/wp-content\/uploads\/2022\/11\/2018_VTT_GrachenMoosalp_32_\u00a9Valais-Wallis-Promotion-Pascal-Gertschen-500x304.jpg 500w, https:\/\/hotel-gaedi.ch\/wp-content\/uploads\/2022\/11\/2018_VTT_GrachenMoosalp_32_\u00a9Valais-Wallis-Promotion-Pascal-Gertschen-1024x623.jpg 1024w, https:\/\/hotel-gaedi.ch\/wp-content\/uploads\/2022\/11\/2018_VTT_GrachenMoosalp_32_\u00a9Valais-Wallis-Promotion-Pascal-Gertschen-768x468.jpg 768w, https:\/\/hotel-gaedi.ch\/wp-content\/uploads\/2022\/11\/2018_VTT_GrachenMoosalp_32_\u00a9Valais-Wallis-Promotion-Pascal-Gertschen-1536x935.jpg 1536w\" sizes=\"auto, (max-width: 1920px) 100vw, 1920px\" \/><div class=\"wp-block-cover__inner-container is-layout-flow wp-block-cover-is-layout-flow\">\n<div class=\"wp-block-group container\"><div class=\"wp-block-group__inner-container is-layout-flow wp-block-group-is-layout-flow\">\n<div class=\"wp-block-columns row is-layout-flex wp-container-core-columns-is-layout-9d6595d7 wp-block-columns-is-layout-flex\">\n<div class=\"wp-block-column col-12 col-lg-7 is-layout-flow wp-block-column-is-layout-flow\">\n<p>Bike hotel and hiking hotel<\/p>\n\n\n\n<p>Our bike partner One Sport accompanies you on medium-difficulty trails, gives tips on proper nutrition and energy-saving biking.  <br\/>The own bike garage at Hotel G\u00e4di offers protection and cleaning facilities.<\/p>\n\n\n\n<div class=\"wp-block-buttons is-layout-flex wp-block-buttons-is-layout-flex\">\n<div class=\"wp-block-button\"><a class=\"wp-block-button__link wp-element-button\" href=\"https:\/\/hotel-gaedi.ch\/en\/activities\/biking\/\">Learn more<\/a><\/div>\n<\/div>\n<\/div>\n<\/div>\n<\/div><\/div>\n<\/div><\/div>\n<\/div>\n<\/div>\n<\/div><\/div>\n\n<div class=\"wp-block-group container introtext-centered-sun-icon-title\"><div class=\"wp-block-group__inner-container is-layout-flow wp-block-group-is-layout-flow\">\n<div class=\"wp-block-columns row is-layout-flex wp-container-core-columns-is-layout-9d6595d7 wp-block-columns-is-layout-flex\">\n<div class=\"wp-block-column col-12 is-layout-flow wp-block-column-is-layout-flow\"><div class=\"wp-block-image\">\n<figure class=\"aligncenter size-large is-resized\"><img decoding=\"async\" src=\"https:\/\/hotel-gaedi.ch\/wp-content\/uploads\/2022\/09\/sonne-logo.svg\" alt=\"\" class=\"wp-image-155\" style=\"width:100px\"\/><\/figure>\n<\/div>\n\n\n<blockquote class=\"wp-block-quote is-layout-flow wp-block-quote-is-layout-flow\">\n<p><a href=\"https:\/\/www.tripadvisor.at\/ShowUserReviews-g229458-d1237673-r769387346-Hotel_Gadi-Graechen_Canton_of_Valais_Swiss_Alps.html\" target=\"_blank\" rel=\"noreferrer noopener\">&#8220;The Hotel G\u00e4di has turned out to be a real gem!<\/a> Not least because of the fantastic network of hiking trails in Gr\u00e4chen and the extensive range of excursions on offer.&#8221;<\/p>\n<\/blockquote>\n<\/div>\n<\/div>\n<\/div><\/div>\n","protected":false},"excerpt":{"rendered":"<p>Hiking in Valais with heavenly views Hotel G\u00e4di in Gr\u00e4chen is the perfect starting point for hiking vacations in Valais. At the same time, the view is unbeatably beautiful. Whether directly on the next hiking trail, with the cable car Hannigalp directly in front of the Hotel G\u00e4di up the mountain or with the bus [&hellip;]<\/p>\n","protected":false},"author":1,"featured_media":0,"parent":3394,"menu_order":0,"comment_status":"closed","ping_status":"closed","template":"","meta":{"_acf_changed":false,"inline_featured_image":false,"footnotes":""},"class_list":["post-3387","page","type-page","status-publish","hentry"],"acf":[],"yoast_head":"<!-- This site is optimized with the Yoast SEO plugin v27.4 - https:\/\/yoast.com\/product\/yoast-seo-wordpress\/ -->\n<title>Hiking in Valais | Hotel G\u00e4di Gr\u00e4chen<\/title>\n<meta name=\"description\" content=\"Hotel G\u00e4di in Gr\u00e4chen in the Valais Alps is the ideal starting point for hiking vacations and other summer and winter activities.\" \/>\n<meta name=\"robots\" content=\"index, follow, max-snippet:-1, max-image-preview:large, max-video-preview:-1\" \/>\n<link rel=\"canonical\" href=\"https:\/\/hotel-gaedi.ch\/en\/activities\/hiking\/\" \/>\n<meta property=\"og:locale\" content=\"en_US\" \/>\n<meta property=\"og:type\" content=\"article\" \/>\n<meta property=\"og:title\" content=\"Hiking in Valais | Hotel G\u00e4di Gr\u00e4chen\" \/>\n<meta property=\"og:description\" content=\"Hotel G\u00e4di in Gr\u00e4chen in the Valais Alps is the ideal starting point for hiking vacations and other summer and winter activities.\" \/>\n<meta property=\"og:url\" content=\"https:\/\/hotel-gaedi.ch\/en\/activities\/hiking\/\" \/>\n<meta property=\"og:site_name\" content=\"Hotel G\u00e4di\" \/>\n<meta property=\"article:modified_time\" content=\"2024-11-15T14:06:57+00:00\" \/>\n<meta property=\"og:image\" content=\"https:\/\/hotel-gaedi.ch\/wp-content\/uploads\/2022\/11\/2017_Famille_Ete_-c-Valais-Wallis-Promotion-Pascal-Gertschen-180_Grachen_chasse-au-tresor.jpg\" \/>\n\t<meta property=\"og:image:width\" content=\"835\" \/>\n\t<meta property=\"og:image:height\" content=\"1024\" \/>\n\t<meta property=\"og:image:type\" content=\"image\/jpeg\" \/>\n<meta name=\"twitter:card\" content=\"summary_large_image\" \/>\n<meta name=\"twitter:label1\" content=\"Est. reading time\" \/>\n\t<meta name=\"twitter:data1\" content=\"1 minute\" \/>\n<script type=\"application\/ld+json\" class=\"yoast-schema-graph\">{\"@context\":\"https:\\\/\\\/schema.org\",\"@graph\":[{\"@type\":\"WebPage\",\"@id\":\"https:\\\/\\\/hotel-gaedi.ch\\\/en\\\/activities\\\/hiking\\\/\",\"url\":\"https:\\\/\\\/hotel-gaedi.ch\\\/en\\\/activities\\\/hiking\\\/\",\"name\":\"Hiking in Valais | Hotel G\u00e4di Gr\u00e4chen\",\"isPartOf\":{\"@id\":\"https:\\\/\\\/hotel-gaedi.ch\\\/#website\"},\"primaryImageOfPage\":{\"@id\":\"https:\\\/\\\/hotel-gaedi.ch\\\/en\\\/activities\\\/hiking\\\/#primaryimage\"},\"image\":{\"@id\":\"https:\\\/\\\/hotel-gaedi.ch\\\/en\\\/activities\\\/hiking\\\/#primaryimage\"},\"thumbnailUrl\":\"https:\\\/\\\/hotel-gaedi.ch\\\/wp-content\\\/uploads\\\/2022\\\/11\\\/2017_Famille_Ete_-c-Valais-Wallis-Promotion-Pascal-Gertschen-180_Grachen_chasse-au-tresor.jpg\",\"datePublished\":\"2022-09-09T10:15:57+00:00\",\"dateModified\":\"2024-11-15T14:06:57+00:00\",\"description\":\"Hotel G\u00e4di in Gr\u00e4chen in the Valais Alps is the ideal starting point for hiking vacations and other summer and winter activities.\",\"breadcrumb\":{\"@id\":\"https:\\\/\\\/hotel-gaedi.ch\\\/en\\\/activities\\\/hiking\\\/#breadcrumb\"},\"inLanguage\":\"en-US\",\"potentialAction\":[{\"@type\":\"ReadAction\",\"target\":[\"https:\\\/\\\/hotel-gaedi.ch\\\/en\\\/activities\\\/hiking\\\/\"]}]},{\"@type\":\"ImageObject\",\"inLanguage\":\"en-US\",\"@id\":\"https:\\\/\\\/hotel-gaedi.ch\\\/en\\\/activities\\\/hiking\\\/#primaryimage\",\"url\":\"https:\\\/\\\/hotel-gaedi.ch\\\/wp-content\\\/uploads\\\/2022\\\/11\\\/2017_Famille_Ete_-c-Valais-Wallis-Promotion-Pascal-Gertschen-180_Grachen_chasse-au-tresor.jpg\",\"contentUrl\":\"https:\\\/\\\/hotel-gaedi.ch\\\/wp-content\\\/uploads\\\/2022\\\/11\\\/2017_Famille_Ete_-c-Valais-Wallis-Promotion-Pascal-Gertschen-180_Grachen_chasse-au-tresor.jpg\"},{\"@type\":\"BreadcrumbList\",\"@id\":\"https:\\\/\\\/hotel-gaedi.ch\\\/en\\\/activities\\\/hiking\\\/#breadcrumb\",\"itemListElement\":[{\"@type\":\"ListItem\",\"position\":1,\"name\":\"Home\",\"item\":\"https:\\\/\\\/hotel-gaedi.ch\\\/en\\\/\"},{\"@type\":\"ListItem\",\"position\":2,\"name\":\"Activities\",\"item\":\"https:\\\/\\\/hotel-gaedi.ch\\\/en\\\/activities\\\/\"},{\"@type\":\"ListItem\",\"position\":3,\"name\":\"Hiking\"}]},{\"@type\":\"WebSite\",\"@id\":\"https:\\\/\\\/hotel-gaedi.ch\\\/#website\",\"url\":\"https:\\\/\\\/hotel-gaedi.ch\\\/\",\"name\":\"Hotel G\u00e4di\",\"description\":\"Ferien im Hotel G\u00e4di - Gr\u00e4chen\",\"potentialAction\":[{\"@type\":\"SearchAction\",\"target\":{\"@type\":\"EntryPoint\",\"urlTemplate\":\"https:\\\/\\\/hotel-gaedi.ch\\\/?s={search_term_string}\"},\"query-input\":{\"@type\":\"PropertyValueSpecification\",\"valueRequired\":true,\"valueName\":\"search_term_string\"}}],\"inLanguage\":\"en-US\"}]}<\/script>\n<!-- \/ Yoast SEO plugin. -->","yoast_head_json":{"title":"Hiking in Valais | Hotel G\u00e4di Gr\u00e4chen","description":"Hotel G\u00e4di in Gr\u00e4chen in the Valais Alps is the ideal starting point for hiking vacations and other summer and winter activities.","robots":{"index":"index","follow":"follow","max-snippet":"max-snippet:-1","max-image-preview":"max-image-preview:large","max-video-preview":"max-video-preview:-1"},"canonical":"https:\/\/hotel-gaedi.ch\/en\/activities\/hiking\/","og_locale":"en_US","og_type":"article","og_title":"Hiking in Valais | Hotel G\u00e4di Gr\u00e4chen","og_description":"Hotel G\u00e4di in Gr\u00e4chen in the Valais Alps is the ideal starting point for hiking vacations and other summer and winter activities.","og_url":"https:\/\/hotel-gaedi.ch\/en\/activities\/hiking\/","og_site_name":"Hotel G\u00e4di","article_modified_time":"2024-11-15T14:06:57+00:00","og_image":[{"width":835,"height":1024,"url":"https:\/\/hotel-gaedi.ch\/wp-content\/uploads\/2022\/11\/2017_Famille_Ete_-c-Valais-Wallis-Promotion-Pascal-Gertschen-180_Grachen_chasse-au-tresor.jpg","type":"image\/jpeg"}],"twitter_card":"summary_large_image","twitter_misc":{"Est. reading time":"1 minute"},"schema":{"@context":"https:\/\/schema.org","@graph":[{"@type":"WebPage","@id":"https:\/\/hotel-gaedi.ch\/en\/activities\/hiking\/","url":"https:\/\/hotel-gaedi.ch\/en\/activities\/hiking\/","name":"Hiking in Valais | Hotel G\u00e4di Gr\u00e4chen","isPartOf":{"@id":"https:\/\/hotel-gaedi.ch\/#website"},"primaryImageOfPage":{"@id":"https:\/\/hotel-gaedi.ch\/en\/activities\/hiking\/#primaryimage"},"image":{"@id":"https:\/\/hotel-gaedi.ch\/en\/activities\/hiking\/#primaryimage"},"thumbnailUrl":"https:\/\/hotel-gaedi.ch\/wp-content\/uploads\/2022\/11\/2017_Famille_Ete_-c-Valais-Wallis-Promotion-Pascal-Gertschen-180_Grachen_chasse-au-tresor.jpg","datePublished":"2022-09-09T10:15:57+00:00","dateModified":"2024-11-15T14:06:57+00:00","description":"Hotel G\u00e4di in Gr\u00e4chen in the Valais Alps is the ideal starting point for hiking vacations and other summer and winter activities.","breadcrumb":{"@id":"https:\/\/hotel-gaedi.ch\/en\/activities\/hiking\/#breadcrumb"},"inLanguage":"en-US","potentialAction":[{"@type":"ReadAction","target":["https:\/\/hotel-gaedi.ch\/en\/activities\/hiking\/"]}]},{"@type":"ImageObject","inLanguage":"en-US","@id":"https:\/\/hotel-gaedi.ch\/en\/activities\/hiking\/#primaryimage","url":"https:\/\/hotel-gaedi.ch\/wp-content\/uploads\/2022\/11\/2017_Famille_Ete_-c-Valais-Wallis-Promotion-Pascal-Gertschen-180_Grachen_chasse-au-tresor.jpg","contentUrl":"https:\/\/hotel-gaedi.ch\/wp-content\/uploads\/2022\/11\/2017_Famille_Ete_-c-Valais-Wallis-Promotion-Pascal-Gertschen-180_Grachen_chasse-au-tresor.jpg"},{"@type":"BreadcrumbList","@id":"https:\/\/hotel-gaedi.ch\/en\/activities\/hiking\/#breadcrumb","itemListElement":[{"@type":"ListItem","position":1,"name":"Home","item":"https:\/\/hotel-gaedi.ch\/en\/"},{"@type":"ListItem","position":2,"name":"Activities","item":"https:\/\/hotel-gaedi.ch\/en\/activities\/"},{"@type":"ListItem","position":3,"name":"Hiking"}]},{"@type":"WebSite","@id":"https:\/\/hotel-gaedi.ch\/#website","url":"https:\/\/hotel-gaedi.ch\/","name":"Hotel G\u00e4di","description":"Ferien im Hotel G\u00e4di - Gr\u00e4chen","potentialAction":[{"@type":"SearchAction","target":{"@type":"EntryPoint","urlTemplate":"https:\/\/hotel-gaedi.ch\/?s={search_term_string}"},"query-input":{"@type":"PropertyValueSpecification","valueRequired":true,"valueName":"search_term_string"}}],"inLanguage":"en-US"}]}},"_links":{"self":[{"href":"https:\/\/hotel-gaedi.ch\/en\/wp-json\/wp\/v2\/pages\/3387","targetHints":{"allow":["GET"]}}],"collection":[{"href":"https:\/\/hotel-gaedi.ch\/en\/wp-json\/wp\/v2\/pages"}],"about":[{"href":"https:\/\/hotel-gaedi.ch\/en\/wp-json\/wp\/v2\/types\/page"}],"author":[{"embeddable":true,"href":"https:\/\/hotel-gaedi.ch\/en\/wp-json\/wp\/v2\/users\/1"}],"replies":[{"embeddable":true,"href":"https:\/\/hotel-gaedi.ch\/en\/wp-json\/wp\/v2\/comments?post=3387"}],"version-history":[{"count":6,"href":"https:\/\/hotel-gaedi.ch\/en\/wp-json\/wp\/v2\/pages\/3387\/revisions"}],"predecessor-version":[{"id":4366,"href":"https:\/\/hotel-gaedi.ch\/en\/wp-json\/wp\/v2\/pages\/3387\/revisions\/4366"}],"up":[{"embeddable":true,"href":"https:\/\/hotel-gaedi.ch\/en\/wp-json\/wp\/v2\/pages\/3394"}],"wp:attachment":[{"href":"https:\/\/hotel-gaedi.ch\/en\/wp-json\/wp\/v2\/media?parent=3387"}],"curies":[{"name":"wp","href":"https:\/\/api.w.org\/{rel}","templated":true}]}}