{"id":3389,"date":"2022-10-06T10:31:53","date_gmt":"2022-10-06T08:31:53","guid":{"rendered":"https:\/\/hotel-gaedi.ch\/biking\/"},"modified":"2024-11-15T15:08:42","modified_gmt":"2024-11-15T14:08:42","slug":"biking","status":"publish","type":"page","link":"https:\/\/hotel-gaedi.ch\/en\/activities\/biking\/","title":{"rendered":"Biking"},"content":{"rendered":"\n<div class=\"wp-block-group container introtext-centered-sun-icon-title\"><div class=\"wp-block-group__inner-container is-layout-flow wp-block-group-is-layout-flow\">\n<div class=\"wp-block-columns row is-layout-flex wp-container-core-columns-is-layout-9d6595d7 wp-block-columns-is-layout-flex\">\n<div class=\"wp-block-column col-12 is-layout-flow wp-block-column-is-layout-flow\">\n<h1 class=\"wp-block-heading\">Gr\u00e4chen, the largest bike area in the Valais<\/h1>\n\n\n\n<p>The region of Gr\u00e4chen and nearby Visp offers the largest biking area in our magnificent Valais. The network includes 310 km of trails; these lead you past lakes, mountain streams, through forests and always in view of the imposing 4000-meter mountain peaks.<br\/><\/p>\n\n\n\n<p>The trails run around Gr\u00e4chen, up to 2450 meters or down into the lowest valley in Switzerland. Or Zermatt with the Matterhorn beckons, where there are also numerous trails. To reach from St. Niklaus in 40 minutes by train.<\/p>\n\n\n\n<p>Dear bikers, variety is provided here.<\/p>\n\n\n\n<p>Good to know: Gr\u00e4chen was the starting point of the Swiss Epic Challenge and the 2019 Bike World Championships  <\/p>\n<\/div>\n<\/div>\n<\/div><\/div>\n\n<div class=\"wp-block-group container teaser-2col-image-text multiple-images-horizontal\"><div class=\"wp-block-group__inner-container is-layout-flow wp-block-group-is-layout-flow\">\n<div class=\"wp-block-columns row is-layout-flex wp-container-core-columns-is-layout-9d6595d7 wp-block-columns-is-layout-flex\">\n<div class=\"wp-block-column col-lg-12 col-xl-7 is-layout-flow wp-block-column-is-layout-flow\">\n<div class=\"wp-block-columns row is-layout-flex wp-container-core-columns-is-layout-9d6595d7 wp-block-columns-is-layout-flex\">\n<div class=\"wp-block-column col-12 col-sm-6 is-layout-flow wp-block-column-is-layout-flow\">\n<figure class=\"wp-block-image size-full\"><img decoding=\"async\" src=\"https:\/\/hotel-gaedi.ch\/wp-content\/uploads\/2022\/11\/2018_VTT_GrachenMoosalp_32_&#xA9;Valais-Wallis-Promotion-Pascal-Gertschen-2.jpg\" alt=\"\" class=\"wp-image-2414\"\/><\/figure>\n<\/div>\n\n\n\n<div class=\"wp-block-column col-12 col-sm-6 is-layout-flow wp-block-column-is-layout-flow\">\n<figure class=\"wp-block-image size-full\"><img loading=\"lazy\" decoding=\"async\" width=\"835\" height=\"1024\" src=\"https:\/\/hotel-gaedi.ch\/wp-content\/uploads\/2022\/10\/biken-wallis-gaedi.jpg\" alt=\"\" class=\"wp-image-1286\" srcset=\"https:\/\/hotel-gaedi.ch\/wp-content\/uploads\/2022\/10\/biken-wallis-gaedi.jpg 835w, https:\/\/hotel-gaedi.ch\/wp-content\/uploads\/2022\/10\/biken-wallis-gaedi-408x500.jpg 408w, https:\/\/hotel-gaedi.ch\/wp-content\/uploads\/2022\/10\/biken-wallis-gaedi-768x942.jpg 768w\" sizes=\"auto, (max-width: 835px) 100vw, 835px\" \/><\/figure>\n<\/div>\n<\/div>\n<\/div>\n\n\n\n<div class=\"wp-block-column col-lg-12 col-xl-5 is-layout-flow wp-block-column-is-layout-flow\">\n<h2 class=\"wp-block-heading\">The perfect bike infrastructure<\/h2>\n\n\n\n<ul class=\"wp-block-list\">\n<li>Bike room in the house: next to reception, lockable<\/li>\n\n\n\n<li>Bike washing place: at the house<\/li>\n\n\n\n<li>Laundry service: We wash your bike clothes overnight<\/li>\n\n\n\n<li>Power breakfast buffet: No bike tour without our hearty G\u00e4di M\u00fcesli or the fine egg dishes!<\/li>\n<\/ul>\n\n\n\n<div class=\"wp-block-buttons is-layout-flex wp-block-buttons-is-layout-flex\">\n<div class=\"wp-block-button\"><a class=\"wp-block-button__link wp-element-button\" href=\"https:\/\/www.bike-wallis.ch\/de\/p\/graechen\/805188450\/\" target=\"_blank\" rel=\"noreferrer noopener\">Bike information<\/a><\/div>\n<\/div>\n<\/div>\n<\/div>\n<\/div><\/div>\n\n<div class=\"wp-block-group container-fluid section-dark-bg-icons-text\"><div class=\"wp-block-group__inner-container is-layout-flow wp-block-group-is-layout-flow\">\n<div class=\"wp-block-columns row is-layout-flex wp-container-core-columns-is-layout-9d6595d7 wp-block-columns-is-layout-flex\">\n<div class=\"wp-block-column col-12 is-layout-flow wp-block-column-is-layout-flow\">\n<div class=\"wp-block-group container\"><div class=\"wp-block-group__inner-container is-layout-flow wp-block-group-is-layout-flow\">\n<div class=\"wp-block-columns row gx-6 is-layout-flex wp-container-core-columns-is-layout-9d6595d7 wp-block-columns-is-layout-flex\">\n<div class=\"wp-block-column col-12 col-lg-4 is-layout-flow wp-block-column-is-layout-flow\">\n<figure class=\"wp-block-image size-large\"><img decoding=\"async\" src=\"https:\/\/hotel-gaedi.ch\/wp-content\/uploads\/2022\/10\/bike_gebiet.svg\" alt=\"\" class=\"wp-image-2100\"\/><\/figure>\n\n\n\n<h4 class=\"wp-block-heading\">Largest bike area in Valais<\/h4>\n<\/div>\n\n\n\n<div class=\"wp-block-column col-12 col-lg-4 is-layout-flow wp-block-column-is-layout-flow\">\n<figure class=\"wp-block-image size-large\"><img decoding=\"async\" src=\"https:\/\/hotel-gaedi.ch\/wp-content\/uploads\/2022\/10\/bike_infrastruktur.svg\" alt=\"\" class=\"wp-image-2099\"\/><\/figure>\n\n\n\n<h4 class=\"wp-block-heading\">Top bike infrastructure<\/h4>\n<\/div>\n\n\n\n<div class=\"wp-block-column col-12 col-lg-4 is-layout-flow wp-block-column-is-layout-flow\">\n<figure class=\"wp-block-image size-large\"><img decoding=\"async\" src=\"https:\/\/hotel-gaedi.ch\/wp-content\/uploads\/2022\/10\/waescheservice.svg\" alt=\"\" class=\"wp-image-2098\"\/><\/figure>\n\n\n\n<h4 class=\"wp-block-heading\">Laundry service<\/h4>\n<\/div>\n<\/div>\n<\/div><\/div>\n<\/div>\n<\/div>\n<\/div><\/div>\n\n<div class=\"wp-block-group container-fluid fullwidth-bg-image-overlay-text flowtext\"><div class=\"wp-block-group__inner-container is-layout-flow wp-block-group-is-layout-flow\">\n<div class=\"wp-block-columns row is-layout-flex wp-container-core-columns-is-layout-9d6595d7 wp-block-columns-is-layout-flex\">\n<div class=\"wp-block-column col-12 is-layout-flow wp-block-column-is-layout-flow\">\n<div class=\"wp-block-cover is-light\" style=\"min-height:772px;aspect-ratio:unset;\"><span aria-hidden=\"true\" class=\"wp-block-cover__background has-background-dim-0 has-background-dim\"><\/span><img loading=\"lazy\" decoding=\"async\" width=\"2560\" height=\"1558\" class=\"wp-block-cover__image-background wp-image-2417\" alt=\"\" src=\"https:\/\/hotel-gaedi.ch\/wp-content\/uploads\/2022\/11\/2017_Famille_Ete_-c-Valais-Wallis-Promotion-Pascal-Gertschen-120_Grachen_chasse-au-tresor-2-scaled.jpg\" data-object-fit=\"cover\" srcset=\"https:\/\/hotel-gaedi.ch\/wp-content\/uploads\/2022\/11\/2017_Famille_Ete_-c-Valais-Wallis-Promotion-Pascal-Gertschen-120_Grachen_chasse-au-tresor-2-scaled.jpg 2560w, https:\/\/hotel-gaedi.ch\/wp-content\/uploads\/2022\/11\/2017_Famille_Ete_-c-Valais-Wallis-Promotion-Pascal-Gertschen-120_Grachen_chasse-au-tresor-2-500x304.jpg 500w, https:\/\/hotel-gaedi.ch\/wp-content\/uploads\/2022\/11\/2017_Famille_Ete_-c-Valais-Wallis-Promotion-Pascal-Gertschen-120_Grachen_chasse-au-tresor-2-1024x623.jpg 1024w, https:\/\/hotel-gaedi.ch\/wp-content\/uploads\/2022\/11\/2017_Famille_Ete_-c-Valais-Wallis-Promotion-Pascal-Gertschen-120_Grachen_chasse-au-tresor-2-768x467.jpg 768w, https:\/\/hotel-gaedi.ch\/wp-content\/uploads\/2022\/11\/2017_Famille_Ete_-c-Valais-Wallis-Promotion-Pascal-Gertschen-120_Grachen_chasse-au-tresor-2-1536x935.jpg 1536w, https:\/\/hotel-gaedi.ch\/wp-content\/uploads\/2022\/11\/2017_Famille_Ete_-c-Valais-Wallis-Promotion-Pascal-Gertschen-120_Grachen_chasse-au-tresor-2-2048x1246.jpg 2048w\" sizes=\"auto, (max-width: 2560px) 100vw, 2560px\" \/><div class=\"wp-block-cover__inner-container is-layout-flow wp-block-cover-is-layout-flow\">\n<div class=\"wp-block-group container\"><div class=\"wp-block-group__inner-container is-layout-flow wp-block-group-is-layout-flow\">\n<div class=\"wp-block-columns row is-layout-flex wp-container-core-columns-is-layout-9d6595d7 wp-block-columns-is-layout-flex\">\n<div class=\"wp-block-column col-12 col-lg-7 is-layout-flow wp-block-column-is-layout-flow\">\n<p>Hiking in Gr\u00e4chen<\/p>\n\n\n\n<p>In winter in Gr\u00e4chen, varied and wonderful winter hiking trails invite you to find relaxation in nature.<\/p>\n\n\n\n<div class=\"wp-block-buttons is-layout-flex wp-block-buttons-is-layout-flex\">\n<div class=\"wp-block-button\"><a class=\"wp-block-button__link wp-element-button\" href=\"https:\/\/hotel-gaedi.ch\/en\/activities\/hiking\/\" target=\"_blank\" rel=\"noreferrer noopener\">Learn more<\/a><\/div>\n<\/div>\n<\/div>\n<\/div>\n<\/div><\/div>\n<\/div><\/div>\n<\/div>\n<\/div>\n<\/div><\/div>\n\n<div class=\"wp-block-group container introtext-centered-sun-icon-title\"><div class=\"wp-block-group__inner-container is-layout-flow wp-block-group-is-layout-flow\">\n<div class=\"wp-block-columns row is-layout-flex wp-container-core-columns-is-layout-9d6595d7 wp-block-columns-is-layout-flex\">\n<div class=\"wp-block-column col-12 is-layout-flow wp-block-column-is-layout-flow\">\n<figure class=\"wp-block-image size-large is-resized\"><img decoding=\"async\" src=\"https:\/\/hotel-gaedi.ch\/wp-content\/uploads\/2022\/09\/sonne-logo.svg\" alt=\"\" class=\"wp-image-155\" style=\"width:100px\"\/><\/figure>\n\n\n\n<blockquote class=\"wp-block-quote is-layout-flow wp-block-quote-is-layout-flow\">\n<p>&#8220;For a bike stay in Gr\u00e4chen I chose the Hotel G\u00e4di. This decision was spot on.&#8221;<\/p>\n<\/blockquote>\n<\/div>\n<\/div>\n<\/div><\/div>\n","protected":false},"excerpt":{"rendered":"<p>Gr\u00e4chen, the largest bike area in the Valais The region of Gr\u00e4chen and nearby Visp offers the largest biking area in our magnificent Valais. The network includes 310 km of trails; these lead you past lakes, mountain streams, through forests and always in view of the imposing 4000-meter mountain peaks. The trails run around Gr\u00e4chen, [&hellip;]<\/p>\n","protected":false},"author":2,"featured_media":0,"parent":3394,"menu_order":0,"comment_status":"closed","ping_status":"closed","template":"","meta":{"_acf_changed":false,"inline_featured_image":false,"footnotes":""},"class_list":["post-3389","page","type-page","status-publish","hentry"],"acf":[],"yoast_head":"<!-- This site is optimized with the Yoast SEO plugin v27.4 - https:\/\/yoast.com\/product\/yoast-seo-wordpress\/ -->\n<title>Biking | Hotel G\u00e4di Gr\u00e4chen<\/title>\n<meta name=\"description\" content=\"Hotel G\u00e4di is the ideal starting point for your vacation in the Valais Alps with numerous activities such as biking.\" \/>\n<meta name=\"robots\" content=\"index, follow, max-snippet:-1, max-image-preview:large, max-video-preview:-1\" \/>\n<link rel=\"canonical\" href=\"https:\/\/hotel-gaedi.ch\/en\/activities\/biking\/\" \/>\n<meta property=\"og:locale\" content=\"en_US\" \/>\n<meta property=\"og:type\" content=\"article\" \/>\n<meta property=\"og:title\" content=\"Biking | Hotel G\u00e4di Gr\u00e4chen\" \/>\n<meta property=\"og:description\" content=\"Hotel G\u00e4di is the ideal starting point for your vacation in the Valais Alps with numerous activities such as biking.\" \/>\n<meta property=\"og:url\" content=\"https:\/\/hotel-gaedi.ch\/en\/activities\/biking\/\" \/>\n<meta property=\"og:site_name\" content=\"Hotel G\u00e4di\" \/>\n<meta property=\"article:modified_time\" content=\"2024-11-15T14:08:42+00:00\" \/>\n<meta property=\"og:image\" content=\"https:\/\/hotel-gaedi.ch\/wp-content\/uploads\/2022\/11\/2018_VTT_GrachenMoosalp_32_&#xA9;Valais-Wallis-Promotion-Pascal-Gertschen-2.jpg\" \/>\n<meta name=\"twitter:card\" content=\"summary_large_image\" \/>\n<meta name=\"twitter:label1\" content=\"Est. reading time\" \/>\n\t<meta name=\"twitter:data1\" content=\"1 minute\" \/>\n<script type=\"application\/ld+json\" class=\"yoast-schema-graph\">{\"@context\":\"https:\\\/\\\/schema.org\",\"@graph\":[{\"@type\":\"WebPage\",\"@id\":\"https:\\\/\\\/hotel-gaedi.ch\\\/en\\\/activities\\\/biking\\\/\",\"url\":\"https:\\\/\\\/hotel-gaedi.ch\\\/en\\\/activities\\\/biking\\\/\",\"name\":\"Biking | Hotel G\u00e4di Gr\u00e4chen\",\"isPartOf\":{\"@id\":\"https:\\\/\\\/hotel-gaedi.ch\\\/#website\"},\"primaryImageOfPage\":{\"@id\":\"https:\\\/\\\/hotel-gaedi.ch\\\/en\\\/activities\\\/biking\\\/#primaryimage\"},\"image\":{\"@id\":\"https:\\\/\\\/hotel-gaedi.ch\\\/en\\\/activities\\\/biking\\\/#primaryimage\"},\"thumbnailUrl\":\"https:\\\/\\\/hotel-gaedi.ch\\\/wp-content\\\/uploads\\\/2022\\\/11\\\/2018_VTT_GrachenMoosalp_32_&#xA9;Valais-Wallis-Promotion-Pascal-Gertschen-2.jpg\",\"datePublished\":\"2022-10-06T08:31:53+00:00\",\"dateModified\":\"2024-11-15T14:08:42+00:00\",\"description\":\"Hotel G\u00e4di is the ideal starting point for your vacation in the Valais Alps with numerous activities such as biking.\",\"breadcrumb\":{\"@id\":\"https:\\\/\\\/hotel-gaedi.ch\\\/en\\\/activities\\\/biking\\\/#breadcrumb\"},\"inLanguage\":\"en-US\",\"potentialAction\":[{\"@type\":\"ReadAction\",\"target\":[\"https:\\\/\\\/hotel-gaedi.ch\\\/en\\\/activities\\\/biking\\\/\"]}]},{\"@type\":\"ImageObject\",\"inLanguage\":\"en-US\",\"@id\":\"https:\\\/\\\/hotel-gaedi.ch\\\/en\\\/activities\\\/biking\\\/#primaryimage\",\"url\":\"https:\\\/\\\/hotel-gaedi.ch\\\/wp-content\\\/uploads\\\/2022\\\/11\\\/2018_VTT_GrachenMoosalp_32_&#xA9;Valais-Wallis-Promotion-Pascal-Gertschen-2.jpg\",\"contentUrl\":\"https:\\\/\\\/hotel-gaedi.ch\\\/wp-content\\\/uploads\\\/2022\\\/11\\\/2018_VTT_GrachenMoosalp_32_&#xA9;Valais-Wallis-Promotion-Pascal-Gertschen-2.jpg\"},{\"@type\":\"BreadcrumbList\",\"@id\":\"https:\\\/\\\/hotel-gaedi.ch\\\/en\\\/activities\\\/biking\\\/#breadcrumb\",\"itemListElement\":[{\"@type\":\"ListItem\",\"position\":1,\"name\":\"Home\",\"item\":\"https:\\\/\\\/hotel-gaedi.ch\\\/en\\\/\"},{\"@type\":\"ListItem\",\"position\":2,\"name\":\"Activities\",\"item\":\"https:\\\/\\\/hotel-gaedi.ch\\\/en\\\/activities\\\/\"},{\"@type\":\"ListItem\",\"position\":3,\"name\":\"Biking\"}]},{\"@type\":\"WebSite\",\"@id\":\"https:\\\/\\\/hotel-gaedi.ch\\\/#website\",\"url\":\"https:\\\/\\\/hotel-gaedi.ch\\\/\",\"name\":\"Hotel G\u00e4di\",\"description\":\"Ferien im Hotel G\u00e4di - Gr\u00e4chen\",\"potentialAction\":[{\"@type\":\"SearchAction\",\"target\":{\"@type\":\"EntryPoint\",\"urlTemplate\":\"https:\\\/\\\/hotel-gaedi.ch\\\/?s={search_term_string}\"},\"query-input\":{\"@type\":\"PropertyValueSpecification\",\"valueRequired\":true,\"valueName\":\"search_term_string\"}}],\"inLanguage\":\"en-US\"}]}<\/script>\n<!-- \/ Yoast SEO plugin. -->","yoast_head_json":{"title":"Biking | Hotel G\u00e4di Gr\u00e4chen","description":"Hotel G\u00e4di is the ideal starting point for your vacation in the Valais Alps with numerous activities such as biking.","robots":{"index":"index","follow":"follow","max-snippet":"max-snippet:-1","max-image-preview":"max-image-preview:large","max-video-preview":"max-video-preview:-1"},"canonical":"https:\/\/hotel-gaedi.ch\/en\/activities\/biking\/","og_locale":"en_US","og_type":"article","og_title":"Biking | Hotel G\u00e4di Gr\u00e4chen","og_description":"Hotel G\u00e4di is the ideal starting point for your vacation in the Valais Alps with numerous activities such as biking.","og_url":"https:\/\/hotel-gaedi.ch\/en\/activities\/biking\/","og_site_name":"Hotel G\u00e4di","article_modified_time":"2024-11-15T14:08:42+00:00","og_image":[{"url":"https:\/\/hotel-gaedi.ch\/wp-content\/uploads\/2022\/11\/2018_VTT_GrachenMoosalp_32_&#xA9;Valais-Wallis-Promotion-Pascal-Gertschen-2.jpg","type":"","width":"","height":""}],"twitter_card":"summary_large_image","twitter_misc":{"Est. reading time":"1 minute"},"schema":{"@context":"https:\/\/schema.org","@graph":[{"@type":"WebPage","@id":"https:\/\/hotel-gaedi.ch\/en\/activities\/biking\/","url":"https:\/\/hotel-gaedi.ch\/en\/activities\/biking\/","name":"Biking | Hotel G\u00e4di Gr\u00e4chen","isPartOf":{"@id":"https:\/\/hotel-gaedi.ch\/#website"},"primaryImageOfPage":{"@id":"https:\/\/hotel-gaedi.ch\/en\/activities\/biking\/#primaryimage"},"image":{"@id":"https:\/\/hotel-gaedi.ch\/en\/activities\/biking\/#primaryimage"},"thumbnailUrl":"https:\/\/hotel-gaedi.ch\/wp-content\/uploads\/2022\/11\/2018_VTT_GrachenMoosalp_32_&#xA9;Valais-Wallis-Promotion-Pascal-Gertschen-2.jpg","datePublished":"2022-10-06T08:31:53+00:00","dateModified":"2024-11-15T14:08:42+00:00","description":"Hotel G\u00e4di is the ideal starting point for your vacation in the Valais Alps with numerous activities such as biking.","breadcrumb":{"@id":"https:\/\/hotel-gaedi.ch\/en\/activities\/biking\/#breadcrumb"},"inLanguage":"en-US","potentialAction":[{"@type":"ReadAction","target":["https:\/\/hotel-gaedi.ch\/en\/activities\/biking\/"]}]},{"@type":"ImageObject","inLanguage":"en-US","@id":"https:\/\/hotel-gaedi.ch\/en\/activities\/biking\/#primaryimage","url":"https:\/\/hotel-gaedi.ch\/wp-content\/uploads\/2022\/11\/2018_VTT_GrachenMoosalp_32_&#xA9;Valais-Wallis-Promotion-Pascal-Gertschen-2.jpg","contentUrl":"https:\/\/hotel-gaedi.ch\/wp-content\/uploads\/2022\/11\/2018_VTT_GrachenMoosalp_32_&#xA9;Valais-Wallis-Promotion-Pascal-Gertschen-2.jpg"},{"@type":"BreadcrumbList","@id":"https:\/\/hotel-gaedi.ch\/en\/activities\/biking\/#breadcrumb","itemListElement":[{"@type":"ListItem","position":1,"name":"Home","item":"https:\/\/hotel-gaedi.ch\/en\/"},{"@type":"ListItem","position":2,"name":"Activities","item":"https:\/\/hotel-gaedi.ch\/en\/activities\/"},{"@type":"ListItem","position":3,"name":"Biking"}]},{"@type":"WebSite","@id":"https:\/\/hotel-gaedi.ch\/#website","url":"https:\/\/hotel-gaedi.ch\/","name":"Hotel G\u00e4di","description":"Ferien im Hotel G\u00e4di - Gr\u00e4chen","potentialAction":[{"@type":"SearchAction","target":{"@type":"EntryPoint","urlTemplate":"https:\/\/hotel-gaedi.ch\/?s={search_term_string}"},"query-input":{"@type":"PropertyValueSpecification","valueRequired":true,"valueName":"search_term_string"}}],"inLanguage":"en-US"}]}},"_links":{"self":[{"href":"https:\/\/hotel-gaedi.ch\/en\/wp-json\/wp\/v2\/pages\/3389","targetHints":{"allow":["GET"]}}],"collection":[{"href":"https:\/\/hotel-gaedi.ch\/en\/wp-json\/wp\/v2\/pages"}],"about":[{"href":"https:\/\/hotel-gaedi.ch\/en\/wp-json\/wp\/v2\/types\/page"}],"author":[{"embeddable":true,"href":"https:\/\/hotel-gaedi.ch\/en\/wp-json\/wp\/v2\/users\/2"}],"replies":[{"embeddable":true,"href":"https:\/\/hotel-gaedi.ch\/en\/wp-json\/wp\/v2\/comments?post=3389"}],"version-history":[{"count":2,"href":"https:\/\/hotel-gaedi.ch\/en\/wp-json\/wp\/v2\/pages\/3389\/revisions"}],"predecessor-version":[{"id":4369,"href":"https:\/\/hotel-gaedi.ch\/en\/wp-json\/wp\/v2\/pages\/3389\/revisions\/4369"}],"up":[{"embeddable":true,"href":"https:\/\/hotel-gaedi.ch\/en\/wp-json\/wp\/v2\/pages\/3394"}],"wp:attachment":[{"href":"https:\/\/hotel-gaedi.ch\/en\/wp-json\/wp\/v2\/media?parent=3389"}],"curies":[{"name":"wp","href":"https:\/\/api.w.org\/{rel}","templated":true}]}}