{"id":3346,"date":"2022-09-21T11:08:38","date_gmt":"2022-09-21T09:08:38","guid":{"rendered":"https:\/\/hotel-gaedi.ch\/zimmer\/family-suite-60-m%c2%b2\/"},"modified":"2024-11-27T15:02:41","modified_gmt":"2024-11-27T14:02:41","slug":"family-suite-60-m%c2%b2","status":"publish","type":"zimmer","link":"https:\/\/hotel-gaedi.ch\/en\/zimmer\/family-suite-60-m%c2%b2\/","title":{"rendered":"Family suite 60 m\u00b2"},"content":{"rendered":"\n<div class=\"wp-block-group container-fluid teaser-centered\"><div class=\"wp-block-group__inner-container is-layout-flow wp-block-group-is-layout-flow\">\n<div class=\"wp-block-columns row is-layout-flex wp-container-core-columns-is-layout-9d6595d7 wp-block-columns-is-layout-flex\">\n<div class=\"wp-block-column col-12 is-layout-flow wp-block-column-is-layout-flow\">\n<div class=\"wp-block-group container\"><div class=\"wp-block-group__inner-container is-layout-flow wp-block-group-is-layout-flow\">\n<div class=\"wp-block-columns row is-layout-flex wp-container-core-columns-is-layout-9d6595d7 wp-block-columns-is-layout-flex\">\n<div class=\"wp-block-column col-12 is-layout-flow wp-block-column-is-layout-flow\">\n<h4 class=\"wp-block-heading has-text-align-center\">Family suite 60 m2<\/h4>\n\n\n\n<p class=\"has-text-align-center\">The suites and the adjoining double rooms Superior plus become a wonderful and large vacation room for families with 2 children thanks to the connecting door. The suite is equipped with a large bathroom with shower, bathtub, large sink and toilet. The seating area invites you to linger and play.<br\/>The Superior Plus double room has a spacious walk in shower and toilet. <br\/>The family room has two south-facing balconies with a wonderful view of the Valais mountains.<\/p>\n\n\n\n<div class=\"wp-block-buttons two-btn is-layout-flex wp-block-buttons-is-layout-flex\">\n<div class=\"wp-block-button\"><a class=\"wp-block-button__link wp-element-button\" href=\"https:\/\/hotel-gaedi.ch\/en\/room-request\/\">Request<\/a><\/div>\n\n\n\n<div class=\"wp-block-button\"><a class=\"wp-block-button__link wp-element-button\" href=\"https:\/\/hotel-gaedi.ch\/en\/book-room\/\">Book<\/a><\/div>\n<\/div>\n<\/div>\n<\/div>\n<\/div><\/div>\n<\/div>\n<\/div>\n<\/div><\/div>\n\n<div class=\"wp-block-group container-fluid gaedi-carousel three-items-fullwidth\"><div class=\"wp-block-group__inner-container is-layout-flow wp-block-group-is-layout-flow\">\n<div class=\"wp-block-columns row is-layout-flex wp-container-core-columns-is-layout-9d6595d7 wp-block-columns-is-layout-flex\">\n<div class=\"wp-block-column col-12 carousel slide is-layout-flow wp-block-column-is-layout-flow\" id=\"imagesCarousel\" data-pause=\"true\" data-wrap=\"false\" data-keyboard=\"true\" data-perSlideItems=\"3\" data-bs-ride=\"carousel\" data-bs-interval=\"false\">\n<div class=\"wp-block-group carousel-inner\" role=\"listbox\"><div class=\"wp-block-group__inner-container is-layout-flow wp-block-group-is-layout-flow\">\n<div class=\"wp-block-group carousel-item active\"><div class=\"wp-block-group__inner-container is-layout-flow wp-block-group-is-layout-flow\">\n<figure class=\"wp-block-image size-large\"><img decoding=\"async\" src=\"https:\/\/hotel-gaedi.ch\/wp-content\/uploads\/2022\/09\/Ga&#x308;di_177-1-1024x682.jpg\" alt=\"\" class=\"wp-image-1757\"\/><figcaption class=\"wp-element-caption\">Warm colors characterize the two rooms, each with a balcony and view of the Valais mountains<\/figcaption><\/figure>\n<\/div><\/div>\n\n\n\n<div class=\"wp-block-group carousel-item\"><div class=\"wp-block-group__inner-container is-layout-flow wp-block-group-is-layout-flow\">\n<figure class=\"wp-block-image size-large\"><img decoding=\"async\" src=\"https:\/\/hotel-gaedi.ch\/wp-content\/uploads\/2022\/09\/Ga&#x308;di_178-1024x682.jpg\" alt=\"\" class=\"wp-image-1761\"\/><figcaption class=\"wp-element-caption\">A total of 4 cozy beds each 90 cm wide<\/figcaption><\/figure>\n<\/div><\/div>\n\n\n\n<div class=\"wp-block-group carousel-item\"><div class=\"wp-block-group__inner-container is-layout-flow wp-block-group-is-layout-flow\">\n<figure class=\"wp-block-image size-large\"><img decoding=\"async\" src=\"https:\/\/hotel-gaedi.ch\/wp-content\/uploads\/2022\/09\/Ga&#x308;disuite-1024x681.jpg\" alt=\"\" class=\"wp-image-1762\"\/><figcaption class=\"wp-element-caption\">Details are important to us &#8230;<\/figcaption><\/figure>\n<\/div><\/div>\n\n\n\n<div class=\"wp-block-group carousel-item\"><div class=\"wp-block-group__inner-container is-layout-flow wp-block-group-is-layout-flow\">\n<figure class=\"wp-block-image size-full\"><img loading=\"lazy\" decoding=\"async\" width=\"1024\" height=\"682\" src=\"https:\/\/hotel-gaedi.ch\/wp-content\/uploads\/2022\/09\/suite-badezimmer.jpg\" alt=\"\" class=\"wp-image-2268\" srcset=\"https:\/\/hotel-gaedi.ch\/wp-content\/uploads\/2022\/09\/suite-badezimmer.jpg 1024w, https:\/\/hotel-gaedi.ch\/wp-content\/uploads\/2022\/09\/suite-badezimmer-500x333.jpg 500w, https:\/\/hotel-gaedi.ch\/wp-content\/uploads\/2022\/09\/suite-badezimmer-768x512.jpg 768w\" sizes=\"auto, (max-width: 1024px) 100vw, 1024px\" \/><figcaption class=\"wp-element-caption\">Bright bathrooms &#8230;<\/figcaption><\/figure>\n<\/div><\/div>\n\n\n\n<div class=\"wp-block-group carousel-item\"><div class=\"wp-block-group__inner-container is-layout-flow wp-block-group-is-layout-flow\">\n<figure class=\"wp-block-image size-large\"><img decoding=\"async\" src=\"https:\/\/hotel-gaedi.ch\/wp-content\/uploads\/2022\/09\/Ga&#x308;di_1-1024x682.jpg\" alt=\"\" class=\"wp-image-1758\"\/><figcaption class=\"wp-element-caption\">&#8230; and walk-in shower<\/figcaption><\/figure>\n<\/div><\/div>\n\n\n\n<div class=\"wp-block-group carousel-item\"><div class=\"wp-block-group__inner-container is-layout-flow wp-block-group-is-layout-flow\">\n<figure class=\"wp-block-image size-large\"><img decoding=\"async\" src=\"https:\/\/hotel-gaedi.ch\/wp-content\/uploads\/2022\/09\/Ga&#x308;di_2-1-1024x682.jpg\" alt=\"\" class=\"wp-image-1760\"\/><figcaption class=\"wp-element-caption\">Spacious and many details for your well-being<\/figcaption><\/figure>\n<\/div><\/div>\n\n\n\n<div class=\"wp-block-group carousel-item\"><div class=\"wp-block-group__inner-container is-layout-flow wp-block-group-is-layout-flow\">\n<figure class=\"wp-block-image size-large\"><img decoding=\"async\" src=\"https:\/\/hotel-gaedi.ch\/wp-content\/uploads\/2022\/09\/Ga&#x308;di_19-1024x682.jpg\" alt=\"\" class=\"wp-image-1763\"\/><figcaption class=\"wp-element-caption\">Plus the well-known cleanliness of the Hotel G\u00e4di<\/figcaption><\/figure>\n<\/div><\/div>\n<\/div><\/div>\n<\/div>\n<\/div>\n<\/div><\/div>\n\n<div class=\"wp-block-group container advantages-icons-grid-centered\"><div class=\"wp-block-group__inner-container is-layout-flow wp-block-group-is-layout-flow\">\n<div class=\"wp-block-columns row is-layout-flex wp-container-core-columns-is-layout-9d6595d7 wp-block-columns-is-layout-flex\">\n<div class=\"wp-block-column col-12 is-layout-flow wp-block-column-is-layout-flow\">\n<h2 class=\"wp-block-heading\">Equipment<\/h2>\n<\/div>\n<\/div>\n\n\n\n<div class=\"wp-block-columns row icons-row is-layout-flex wp-container-core-columns-is-layout-9d6595d7 wp-block-columns-is-layout-flex\">\n<div class=\"wp-block-column col-6 col-lg-3 is-layout-flow wp-block-column-is-layout-flow\">\n<figure class=\"wp-block-image size-large\"><img decoding=\"async\" src=\"https:\/\/hotel-gaedi.ch\/wp-content\/uploads\/2022\/09\/einzelbettx2-2.svg\" alt=\"\" class=\"wp-image-1678\"\/><figcaption class=\"wp-element-caption\">Bed size 4x 90&#215;200 cm<\/figcaption><\/figure>\n<\/div>\n\n\n\n<div class=\"wp-block-column col-6 col-lg-3 is-layout-flow wp-block-column-is-layout-flow\">\n<figure class=\"wp-block-image size-large\"><img decoding=\"async\" src=\"https:\/\/hotel-gaedi.ch\/wp-content\/uploads\/2022\/09\/dusche-2.svg\" alt=\"\" class=\"wp-image-1677\"\/><figcaption class=\"wp-element-caption\">2 Walk in showers<\/figcaption><\/figure>\n<\/div>\n\n\n\n<div class=\"wp-block-column col-6 col-lg-3 is-layout-flow wp-block-column-is-layout-flow\">\n<figure class=\"wp-block-image size-large\"><img decoding=\"async\" src=\"https:\/\/hotel-gaedi.ch\/wp-content\/uploads\/2022\/09\/badewanne-2.svg\" alt=\"\" class=\"wp-image-1700\"\/><figcaption class=\"wp-element-caption\">1 bathtub<\/figcaption><\/figure>\n<\/div>\n\n\n\n<div class=\"wp-block-column col-6 col-lg-3 is-layout-flow wp-block-column-is-layout-flow\">\n<figure class=\"wp-block-image size-large\"><img decoding=\"async\" src=\"https:\/\/hotel-gaedi.ch\/wp-content\/uploads\/2022\/09\/haartrockener-2.svg\" alt=\"\" class=\"wp-image-1679\"\/><figcaption class=\"wp-element-caption\">2 hair dryers<\/figcaption><\/figure>\n<\/div>\n<\/div>\n\n\n\n<div class=\"wp-block-columns row icons-row is-layout-flex wp-container-core-columns-is-layout-9d6595d7 wp-block-columns-is-layout-flex\">\n<div class=\"wp-block-column col-6 col-lg-3 is-layout-flow wp-block-column-is-layout-flow\">\n<figure class=\"wp-block-image size-large\"><img decoding=\"async\" src=\"https:\/\/hotel-gaedi.ch\/wp-content\/uploads\/2022\/09\/pflegeprodukte-2.svg\" alt=\"\" class=\"wp-image-1680\"\/><figcaption class=\"wp-element-caption\">Care products<\/figcaption><\/figure>\n<\/div>\n\n\n\n<div class=\"wp-block-column col-6 col-lg-3 is-layout-flow wp-block-column-is-layout-flow\">\n<figure class=\"wp-block-image size-large\"><img decoding=\"async\" src=\"https:\/\/hotel-gaedi.ch\/wp-content\/uploads\/2022\/09\/spiegel-2.svg\" alt=\"\" class=\"wp-image-1683\"\/><figcaption class=\"wp-element-caption\">2 cosmetic mirrors<\/figcaption><\/figure>\n<\/div>\n\n\n\n<div class=\"wp-block-column col-6 col-lg-3 is-layout-flow wp-block-column-is-layout-flow\">\n<figure class=\"wp-block-image size-large\"><img decoding=\"async\" src=\"https:\/\/hotel-gaedi.ch\/wp-content\/uploads\/2022\/09\/telefon-2.svg\" alt=\"\" class=\"wp-image-1684\"\/><figcaption class=\"wp-element-caption\">2 phones<\/figcaption><\/figure>\n<\/div>\n\n\n\n<div class=\"wp-block-column col-6 col-lg-3 is-layout-flow wp-block-column-is-layout-flow\">\n<figure class=\"wp-block-image size-large\"><img decoding=\"async\" src=\"https:\/\/hotel-gaedi.ch\/wp-content\/uploads\/2022\/09\/schreibtisch-2-1.svg\" alt=\"\" class=\"wp-image-2118\"\/><figcaption class=\"wp-element-caption\">2 desks<\/figcaption><\/figure>\n<\/div>\n<\/div>\n\n\n\n<div class=\"wp-block-columns row icons-row is-layout-flex wp-container-core-columns-is-layout-9d6595d7 wp-block-columns-is-layout-flex\">\n<div class=\"wp-block-column col-6 col-lg-3 is-layout-flow wp-block-column-is-layout-flow\">\n<figure class=\"wp-block-image size-large\"><img decoding=\"async\" src=\"https:\/\/hotel-gaedi.ch\/wp-content\/uploads\/2022\/09\/minibar-2.svg\" alt=\"\" class=\"wp-image-1701\"\/><figcaption class=\"wp-element-caption\">1 minibar<\/figcaption><\/figure>\n<\/div>\n\n\n\n<div class=\"wp-block-column col-6 col-lg-3 is-layout-flow wp-block-column-is-layout-flow\">\n<figure class=\"wp-block-image size-large\"><img decoding=\"async\" src=\"https:\/\/hotel-gaedi.ch\/wp-content\/uploads\/2022\/09\/sesselmitblick-2.svg\" alt=\"\" class=\"wp-image-1702\"\/><figcaption class=\"wp-element-caption\">2 armchairs with mountain view<\/figcaption><\/figure>\n<\/div>\n\n\n\n<div class=\"wp-block-column col-6 col-lg-3 is-layout-flow wp-block-column-is-layout-flow\">\n<figure class=\"wp-block-image size-large\"><img decoding=\"async\" src=\"https:\/\/hotel-gaedi.ch\/wp-content\/uploads\/2022\/09\/bildschirmradio-1.svg\" alt=\"\" class=\"wp-image-1722\"\/><figcaption class=\"wp-element-caption\">2 LCD flat screen with radio <\/figcaption><\/figure>\n<\/div>\n\n\n\n<div class=\"wp-block-column col-6 col-lg-3 is-layout-flow wp-block-column-is-layout-flow\">\n<figure class=\"wp-block-image size-large\"><img decoding=\"async\" src=\"https:\/\/hotel-gaedi.ch\/wp-content\/uploads\/2022\/09\/safe-2.svg\" alt=\"\" class=\"wp-image-1681\"\/><figcaption class=\"wp-element-caption\">2 safes<\/figcaption><\/figure>\n<\/div>\n<\/div>\n\n\n\n<div class=\"wp-block-columns row icons-row is-layout-flex wp-container-core-columns-is-layout-9d6595d7 wp-block-columns-is-layout-flex\">\n<div class=\"wp-block-column col-6 col-lg-3 is-layout-flow wp-block-column-is-layout-flow\">\n<figure class=\"wp-block-image size-large\"><img decoding=\"async\" src=\"https:\/\/hotel-gaedi.ch\/wp-content\/uploads\/2022\/09\/bestuhlterbalkon-4.svg\" alt=\"\" class=\"wp-image-2106\"\/><figcaption class=\"wp-element-caption\">2 balconies with chairs<\/figcaption><\/figure>\n<\/div>\n\n\n\n<div class=\"wp-block-column col-6 col-lg-3 is-layout-flow wp-block-column-is-layout-flow\">\n<figure class=\"wp-block-image size-large\"><img decoding=\"async\" src=\"https:\/\/hotel-gaedi.ch\/wp-content\/uploads\/2022\/09\/verbindungstuer-1.svg\" alt=\"\" class=\"wp-image-1755\"\/><figcaption class=\"wp-element-caption\">Connecting door<\/figcaption><\/figure>\n<\/div>\n\n\n\n<div class=\"wp-block-column col-6 col-lg-3 is-layout-flow wp-block-column-is-layout-flow\"><\/div>\n\n\n\n<div class=\"wp-block-column col-6 col-lg-3 is-layout-flow wp-block-column-is-layout-flow\"><\/div>\n<\/div>\n<\/div><\/div>\n\n<div class=\"wp-block-group container-fluid teaser-centered beige-dark-bg btn-overlap\"><div class=\"wp-block-group__inner-container is-layout-flow wp-block-group-is-layout-flow\">\n<div class=\"wp-block-columns row is-layout-flex wp-container-core-columns-is-layout-9d6595d7 wp-block-columns-is-layout-flex\">\n<div class=\"wp-block-column col-12 is-layout-flow wp-block-column-is-layout-flow\">\n<div class=\"wp-block-group container\"><div class=\"wp-block-group__inner-container is-layout-flow wp-block-group-is-layout-flow\">\n<div class=\"wp-block-columns row is-layout-flex wp-container-core-columns-is-layout-9d6595d7 wp-block-columns-is-layout-flex\">\n<div class=\"wp-block-column col-12 is-layout-flow wp-block-column-is-layout-flow\">\n<h2 class=\"wp-block-heading has-text-align-center\">Our prices<\/h2>\n\n\n\n<p class=\"has-text-align-center\">The prices at Hotel G\u00e4di in Gr\u00e4chen | Valais are in CHF per room and night, including breakfast buffet, service, use of the pool area, outdoor parking and VAT. Excluding visitor&#8217;s tax. <\/p>\n<\/div>\n<\/div>\n\n\n\n<div class=\"wp-block-columns row is-layout-flex wp-container-core-columns-is-layout-9d6595d7 wp-block-columns-is-layout-flex\">\n<div class=\"wp-block-column col-12 col-md-6 is-layout-flow wp-block-column-is-layout-flow\">\n<figure class=\"wp-block-image size-large\"><img decoding=\"async\" src=\"https:\/\/hotel-gaedi.ch\/wp-content\/uploads\/2022\/09\/sommer.svg\" alt=\"\" class=\"wp-image-1630\"\/><\/figure>\n\n\n\n<p class=\"has-text-align-center\"><strong>Summer<\/strong> <br\/>CHF 435.00 to 485.00<\/p>\n<\/div>\n\n\n\n<div class=\"wp-block-column col-12 col-md-6 is-layout-flow wp-block-column-is-layout-flow\">\n<figure class=\"wp-block-image size-large\"><img decoding=\"async\" src=\"https:\/\/hotel-gaedi.ch\/wp-content\/uploads\/2022\/09\/winter.svg\" alt=\"\" class=\"wp-image-1631\"\/><\/figure>\n\n\n\n<p class=\"has-text-align-center\"><strong>Winter<\/strong> <br\/>CHF 450.00 to 510.00<\/p>\n<\/div>\n<\/div>\n\n\n\n<div class=\"wp-block-columns row is-layout-flex wp-container-core-columns-is-layout-9d6595d7 wp-block-columns-is-layout-flex\">\n<div class=\"wp-block-column col-12 is-layout-flow wp-block-column-is-layout-flow\">\n<div class=\"wp-block-buttons is-layout-flex wp-block-buttons-is-layout-flex\">\n<div class=\"wp-block-button\"><a class=\"wp-block-button__link wp-element-button\" href=\"https:\/\/hotel-gaedi.ch\/en\/book-room\/\">Book now<\/a><\/div>\n<\/div>\n<\/div>\n<\/div>\n<\/div><\/div>\n<\/div>\n<\/div>\n<\/div><\/div>\n\n<div class=\"wp-block-group container teaser-2col-image-text multiple-images-horizontal even\"><div class=\"wp-block-group__inner-container is-layout-flow wp-block-group-is-layout-flow\">\n<div class=\"wp-block-columns row is-layout-flex wp-container-core-columns-is-layout-9d6595d7 wp-block-columns-is-layout-flex\">\n<div class=\"wp-block-column col-lg-12 col-xl-7 is-layout-flow wp-block-column-is-layout-flow\">\n<div class=\"wp-block-columns row is-layout-flex wp-container-core-columns-is-layout-9d6595d7 wp-block-columns-is-layout-flex\">\n<div class=\"wp-block-column col-12 col-sm-6 is-layout-flow wp-block-column-is-layout-flow\">\n<figure class=\"wp-block-image size-full\"><img loading=\"lazy\" decoding=\"async\" width=\"835\" height=\"1024\" src=\"https:\/\/hotel-gaedi.ch\/wp-content\/uploads\/2022\/09\/extra-wellness.jpg\" alt=\"\" class=\"wp-image-1634\" srcset=\"https:\/\/hotel-gaedi.ch\/wp-content\/uploads\/2022\/09\/extra-wellness.jpg 835w, https:\/\/hotel-gaedi.ch\/wp-content\/uploads\/2022\/09\/extra-wellness-408x500.jpg 408w, https:\/\/hotel-gaedi.ch\/wp-content\/uploads\/2022\/09\/extra-wellness-768x942.jpg 768w\" sizes=\"auto, (max-width: 835px) 100vw, 835px\" \/><\/figure>\n<\/div>\n\n\n\n<div class=\"wp-block-column col-12 col-sm-6 is-layout-flow wp-block-column-is-layout-flow\">\n<figure class=\"wp-block-image size-full\"><img loading=\"lazy\" decoding=\"async\" width=\"835\" height=\"1024\" src=\"https:\/\/hotel-gaedi.ch\/wp-content\/uploads\/2022\/09\/Gluecks-halbpension-hotel.jpg\" alt=\"\" class=\"wp-image-1994\" srcset=\"https:\/\/hotel-gaedi.ch\/wp-content\/uploads\/2022\/09\/Gluecks-halbpension-hotel.jpg 835w, https:\/\/hotel-gaedi.ch\/wp-content\/uploads\/2022\/09\/Gluecks-halbpension-hotel-408x500.jpg 408w, https:\/\/hotel-gaedi.ch\/wp-content\/uploads\/2022\/09\/Gluecks-halbpension-hotel-768x942.jpg 768w\" sizes=\"auto, (max-width: 835px) 100vw, 835px\" \/><\/figure>\n<\/div>\n<\/div>\n<\/div>\n\n\n\n<div class=\"wp-block-column col-lg-12 col-xl-5 is-layout-flow wp-block-column-is-layout-flow\">\n<h2 class=\"wp-block-heading\">The G\u00e4di extras for you<\/h2>\n\n\n\n<p>The happiness half board with 4 courses for much pleasure, the breakfast buffet with Valais products. Free access to the small, fine pool landscape in the wellness area at Hotel G\u00e4di in Gr\u00e4chen. There is free Wi-Fi access throughout the hotel.<\/p>\n\n\n\n<div class=\"wp-block-buttons is-layout-flex wp-block-buttons-is-layout-flex\">\n<div class=\"wp-block-button\"><a class=\"wp-block-button__link wp-element-button\" href=\"https:\/\/hotel-gaedi.ch\/en\/hotel\/services\/\">Learn more<\/a><\/div>\n<\/div>\n<\/div>\n<\/div>\n<\/div><\/div>\n\n<div class=\"wp-block-group container introtext-centered-sun-icon-title\"><div class=\"wp-block-group__inner-container is-layout-flow wp-block-group-is-layout-flow\">\n<div class=\"wp-block-columns row is-layout-flex wp-container-core-columns-is-layout-9d6595d7 wp-block-columns-is-layout-flex\">\n<div class=\"wp-block-column col-12 is-layout-flow wp-block-column-is-layout-flow\"><div class=\"wp-block-image is-resized\">\n<figure class=\"aligncenter size-large\"><img decoding=\"async\" src=\"https:\/\/hotel-gaedi.ch\/wp-content\/uploads\/2022\/09\/sonne-logo.svg\" alt=\"\" class=\"wp-image-155\" style=\"width:100px\"\/><\/figure>\n<\/div>\n\n\n<h4 class=\"wp-block-heading\">&#8220;Very cordial hotelier couple. We were accompanied so kindly the whole week.&#8221;<\/h4>\n<\/div>\n<\/div>\n<\/div><\/div>\n\n<div class=\"wp-block-group container custom-posttype-filtered-list\"><div class=\"wp-block-group__inner-container is-layout-flow wp-block-group-is-layout-flow\">\n<div class=\"wp-block-columns row is-layout-flex wp-container-core-columns-is-layout-9d6595d7 wp-block-columns-is-layout-flex\">\n<div class=\"wp-block-column col-12 is-layout-flow wp-block-column-is-layout-flow\">\n<h2 class=\"wp-block-heading\">View more rooms<\/h2>\n<\/div>\n<\/div>\n\n\n\n<div class=\"wp-block-columns row is-layout-flex wp-container-core-columns-is-layout-9d6595d7 wp-block-columns-is-layout-flex\">\n<div class=\"wp-block-column col-12 carousel slide is-layout-flow wp-block-column-is-layout-flow\" id=\"moreRooms\" data-bs-interval=\"false\" data-bs-ride=\"carousel\" data-perSlideItems=\"4\">\n<div class=\"wp-block-query carousel-inner is-layout-flow wp-block-query-is-layout-flow\" role=\"listbox\"><ul class=\"wp-block-post-template is-layout-flow wp-block-post-template-is-layout-flow\"><li class=\"wp-block-post post-3334 zimmer type-zimmer status-publish has-post-thumbnail hentry zimmer-category-doppelzimmer\">\n\n<div class=\"wp-block-group\"><div class=\"wp-block-group__inner-container is-layout-flow wp-block-group-is-layout-flow\"><figure class=\"wp-block-post-featured-image\"><a href=\"https:\/\/hotel-gaedi.ch\/en\/zimmer\/double-room-cozy\/\" target=\"_self\"  ><img loading=\"lazy\" decoding=\"async\" width=\"1600\" height=\"1065\" src=\"https:\/\/hotel-gaedi.ch\/wp-content\/uploads\/2022\/09\/neu-cozy.jpg\" class=\"attachment-post-thumbnail size-post-thumbnail wp-post-image\" alt=\"Double room Cozy\" style=\"object-fit:cover;\" srcset=\"https:\/\/hotel-gaedi.ch\/wp-content\/uploads\/2022\/09\/neu-cozy.jpg 1600w, https:\/\/hotel-gaedi.ch\/wp-content\/uploads\/2022\/09\/neu-cozy-500x333.jpg 500w, https:\/\/hotel-gaedi.ch\/wp-content\/uploads\/2022\/09\/neu-cozy-1024x682.jpg 1024w, https:\/\/hotel-gaedi.ch\/wp-content\/uploads\/2022\/09\/neu-cozy-768x511.jpg 768w, https:\/\/hotel-gaedi.ch\/wp-content\/uploads\/2022\/09\/neu-cozy-1536x1022.jpg 1536w\" sizes=\"auto, (max-width: 1600px) 100vw, 1600px\" \/><\/a><\/figure>\n\n<h4 class=\"zimmer-teaser-title wp-block-post-title\">Double room Cozy<\/h4><div><\/div><\/div><\/div>\n\n<\/li><li class=\"wp-block-post post-3336 zimmer type-zimmer status-publish has-post-thumbnail hentry zimmer-category-doppelzimmer\">\n\n<div class=\"wp-block-group\"><div class=\"wp-block-group__inner-container is-layout-flow wp-block-group-is-layout-flow\"><figure class=\"wp-block-post-featured-image\"><a href=\"https:\/\/hotel-gaedi.ch\/en\/zimmer\/double-room-happy\/\" target=\"_self\"  ><img loading=\"lazy\" decoding=\"async\" width=\"1600\" height=\"1065\" src=\"https:\/\/hotel-gaedi.ch\/wp-content\/uploads\/2022\/09\/neu-happy.jpg\" class=\"attachment-post-thumbnail size-post-thumbnail wp-post-image\" alt=\"Double room Happy\" style=\"object-fit:cover;\" srcset=\"https:\/\/hotel-gaedi.ch\/wp-content\/uploads\/2022\/09\/neu-happy.jpg 1600w, https:\/\/hotel-gaedi.ch\/wp-content\/uploads\/2022\/09\/neu-happy-500x333.jpg 500w, https:\/\/hotel-gaedi.ch\/wp-content\/uploads\/2022\/09\/neu-happy-1024x682.jpg 1024w, https:\/\/hotel-gaedi.ch\/wp-content\/uploads\/2022\/09\/neu-happy-768x511.jpg 768w, https:\/\/hotel-gaedi.ch\/wp-content\/uploads\/2022\/09\/neu-happy-1536x1022.jpg 1536w\" sizes=\"auto, (max-width: 1600px) 100vw, 1600px\" \/><\/a><\/figure>\n\n<h4 class=\"zimmer-teaser-title wp-block-post-title\">Double room Happy<\/h4><div><\/div><\/div><\/div>\n\n<\/li><li class=\"wp-block-post post-3869 zimmer type-zimmer status-publish has-post-thumbnail hentry zimmer-category-doppelzimmer\">\n\n<div class=\"wp-block-group\"><div class=\"wp-block-group__inner-container is-layout-flow wp-block-group-is-layout-flow\"><figure class=\"wp-block-post-featured-image\"><a href=\"https:\/\/hotel-gaedi.ch\/en\/zimmer\/double-room-superior-grand-lit\/\" target=\"_self\"  ><img loading=\"lazy\" decoding=\"async\" width=\"1600\" height=\"1065\" src=\"https:\/\/hotel-gaedi.ch\/wp-content\/uploads\/2022\/09\/doppelzimmer-grand-lit-hotel-graechen-wallis-2022.jpeg\" class=\"attachment-post-thumbnail size-post-thumbnail wp-post-image\" alt=\"Double room Superior Grand Lit\" style=\"object-fit:cover;\" srcset=\"https:\/\/hotel-gaedi.ch\/wp-content\/uploads\/2022\/09\/doppelzimmer-grand-lit-hotel-graechen-wallis-2022.jpeg 1600w, https:\/\/hotel-gaedi.ch\/wp-content\/uploads\/2022\/09\/doppelzimmer-grand-lit-hotel-graechen-wallis-2022-500x333.jpeg 500w, https:\/\/hotel-gaedi.ch\/wp-content\/uploads\/2022\/09\/doppelzimmer-grand-lit-hotel-graechen-wallis-2022-1024x682.jpeg 1024w, https:\/\/hotel-gaedi.ch\/wp-content\/uploads\/2022\/09\/doppelzimmer-grand-lit-hotel-graechen-wallis-2022-768x511.jpeg 768w, https:\/\/hotel-gaedi.ch\/wp-content\/uploads\/2022\/09\/doppelzimmer-grand-lit-hotel-graechen-wallis-2022-1536x1022.jpeg 1536w\" sizes=\"auto, (max-width: 1600px) 100vw, 1600px\" \/><\/a><\/figure>\n\n<h4 class=\"zimmer-teaser-title wp-block-post-title\">Double room Superior Grand Lit<\/h4><div><\/div><\/div><\/div>\n\n<\/li><li class=\"wp-block-post post-3338 zimmer type-zimmer status-publish has-post-thumbnail hentry zimmer-category-doppelzimmer\">\n\n<div class=\"wp-block-group\"><div class=\"wp-block-group__inner-container is-layout-flow wp-block-group-is-layout-flow\"><figure class=\"wp-block-post-featured-image\"><a href=\"https:\/\/hotel-gaedi.ch\/en\/zimmer\/superior-plus-double-room\/\" target=\"_self\"  ><img loading=\"lazy\" decoding=\"async\" width=\"1920\" height=\"1278\" src=\"https:\/\/hotel-gaedi.ch\/wp-content\/uploads\/2022\/09\/korrektur.jpg\" class=\"attachment-post-thumbnail size-post-thumbnail wp-post-image\" alt=\"Double Room Superior Plus\" style=\"object-fit:cover;\" srcset=\"https:\/\/hotel-gaedi.ch\/wp-content\/uploads\/2022\/09\/korrektur.jpg 1920w, https:\/\/hotel-gaedi.ch\/wp-content\/uploads\/2022\/09\/korrektur-500x333.jpg 500w, https:\/\/hotel-gaedi.ch\/wp-content\/uploads\/2022\/09\/korrektur-1024x682.jpg 1024w, https:\/\/hotel-gaedi.ch\/wp-content\/uploads\/2022\/09\/korrektur-768x511.jpg 768w, https:\/\/hotel-gaedi.ch\/wp-content\/uploads\/2022\/09\/korrektur-1536x1022.jpg 1536w\" sizes=\"auto, (max-width: 1920px) 100vw, 1920px\" \/><\/a><\/figure>\n\n<h4 class=\"zimmer-teaser-title wp-block-post-title\">Double Room Superior Plus<\/h4><div><\/div><\/div><\/div>\n\n<\/li><li class=\"wp-block-post post-3340 zimmer type-zimmer status-publish has-post-thumbnail hentry zimmer-category-suite\">\n\n<div class=\"wp-block-group\"><div class=\"wp-block-group__inner-container is-layout-flow wp-block-group-is-layout-flow\"><figure class=\"wp-block-post-featured-image\"><a href=\"https:\/\/hotel-gaedi.ch\/en\/zimmer\/suite-37-m%c2%b2\/\" target=\"_self\"  ><img loading=\"lazy\" decoding=\"async\" width=\"1600\" height=\"1065\" src=\"https:\/\/hotel-gaedi.ch\/wp-content\/uploads\/2022\/09\/familiensuite-zimmer-preise-graechen-wallis-2022.jpeg\" class=\"attachment-post-thumbnail size-post-thumbnail wp-post-image\" alt=\"Suite 37 m\u00b2\" style=\"object-fit:cover;\" srcset=\"https:\/\/hotel-gaedi.ch\/wp-content\/uploads\/2022\/09\/familiensuite-zimmer-preise-graechen-wallis-2022.jpeg 1600w, https:\/\/hotel-gaedi.ch\/wp-content\/uploads\/2022\/09\/familiensuite-zimmer-preise-graechen-wallis-2022-500x333.jpeg 500w, https:\/\/hotel-gaedi.ch\/wp-content\/uploads\/2022\/09\/familiensuite-zimmer-preise-graechen-wallis-2022-1024x682.jpeg 1024w, https:\/\/hotel-gaedi.ch\/wp-content\/uploads\/2022\/09\/familiensuite-zimmer-preise-graechen-wallis-2022-768x511.jpeg 768w, https:\/\/hotel-gaedi.ch\/wp-content\/uploads\/2022\/09\/familiensuite-zimmer-preise-graechen-wallis-2022-1536x1022.jpeg 1536w\" sizes=\"auto, (max-width: 1600px) 100vw, 1600px\" \/><\/a><\/figure>\n\n<h4 class=\"zimmer-teaser-title wp-block-post-title\">Suite 37 m\u00b2<\/h4><div><\/div><\/div><\/div>\n\n<\/li><li class=\"wp-block-post post-3344 zimmer type-zimmer status-publish has-post-thumbnail hentry zimmer-category-dreibettzimmer\">\n\n<div class=\"wp-block-group\"><div class=\"wp-block-group__inner-container is-layout-flow wp-block-group-is-layout-flow\"><figure class=\"wp-block-post-featured-image\"><a href=\"https:\/\/hotel-gaedi.ch\/en\/zimmer\/superior-triple-room\/\" target=\"_self\"  ><img loading=\"lazy\" decoding=\"async\" width=\"1600\" height=\"1065\" src=\"https:\/\/hotel-gaedi.ch\/wp-content\/uploads\/2022\/09\/dreibettzimmer-hotel-graechen-wallis-eltern.jpeg\" class=\"attachment-post-thumbnail size-post-thumbnail wp-post-image\" alt=\"Superior triple room\" style=\"object-fit:cover;\" srcset=\"https:\/\/hotel-gaedi.ch\/wp-content\/uploads\/2022\/09\/dreibettzimmer-hotel-graechen-wallis-eltern.jpeg 1600w, https:\/\/hotel-gaedi.ch\/wp-content\/uploads\/2022\/09\/dreibettzimmer-hotel-graechen-wallis-eltern-500x333.jpeg 500w, https:\/\/hotel-gaedi.ch\/wp-content\/uploads\/2022\/09\/dreibettzimmer-hotel-graechen-wallis-eltern-1024x682.jpeg 1024w, https:\/\/hotel-gaedi.ch\/wp-content\/uploads\/2022\/09\/dreibettzimmer-hotel-graechen-wallis-eltern-768x511.jpeg 768w, https:\/\/hotel-gaedi.ch\/wp-content\/uploads\/2022\/09\/dreibettzimmer-hotel-graechen-wallis-eltern-1536x1022.jpeg 1536w\" sizes=\"auto, (max-width: 1600px) 100vw, 1600px\" \/><\/a><\/figure>\n\n<h4 class=\"zimmer-teaser-title wp-block-post-title\">Superior triple room<\/h4><div><\/div><\/div><\/div>\n\n<\/li><li class=\"wp-block-post post-3348 zimmer type-zimmer status-publish has-post-thumbnail hentry zimmer-category-familienzimmer\">\n\n<div class=\"wp-block-group\"><div class=\"wp-block-group__inner-container is-layout-flow wp-block-group-is-layout-flow\"><figure class=\"wp-block-post-featured-image\"><a href=\"https:\/\/hotel-gaedi.ch\/en\/zimmer\/superior-family-room-with-connecting-door\/\" target=\"_self\"  ><img loading=\"lazy\" decoding=\"async\" width=\"1920\" height=\"1278\" src=\"https:\/\/hotel-gaedi.ch\/wp-content\/uploads\/2022\/09\/zimmer_6.jpg\" class=\"attachment-post-thumbnail size-post-thumbnail wp-post-image\" alt=\"Superior family room with connecting door\" style=\"object-fit:cover;\" srcset=\"https:\/\/hotel-gaedi.ch\/wp-content\/uploads\/2022\/09\/zimmer_6.jpg 1920w, https:\/\/hotel-gaedi.ch\/wp-content\/uploads\/2022\/09\/zimmer_6-500x333.jpg 500w, https:\/\/hotel-gaedi.ch\/wp-content\/uploads\/2022\/09\/zimmer_6-1024x682.jpg 1024w, https:\/\/hotel-gaedi.ch\/wp-content\/uploads\/2022\/09\/zimmer_6-768x511.jpg 768w, https:\/\/hotel-gaedi.ch\/wp-content\/uploads\/2022\/09\/zimmer_6-1536x1022.jpg 1536w\" sizes=\"auto, (max-width: 1920px) 100vw, 1920px\" \/><\/a><\/figure>\n\n<h4 class=\"zimmer-teaser-title wp-block-post-title\">Superior family room with connecting door<\/h4><div><\/div><\/div><\/div>\n\n<\/li><\/ul>\n\n<\/div>\n<\/div>\n<\/div>\n<\/div><\/div>\n","protected":false},"excerpt":{"rendered":"<p>For 2 adults and 1-2 children, 60 m\u00b2<\/p>\n<p>Price per night <br \/>Summer CHF 435.00 to 485.00 <br \/>Winter CHF 450.00 to 510.00<\/p>\n","protected":false},"featured_media":2709,"template":"","meta":{"_acf_changed":false,"inline_featured_image":false,"footnotes":""},"tags":[],"class_list":["post-3346","zimmer","type-zimmer","status-publish","has-post-thumbnail","hentry","zimmer-category-suite"],"acf":{"zimmer_teaser_text":""},"yoast_head":"<!-- This site is optimized with the Yoast SEO plugin v27.4 - https:\/\/yoast.com\/product\/yoast-seo-wordpress\/ -->\n<title>Family suite 60 m\u00b2 - Hotel G\u00e4di<\/title>\n<meta name=\"robots\" content=\"index, follow, max-snippet:-1, max-image-preview:large, max-video-preview:-1\" \/>\n<link rel=\"canonical\" href=\"https:\/\/hotel-gaedi.ch\/en\/zimmer\/family-suite-60-m\u00b2\/\" \/>\n<meta property=\"og:locale\" content=\"en_US\" \/>\n<meta property=\"og:type\" content=\"article\" \/>\n<meta property=\"og:title\" content=\"Family suite 60 m\u00b2 - Hotel G\u00e4di\" \/>\n<meta property=\"og:description\" content=\"For 2 adults and 1-2 children, 60 m\u00b2 Price per night Summer CHF 435.00 to 485.00 Winter CHF 450.00 to 510.00\" \/>\n<meta property=\"og:url\" content=\"https:\/\/hotel-gaedi.ch\/en\/zimmer\/family-suite-60-m\u00b2\/\" \/>\n<meta property=\"og:site_name\" content=\"Hotel G\u00e4di\" \/>\n<meta property=\"article:modified_time\" content=\"2024-11-27T14:02:41+00:00\" \/>\n<meta property=\"og:image\" content=\"https:\/\/hotel-gaedi.ch\/wp-content\/uploads\/2022\/09\/familiensuite-zimmer-preise-graechen-wallis-2022-1.jpeg\" \/>\n\t<meta property=\"og:image:width\" content=\"1600\" \/>\n\t<meta property=\"og:image:height\" content=\"1065\" \/>\n\t<meta property=\"og:image:type\" content=\"image\/jpeg\" \/>\n<meta name=\"twitter:card\" content=\"summary_large_image\" \/>\n<meta name=\"twitter:label1\" content=\"Est. reading time\" \/>\n\t<meta name=\"twitter:data1\" content=\"1 minute\" \/>\n<script type=\"application\/ld+json\" class=\"yoast-schema-graph\">{\"@context\":\"https:\\\/\\\/schema.org\",\"@graph\":[{\"@type\":\"WebPage\",\"@id\":\"https:\\\/\\\/hotel-gaedi.ch\\\/en\\\/zimmer\\\/family-suite-60-m%c2%b2\\\/\",\"url\":\"https:\\\/\\\/hotel-gaedi.ch\\\/en\\\/zimmer\\\/family-suite-60-m%c2%b2\\\/\",\"name\":\"Family suite 60 m\u00b2 - Hotel G\u00e4di\",\"isPartOf\":{\"@id\":\"https:\\\/\\\/hotel-gaedi.ch\\\/#website\"},\"primaryImageOfPage\":{\"@id\":\"https:\\\/\\\/hotel-gaedi.ch\\\/en\\\/zimmer\\\/family-suite-60-m%c2%b2\\\/#primaryimage\"},\"image\":{\"@id\":\"https:\\\/\\\/hotel-gaedi.ch\\\/en\\\/zimmer\\\/family-suite-60-m%c2%b2\\\/#primaryimage\"},\"thumbnailUrl\":\"https:\\\/\\\/hotel-gaedi.ch\\\/wp-content\\\/uploads\\\/2022\\\/09\\\/familiensuite-zimmer-preise-graechen-wallis-2022-1.jpeg\",\"datePublished\":\"2022-09-21T09:08:38+00:00\",\"dateModified\":\"2024-11-27T14:02:41+00:00\",\"breadcrumb\":{\"@id\":\"https:\\\/\\\/hotel-gaedi.ch\\\/en\\\/zimmer\\\/family-suite-60-m%c2%b2\\\/#breadcrumb\"},\"inLanguage\":\"en-US\",\"potentialAction\":[{\"@type\":\"ReadAction\",\"target\":[\"https:\\\/\\\/hotel-gaedi.ch\\\/en\\\/zimmer\\\/family-suite-60-m%c2%b2\\\/\"]}]},{\"@type\":\"ImageObject\",\"inLanguage\":\"en-US\",\"@id\":\"https:\\\/\\\/hotel-gaedi.ch\\\/en\\\/zimmer\\\/family-suite-60-m%c2%b2\\\/#primaryimage\",\"url\":\"https:\\\/\\\/hotel-gaedi.ch\\\/wp-content\\\/uploads\\\/2022\\\/09\\\/familiensuite-zimmer-preise-graechen-wallis-2022-1.jpeg\",\"contentUrl\":\"https:\\\/\\\/hotel-gaedi.ch\\\/wp-content\\\/uploads\\\/2022\\\/09\\\/familiensuite-zimmer-preise-graechen-wallis-2022-1.jpeg\",\"width\":1600,\"height\":1065},{\"@type\":\"BreadcrumbList\",\"@id\":\"https:\\\/\\\/hotel-gaedi.ch\\\/en\\\/zimmer\\\/family-suite-60-m%c2%b2\\\/#breadcrumb\",\"itemListElement\":[{\"@type\":\"ListItem\",\"position\":1,\"name\":\"Home\",\"item\":\"https:\\\/\\\/hotel-gaedi.ch\\\/en\\\/\"},{\"@type\":\"ListItem\",\"position\":2,\"name\":\"Zimmer\",\"item\":\"https:\\\/\\\/hotel-gaedi.ch\\\/zimmer\\\/\"},{\"@type\":\"ListItem\",\"position\":3,\"name\":\"Family suite 60 m\u00b2\"}]},{\"@type\":\"WebSite\",\"@id\":\"https:\\\/\\\/hotel-gaedi.ch\\\/#website\",\"url\":\"https:\\\/\\\/hotel-gaedi.ch\\\/\",\"name\":\"Hotel G\u00e4di\",\"description\":\"Ferien im Hotel G\u00e4di - Gr\u00e4chen\",\"potentialAction\":[{\"@type\":\"SearchAction\",\"target\":{\"@type\":\"EntryPoint\",\"urlTemplate\":\"https:\\\/\\\/hotel-gaedi.ch\\\/?s={search_term_string}\"},\"query-input\":{\"@type\":\"PropertyValueSpecification\",\"valueRequired\":true,\"valueName\":\"search_term_string\"}}],\"inLanguage\":\"en-US\"}]}<\/script>\n<!-- \/ Yoast SEO plugin. -->","yoast_head_json":{"title":"Family suite 60 m\u00b2 - Hotel G\u00e4di","robots":{"index":"index","follow":"follow","max-snippet":"max-snippet:-1","max-image-preview":"max-image-preview:large","max-video-preview":"max-video-preview:-1"},"canonical":"https:\/\/hotel-gaedi.ch\/en\/zimmer\/family-suite-60-m\u00b2\/","og_locale":"en_US","og_type":"article","og_title":"Family suite 60 m\u00b2 - Hotel G\u00e4di","og_description":"For 2 adults and 1-2 children, 60 m\u00b2 Price per night Summer CHF 435.00 to 485.00 Winter CHF 450.00 to 510.00","og_url":"https:\/\/hotel-gaedi.ch\/en\/zimmer\/family-suite-60-m\u00b2\/","og_site_name":"Hotel G\u00e4di","article_modified_time":"2024-11-27T14:02:41+00:00","og_image":[{"width":1600,"height":1065,"url":"https:\/\/hotel-gaedi.ch\/wp-content\/uploads\/2022\/09\/familiensuite-zimmer-preise-graechen-wallis-2022-1.jpeg","type":"image\/jpeg"}],"twitter_card":"summary_large_image","twitter_misc":{"Est. reading time":"1 minute"},"schema":{"@context":"https:\/\/schema.org","@graph":[{"@type":"WebPage","@id":"https:\/\/hotel-gaedi.ch\/en\/zimmer\/family-suite-60-m%c2%b2\/","url":"https:\/\/hotel-gaedi.ch\/en\/zimmer\/family-suite-60-m%c2%b2\/","name":"Family suite 60 m\u00b2 - Hotel G\u00e4di","isPartOf":{"@id":"https:\/\/hotel-gaedi.ch\/#website"},"primaryImageOfPage":{"@id":"https:\/\/hotel-gaedi.ch\/en\/zimmer\/family-suite-60-m%c2%b2\/#primaryimage"},"image":{"@id":"https:\/\/hotel-gaedi.ch\/en\/zimmer\/family-suite-60-m%c2%b2\/#primaryimage"},"thumbnailUrl":"https:\/\/hotel-gaedi.ch\/wp-content\/uploads\/2022\/09\/familiensuite-zimmer-preise-graechen-wallis-2022-1.jpeg","datePublished":"2022-09-21T09:08:38+00:00","dateModified":"2024-11-27T14:02:41+00:00","breadcrumb":{"@id":"https:\/\/hotel-gaedi.ch\/en\/zimmer\/family-suite-60-m%c2%b2\/#breadcrumb"},"inLanguage":"en-US","potentialAction":[{"@type":"ReadAction","target":["https:\/\/hotel-gaedi.ch\/en\/zimmer\/family-suite-60-m%c2%b2\/"]}]},{"@type":"ImageObject","inLanguage":"en-US","@id":"https:\/\/hotel-gaedi.ch\/en\/zimmer\/family-suite-60-m%c2%b2\/#primaryimage","url":"https:\/\/hotel-gaedi.ch\/wp-content\/uploads\/2022\/09\/familiensuite-zimmer-preise-graechen-wallis-2022-1.jpeg","contentUrl":"https:\/\/hotel-gaedi.ch\/wp-content\/uploads\/2022\/09\/familiensuite-zimmer-preise-graechen-wallis-2022-1.jpeg","width":1600,"height":1065},{"@type":"BreadcrumbList","@id":"https:\/\/hotel-gaedi.ch\/en\/zimmer\/family-suite-60-m%c2%b2\/#breadcrumb","itemListElement":[{"@type":"ListItem","position":1,"name":"Home","item":"https:\/\/hotel-gaedi.ch\/en\/"},{"@type":"ListItem","position":2,"name":"Zimmer","item":"https:\/\/hotel-gaedi.ch\/zimmer\/"},{"@type":"ListItem","position":3,"name":"Family suite 60 m\u00b2"}]},{"@type":"WebSite","@id":"https:\/\/hotel-gaedi.ch\/#website","url":"https:\/\/hotel-gaedi.ch\/","name":"Hotel G\u00e4di","description":"Ferien im Hotel G\u00e4di - Gr\u00e4chen","potentialAction":[{"@type":"SearchAction","target":{"@type":"EntryPoint","urlTemplate":"https:\/\/hotel-gaedi.ch\/?s={search_term_string}"},"query-input":{"@type":"PropertyValueSpecification","valueRequired":true,"valueName":"search_term_string"}}],"inLanguage":"en-US"}]}},"_links":{"self":[{"href":"https:\/\/hotel-gaedi.ch\/en\/wp-json\/wp\/v2\/zimmer\/3346","targetHints":{"allow":["GET"]}}],"collection":[{"href":"https:\/\/hotel-gaedi.ch\/en\/wp-json\/wp\/v2\/zimmer"}],"about":[{"href":"https:\/\/hotel-gaedi.ch\/en\/wp-json\/wp\/v2\/types\/zimmer"}],"version-history":[{"count":15,"href":"https:\/\/hotel-gaedi.ch\/en\/wp-json\/wp\/v2\/zimmer\/3346\/revisions"}],"predecessor-version":[{"id":4470,"href":"https:\/\/hotel-gaedi.ch\/en\/wp-json\/wp\/v2\/zimmer\/3346\/revisions\/4470"}],"wp:featuredmedia":[{"embeddable":true,"href":"https:\/\/hotel-gaedi.ch\/en\/wp-json\/wp\/v2\/media\/2709"}],"wp:attachment":[{"href":"https:\/\/hotel-gaedi.ch\/en\/wp-json\/wp\/v2\/media?parent=3346"}],"wp:term":[{"taxonomy":"post_tag","embeddable":true,"href":"https:\/\/hotel-gaedi.ch\/en\/wp-json\/wp\/v2\/tags?post=3346"}],"curies":[{"name":"wp","href":"https:\/\/api.w.org\/{rel}","templated":true}]}}