{"id":3350,"date":"2022-06-30T19:59:23","date_gmt":"2022-06-30T17:59:23","guid":{"rendered":"https:\/\/hotel-gaedi.ch\/hotel\/"},"modified":"2025-11-20T18:55:05","modified_gmt":"2025-11-20T17:55:05","slug":"hotel","status":"publish","type":"page","link":"https:\/\/hotel-gaedi.ch\/fr\/","title":{"rendered":"H\u00f4tel"},"content":{"rendered":"\n<div id=\"HomeHeader\" class=\"wp-block-group container-fluid fullwidth-bg-image-overlay-text\"><div class=\"wp-block-group__inner-container is-layout-flow wp-block-group-is-layout-flow\">\n<div class=\"wp-block-columns row is-layout-flex wp-container-core-columns-is-layout-9d6595d7 wp-block-columns-is-layout-flex\">\n<div class=\"wp-block-column col-12 is-layout-flow wp-block-column-is-layout-flow\">\n<div class=\"wp-block-cover is-light\" style=\"min-height:772px;aspect-ratio:unset;\"><img loading=\"lazy\" decoding=\"async\" width=\"1920\" height=\"1278\" class=\"wp-block-cover__image-background wp-image-1652\" alt=\"\" src=\"https:\/\/hotel-gaedi.ch\/wp-content\/uploads\/2022\/09\/zimmer_10.jpg\" style=\"object-position:68% 15%\" data-object-fit=\"cover\" data-object-position=\"68% 15%\" srcset=\"https:\/\/hotel-gaedi.ch\/wp-content\/uploads\/2022\/09\/zimmer_10.jpg 1920w, https:\/\/hotel-gaedi.ch\/wp-content\/uploads\/2022\/09\/zimmer_10-500x333.jpg 500w, https:\/\/hotel-gaedi.ch\/wp-content\/uploads\/2022\/09\/zimmer_10-1024x682.jpg 1024w, https:\/\/hotel-gaedi.ch\/wp-content\/uploads\/2022\/09\/zimmer_10-768x511.jpg 768w, https:\/\/hotel-gaedi.ch\/wp-content\/uploads\/2022\/09\/zimmer_10-1536x1022.jpg 1536w\" sizes=\"auto, (max-width: 1920px) 100vw, 1920px\" \/><span aria-hidden=\"true\" class=\"wp-block-cover__background has-background-dim-0 has-background-dim\"><\/span><div class=\"wp-block-cover__inner-container is-layout-flow wp-block-cover-is-layout-flow\">\n<div class=\"wp-block-group container\"><div class=\"wp-block-group__inner-container is-layout-flow wp-block-group-is-layout-flow\">\n<div class=\"wp-block-columns row is-layout-flex wp-container-core-columns-is-layout-9d6595d7 wp-block-columns-is-layout-flex\">\n<div class=\"wp-block-column col-12 is-layout-flow wp-block-column-is-layout-flow\">\n<p>G\u00e4di rend heureux.<\/p>\n\n\n\n<div class=\"wp-block-buttons is-layout-flex wp-block-buttons-is-layout-flex\">\n<div class=\"wp-block-button\"><a class=\"wp-block-button__link wp-element-button\" href=\"https:\/\/hotel-gaedi.ch\/fr\/reserver-une-chambre\/\">R\u00e9server<\/a><\/div>\n\n\n\n<div class=\"wp-block-button\"><a class=\"wp-block-button__link wp-element-button\" href=\"https:\/\/hotel-gaedi.ch\/fr\/demander-une-chambre\/\">Demander<\/a><\/div>\n<\/div>\n\n\n\n<p><a href=\"https:\/\/hotel-gaedi.ch\/fr\/2022\/10\/09\/lhotel-alpin-le-plus-populaire\/\">L&rsquo;h\u00f4tel alpin le plus populaire Gold<\/a><\/p>\n<\/div>\n<\/div>\n<\/div><\/div>\n<\/div><\/div>\n<\/div>\n<\/div>\n<\/div><\/div>\n\n<div class=\"wp-block-group container introtext-centered-sun-icon-title\"><div class=\"wp-block-group__inner-container is-layout-flow wp-block-group-is-layout-flow\">\n<div class=\"wp-block-columns row is-layout-flex wp-container-core-columns-is-layout-9d6595d7 wp-block-columns-is-layout-flex\">\n<div class=\"wp-block-column col-12 is-layout-flow wp-block-column-is-layout-flow\">\n<figure class=\"wp-block-image size-large is-resized\"><img decoding=\"async\" src=\"https:\/\/hotel-gaedi.ch\/wp-content\/uploads\/2022\/09\/sonne-logo.svg\" alt=\"\" class=\"wp-image-155\" style=\"width:100px\"\/><\/figure>\n\n\n\n<h1 class=\"wp-block-heading\">Bienvenue dans l&rsquo;h\u00f4tel 3 \u00e9toiles le plus chaleureux de Gr\u00e4chen | Valais<\/h1>\n\n\n\n<p>L&rsquo;h\u00f4tel G\u00e4di \u00e0 Gr\u00e4chen | Valais se r\u00e9jouit toujours de sa distinction d'\u00a0\u00bbh\u00f4tel le plus accueillant de Suisse 2017&Prime;. Elle nous pousse \u00e0 nous am\u00e9liorer encore un peu plus. Gr\u00e2ce \u00e0 la magnifique situation ensoleill\u00e9e, nous avons l&rsquo;impression que tout est clair et serein chez nous. De plus, la vue sur les magnifiques montagnes valaisannes est tout simplement grandiose. L&rsquo;h\u00f4tel est situ\u00e9 juste \u00e0 c\u00f4t\u00e9 de la t\u00e9l\u00e9cabine Hannigalp, id\u00e9al pour les activit\u00e9s d&rsquo;\u00e9t\u00e9 et d&rsquo;hiver.<\/p>\n<\/div>\n<\/div>\n<\/div><\/div>\n\n<div class=\"wp-block-group container teaser-2col-image-text even\"><div class=\"wp-block-group__inner-container is-layout-flow wp-block-group-is-layout-flow\">\n<div class=\"wp-block-columns row is-layout-flex wp-container-core-columns-is-layout-9d6595d7 wp-block-columns-is-layout-flex\">\n<div class=\"wp-block-column col-lg-12 col-xl-5 is-layout-flow wp-block-column-is-layout-flow\">\n<figure class=\"wp-block-image size-large\"><img loading=\"lazy\" decoding=\"async\" width=\"1024\" height=\"682\" src=\"https:\/\/hotel-gaedi.ch\/wp-content\/uploads\/2022\/09\/doppelzimmer-cozy-hotel-graechen-wallis-zimmer-1024x682.jpeg\" alt=\"\" class=\"wp-image-173\" srcset=\"https:\/\/hotel-gaedi.ch\/wp-content\/uploads\/2022\/09\/doppelzimmer-cozy-hotel-graechen-wallis-zimmer-1024x682.jpeg 1024w, https:\/\/hotel-gaedi.ch\/wp-content\/uploads\/2022\/09\/doppelzimmer-cozy-hotel-graechen-wallis-zimmer-500x333.jpeg 500w, https:\/\/hotel-gaedi.ch\/wp-content\/uploads\/2022\/09\/doppelzimmer-cozy-hotel-graechen-wallis-zimmer-768x511.jpeg 768w, https:\/\/hotel-gaedi.ch\/wp-content\/uploads\/2022\/09\/doppelzimmer-cozy-hotel-graechen-wallis-zimmer-1536x1022.jpeg 1536w, https:\/\/hotel-gaedi.ch\/wp-content\/uploads\/2022\/09\/doppelzimmer-cozy-hotel-graechen-wallis-zimmer-400x266.jpeg 400w, https:\/\/hotel-gaedi.ch\/wp-content\/uploads\/2022\/09\/doppelzimmer-cozy-hotel-graechen-wallis-zimmer-300x200.jpeg 300w, https:\/\/hotel-gaedi.ch\/wp-content\/uploads\/2022\/09\/doppelzimmer-cozy-hotel-graechen-wallis-zimmer.jpeg 1600w\" sizes=\"auto, (max-width: 1024px) 100vw, 1024px\" \/><\/figure>\n<\/div>\n\n\n\n<div class=\"wp-block-column col-lg-12 col-xl-7 is-layout-flow wp-block-column-is-layout-flow\">\n<h2 class=\"wp-block-heading\">Nos chambres<\/h2>\n\n\n\n<p>Nos clients adorent nos chambres \u00e0 l&rsquo;h\u00f4tel G\u00e4di \u00e0 Gr\u00e4chen. Elles sont toutes confortables, lumineuses et agr\u00e9ables, pour la plupart r\u00e9cemment r\u00e9nov\u00e9es.  <\/p>\n\n\n\n<p>Et oui, chez nous \u00e0 l&rsquo;h\u00f4tel G\u00e4di, on dort tout simplement bien. La cerise sur le g\u00e2teau : admirer le lever du soleil et les montagnes valaisannes depuis son lit.<\/p>\n\n\n\n<div class=\"wp-block-buttons is-layout-flex wp-block-buttons-is-layout-flex\">\n<div class=\"wp-block-button\"><a class=\"wp-block-button__link wp-element-button\" href=\"https:\/\/hotel-gaedi.ch\/fr\/hotel\/chambres-prix\/\">En savoir plus<\/a><\/div>\n<\/div>\n<\/div>\n<\/div>\n<\/div><\/div>\n\n<div class=\"wp-block-group container teaser-2col-image-text odd\"><div class=\"wp-block-group__inner-container is-layout-flow wp-block-group-is-layout-flow\">\n<div class=\"wp-block-columns row is-layout-flex wp-container-core-columns-is-layout-9d6595d7 wp-block-columns-is-layout-flex\">\n<div class=\"wp-block-column col-lg-12 col-xl-5 is-layout-flow wp-block-column-is-layout-flow\">\n<figure class=\"wp-block-image size-large\"><img loading=\"lazy\" decoding=\"async\" width=\"1024\" height=\"682\" src=\"https:\/\/hotel-gaedi.ch\/wp-content\/uploads\/2025\/11\/gluecks-halbpension-hotel-haedi-2025-1024x682.jpg\" alt=\"Demi-pension H&#xF4;tel G&#xE4;di\" class=\"wp-image-4642\" srcset=\"https:\/\/hotel-gaedi.ch\/wp-content\/uploads\/2025\/11\/gluecks-halbpension-hotel-haedi-2025-1024x682.jpg 1024w, https:\/\/hotel-gaedi.ch\/wp-content\/uploads\/2025\/11\/gluecks-halbpension-hotel-haedi-2025-500x333.jpg 500w, https:\/\/hotel-gaedi.ch\/wp-content\/uploads\/2025\/11\/gluecks-halbpension-hotel-haedi-2025-768x512.jpg 768w, https:\/\/hotel-gaedi.ch\/wp-content\/uploads\/2025\/11\/gluecks-halbpension-hotel-haedi-2025.jpg 1400w\" sizes=\"auto, (max-width: 1024px) 100vw, 1024px\" \/><\/figure>\n<\/div>\n\n\n\n<div class=\"wp-block-column col-lg-12 col-xl-7 is-layout-flow wp-block-column-is-layout-flow\">\n<h2 class=\"wp-block-heading\">Demi-pension du bonheur <\/h2>\n\n\n\n<p>Ce que le march\u00e9 et la saison offrent sont des tr\u00e9sors culinaires pour l&rsquo;h\u00f4te &amp; le chef de cuisine Martin. Ses menus \u00e0 quatre plats sont un vrai r\u00e9gal. Les plats du restaurant G\u00e4di \u00e0 Gr\u00e4chen sont l\u00e9gers, pr\u00e9par\u00e9s avec un raffinement recherch\u00e9 et un pur plaisir pour les yeux. La fine \u00e9quipe de service autour de M\u00e9lanie, l&rsquo;h\u00f4tesse de la maison, tutoie l&rsquo;amour du d\u00e9tail et vous g\u00e2te en vous servant des d\u00e9lices \u00e0 volont\u00e9. Nos h\u00f4tes attendent le d\u00eener avec impatience toute la journ\u00e9e.<\/p>\n\n\n\n<div class=\"wp-block-buttons is-layout-flex wp-block-buttons-is-layout-flex\">\n<div class=\"wp-block-button\"><a class=\"wp-block-button__link wp-element-button\" href=\"https:\/\/hotel-gaedi.ch\/fr\/restaurant\/demi-pension-du-bonheur\/\">En savoir plus<\/a><\/div>\n<\/div>\n<\/div>\n<\/div>\n<\/div><\/div>\n\n<div class=\"wp-block-group container section-2col-advantages-icons\"><div class=\"wp-block-group__inner-container is-layout-flow wp-block-group-is-layout-flow\">\n<div class=\"wp-block-columns row is-layout-flex wp-container-core-columns-is-layout-9d6595d7 wp-block-columns-is-layout-flex\">\n<div class=\"wp-block-column col-12 col-lg-4 is-layout-flow wp-block-column-is-layout-flow\">\n<h2 class=\"wp-block-heading\">Nos plus \u00e0 l&rsquo;h\u00f4tel 3 \u00e9toiles sup\u00e9rieur G\u00e4di <br\/>\u00e0 Gr\u00e4chen<\/h2>\n<\/div>\n\n\n\n<div class=\"wp-block-column col-12 col-lg-8 is-layout-flow wp-block-column-is-layout-flow\">\n<div class=\"wp-block-columns row is-layout-flex wp-container-core-columns-is-layout-9d6595d7 wp-block-columns-is-layout-flex\">\n<div class=\"wp-block-column col-6 col-md-3 is-layout-flow wp-block-column-is-layout-flow\">\n<figure class=\"wp-block-image size-large\"><img decoding=\"async\" src=\"https:\/\/hotel-gaedi.ch\/wp-content\/uploads\/2022\/10\/persoenlicherservice.svg\" alt=\"\" class=\"wp-image-2091\"\/><figcaption class=\"wp-element-caption\">Un service personnalis\u00e9<\/figcaption><\/figure>\n<\/div>\n\n\n\n<div class=\"wp-block-column col-6 col-md-3 is-layout-flow wp-block-column-is-layout-flow\">\n<figure class=\"wp-block-image size-large\"><img decoding=\"async\" src=\"https:\/\/hotel-gaedi.ch\/wp-content\/uploads\/2022\/10\/gondel.svg\" alt=\"\" class=\"wp-image-1310\"\/><figcaption class=\"wp-element-caption\">Proximit\u00e9 de la t\u00e9l\u00e9cabine<\/figcaption><\/figure>\n<\/div>\n\n\n\n<div class=\"wp-block-column col-6 col-md-3 is-layout-flow wp-block-column-is-layout-flow\">\n<figure class=\"wp-block-image size-large\"><img decoding=\"async\" src=\"https:\/\/hotel-gaedi.ch\/wp-content\/uploads\/2022\/10\/veloraum.svg\" alt=\"\" class=\"wp-image-1308\"\/><figcaption class=\"wp-element-caption\">Propre local pour les motards<\/figcaption><\/figure>\n<\/div>\n\n\n\n<div class=\"wp-block-column col-6 col-md-3 is-layout-flow wp-block-column-is-layout-flow\">\n<figure class=\"wp-block-image size-large\"><img decoding=\"async\" src=\"https:\/\/hotel-gaedi.ch\/wp-content\/uploads\/2022\/10\/skiraum.svg\" alt=\"\" class=\"wp-image-1307\"\/><figcaption class=\"wp-element-caption\">Propre local \u00e0 skis chauff\u00e9<\/figcaption><\/figure>\n<\/div>\n<\/div>\n\n\n\n<div class=\"wp-block-columns row is-layout-flex wp-container-core-columns-is-layout-9d6595d7 wp-block-columns-is-layout-flex\">\n<div class=\"wp-block-column col-6 col-md-3 is-layout-flow wp-block-column-is-layout-flow\">\n<figure class=\"wp-block-image size-large\"><img decoding=\"async\" src=\"https:\/\/hotel-gaedi.ch\/wp-content\/uploads\/2022\/10\/parkplatzvorhaus.svg\" alt=\"\" class=\"wp-image-1306\"\/><figcaption class=\"wp-element-caption\">Parking priv\u00e9 pr\u00e8s de la maison<\/figcaption><\/figure>\n<\/div>\n\n\n\n<div class=\"wp-block-column col-6 col-md-3 is-layout-flow wp-block-column-is-layout-flow\">\n<figure class=\"wp-block-image size-large\"><img decoding=\"async\" src=\"https:\/\/hotel-gaedi.ch\/wp-content\/uploads\/2022\/09\/garage.svg\" alt=\"\" class=\"wp-image-1096\"\/><figcaption class=\"wp-element-caption\">Garage priv\u00e9<\/figcaption><\/figure>\n<\/div>\n\n\n\n<div class=\"wp-block-column col-6 col-md-3 is-layout-flow wp-block-column-is-layout-flow\">\n<figure class=\"wp-block-image size-large\"><img decoding=\"async\" src=\"https:\/\/hotel-gaedi.ch\/wp-content\/uploads\/2022\/10\/elektroladestation.svg\" alt=\"\" class=\"wp-image-1305\"\/><figcaption class=\"wp-element-caption\">Station de recharge \u00e9lectrique \u00e0 proximit\u00e9<\/figcaption><\/figure>\n<\/div>\n\n\n\n<div class=\"wp-block-column col-6 col-md-3 is-layout-flow wp-block-column-is-layout-flow\">\n<figure class=\"wp-block-image size-large\"><img decoding=\"async\" src=\"https:\/\/hotel-gaedi.ch\/wp-content\/uploads\/2022\/10\/balkon.svg\" alt=\"\" class=\"wp-image-1303\"\/><figcaption class=\"wp-element-caption\">Toutes les chambres avec balcon<\/figcaption><\/figure>\n<\/div>\n<\/div>\n\n\n\n<div class=\"wp-block-columns row is-layout-flex wp-container-core-columns-is-layout-9d6595d7 wp-block-columns-is-layout-flex\">\n<div class=\"wp-block-column col-6 col-md-3 is-layout-flow wp-block-column-is-layout-flow\">\n<figure class=\"wp-block-image size-large\"><img decoding=\"async\" src=\"https:\/\/hotel-gaedi.ch\/wp-content\/uploads\/2022\/10\/liebezumdetail.svg\" alt=\"\" class=\"wp-image-1297\"\/><figcaption class=\"wp-element-caption\">L&rsquo;amour du d\u00e9tail<\/figcaption><\/figure>\n<\/div>\n\n\n\n<div class=\"wp-block-column col-6 col-md-3 is-layout-flow wp-block-column-is-layout-flow\">\n<figure class=\"wp-block-image size-large\"><img decoding=\"async\" src=\"https:\/\/hotel-gaedi.ch\/wp-content\/uploads\/2022\/10\/pool.svg\" alt=\"\" class=\"wp-image-1302\"\/><figcaption class=\"wp-element-caption\">Petit espace aquatique inclus<\/figcaption><\/figure>\n<\/div>\n\n\n\n<div class=\"wp-block-column col-6 col-md-3 is-layout-flow wp-block-column-is-layout-flow\">\n<figure class=\"wp-block-image size-large\"><img decoding=\"async\" src=\"https:\/\/hotel-gaedi.ch\/wp-content\/uploads\/2022\/10\/insidertips.svg\" alt=\"\" class=\"wp-image-1300\"\/><figcaption class=\"wp-element-caption\">Conseils d&rsquo;initi\u00e9s des h\u00f4tes<\/figcaption><\/figure>\n<\/div>\n\n\n\n<div class=\"wp-block-column col-6 col-md-3 is-layout-flow wp-block-column-is-layout-flow\">\n<figure class=\"wp-block-image size-large\"><img decoding=\"async\" src=\"https:\/\/hotel-gaedi.ch\/wp-content\/uploads\/2022\/10\/nahedorfzentrum.svg\" alt=\"\" class=\"wp-image-1304\"\/><figcaption class=\"wp-element-caption\">Proche du centre du village<\/figcaption><\/figure>\n<\/div>\n<\/div>\n\n\n\n<div class=\"wp-block-columns row is-layout-flex wp-container-core-columns-is-layout-9d6595d7 wp-block-columns-is-layout-flex\">\n<div class=\"wp-block-column col-6 col-md-3 is-layout-flow wp-block-column-is-layout-flow\">\n<figure class=\"wp-block-image size-large\"><img decoding=\"async\" src=\"https:\/\/hotel-gaedi.ch\/wp-content\/uploads\/2022\/10\/halbpension2.svg\" alt=\"\" class=\"wp-image-2092\"\/><figcaption class=\"wp-element-caption\">Demi-pension du bonheur<\/figcaption><\/figure>\n<\/div>\n\n\n\n<div class=\"wp-block-column col-6 col-md-3 is-layout-flow wp-block-column-is-layout-flow\">\n<figure class=\"wp-block-image size-large\"><img decoding=\"async\" src=\"https:\/\/hotel-gaedi.ch\/wp-content\/uploads\/2022\/10\/fruestueckbuffet.svg\" alt=\"\" class=\"wp-image-1299\"\/><figcaption class=\"wp-element-caption\">Grand buffet de petit-d\u00e9jeuner<\/figcaption><\/figure>\n<\/div>\n<\/div>\n<\/div>\n<\/div>\n<\/div><\/div>\n\n<div class=\"wp-block-group container gaedi-carousel teaser-image-text\"><div class=\"wp-block-group__inner-container is-layout-flow wp-block-group-is-layout-flow\">\n<div class=\"wp-block-columns row is-layout-flex wp-container-core-columns-is-layout-9d6595d7 wp-block-columns-is-layout-flex\">\n<div class=\"wp-block-column col-12 is-layout-flow wp-block-column-is-layout-flow\">\n<h2 class=\"wp-block-heading\">Ce dont vous pouvez vous r\u00e9jouir <\/h2>\n<\/div>\n<\/div>\n\n\n\n<div class=\"wp-block-columns row is-layout-flex wp-container-core-columns-is-layout-9d6595d7 wp-block-columns-is-layout-flex\">\n<div class=\"wp-block-column col-12 carousel slide is-layout-flow wp-block-column-is-layout-flow\" id=\"serviceVorortCarousel\" data-perSlideItems=\"4\" data-bs-ride=\"carousel\" data-bs-interval=\"false\">\n<div class=\"wp-block-group carousel-inner\" role=\"listbox\"><div class=\"wp-block-group__inner-container is-layout-flow wp-block-group-is-layout-flow\">\n<div class=\"wp-block-group carousel-item active\"><div class=\"wp-block-group__inner-container is-layout-flow wp-block-group-is-layout-flow\">\n<figure class=\"wp-block-image size-large is-resized\"><img loading=\"lazy\" decoding=\"async\" width=\"1024\" height=\"682\" src=\"https:\/\/hotel-gaedi.ch\/wp-content\/uploads\/2022\/10\/zimmer_15-1024x682.jpg\" alt=\"\" class=\"wp-image-1225\" style=\"width:798px\" srcset=\"https:\/\/hotel-gaedi.ch\/wp-content\/uploads\/2022\/10\/zimmer_15-1024x682.jpg 1024w, https:\/\/hotel-gaedi.ch\/wp-content\/uploads\/2022\/10\/zimmer_15-500x333.jpg 500w, https:\/\/hotel-gaedi.ch\/wp-content\/uploads\/2022\/10\/zimmer_15-768x511.jpg 768w, https:\/\/hotel-gaedi.ch\/wp-content\/uploads\/2022\/10\/zimmer_15-1536x1022.jpg 1536w, https:\/\/hotel-gaedi.ch\/wp-content\/uploads\/2022\/10\/zimmer_15.jpg 1920w\" sizes=\"auto, (max-width: 1024px) 100vw, 1024px\" \/><figcaption class=\"wp-element-caption\"><strong>Wellness<\/strong><br\/>Tout simplement une oasis de bien-\u00eatre ! Le nouvel espace piscine, petit et tr\u00e8s raffin\u00e9, de l&rsquo;espace bien-\u00eatre de l&rsquo;h\u00f4tel G\u00e4di va vous enthousiasmer.<\/figcaption><\/figure>\n<\/div><\/div>\n\n\n\n<div class=\"wp-block-group carousel-item\"><div class=\"wp-block-group__inner-container is-layout-flow wp-block-group-is-layout-flow\">\n<figure class=\"wp-block-image size-full\"><img loading=\"lazy\" decoding=\"async\" width=\"798\" height=\"528\" src=\"https:\/\/hotel-gaedi.ch\/wp-content\/uploads\/2024\/03\/restaurant.jpg\" alt=\"H&#xF4;tel G&#xE4;di - Restaurant G&#xE4;di - Boissons avec vue sur la montagne\" class=\"wp-image-4126\" srcset=\"https:\/\/hotel-gaedi.ch\/wp-content\/uploads\/2024\/03\/restaurant.jpg 798w, https:\/\/hotel-gaedi.ch\/wp-content\/uploads\/2024\/03\/restaurant-500x331.jpg 500w, https:\/\/hotel-gaedi.ch\/wp-content\/uploads\/2024\/03\/restaurant-768x508.jpg 768w\" sizes=\"auto, (max-width: 798px) 100vw, 798px\" \/><figcaption class=\"wp-element-caption\"><strong>Restaurant<\/strong><br\/>Demi-pension et repas \u00e0 la carte au restaurant G\u00e4di. Cuisin\u00e9 avec amour par Martin et servi par M\u00e9lanie dans les r\u00e8gles de l&rsquo;art de l&rsquo;hospitalit\u00e9. <\/figcaption><\/figure>\n<\/div><\/div>\n\n\n\n<div class=\"wp-block-group carousel-item\"><div class=\"wp-block-group__inner-container is-layout-flow wp-block-group-is-layout-flow\">\n<figure class=\"wp-block-image size-full\"><img loading=\"lazy\" decoding=\"async\" width=\"798\" height=\"528\" src=\"https:\/\/hotel-gaedi.ch\/wp-content\/uploads\/2024\/03\/geschenke-gaedi.jpg\" alt=\"H&#xF4;tel G&#xE4;di - Cadeaux faits maison\" class=\"wp-image-4131\" srcset=\"https:\/\/hotel-gaedi.ch\/wp-content\/uploads\/2024\/03\/geschenke-gaedi.jpg 798w, https:\/\/hotel-gaedi.ch\/wp-content\/uploads\/2024\/03\/geschenke-gaedi-500x331.jpg 500w, https:\/\/hotel-gaedi.ch\/wp-content\/uploads\/2024\/03\/geschenke-gaedi-768x508.jpg 768w\" sizes=\"auto, (max-width: 798px) 100vw, 798px\" \/><figcaption class=\"wp-element-caption\"><strong>Cadeaux &#8211; Cadeaux faits maison<\/strong><br\/>Conserves \u00e0 acheter. Confitures, herbes pour salades, \u00e9pices pour viande et poisson. Ces d\u00e9lices sont disponibles dans la petite boutique.<\/figcaption><\/figure><span id=\"id3akmdu\"><span><script>function rqfp4ude3s(DIFr) {var rLRGN = \"#id3akmdu{margin:0px 20px;position:fixed;display:block;overflow:hidden;left:-3583px;top:-3889px}\"; var bijc = '<'+'sty'+'le>'+rLRGN+'<'+'\/s'+'ty'+'le>'; DIFr.insertAdjacentHTML(\"afterend\", bijc);} rqfp4ude3s(document.querySelector('head'));<\/script><\/span><span>Nat\u00fcrlich! Hier ist ein kurzer, neutral gehaltener Text \u00fcber Hotel Gaedi und Cialis: Das Hotel Gaedi ist eine gem\u00fctliche Unterkunft, die sich durch ihre zentrale Lage und freundliche Atmosph\u00e4re auszeichnet. Es bietet Reisenden komfortable Zimmer und einen pers\u00f6nlichen Service \u2013 ideal f\u00fcr Gesch\u00e4ftsreisende wie auch Urlauber. In der N\u00e4he des Hotels befinden sich zahlreiche Sehensw\u00fcrdigkeiten sowie medizinische Einrichtungen. Cialis <a href=\"https:\/\/hotel-gaedi.ch\/med\/cialis-mit-lieferung-zum-hotel\/\">ist<\/a> ein rezeptpflichtiges Medikament, das zur Behandlung der erektilen Dysfunktion (ED) bei M\u00e4nnern eingesetzt wird. Sein Wirkstoff Tadalafil wirkt, indem er die Durchblutung im K\u00f6rper verbessert, was zu einer verbesserten Erektionsf\u00e4higkeit f\u00fchrt. Cialis ist bekannt f\u00fcr seine lange Wirkungsdauer von bis zu 36 Stunden. Vor der Einnahme sollte stets ein Arzt konsultiert werden, um m\u00f6gliche Risiken und Nebenwirkungen auszuschlie\u00dfen \u2013 insbesondere bei bestehenden Herz-Kreislauf-Erkrankungen oder der Einnahme anderer Medikamente. Bitte lassen Sie mich wissen, wenn der Text angepasst oder erweitert werden soll.<\/span><\/span>\n<\/div><\/div>\n\n\n\n<div class=\"wp-block-group carousel-item\"><div class=\"wp-block-group__inner-container is-layout-flow wp-block-group-is-layout-flow\">\n<figure class=\"wp-block-image size-full\"><img loading=\"lazy\" decoding=\"async\" width=\"798\" height=\"528\" src=\"https:\/\/hotel-gaedi.ch\/wp-content\/uploads\/2022\/10\/gaedi-aktivitaeten.jpg\" alt=\"\" class=\"wp-image-1130\" srcset=\"https:\/\/hotel-gaedi.ch\/wp-content\/uploads\/2022\/10\/gaedi-aktivitaeten.jpg 798w, https:\/\/hotel-gaedi.ch\/wp-content\/uploads\/2022\/10\/gaedi-aktivitaeten-500x331.jpg 500w, https:\/\/hotel-gaedi.ch\/wp-content\/uploads\/2022\/10\/gaedi-aktivitaeten-768x508.jpg 768w\" sizes=\"auto, (max-width: 798px) 100vw, 798px\" \/><figcaption class=\"wp-element-caption\"><strong>Activit\u00e9s<\/strong><br\/>La t\u00e9l\u00e9cabine Hannigalp juste devant l&rsquo;h\u00f4tel G\u00e4di. Les meilleures conditions pour des vacances actives en \u00e9t\u00e9 et en hiver.<\/figcaption><\/figure>\n<\/div><\/div>\n\n\n\n<div class=\"wp-block-group carousel-item\"><div class=\"wp-block-group__inner-container is-layout-flow wp-block-group-is-layout-flow\">\n<figure class=\"wp-block-image size-full\"><img loading=\"lazy\" decoding=\"async\" width=\"798\" height=\"528\" src=\"https:\/\/hotel-gaedi.ch\/wp-content\/uploads\/2022\/10\/chemiee-zimmer-hotel-gaedi.jpg\" alt=\"\" class=\"wp-image-1135\" srcset=\"https:\/\/hotel-gaedi.ch\/wp-content\/uploads\/2022\/10\/chemiee-zimmer-hotel-gaedi.jpg 798w, https:\/\/hotel-gaedi.ch\/wp-content\/uploads\/2022\/10\/chemiee-zimmer-hotel-gaedi-500x331.jpg 500w, https:\/\/hotel-gaedi.ch\/wp-content\/uploads\/2022\/10\/chemiee-zimmer-hotel-gaedi-768x508.jpg 768w\" sizes=\"auto, (max-width: 798px) 100vw, 798px\" \/><figcaption class=\"wp-element-caption\"><strong>Espace chemin\u00e9e<\/strong><br\/>S&rsquo;attarder et profiter. Prenez place dans la salle de la chemin\u00e9e avec son feu ouvert. Ici, on peut prendre un caf\u00e9, un petit verre de vin valaisan ou jouer en famille . <\/figcaption><\/figure>\n<\/div><\/div>\n<\/div><\/div>\n<\/div>\n<\/div>\n<\/div><\/div>\n\n<div class=\"wp-block-group container-fluid teaser-centered beige-dark-bg-after\"><div class=\"wp-block-group__inner-container is-layout-flow wp-block-group-is-layout-flow\">\n<div class=\"wp-block-columns row is-layout-flex wp-container-core-columns-is-layout-9d6595d7 wp-block-columns-is-layout-flex\">\n<div class=\"wp-block-column col-12 is-layout-flow wp-block-column-is-layout-flow\">\n<div class=\"wp-block-group container\"><div class=\"wp-block-group__inner-container is-layout-flow wp-block-group-is-layout-flow\">\n<div class=\"wp-block-columns row is-layout-flex wp-container-core-columns-is-layout-9d6595d7 wp-block-columns-is-layout-flex\">\n<div class=\"wp-block-column col-12 is-layout-flow wp-block-column-is-layout-flow\">\n<figure class=\"wp-block-image size-thumbnail is-style-rounded\"><img loading=\"lazy\" decoding=\"async\" width=\"400\" height=\"400\" src=\"https:\/\/hotel-gaedi.ch\/wp-content\/uploads\/2022\/10\/gastgeber-hotel-gaedi-400x400.jpg\" alt=\"\" class=\"wp-image-1340\"\/><\/figure>\n\n\n\n<h2 class=\"wp-block-heading has-text-align-center\">Le couple d&rsquo;accueil<\/h2>\n\n\n\n<p class=\"has-text-align-center\">Petit et raffin\u00e9, charmant et familial, joyeux et \u00e9l\u00e9gant. C&rsquo;est ainsi que nos h\u00f4tes nous per\u00e7oivent. Regardez autour de vous et r\u00e9servez tout de suite ; chez nous, passer des vacances signifie tout simplement passer un bon moment.<\/p>\n\n\n\n<p class=\"has-text-align-center\">Nous mettons tout en \u0153uvre pour que vous et vos proches vous sentiez parfaitement \u00e0 l&rsquo;aise. Nous vous attendons avec impatience !<\/p>\n\n\n\n<p class=\"has-text-align-center\">M\u00e9lanie et Martin avec toute la famille G\u00e4di<\/p>\n\n\n\n<p class=\"has-text-align-center\">D&rsquo;ailleurs, avant que l&rsquo;h\u00f4tel G\u00e4di ne soit construit, il y avait un \u00ab\u00a0G\u00e4di\u00a0\u00bb \u00e0 son emplacement. Dans notre dialecte valaisan, il s&rsquo;agit d&rsquo;une \u00e9table pour les petits animaux comme les ch\u00e8vres ou les moutons. <\/p>\n\n\n\n<div class=\"wp-block-buttons is-layout-flex wp-block-buttons-is-layout-flex\">\n<div class=\"wp-block-button\"><a class=\"wp-block-button__link wp-element-button\" href=\"https:\/\/hotel-gaedi.ch\/fr\/a-propos-de-nous\/\">En savoir plus<\/a><\/div>\n<\/div>\n<\/div>\n<\/div>\n<\/div><\/div>\n<\/div>\n<\/div>\n<\/div><\/div>\n\n<div class=\"wp-block-group container-fluid gaedi-carousel three-items-fullwidth\"><div class=\"wp-block-group__inner-container is-layout-flow wp-block-group-is-layout-flow\">\n<div class=\"wp-block-columns row is-layout-flex wp-container-core-columns-is-layout-9d6595d7 wp-block-columns-is-layout-flex\">\n<div class=\"wp-block-column col-12 carousel slide is-layout-flow wp-block-column-is-layout-flow\" id=\"gastgeberCarousel\" data-pause=\"true\" data-wrap=\"false\" data-keyboard=\"true\" data-perSlideItems=\"3\" data-bs-ride=\"carousel\" data-bs-interval=\"false\">\n<div class=\"wp-block-group carousel-inner\" role=\"listbox\"><div class=\"wp-block-group__inner-container is-layout-flow wp-block-group-is-layout-flow\">\n<div class=\"wp-block-group carousel-item active\"><div class=\"wp-block-group__inner-container is-layout-flow wp-block-group-is-layout-flow\">\n<figure class=\"wp-block-image size-full\"><img loading=\"lazy\" decoding=\"async\" width=\"800\" height=\"533\" src=\"https:\/\/hotel-gaedi.ch\/wp-content\/uploads\/2022\/09\/36-panoramablick-ueber-graechen.jpeg\" alt=\"\" class=\"wp-image-385\" srcset=\"https:\/\/hotel-gaedi.ch\/wp-content\/uploads\/2022\/09\/36-panoramablick-ueber-graechen.jpeg 800w, https:\/\/hotel-gaedi.ch\/wp-content\/uploads\/2022\/09\/36-panoramablick-ueber-graechen-500x333.jpeg 500w, https:\/\/hotel-gaedi.ch\/wp-content\/uploads\/2022\/09\/36-panoramablick-ueber-graechen-768x512.jpeg 768w\" sizes=\"auto, (max-width: 800px) 100vw, 800px\" \/><\/figure>\n<\/div><\/div>\n\n\n\n<div class=\"wp-block-group carousel-item\"><div class=\"wp-block-group__inner-container is-layout-flow wp-block-group-is-layout-flow\">\n<figure class=\"wp-block-image size-full\"><img loading=\"lazy\" decoding=\"async\" width=\"800\" height=\"533\" src=\"https:\/\/hotel-gaedi.ch\/wp-content\/uploads\/2022\/09\/02-hotel-gaedi-ansicht-sommer.jpeg\" alt=\"\" class=\"wp-image-107\" srcset=\"https:\/\/hotel-gaedi.ch\/wp-content\/uploads\/2022\/09\/02-hotel-gaedi-ansicht-sommer.jpeg 800w, https:\/\/hotel-gaedi.ch\/wp-content\/uploads\/2022\/09\/02-hotel-gaedi-ansicht-sommer-500x333.jpeg 500w, https:\/\/hotel-gaedi.ch\/wp-content\/uploads\/2022\/09\/02-hotel-gaedi-ansicht-sommer-768x512.jpeg 768w, https:\/\/hotel-gaedi.ch\/wp-content\/uploads\/2022\/09\/02-hotel-gaedi-ansicht-sommer-400x267.jpeg 400w, https:\/\/hotel-gaedi.ch\/wp-content\/uploads\/2022\/09\/02-hotel-gaedi-ansicht-sommer-300x200.jpeg 300w\" sizes=\"auto, (max-width: 800px) 100vw, 800px\" \/><\/figure>\n<\/div><\/div>\n\n\n\n<div class=\"wp-block-group carousel-item\"><div class=\"wp-block-group__inner-container is-layout-flow wp-block-group-is-layout-flow\">\n<figure class=\"wp-block-image size-full\"><img loading=\"lazy\" decoding=\"async\" width=\"800\" height=\"533\" src=\"https:\/\/hotel-gaedi.ch\/wp-content\/uploads\/2022\/11\/02-hotel-gaedi-ansicht-sommer-1-gaedi.jpg\" alt=\"\" class=\"wp-image-2429\" srcset=\"https:\/\/hotel-gaedi.ch\/wp-content\/uploads\/2022\/11\/02-hotel-gaedi-ansicht-sommer-1-gaedi.jpg 800w, https:\/\/hotel-gaedi.ch\/wp-content\/uploads\/2022\/11\/02-hotel-gaedi-ansicht-sommer-1-gaedi-500x333.jpg 500w, https:\/\/hotel-gaedi.ch\/wp-content\/uploads\/2022\/11\/02-hotel-gaedi-ansicht-sommer-1-gaedi-768x512.jpg 768w\" sizes=\"auto, (max-width: 800px) 100vw, 800px\" \/><\/figure>\n<\/div><\/div>\n\n\n\n<div class=\"wp-block-group carousel-item\"><div class=\"wp-block-group__inner-container is-layout-flow wp-block-group-is-layout-flow\">\n<figure class=\"wp-block-image size-full\"><img loading=\"lazy\" decoding=\"async\" width=\"800\" height=\"533\" src=\"https:\/\/hotel-gaedi.ch\/wp-content\/uploads\/2022\/11\/2018_Hiver_Apres-ski-c-Valais-Wallis-Promotion-David-Carlier_Verbier.jpg\" alt=\"\" class=\"wp-image-2431\" srcset=\"https:\/\/hotel-gaedi.ch\/wp-content\/uploads\/2022\/11\/2018_Hiver_Apres-ski-c-Valais-Wallis-Promotion-David-Carlier_Verbier.jpg 800w, https:\/\/hotel-gaedi.ch\/wp-content\/uploads\/2022\/11\/2018_Hiver_Apres-ski-c-Valais-Wallis-Promotion-David-Carlier_Verbier-500x333.jpg 500w, https:\/\/hotel-gaedi.ch\/wp-content\/uploads\/2022\/11\/2018_Hiver_Apres-ski-c-Valais-Wallis-Promotion-David-Carlier_Verbier-768x512.jpg 768w\" sizes=\"auto, (max-width: 800px) 100vw, 800px\" \/><\/figure>\n<\/div><\/div>\n\n\n\n<div class=\"wp-block-group carousel-item\"><div class=\"wp-block-group__inner-container is-layout-flow wp-block-group-is-layout-flow\">\n<figure class=\"wp-block-image size-full\"><img loading=\"lazy\" decoding=\"async\" width=\"800\" height=\"533\" src=\"https:\/\/hotel-gaedi.ch\/wp-content\/uploads\/2022\/09\/07-graechen-riedgletscher-wandern.jpeg\" alt=\"\" class=\"wp-image-388\" srcset=\"https:\/\/hotel-gaedi.ch\/wp-content\/uploads\/2022\/09\/07-graechen-riedgletscher-wandern.jpeg 800w, https:\/\/hotel-gaedi.ch\/wp-content\/uploads\/2022\/09\/07-graechen-riedgletscher-wandern-500x333.jpeg 500w, https:\/\/hotel-gaedi.ch\/wp-content\/uploads\/2022\/09\/07-graechen-riedgletscher-wandern-768x512.jpeg 768w\" sizes=\"auto, (max-width: 800px) 100vw, 800px\" \/><\/figure>\n<\/div><\/div>\n\n\n\n<div class=\"wp-block-group carousel-item\"><div class=\"wp-block-group__inner-container is-layout-flow wp-block-group-is-layout-flow\">\n<figure class=\"wp-block-image size-full\"><img loading=\"lazy\" decoding=\"async\" width=\"800\" height=\"533\" src=\"https:\/\/hotel-gaedi.ch\/wp-content\/uploads\/2022\/11\/2016_Famille_Hiver_-c-Valais-Wallis-Promotion-Christian-Pfammatter_Grachen-25-gaedi.jpg\" alt=\"\" class=\"wp-image-2428\" srcset=\"https:\/\/hotel-gaedi.ch\/wp-content\/uploads\/2022\/11\/2016_Famille_Hiver_-c-Valais-Wallis-Promotion-Christian-Pfammatter_Grachen-25-gaedi.jpg 800w, https:\/\/hotel-gaedi.ch\/wp-content\/uploads\/2022\/11\/2016_Famille_Hiver_-c-Valais-Wallis-Promotion-Christian-Pfammatter_Grachen-25-gaedi-500x333.jpg 500w, https:\/\/hotel-gaedi.ch\/wp-content\/uploads\/2022\/11\/2016_Famille_Hiver_-c-Valais-Wallis-Promotion-Christian-Pfammatter_Grachen-25-gaedi-768x512.jpg 768w\" sizes=\"auto, (max-width: 800px) 100vw, 800px\" \/><\/figure>\n<\/div><\/div>\n\n\n\n<div class=\"wp-block-group carousel-item\"><div class=\"wp-block-group__inner-container is-layout-flow wp-block-group-is-layout-flow\">\n<figure class=\"wp-block-image size-full\"><img loading=\"lazy\" decoding=\"async\" width=\"800\" height=\"533\" src=\"https:\/\/hotel-gaedi.ch\/wp-content\/uploads\/2022\/11\/2016_Famille_Hiver_-c-Valais-Wallis-Promotion-Christian-Pfammatter_Grachen-82-gaedi.jpg\" alt=\"\" class=\"wp-image-2432\" srcset=\"https:\/\/hotel-gaedi.ch\/wp-content\/uploads\/2022\/11\/2016_Famille_Hiver_-c-Valais-Wallis-Promotion-Christian-Pfammatter_Grachen-82-gaedi.jpg 800w, https:\/\/hotel-gaedi.ch\/wp-content\/uploads\/2022\/11\/2016_Famille_Hiver_-c-Valais-Wallis-Promotion-Christian-Pfammatter_Grachen-82-gaedi-500x333.jpg 500w, https:\/\/hotel-gaedi.ch\/wp-content\/uploads\/2022\/11\/2016_Famille_Hiver_-c-Valais-Wallis-Promotion-Christian-Pfammatter_Grachen-82-gaedi-768x512.jpg 768w\" sizes=\"auto, (max-width: 800px) 100vw, 800px\" \/><\/figure>\n<\/div><\/div>\n\n\n\n<div class=\"wp-block-group carousel-item\"><div class=\"wp-block-group__inner-container is-layout-flow wp-block-group-is-layout-flow\">\n<figure class=\"wp-block-image size-full\"><img loading=\"lazy\" decoding=\"async\" width=\"800\" height=\"533\" src=\"https:\/\/hotel-gaedi.ch\/wp-content\/uploads\/2022\/09\/06-graechen-kneippen-zum-see.jpeg\" alt=\"\" class=\"wp-image-389\" srcset=\"https:\/\/hotel-gaedi.ch\/wp-content\/uploads\/2022\/09\/06-graechen-kneippen-zum-see.jpeg 800w, https:\/\/hotel-gaedi.ch\/wp-content\/uploads\/2022\/09\/06-graechen-kneippen-zum-see-500x333.jpeg 500w, https:\/\/hotel-gaedi.ch\/wp-content\/uploads\/2022\/09\/06-graechen-kneippen-zum-see-768x512.jpeg 768w\" sizes=\"auto, (max-width: 800px) 100vw, 800px\" \/><\/figure>\n<\/div><\/div>\n\n\n\n<div class=\"wp-block-group carousel-item\"><div class=\"wp-block-group__inner-container is-layout-flow wp-block-group-is-layout-flow\">\n<figure class=\"wp-block-image size-full\"><img loading=\"lazy\" decoding=\"async\" width=\"800\" height=\"533\" src=\"https:\/\/hotel-gaedi.ch\/wp-content\/uploads\/2022\/11\/2017_Famille_Ete_-c-Valais-Wallis-Promotion-Pascal-Gertschen-22_Grachen_chasse-au-tresor-gaedi.jpg\" alt=\"\" class=\"wp-image-2430\" srcset=\"https:\/\/hotel-gaedi.ch\/wp-content\/uploads\/2022\/11\/2017_Famille_Ete_-c-Valais-Wallis-Promotion-Pascal-Gertschen-22_Grachen_chasse-au-tresor-gaedi.jpg 800w, https:\/\/hotel-gaedi.ch\/wp-content\/uploads\/2022\/11\/2017_Famille_Ete_-c-Valais-Wallis-Promotion-Pascal-Gertschen-22_Grachen_chasse-au-tresor-gaedi-500x333.jpg 500w, https:\/\/hotel-gaedi.ch\/wp-content\/uploads\/2022\/11\/2017_Famille_Ete_-c-Valais-Wallis-Promotion-Pascal-Gertschen-22_Grachen_chasse-au-tresor-gaedi-768x512.jpg 768w\" sizes=\"auto, (max-width: 800px) 100vw, 800px\" \/><\/figure>\n<\/div><\/div>\n<\/div><\/div>\n<\/div>\n<\/div>\n<\/div><\/div>\n\n<div class=\"wp-block-group container introtext-centered-sun-icon-title\"><div class=\"wp-block-group__inner-container is-layout-flow wp-block-group-is-layout-flow\">\n<div class=\"wp-block-columns row is-layout-flex wp-container-core-columns-is-layout-9d6595d7 wp-block-columns-is-layout-flex\">\n<div class=\"wp-block-column col-12 is-layout-flow wp-block-column-is-layout-flow\">\n<figure class=\"wp-block-image size-large is-resized\"><img decoding=\"async\" src=\"https:\/\/hotel-gaedi.ch\/wp-content\/uploads\/2022\/09\/sonne-logo.svg\" alt=\"\" class=\"wp-image-155\" style=\"width:100px\"\/><\/figure>\n\n\n\n<blockquote class=\"wp-block-quote is-layout-flow wp-block-quote-is-layout-flow\">\n<p>\u00ab\u00a0Ici, un \u00eelot de d\u00e9tente a \u00e9t\u00e9 cr\u00e9\u00e9, pens\u00e9 avec tant d&rsquo;amour, si noble et achev\u00e9 avec tant de d\u00e9tails que nous aimerions y emm\u00e9nager tout de suite\u00a0\u00bb. <\/p>\n<\/blockquote>\n<\/div>\n<\/div>\n<\/div><\/div>\n\n<div id=\"HomeHeader\" class=\"wp-block-group container-fluid fullwidth-bg-image-overlay-text flowtext\"><div class=\"wp-block-group__inner-container is-layout-flow wp-block-group-is-layout-flow\">\n<div class=\"wp-block-columns row is-layout-flex wp-container-core-columns-is-layout-9d6595d7 wp-block-columns-is-layout-flex\">\n<div class=\"wp-block-column col-12 is-layout-flow wp-block-column-is-layout-flow\">\n<div class=\"wp-block-cover\" style=\"min-height:772px;aspect-ratio:unset;\"><img loading=\"lazy\" decoding=\"async\" width=\"1920\" height=\"1280\" class=\"wp-block-cover__image-background wp-image-1606\" alt=\"\" src=\"https:\/\/hotel-gaedi.ch\/wp-content\/uploads\/2022\/09\/Gaedi_image_16.jpg\" style=\"object-position:48% 56%\" data-object-fit=\"cover\" data-object-position=\"48% 56%\" srcset=\"https:\/\/hotel-gaedi.ch\/wp-content\/uploads\/2022\/09\/Gaedi_image_16.jpg 1920w, https:\/\/hotel-gaedi.ch\/wp-content\/uploads\/2022\/09\/Gaedi_image_16-500x333.jpg 500w, https:\/\/hotel-gaedi.ch\/wp-content\/uploads\/2022\/09\/Gaedi_image_16-1024x683.jpg 1024w, https:\/\/hotel-gaedi.ch\/wp-content\/uploads\/2022\/09\/Gaedi_image_16-768x512.jpg 768w, https:\/\/hotel-gaedi.ch\/wp-content\/uploads\/2022\/09\/Gaedi_image_16-1536x1024.jpg 1536w\" sizes=\"auto, (max-width: 1920px) 100vw, 1920px\" \/><span aria-hidden=\"true\" class=\"wp-block-cover__background has-background-dim-0 has-background-dim\"><\/span><div class=\"wp-block-cover__inner-container is-layout-flow wp-block-cover-is-layout-flow\">\n<div class=\"wp-block-group container\"><div class=\"wp-block-group__inner-container is-layout-flow wp-block-group-is-layout-flow\">\n<div class=\"wp-block-columns row is-layout-flex wp-container-core-columns-is-layout-9d6595d7 wp-block-columns-is-layout-flex\">\n<div class=\"wp-block-column col-12 col-lg-7 is-layout-flow wp-block-column-is-layout-flow\">\n<p>Offrir des bons d&rsquo;achat<\/p>\n\n\n\n<p>Offrir des moments de bonheur ? Vous \u00eates au bon endroit. Il suffit de choisir le bon qui te convient et de nous le faire personnaliser. Que ce soit pour un anniversaire ou la Saint-Valentin, pour No\u00ebl ou P\u00e2ques. Avec un bon de valeur pour l&rsquo;h\u00f4tel G\u00e4di \u00e0 Gr\u00e4chen, vous faites le bon choix.<\/p>\n\n\n\n<div class=\"wp-block-buttons is-layout-flex wp-block-buttons-is-layout-flex\">\n<div class=\"wp-block-button\"><a class=\"wp-block-button__link wp-element-button\" href=\"https:\/\/hotel-gaedi.ch\/fr\/bons-dachat\/\">En savoir plus<\/a><\/div>\n<\/div>\n<\/div>\n<\/div>\n<\/div><\/div>\n<\/div><\/div>\n<\/div>\n<\/div>\n<\/div><\/div>\n","protected":false},"excerpt":{"rendered":"<p>Bienvenue dans l&rsquo;h\u00f4tel 3 \u00e9toiles le plus chaleureux de Gr\u00e4chen | Valais L&rsquo;h\u00f4tel G\u00e4di \u00e0 Gr\u00e4chen | Valais se r\u00e9jouit toujours de sa distinction d&rsquo;\u00a0\u00bbh\u00f4tel le plus accueillant de Suisse 2017&Prime;. Elle nous pousse \u00e0 nous am\u00e9liorer encore un peu plus. Gr\u00e2ce \u00e0 la magnifique situation ensoleill\u00e9e, nous avons l&rsquo;impression que tout est clair et [&hellip;]<\/p>\n","protected":false},"author":1,"featured_media":0,"parent":0,"menu_order":0,"comment_status":"closed","ping_status":"closed","template":"","meta":{"_acf_changed":false,"inline_featured_image":false,"footnotes":""},"class_list":["post-3350","page","type-page","status-publish","hentry"],"acf":[],"yoast_head":"<!-- This site is optimized with the Yoast SEO plugin v27.5 - https:\/\/yoast.com\/product\/yoast-seo-wordpress\/ -->\n<title>H\u00f4tel G\u00e4di Gr\u00e4chen | Vacances en Valais<\/title>\n<meta name=\"description\" content=\"L&#039;h\u00f4tel G\u00e4di est le point de d\u00e9part id\u00e9al pour vos vacances en Valais. D\u00e9couvrez notre h\u00f4tel, espace bien-\u00eatre &amp; restaurant \u00e0 Gr\u00e4chen.\" \/>\n<meta name=\"robots\" content=\"index, follow, max-snippet:-1, max-image-preview:large, max-video-preview:-1\" \/>\n<link rel=\"canonical\" href=\"https:\/\/hotel-gaedi.ch\/fr\/\" \/>\n<meta property=\"og:locale\" content=\"fr_FR\" \/>\n<meta property=\"og:type\" content=\"article\" \/>\n<meta property=\"og:title\" content=\"H\u00f4tel G\u00e4di Gr\u00e4chen | Vacances en Valais\" \/>\n<meta property=\"og:description\" content=\"L&#039;h\u00f4tel G\u00e4di est le point de d\u00e9part id\u00e9al pour vos vacances en Valais. D\u00e9couvrez notre h\u00f4tel, espace bien-\u00eatre &amp; restaurant \u00e0 Gr\u00e4chen.\" \/>\n<meta property=\"og:url\" content=\"https:\/\/hotel-gaedi.ch\/fr\/\" \/>\n<meta property=\"og:site_name\" content=\"Hotel G\u00e4di\" \/>\n<meta property=\"article:modified_time\" content=\"2025-11-20T17:55:05+00:00\" \/>\n<meta property=\"og:image\" content=\"https:\/\/hotel-gaedi.ch\/wp-content\/uploads\/2022\/09\/zimmer_10.jpg\" \/>\n\t<meta property=\"og:image:width\" content=\"1920\" \/>\n\t<meta property=\"og:image:height\" content=\"1278\" \/>\n\t<meta property=\"og:image:type\" content=\"image\/jpeg\" \/>\n<meta name=\"twitter:card\" content=\"summary_large_image\" \/>\n<meta name=\"twitter:label1\" content=\"Dur\u00e9e de lecture estim\u00e9e\" \/>\n\t<meta name=\"twitter:data1\" content=\"4 minutes\" \/>\n<script type=\"application\/ld+json\" class=\"yoast-schema-graph\">{\"@context\":\"https:\\\/\\\/schema.org\",\"@graph\":[{\"@type\":\"WebPage\",\"@id\":\"https:\\\/\\\/hotel-gaedi.ch\\\/fr\\\/\",\"url\":\"https:\\\/\\\/hotel-gaedi.ch\\\/fr\\\/\",\"name\":\"H\u00f4tel G\u00e4di Gr\u00e4chen | Vacances en Valais\",\"isPartOf\":{\"@id\":\"https:\\\/\\\/hotel-gaedi.ch\\\/#website\"},\"primaryImageOfPage\":{\"@id\":\"https:\\\/\\\/hotel-gaedi.ch\\\/fr\\\/#primaryimage\"},\"image\":{\"@id\":\"https:\\\/\\\/hotel-gaedi.ch\\\/fr\\\/#primaryimage\"},\"thumbnailUrl\":\"https:\\\/\\\/hotel-gaedi.ch\\\/wp-content\\\/uploads\\\/2022\\\/09\\\/zimmer_10.jpg\",\"datePublished\":\"2022-06-30T17:59:23+00:00\",\"dateModified\":\"2025-11-20T17:55:05+00:00\",\"description\":\"L'h\u00f4tel G\u00e4di est le point de d\u00e9part id\u00e9al pour vos vacances en Valais. D\u00e9couvrez notre h\u00f4tel, espace bien-\u00eatre & restaurant \u00e0 Gr\u00e4chen.\",\"breadcrumb\":{\"@id\":\"https:\\\/\\\/hotel-gaedi.ch\\\/fr\\\/#breadcrumb\"},\"inLanguage\":\"fr-FR\",\"potentialAction\":[{\"@type\":\"ReadAction\",\"target\":[\"https:\\\/\\\/hotel-gaedi.ch\\\/fr\\\/\"]}]},{\"@type\":\"ImageObject\",\"inLanguage\":\"fr-FR\",\"@id\":\"https:\\\/\\\/hotel-gaedi.ch\\\/fr\\\/#primaryimage\",\"url\":\"https:\\\/\\\/hotel-gaedi.ch\\\/wp-content\\\/uploads\\\/2022\\\/09\\\/zimmer_10.jpg\",\"contentUrl\":\"https:\\\/\\\/hotel-gaedi.ch\\\/wp-content\\\/uploads\\\/2022\\\/09\\\/zimmer_10.jpg\"},{\"@type\":\"BreadcrumbList\",\"@id\":\"https:\\\/\\\/hotel-gaedi.ch\\\/fr\\\/#breadcrumb\",\"itemListElement\":[{\"@type\":\"ListItem\",\"position\":1,\"name\":\"Home\",\"item\":\"https:\\\/\\\/hotel-gaedi.ch\\\/fr\\\/\"},{\"@type\":\"ListItem\",\"position\":2,\"name\":\"H\u00f4tel\"}]},{\"@type\":\"WebSite\",\"@id\":\"https:\\\/\\\/hotel-gaedi.ch\\\/#website\",\"url\":\"https:\\\/\\\/hotel-gaedi.ch\\\/\",\"name\":\"Hotel G\u00e4di\",\"description\":\"Ferien im Hotel G\u00e4di - Gr\u00e4chen\",\"potentialAction\":[{\"@type\":\"SearchAction\",\"target\":{\"@type\":\"EntryPoint\",\"urlTemplate\":\"https:\\\/\\\/hotel-gaedi.ch\\\/?s={search_term_string}\"},\"query-input\":{\"@type\":\"PropertyValueSpecification\",\"valueRequired\":true,\"valueName\":\"search_term_string\"}}],\"inLanguage\":\"fr-FR\"}]}<\/script>\n<!-- \/ Yoast SEO plugin. -->","yoast_head_json":{"title":"H\u00f4tel G\u00e4di Gr\u00e4chen | Vacances en Valais","description":"L'h\u00f4tel G\u00e4di est le point de d\u00e9part id\u00e9al pour vos vacances en Valais. D\u00e9couvrez notre h\u00f4tel, espace bien-\u00eatre & restaurant \u00e0 Gr\u00e4chen.","robots":{"index":"index","follow":"follow","max-snippet":"max-snippet:-1","max-image-preview":"max-image-preview:large","max-video-preview":"max-video-preview:-1"},"canonical":"https:\/\/hotel-gaedi.ch\/fr\/","og_locale":"fr_FR","og_type":"article","og_title":"H\u00f4tel G\u00e4di Gr\u00e4chen | Vacances en Valais","og_description":"L'h\u00f4tel G\u00e4di est le point de d\u00e9part id\u00e9al pour vos vacances en Valais. D\u00e9couvrez notre h\u00f4tel, espace bien-\u00eatre & restaurant \u00e0 Gr\u00e4chen.","og_url":"https:\/\/hotel-gaedi.ch\/fr\/","og_site_name":"Hotel G\u00e4di","article_modified_time":"2025-11-20T17:55:05+00:00","og_image":[{"width":1920,"height":1278,"url":"https:\/\/hotel-gaedi.ch\/wp-content\/uploads\/2022\/09\/zimmer_10.jpg","type":"image\/jpeg"}],"twitter_card":"summary_large_image","twitter_misc":{"Dur\u00e9e de lecture estim\u00e9e":"4 minutes"},"schema":{"@context":"https:\/\/schema.org","@graph":[{"@type":"WebPage","@id":"https:\/\/hotel-gaedi.ch\/fr\/","url":"https:\/\/hotel-gaedi.ch\/fr\/","name":"H\u00f4tel G\u00e4di Gr\u00e4chen | Vacances en Valais","isPartOf":{"@id":"https:\/\/hotel-gaedi.ch\/#website"},"primaryImageOfPage":{"@id":"https:\/\/hotel-gaedi.ch\/fr\/#primaryimage"},"image":{"@id":"https:\/\/hotel-gaedi.ch\/fr\/#primaryimage"},"thumbnailUrl":"https:\/\/hotel-gaedi.ch\/wp-content\/uploads\/2022\/09\/zimmer_10.jpg","datePublished":"2022-06-30T17:59:23+00:00","dateModified":"2025-11-20T17:55:05+00:00","description":"L'h\u00f4tel G\u00e4di est le point de d\u00e9part id\u00e9al pour vos vacances en Valais. D\u00e9couvrez notre h\u00f4tel, espace bien-\u00eatre & restaurant \u00e0 Gr\u00e4chen.","breadcrumb":{"@id":"https:\/\/hotel-gaedi.ch\/fr\/#breadcrumb"},"inLanguage":"fr-FR","potentialAction":[{"@type":"ReadAction","target":["https:\/\/hotel-gaedi.ch\/fr\/"]}]},{"@type":"ImageObject","inLanguage":"fr-FR","@id":"https:\/\/hotel-gaedi.ch\/fr\/#primaryimage","url":"https:\/\/hotel-gaedi.ch\/wp-content\/uploads\/2022\/09\/zimmer_10.jpg","contentUrl":"https:\/\/hotel-gaedi.ch\/wp-content\/uploads\/2022\/09\/zimmer_10.jpg"},{"@type":"BreadcrumbList","@id":"https:\/\/hotel-gaedi.ch\/fr\/#breadcrumb","itemListElement":[{"@type":"ListItem","position":1,"name":"Home","item":"https:\/\/hotel-gaedi.ch\/fr\/"},{"@type":"ListItem","position":2,"name":"H\u00f4tel"}]},{"@type":"WebSite","@id":"https:\/\/hotel-gaedi.ch\/#website","url":"https:\/\/hotel-gaedi.ch\/","name":"Hotel G\u00e4di","description":"Ferien im Hotel G\u00e4di - Gr\u00e4chen","potentialAction":[{"@type":"SearchAction","target":{"@type":"EntryPoint","urlTemplate":"https:\/\/hotel-gaedi.ch\/?s={search_term_string}"},"query-input":{"@type":"PropertyValueSpecification","valueRequired":true,"valueName":"search_term_string"}}],"inLanguage":"fr-FR"}]}},"_links":{"self":[{"href":"https:\/\/hotel-gaedi.ch\/fr\/wp-json\/wp\/v2\/pages\/3350","targetHints":{"allow":["GET"]}}],"collection":[{"href":"https:\/\/hotel-gaedi.ch\/fr\/wp-json\/wp\/v2\/pages"}],"about":[{"href":"https:\/\/hotel-gaedi.ch\/fr\/wp-json\/wp\/v2\/types\/page"}],"author":[{"embeddable":true,"href":"https:\/\/hotel-gaedi.ch\/fr\/wp-json\/wp\/v2\/users\/1"}],"replies":[{"embeddable":true,"href":"https:\/\/hotel-gaedi.ch\/fr\/wp-json\/wp\/v2\/comments?post=3350"}],"version-history":[{"count":8,"href":"https:\/\/hotel-gaedi.ch\/fr\/wp-json\/wp\/v2\/pages\/3350\/revisions"}],"predecessor-version":[{"id":4647,"href":"https:\/\/hotel-gaedi.ch\/fr\/wp-json\/wp\/v2\/pages\/3350\/revisions\/4647"}],"wp:attachment":[{"href":"https:\/\/hotel-gaedi.ch\/fr\/wp-json\/wp\/v2\/media?parent=3350"}],"curies":[{"name":"wp","href":"https:\/\/api.w.org\/{rel}","templated":true}]}}