{"id":3418,"date":"2022-10-06T10:33:18","date_gmt":"2022-10-06T08:33:18","guid":{"rendered":"https:\/\/hotel-gaedi.ch\/activites\/"},"modified":"2023-06-26T10:26:48","modified_gmt":"2023-06-26T08:26:48","slug":"activites","status":"publish","type":"page","link":"https:\/\/hotel-gaedi.ch\/fr\/activites\/","title":{"rendered":"Activit\u00e9s"},"content":{"rendered":"\n<div class=\"wp-block-group container-fluid header-teaser\"><div class=\"wp-block-group__inner-container is-layout-flow wp-block-group-is-layout-flow\">\n<div class=\"wp-block-columns row is-layout-flex wp-container-core-columns-is-layout-9d6595d7 wp-block-columns-is-layout-flex\">\n<div class=\"wp-block-column col-12 is-layout-flow wp-block-column-is-layout-flow\">\n<div class=\"wp-block-group container\"><div class=\"wp-block-group__inner-container is-layout-flow wp-block-group-is-layout-flow\">\n<div class=\"wp-block-columns row is-layout-flex wp-container-core-columns-is-layout-9d6595d7 wp-block-columns-is-layout-flex\">\n<div class=\"wp-block-column col-md-12 col-lg-6 order-2 order-lg-1 is-layout-flow wp-block-column-is-layout-flow\">\n<div class=\"wp-block-group\"><div class=\"wp-block-group__inner-container is-layout-flow wp-block-group-is-layout-flow\">\n<h1 class=\"wp-block-heading\">Activit\u00e9s<\/h1>\n\n\n\n<p>Un saut de puce &#8211; et vous voil\u00e0 \u00e0 la t\u00e9l\u00e9cabine Hannigalp, qui d\u00e9marre juste devant la maison. Les meilleures conditions pour des vacances sportives actives en \u00e9t\u00e9 et en hiver.<\/p>\n\n\n\n<p>La vue fantastique sur les montagnes valaisannes est garantie \u00e9t\u00e9 comme hiver.<\/p>\n<\/div><\/div>\n<\/div>\n\n\n\n<div class=\"wp-block-column col-md-12 col-lg-6 order-1 order-lg-2 is-layout-flow wp-block-column-is-layout-flow\">\n<figure class=\"wp-block-image size-large\"><img decoding=\"async\" src=\"https:\/\/hotel-gaedi.ch\/wp-content\/uploads\/2022\/11\/2018_VTT_Grachen_24_&#xA9;Valais-Wallis-Promotion-Pascal-Gertschen-1024x1024.jpg\" alt=\"\" class=\"wp-image-2404\"\/><\/figure><\/div>\n<\/div>\n<\/div><\/div>\n<\/div>\n<\/div>\n<\/div><\/div>\n\n<div class=\"wp-block-group container teaser-2col-image-text even\"><div class=\"wp-block-group__inner-container is-layout-flow wp-block-group-is-layout-flow\">\n<div class=\"wp-block-columns row is-layout-flex wp-container-core-columns-is-layout-9d6595d7 wp-block-columns-is-layout-flex\">\n<div class=\"wp-block-column col-lg-12 col-xl-5 is-layout-flow wp-block-column-is-layout-flow\">\n<figure class=\"wp-block-image size-full\"><img loading=\"lazy\" decoding=\"async\" width=\"1024\" height=\"683\" src=\"https:\/\/hotel-gaedi.ch\/wp-content\/uploads\/2022\/11\/2017_Famille_Ete_-c-Valais-Wallis-Promotion-Pascal-Gertschen-120_Grachen_chasse-au-tresor.jpg\" alt=\"\" class=\"wp-image-2402\" srcset=\"https:\/\/hotel-gaedi.ch\/wp-content\/uploads\/2022\/11\/2017_Famille_Ete_-c-Valais-Wallis-Promotion-Pascal-Gertschen-120_Grachen_chasse-au-tresor.jpg 1024w, https:\/\/hotel-gaedi.ch\/wp-content\/uploads\/2022\/11\/2017_Famille_Ete_-c-Valais-Wallis-Promotion-Pascal-Gertschen-120_Grachen_chasse-au-tresor-500x333.jpg 500w, https:\/\/hotel-gaedi.ch\/wp-content\/uploads\/2022\/11\/2017_Famille_Ete_-c-Valais-Wallis-Promotion-Pascal-Gertschen-120_Grachen_chasse-au-tresor-768x512.jpg 768w\" sizes=\"auto, (max-width: 1024px) 100vw, 1024px\" \/><\/figure><\/div>\n\n\n\n<div class=\"wp-block-column col-lg-12 col-xl-7 is-layout-flow wp-block-column-is-layout-flow\">\n<h2 class=\"wp-block-heading\">Randonn\u00e9e<\/h2>\n\n\n\n<p>Vous souhaitez faire un d\u00e9tour par Zermatt, au pied du Cervin, \u00e0 partir de Gr\u00e4chen ? Le train au d\u00e9part de St. Niklaus vous am\u00e8ne \u00e0 destination en 40 minutes environ.<\/p>\n\n\n\n<p>Que ce soit \u00e0 Gr\u00e4chen ou ailleurs dans la vall\u00e9e, la vue fantastique sur les montagnes valaisannes est garantie. En \u00e9t\u00e9 comme en hiver.<\/p>\n\n\n\n<div class=\"wp-block-buttons is-layout-flex wp-block-buttons-is-layout-flex\">\n<div class=\"wp-block-button\"><a class=\"wp-block-button__link wp-element-button\" href=\"https:\/\/hotel-gaedi.ch\/fr\/activites\/randonnee\/\">En savoir plus<\/a><\/div>\n<\/div>\n<\/div>\n<\/div>\n<\/div><\/div>\n\n<div class=\"wp-block-group container teaser-2col-image-text odd\"><div class=\"wp-block-group__inner-container is-layout-flow wp-block-group-is-layout-flow\">\n<div class=\"wp-block-columns row is-layout-flex wp-container-core-columns-is-layout-9d6595d7 wp-block-columns-is-layout-flex\">\n<div class=\"wp-block-column col-lg-12 col-xl-5 is-layout-flow wp-block-column-is-layout-flow\">\n<figure class=\"wp-block-image size-full\"><img decoding=\"async\" src=\"https:\/\/hotel-gaedi.ch\/wp-content\/uploads\/2022\/11\/2018_VTT_GrachenMoosalp_27_&#xA9;Valais-Wallis-Promotion-Pascal-Gertschen.jpg\" alt=\"\" class=\"wp-image-2400\"\/><\/figure><\/div>\n\n\n\n<div class=\"wp-block-column col-lg-12 col-xl-7 is-layout-flow wp-block-column-is-layout-flow\">\n<h2 class=\"wp-block-heading\">Faire du v\u00e9lo<\/h2>\n\n\n\n<p>Si vous souhaitez faire du v\u00e9lo, vous \u00eates \u00e9galement au bon endroit \u00e0 Gr\u00e4chen | Valais. Car Gr\u00e4chen est un paradis du VTT avec des pistes pour tous les niveaux.<\/p>\n\n\n\n<div class=\"wp-block-buttons is-layout-flex wp-block-buttons-is-layout-flex\">\n<div class=\"wp-block-button\"><a class=\"wp-block-button__link wp-element-button\" href=\"https:\/\/hotel-gaedi.ch\/fr\/activites\/faire-du-velo\/\">En savoir plus<\/a><\/div>\n<\/div>\n<\/div>\n<\/div>\n<\/div><\/div>\n\n<div class=\"wp-block-group container teaser-2col-image-text even\"><div class=\"wp-block-group__inner-container is-layout-flow wp-block-group-is-layout-flow\">\n<div class=\"wp-block-columns row is-layout-flex wp-container-core-columns-is-layout-9d6595d7 wp-block-columns-is-layout-flex\">\n<div class=\"wp-block-column col-lg-12 col-xl-5 is-layout-flow wp-block-column-is-layout-flow\">\n<figure class=\"wp-block-image size-full\"><img loading=\"lazy\" decoding=\"async\" width=\"1024\" height=\"683\" src=\"https:\/\/hotel-gaedi.ch\/wp-content\/uploads\/2022\/11\/2016_Famille_Hiver_-c-Valais-Wallis-Promotion-Christian-Pfammatter_Grachen-157.jpg\" alt=\"\" class=\"wp-image-2401\" srcset=\"https:\/\/hotel-gaedi.ch\/wp-content\/uploads\/2022\/11\/2016_Famille_Hiver_-c-Valais-Wallis-Promotion-Christian-Pfammatter_Grachen-157.jpg 1024w, https:\/\/hotel-gaedi.ch\/wp-content\/uploads\/2022\/11\/2016_Famille_Hiver_-c-Valais-Wallis-Promotion-Christian-Pfammatter_Grachen-157-500x333.jpg 500w, https:\/\/hotel-gaedi.ch\/wp-content\/uploads\/2022\/11\/2016_Famille_Hiver_-c-Valais-Wallis-Promotion-Christian-Pfammatter_Grachen-157-768x512.jpg 768w\" sizes=\"auto, (max-width: 1024px) 100vw, 1024px\" \/><\/figure><\/div>\n\n\n\n<div class=\"wp-block-column col-lg-12 col-xl-7 is-layout-flow wp-block-column-is-layout-flow\">\n<h2 class=\"wp-block-heading\">Faire du ski<\/h2>\n\n\n\n<p>En hiver, il est difficile de trouver un point de d\u00e9part plus agr\u00e9able pour skier. La t\u00e9l\u00e9cabine Hannigalp d\u00e9marre juste \u00e0 c\u00f4t\u00e9 de l&rsquo;h\u00f4tel G\u00e4di. La piste de ski se trouve \u00e9galement \u00e0 c\u00f4t\u00e9 de la maison, ce qui vous permet de vous rendre en snowboard ou en ski (presque) dans le local \u00e0 skis&#8230;<\/p>\n\n\n\n<div class=\"wp-block-buttons is-layout-flex wp-block-buttons-is-layout-flex\">\n<div class=\"wp-block-button\"><a class=\"wp-block-button__link wp-element-button\" href=\"https:\/\/hotel-gaedi.ch\/fr\/activites\/faire-du-ski\/\">En savoir plus<\/a><\/div>\n<\/div>\n<\/div>\n<\/div>\n<\/div><\/div>\n\n<div class=\"wp-block-group container teaser-2col-image-text odd\"><div class=\"wp-block-group__inner-container is-layout-flow wp-block-group-is-layout-flow\">\n<div class=\"wp-block-columns row is-layout-flex wp-container-core-columns-is-layout-9d6595d7 wp-block-columns-is-layout-flex\">\n<div class=\"wp-block-column col-lg-12 col-xl-5 is-layout-flow wp-block-column-is-layout-flow\">\n<figure class=\"wp-block-image size-full\"><img loading=\"lazy\" decoding=\"async\" width=\"1024\" height=\"683\" src=\"https:\/\/hotel-gaedi.ch\/wp-content\/uploads\/2022\/11\/2016_Famille_Hiver_-c-Valais-Wallis-Promotion-Christian-Pfammatter_Grachen-157-1.jpg\" alt=\"\" class=\"wp-image-2403\" srcset=\"https:\/\/hotel-gaedi.ch\/wp-content\/uploads\/2022\/11\/2016_Famille_Hiver_-c-Valais-Wallis-Promotion-Christian-Pfammatter_Grachen-157-1.jpg 1024w, https:\/\/hotel-gaedi.ch\/wp-content\/uploads\/2022\/11\/2016_Famille_Hiver_-c-Valais-Wallis-Promotion-Christian-Pfammatter_Grachen-157-1-500x333.jpg 500w, https:\/\/hotel-gaedi.ch\/wp-content\/uploads\/2022\/11\/2016_Famille_Hiver_-c-Valais-Wallis-Promotion-Christian-Pfammatter_Grachen-157-1-768x512.jpg 768w\" sizes=\"auto, (max-width: 1024px) 100vw, 1024px\" \/><\/figure><\/div>\n\n\n\n<div class=\"wp-block-column col-lg-12 col-xl-7 is-layout-flow wp-block-column-is-layout-flow\">\n<h2 class=\"wp-block-heading\">Randonn\u00e9es hivernales et raquettes \u00e0 neige en Valais<\/h2>\n\n\n\n<p>L&rsquo;exposition sud de notre belle station de Gr\u00e4chen en Valais invite \u00e0 de longues randonn\u00e9es dans la neige. Avec 23 km de pistes de raquettes et 38 km de sentiers de randonn\u00e9e hivernale, le choix devient un v\u00e9ritable casse-t\u00eate. Nous nous ferons un plaisir de vous conseiller. <\/p>\n\n\n\n<div class=\"wp-block-buttons is-layout-flex wp-block-buttons-is-layout-flex\">\n<div class=\"wp-block-button\"><a class=\"wp-block-button__link wp-element-button\" href=\"https:\/\/hotel-gaedi.ch\/fr\/activites\/randonnee-hivernale\/\">En savoir plus<\/a><\/div>\n<\/div>\n<\/div>\n<\/div>\n<\/div><\/div>\n\n<div class=\"wp-block-group container introtext-centered-sun-icon-title\"><div class=\"wp-block-group__inner-container is-layout-flow wp-block-group-is-layout-flow\">\n<div class=\"wp-block-columns row is-layout-flex wp-container-core-columns-is-layout-9d6595d7 wp-block-columns-is-layout-flex\">\n<div class=\"wp-block-column col-12 is-layout-flow wp-block-column-is-layout-flow\">\n<figure class=\"wp-block-image size-large is-resized\"><img decoding=\"async\" src=\"https:\/\/hotel-gaedi.ch\/wp-content\/uploads\/2022\/09\/sonne-logo.svg\" alt=\"\" class=\"wp-image-155\" width=\"100\"\/><\/figure>\n\n\n<h4 class=\"wp-block-heading\">\u00ab\u00a0Ambiance agr\u00e9able et familiale, repas parfaits, grande attention port\u00e9e au service. Toute l&rsquo;\u00e9quipe est \u00e0 l&rsquo;\u00e9coute des souhaits des clients. En bref, nous nous sommes sentis parfaitement \u00e0 l&rsquo;aise et nous reviendrons avec plaisir !\u00a0\u00bb<\/h4>\n<\/div>\n<\/div>\n<\/div><\/div>\n","protected":false},"excerpt":{"rendered":"<p>Activit\u00e9s Un saut de puce &#8211; et vous voil\u00e0 \u00e0 la t\u00e9l\u00e9cabine Hannigalp, qui d\u00e9marre juste devant la maison. Les meilleures conditions pour des vacances sportives actives en \u00e9t\u00e9 et en hiver. La vue fantastique sur les montagnes valaisannes est garantie \u00e9t\u00e9 comme hiver. Randonn\u00e9e Vous souhaitez faire un d\u00e9tour par Zermatt, au pied du [&hellip;]<\/p>\n","protected":false},"author":2,"featured_media":0,"parent":0,"menu_order":0,"comment_status":"closed","ping_status":"closed","template":"","meta":{"_acf_changed":false,"inline_featured_image":false,"footnotes":""},"class_list":["post-3418","page","type-page","status-publish","hentry"],"acf":[],"yoast_head":"<!-- This site is optimized with the Yoast SEO plugin v27.5 - https:\/\/yoast.com\/product\/yoast-seo-wordpress\/ -->\n<title>Activit\u00e9s | H\u00f4tel G\u00e4di Gr\u00e4chen<\/title>\n<meta name=\"description\" content=\"Randonn\u00e9es, VTT, ski, randonn\u00e9es hivernales &amp; raquettes \u00e0 neige. L&#039;h\u00f4tel G\u00e4di est le point de d\u00e9part id\u00e9al pour les activit\u00e9s d&#039;\u00e9t\u00e9 et d&#039;hiver.\" \/>\n<meta name=\"robots\" content=\"index, follow, max-snippet:-1, max-image-preview:large, max-video-preview:-1\" \/>\n<link rel=\"canonical\" href=\"https:\/\/hotel-gaedi.ch\/fr\/activites\/\" \/>\n<meta property=\"og:locale\" content=\"fr_FR\" \/>\n<meta property=\"og:type\" content=\"article\" \/>\n<meta property=\"og:title\" content=\"Activit\u00e9s | H\u00f4tel G\u00e4di Gr\u00e4chen\" \/>\n<meta property=\"og:description\" content=\"Randonn\u00e9es, VTT, ski, randonn\u00e9es hivernales &amp; raquettes \u00e0 neige. L&#039;h\u00f4tel G\u00e4di est le point de d\u00e9part id\u00e9al pour les activit\u00e9s d&#039;\u00e9t\u00e9 et d&#039;hiver.\" \/>\n<meta property=\"og:url\" content=\"https:\/\/hotel-gaedi.ch\/fr\/activites\/\" \/>\n<meta property=\"og:site_name\" content=\"Hotel G\u00e4di\" \/>\n<meta property=\"article:modified_time\" content=\"2023-06-26T08:26:48+00:00\" \/>\n<meta property=\"og:image\" content=\"https:\/\/hotel-gaedi.ch\/wp-content\/uploads\/2022\/11\/2018_VTT_Grachen_24_&#xA9;Valais-Wallis-Promotion-Pascal-Gertschen-1024x1024.jpg\" \/>\n<meta name=\"twitter:card\" content=\"summary_large_image\" \/>\n<meta name=\"twitter:label1\" content=\"Dur\u00e9e de lecture estim\u00e9e\" \/>\n\t<meta name=\"twitter:data1\" content=\"2 minutes\" \/>\n<script type=\"application\/ld+json\" class=\"yoast-schema-graph\">{\"@context\":\"https:\\\/\\\/schema.org\",\"@graph\":[{\"@type\":\"WebPage\",\"@id\":\"https:\\\/\\\/hotel-gaedi.ch\\\/fr\\\/activites\\\/\",\"url\":\"https:\\\/\\\/hotel-gaedi.ch\\\/fr\\\/activites\\\/\",\"name\":\"Activit\u00e9s | H\u00f4tel G\u00e4di Gr\u00e4chen\",\"isPartOf\":{\"@id\":\"https:\\\/\\\/hotel-gaedi.ch\\\/#website\"},\"primaryImageOfPage\":{\"@id\":\"https:\\\/\\\/hotel-gaedi.ch\\\/fr\\\/activites\\\/#primaryimage\"},\"image\":{\"@id\":\"https:\\\/\\\/hotel-gaedi.ch\\\/fr\\\/activites\\\/#primaryimage\"},\"thumbnailUrl\":\"https:\\\/\\\/hotel-gaedi.ch\\\/wp-content\\\/uploads\\\/2022\\\/11\\\/2018_VTT_Grachen_24_&#xA9;Valais-Wallis-Promotion-Pascal-Gertschen-1024x1024.jpg\",\"datePublished\":\"2022-10-06T08:33:18+00:00\",\"dateModified\":\"2023-06-26T08:26:48+00:00\",\"description\":\"Randonn\u00e9es, VTT, ski, randonn\u00e9es hivernales & raquettes \u00e0 neige. L'h\u00f4tel G\u00e4di est le point de d\u00e9part id\u00e9al pour les activit\u00e9s d'\u00e9t\u00e9 et d'hiver.\",\"breadcrumb\":{\"@id\":\"https:\\\/\\\/hotel-gaedi.ch\\\/fr\\\/activites\\\/#breadcrumb\"},\"inLanguage\":\"fr-FR\",\"potentialAction\":[{\"@type\":\"ReadAction\",\"target\":[\"https:\\\/\\\/hotel-gaedi.ch\\\/fr\\\/activites\\\/\"]}]},{\"@type\":\"ImageObject\",\"inLanguage\":\"fr-FR\",\"@id\":\"https:\\\/\\\/hotel-gaedi.ch\\\/fr\\\/activites\\\/#primaryimage\",\"url\":\"https:\\\/\\\/hotel-gaedi.ch\\\/wp-content\\\/uploads\\\/2022\\\/11\\\/2018_VTT_Grachen_24_&#xA9;Valais-Wallis-Promotion-Pascal-Gertschen-1024x1024.jpg\",\"contentUrl\":\"https:\\\/\\\/hotel-gaedi.ch\\\/wp-content\\\/uploads\\\/2022\\\/11\\\/2018_VTT_Grachen_24_&#xA9;Valais-Wallis-Promotion-Pascal-Gertschen-1024x1024.jpg\"},{\"@type\":\"BreadcrumbList\",\"@id\":\"https:\\\/\\\/hotel-gaedi.ch\\\/fr\\\/activites\\\/#breadcrumb\",\"itemListElement\":[{\"@type\":\"ListItem\",\"position\":1,\"name\":\"Home\",\"item\":\"https:\\\/\\\/hotel-gaedi.ch\\\/fr\\\/\"},{\"@type\":\"ListItem\",\"position\":2,\"name\":\"Activit\u00e9s\"}]},{\"@type\":\"WebSite\",\"@id\":\"https:\\\/\\\/hotel-gaedi.ch\\\/#website\",\"url\":\"https:\\\/\\\/hotel-gaedi.ch\\\/\",\"name\":\"Hotel G\u00e4di\",\"description\":\"Ferien im Hotel G\u00e4di - Gr\u00e4chen\",\"potentialAction\":[{\"@type\":\"SearchAction\",\"target\":{\"@type\":\"EntryPoint\",\"urlTemplate\":\"https:\\\/\\\/hotel-gaedi.ch\\\/?s={search_term_string}\"},\"query-input\":{\"@type\":\"PropertyValueSpecification\",\"valueRequired\":true,\"valueName\":\"search_term_string\"}}],\"inLanguage\":\"fr-FR\"}]}<\/script>\n<!-- \/ Yoast SEO plugin. -->","yoast_head_json":{"title":"Activit\u00e9s | H\u00f4tel G\u00e4di Gr\u00e4chen","description":"Randonn\u00e9es, VTT, ski, randonn\u00e9es hivernales & raquettes \u00e0 neige. L'h\u00f4tel G\u00e4di est le point de d\u00e9part id\u00e9al pour les activit\u00e9s d'\u00e9t\u00e9 et d'hiver.","robots":{"index":"index","follow":"follow","max-snippet":"max-snippet:-1","max-image-preview":"max-image-preview:large","max-video-preview":"max-video-preview:-1"},"canonical":"https:\/\/hotel-gaedi.ch\/fr\/activites\/","og_locale":"fr_FR","og_type":"article","og_title":"Activit\u00e9s | H\u00f4tel G\u00e4di Gr\u00e4chen","og_description":"Randonn\u00e9es, VTT, ski, randonn\u00e9es hivernales & raquettes \u00e0 neige. L'h\u00f4tel G\u00e4di est le point de d\u00e9part id\u00e9al pour les activit\u00e9s d'\u00e9t\u00e9 et d'hiver.","og_url":"https:\/\/hotel-gaedi.ch\/fr\/activites\/","og_site_name":"Hotel G\u00e4di","article_modified_time":"2023-06-26T08:26:48+00:00","og_image":[{"url":"https:\/\/hotel-gaedi.ch\/wp-content\/uploads\/2022\/11\/2018_VTT_Grachen_24_&#xA9;Valais-Wallis-Promotion-Pascal-Gertschen-1024x1024.jpg","type":"","width":"","height":""}],"twitter_card":"summary_large_image","twitter_misc":{"Dur\u00e9e de lecture estim\u00e9e":"2 minutes"},"schema":{"@context":"https:\/\/schema.org","@graph":[{"@type":"WebPage","@id":"https:\/\/hotel-gaedi.ch\/fr\/activites\/","url":"https:\/\/hotel-gaedi.ch\/fr\/activites\/","name":"Activit\u00e9s | H\u00f4tel G\u00e4di Gr\u00e4chen","isPartOf":{"@id":"https:\/\/hotel-gaedi.ch\/#website"},"primaryImageOfPage":{"@id":"https:\/\/hotel-gaedi.ch\/fr\/activites\/#primaryimage"},"image":{"@id":"https:\/\/hotel-gaedi.ch\/fr\/activites\/#primaryimage"},"thumbnailUrl":"https:\/\/hotel-gaedi.ch\/wp-content\/uploads\/2022\/11\/2018_VTT_Grachen_24_&#xA9;Valais-Wallis-Promotion-Pascal-Gertschen-1024x1024.jpg","datePublished":"2022-10-06T08:33:18+00:00","dateModified":"2023-06-26T08:26:48+00:00","description":"Randonn\u00e9es, VTT, ski, randonn\u00e9es hivernales & raquettes \u00e0 neige. L'h\u00f4tel G\u00e4di est le point de d\u00e9part id\u00e9al pour les activit\u00e9s d'\u00e9t\u00e9 et d'hiver.","breadcrumb":{"@id":"https:\/\/hotel-gaedi.ch\/fr\/activites\/#breadcrumb"},"inLanguage":"fr-FR","potentialAction":[{"@type":"ReadAction","target":["https:\/\/hotel-gaedi.ch\/fr\/activites\/"]}]},{"@type":"ImageObject","inLanguage":"fr-FR","@id":"https:\/\/hotel-gaedi.ch\/fr\/activites\/#primaryimage","url":"https:\/\/hotel-gaedi.ch\/wp-content\/uploads\/2022\/11\/2018_VTT_Grachen_24_&#xA9;Valais-Wallis-Promotion-Pascal-Gertschen-1024x1024.jpg","contentUrl":"https:\/\/hotel-gaedi.ch\/wp-content\/uploads\/2022\/11\/2018_VTT_Grachen_24_&#xA9;Valais-Wallis-Promotion-Pascal-Gertschen-1024x1024.jpg"},{"@type":"BreadcrumbList","@id":"https:\/\/hotel-gaedi.ch\/fr\/activites\/#breadcrumb","itemListElement":[{"@type":"ListItem","position":1,"name":"Home","item":"https:\/\/hotel-gaedi.ch\/fr\/"},{"@type":"ListItem","position":2,"name":"Activit\u00e9s"}]},{"@type":"WebSite","@id":"https:\/\/hotel-gaedi.ch\/#website","url":"https:\/\/hotel-gaedi.ch\/","name":"Hotel G\u00e4di","description":"Ferien im Hotel G\u00e4di - Gr\u00e4chen","potentialAction":[{"@type":"SearchAction","target":{"@type":"EntryPoint","urlTemplate":"https:\/\/hotel-gaedi.ch\/?s={search_term_string}"},"query-input":{"@type":"PropertyValueSpecification","valueRequired":true,"valueName":"search_term_string"}}],"inLanguage":"fr-FR"}]}},"_links":{"self":[{"href":"https:\/\/hotel-gaedi.ch\/fr\/wp-json\/wp\/v2\/pages\/3418","targetHints":{"allow":["GET"]}}],"collection":[{"href":"https:\/\/hotel-gaedi.ch\/fr\/wp-json\/wp\/v2\/pages"}],"about":[{"href":"https:\/\/hotel-gaedi.ch\/fr\/wp-json\/wp\/v2\/types\/page"}],"author":[{"embeddable":true,"href":"https:\/\/hotel-gaedi.ch\/fr\/wp-json\/wp\/v2\/users\/2"}],"replies":[{"embeddable":true,"href":"https:\/\/hotel-gaedi.ch\/fr\/wp-json\/wp\/v2\/comments?post=3418"}],"version-history":[{"count":4,"href":"https:\/\/hotel-gaedi.ch\/fr\/wp-json\/wp\/v2\/pages\/3418\/revisions"}],"predecessor-version":[{"id":3907,"href":"https:\/\/hotel-gaedi.ch\/fr\/wp-json\/wp\/v2\/pages\/3418\/revisions\/3907"}],"wp:attachment":[{"href":"https:\/\/hotel-gaedi.ch\/fr\/wp-json\/wp\/v2\/media?parent=3418"}],"curies":[{"name":"wp","href":"https:\/\/api.w.org\/{rel}","templated":true}]}}