{"id":3420,"date":"2022-11-01T16:37:34","date_gmt":"2022-11-01T15:37:34","guid":{"rendered":"https:\/\/hotel-gaedi.ch\/activites\/randonnee-hivernale\/"},"modified":"2022-11-29T19:49:52","modified_gmt":"2022-11-29T18:49:52","slug":"randonnee-hivernale","status":"publish","type":"page","link":"https:\/\/hotel-gaedi.ch\/fr\/activites\/randonnee-hivernale\/","title":{"rendered":"Randonn\u00e9e hivernale"},"content":{"rendered":"\n<div class=\"wp-block-group container introtext-centered-sun-icon-title\"><div class=\"wp-block-group__inner-container is-layout-flow wp-block-group-is-layout-flow\">\n<div class=\"wp-block-columns row is-layout-flex wp-container-core-columns-is-layout-9d6595d7 wp-block-columns-is-layout-flex\">\n<div class=\"wp-block-column col-12 is-layout-flow wp-block-column-is-layout-flow\">\n<h1 class=\"wp-block-heading\">Gr\u00e4chen, le paradis de la randonn\u00e9e hivernale en Valais<\/h1>\n\n\n\n<p>Percevoir le crissement de la neige sous les chaussures, respirer l&rsquo;air frais et pur et admirer le panorama des montagnes valaisannes. Voil\u00e0 ce que sont les raquettes \u00e0 neige et les randonn\u00e9es hivernales en Valais. Des exp\u00e9riences hivernales de r\u00eave \u00e0 Gr\u00e4chen, la station ensoleill\u00e9e du Valais |Suisse.<\/p>\n<\/div>\n<\/div>\n<\/div><\/div>\n\n\n\n<div class=\"wp-block-group container teaser-2col-image-text multiple-images-horizontal\"><div class=\"wp-block-group__inner-container is-layout-flow wp-block-group-is-layout-flow\">\n<div class=\"wp-block-columns row is-layout-flex wp-container-core-columns-is-layout-9d6595d7 wp-block-columns-is-layout-flex\">\n<div class=\"wp-block-column col-lg-12 col-xl-7 is-layout-flow wp-block-column-is-layout-flow\">\n<div class=\"wp-block-columns row is-layout-flex wp-container-core-columns-is-layout-9d6595d7 wp-block-columns-is-layout-flex\">\n<div class=\"wp-block-column col-12 col-sm-6 is-layout-flow wp-block-column-is-layout-flow\">\n<figure class=\"wp-block-image size-full\"><img loading=\"lazy\" decoding=\"async\" width=\"835\" height=\"1024\" src=\"https:\/\/hotel-gaedi.ch\/wp-content\/uploads\/2022\/10\/wandern-wallis-1.jpg\" alt=\"\" class=\"wp-image-1262\" srcset=\"https:\/\/hotel-gaedi.ch\/wp-content\/uploads\/2022\/10\/wandern-wallis-1.jpg 835w, https:\/\/hotel-gaedi.ch\/wp-content\/uploads\/2022\/10\/wandern-wallis-1-408x500.jpg 408w, https:\/\/hotel-gaedi.ch\/wp-content\/uploads\/2022\/10\/wandern-wallis-1-768x942.jpg 768w\" sizes=\"auto, (max-width: 835px) 100vw, 835px\" \/><\/figure>\n<\/div>\n\n\n\n<div class=\"wp-block-column col-12 col-sm-6 is-layout-flow wp-block-column-is-layout-flow\">\n<figure class=\"wp-block-image size-full\"><img loading=\"lazy\" decoding=\"async\" width=\"835\" height=\"1024\" src=\"https:\/\/hotel-gaedi.ch\/wp-content\/uploads\/2022\/10\/wandern-wallis-2.jpg\" alt=\"\" class=\"wp-image-1263\" srcset=\"https:\/\/hotel-gaedi.ch\/wp-content\/uploads\/2022\/10\/wandern-wallis-2.jpg 835w, https:\/\/hotel-gaedi.ch\/wp-content\/uploads\/2022\/10\/wandern-wallis-2-408x500.jpg 408w, https:\/\/hotel-gaedi.ch\/wp-content\/uploads\/2022\/10\/wandern-wallis-2-768x942.jpg 768w\" sizes=\"auto, (max-width: 835px) 100vw, 835px\" \/><\/figure>\n<\/div>\n<\/div>\n<\/div>\n\n\n\n<div class=\"wp-block-column col-lg-12 col-xl-5 is-layout-flow wp-block-column-is-layout-flow\">\n<h2 class=\"wp-block-heading\">Sentiers de randonn\u00e9e hivernale et pistes de raquettes \u00e0 neige au  <br>Valais | Suisse<\/h2>\n\n\n\n<p>Autour de Gr\u00e4chen, 38 km de sentiers de randonn\u00e9e hivernale et 23 km de pistes de raquettes \u00e0 neige offrent des excursions faciles ou exigeantes dans la neige. Au gr\u00e9 de vos envies, vous pourrez vivre des moments de bonheur de r\u00eave ici en Valais | Suisse. Les champs de neige scintillants, les sapins couverts de blanc ou les traces de gibier vous font vivre la nature \u00e0 l&rsquo;\u00e9tat pur.<\/p>\n\n\n\n<div class=\"wp-block-buttons is-layout-flex wp-block-buttons-is-layout-flex\"><\/div>\n<\/div>\n<\/div>\n<\/div><\/div>\n\n\n\n<div class=\"wp-block-group container-fluid section-dark-bg-icons-text\"><div class=\"wp-block-group__inner-container is-layout-flow wp-block-group-is-layout-flow\">\n<div class=\"wp-block-columns row is-layout-flex wp-container-core-columns-is-layout-9d6595d7 wp-block-columns-is-layout-flex\">\n<div class=\"wp-block-column col-12 is-layout-flow wp-block-column-is-layout-flow\">\n<div class=\"wp-block-group container\"><div class=\"wp-block-group__inner-container is-layout-flow wp-block-group-is-layout-flow\">\n<div class=\"wp-block-columns row gx-6 is-layout-flex wp-container-core-columns-is-layout-9d6595d7 wp-block-columns-is-layout-flex\">\n<div class=\"wp-block-column col-12 col-lg-4 is-layout-flow wp-block-column-is-layout-flow\">\n<figure class=\"wp-block-image size-large\"><img decoding=\"async\" src=\"https:\/\/hotel-gaedi.ch\/wp-content\/uploads\/2022\/10\/weitwanderungen.svg\" alt=\"\" class=\"wp-image-1260\"><\/figure>\n\n\n\n<h4 class=\"wp-block-heading\">Randonn\u00e9es hivernales et raquettes \u00e0 neige en Valais<\/h4>\n\n\n\n<p>sentier d&rsquo;altitude, panoramas, Cervin<\/p>\n<\/div>\n\n\n\n<div class=\"wp-block-column col-12 col-lg-4 is-layout-flow wp-block-column-is-layout-flow\">\n<figure class=\"wp-block-image size-large\"><img decoding=\"async\" src=\"https:\/\/hotel-gaedi.ch\/wp-content\/uploads\/2022\/10\/kurzwanderung.svg\" alt=\"\" class=\"wp-image-1257\"><\/figure>\n\n\n\n<h4 class=\"wp-block-heading\">Hannigalpbahn Gr\u00e4chen | Valais<\/h4>\n\n\n\n<p>La station aval se trouve directement devant l&rsquo;h\u00f4tel G\u00e4di Gr\u00e4chen<\/p>\n<\/div>\n\n\n\n<div class=\"wp-block-column col-12 col-lg-4 is-layout-flow wp-block-column-is-layout-flow\">\n<figure class=\"wp-block-image size-large\"><img decoding=\"async\" src=\"https:\/\/hotel-gaedi.ch\/wp-content\/uploads\/2022\/10\/kulinarikwanderung.svg\" alt=\"\" class=\"wp-image-1256\"><\/figure>\n\n\n\n<h4 class=\"wp-block-heading\">Manger &amp; boire lors d&rsquo;une randonn\u00e9e hivernale<\/h4>\n\n\n\n<p>Les refuges de montagne enthousiasment avec leurs sp\u00e9cialit\u00e9s valaisannes<\/p>\n<\/div>\n<\/div>\n<\/div><\/div>\n<\/div>\n<\/div>\n<\/div><\/div>\n\n\n\n<div class=\"wp-block-group container introtext-centered-sun-icon-title\"><div class=\"wp-block-group__inner-container is-layout-flow wp-block-group-is-layout-flow\">\n<div class=\"wp-block-columns row is-layout-flex wp-container-core-columns-is-layout-9d6595d7 wp-block-columns-is-layout-flex\">\n<div class=\"wp-block-column col-12 is-layout-flow wp-block-column-is-layout-flow\">\n<figure class=\"wp-block-image size-large is-resized\"><img decoding=\"async\" src=\"https:\/\/hotel-gaedi.ch\/wp-content\/uploads\/2022\/09\/sonne-logo.svg\" alt=\"\" class=\"wp-image-155\" width=\"100\"><\/figure>\n\n\n\n<blockquote class=\"wp-block-quote is-layout-flow wp-block-quote-is-layout-flow\">\n<p>\u00ab\u00a0Un vrai plaisir de se d\u00e9tendre dans l&rsquo;espace wellness de l&rsquo;h\u00f4tel G\u00e4di apr\u00e8s notre randonn\u00e9e hivernale de r\u00eave \u00e0 travers le paysage enneig\u00e9, tout en bulles\u00a0\u00bb.<\/p>\n<\/blockquote>\n<\/div>\n<\/div>\n<\/div><\/div>\n","protected":false},"excerpt":{"rendered":"<p>Gr\u00e4chen, le paradis de la randonn\u00e9e hivernale en Valais Percevoir le crissement de la neige sous les chaussures, respirer l&rsquo;air frais et pur et admirer le panorama des montagnes valaisannes. Voil\u00e0 ce que sont les raquettes \u00e0 neige et les randonn\u00e9es hivernales en Valais. Des exp\u00e9riences hivernales de r\u00eave \u00e0 Gr\u00e4chen, la station ensoleill\u00e9e du [&hellip;]<\/p>\n","protected":false},"author":2,"featured_media":0,"parent":3418,"menu_order":0,"comment_status":"closed","ping_status":"closed","template":"","meta":{"_acf_changed":false,"inline_featured_image":false,"footnotes":""},"class_list":["post-3420","page","type-page","status-publish","hentry"],"acf":[],"yoast_head":"<!-- This site is optimized with the Yoast SEO plugin v27.4 - https:\/\/yoast.com\/product\/yoast-seo-wordpress\/ -->\n<title>Randonn\u00e9es hivernales | H\u00f4tel G\u00e4di Gr\u00e4chen<\/title>\n<meta name=\"description\" content=\"L&#039;h\u00f4tel G\u00e4di est le point de d\u00e9part id\u00e9al pour vos vacances dans les Alpes valaisannes avec de nombreuses activit\u00e9s hivernales comme les randonn\u00e9es hivernales.\" \/>\n<meta name=\"robots\" content=\"index, follow, max-snippet:-1, max-image-preview:large, max-video-preview:-1\" \/>\n<link rel=\"canonical\" href=\"https:\/\/hotel-gaedi.ch\/fr\/activites\/randonnee-hivernale\/\" \/>\n<meta property=\"og:locale\" content=\"fr_FR\" \/>\n<meta property=\"og:type\" content=\"article\" \/>\n<meta property=\"og:title\" content=\"Randonn\u00e9es hivernales | H\u00f4tel G\u00e4di Gr\u00e4chen\" \/>\n<meta property=\"og:description\" content=\"L&#039;h\u00f4tel G\u00e4di est le point de d\u00e9part id\u00e9al pour vos vacances dans les Alpes valaisannes avec de nombreuses activit\u00e9s hivernales comme les randonn\u00e9es hivernales.\" \/>\n<meta property=\"og:url\" content=\"https:\/\/hotel-gaedi.ch\/fr\/activites\/randonnee-hivernale\/\" \/>\n<meta property=\"og:site_name\" content=\"Hotel G\u00e4di\" \/>\n<meta property=\"article:modified_time\" content=\"2022-11-29T18:49:52+00:00\" \/>\n<meta property=\"og:image\" content=\"https:\/\/hotel-gaedi.ch\/wp-content\/uploads\/2022\/10\/wandern-wallis-1.jpg\" \/>\n<meta name=\"twitter:card\" content=\"summary_large_image\" \/>\n<meta name=\"twitter:label1\" content=\"Dur\u00e9e de lecture estim\u00e9e\" \/>\n\t<meta name=\"twitter:data1\" content=\"1 minute\" \/>\n<script type=\"application\/ld+json\" class=\"yoast-schema-graph\">{\"@context\":\"https:\\\/\\\/schema.org\",\"@graph\":[{\"@type\":\"WebPage\",\"@id\":\"https:\\\/\\\/hotel-gaedi.ch\\\/fr\\\/activites\\\/randonnee-hivernale\\\/\",\"url\":\"https:\\\/\\\/hotel-gaedi.ch\\\/fr\\\/activites\\\/randonnee-hivernale\\\/\",\"name\":\"Randonn\u00e9es hivernales | H\u00f4tel G\u00e4di Gr\u00e4chen\",\"isPartOf\":{\"@id\":\"https:\\\/\\\/hotel-gaedi.ch\\\/#website\"},\"primaryImageOfPage\":{\"@id\":\"https:\\\/\\\/hotel-gaedi.ch\\\/fr\\\/activites\\\/randonnee-hivernale\\\/#primaryimage\"},\"image\":{\"@id\":\"https:\\\/\\\/hotel-gaedi.ch\\\/fr\\\/activites\\\/randonnee-hivernale\\\/#primaryimage\"},\"thumbnailUrl\":\"https:\\\/\\\/hotel-gaedi.ch\\\/wp-content\\\/uploads\\\/2022\\\/10\\\/wandern-wallis-1.jpg\",\"datePublished\":\"2022-11-01T15:37:34+00:00\",\"dateModified\":\"2022-11-29T18:49:52+00:00\",\"description\":\"L'h\u00f4tel G\u00e4di est le point de d\u00e9part id\u00e9al pour vos vacances dans les Alpes valaisannes avec de nombreuses activit\u00e9s hivernales comme les randonn\u00e9es hivernales.\",\"breadcrumb\":{\"@id\":\"https:\\\/\\\/hotel-gaedi.ch\\\/fr\\\/activites\\\/randonnee-hivernale\\\/#breadcrumb\"},\"inLanguage\":\"fr-FR\",\"potentialAction\":[{\"@type\":\"ReadAction\",\"target\":[\"https:\\\/\\\/hotel-gaedi.ch\\\/fr\\\/activites\\\/randonnee-hivernale\\\/\"]}]},{\"@type\":\"ImageObject\",\"inLanguage\":\"fr-FR\",\"@id\":\"https:\\\/\\\/hotel-gaedi.ch\\\/fr\\\/activites\\\/randonnee-hivernale\\\/#primaryimage\",\"url\":\"https:\\\/\\\/hotel-gaedi.ch\\\/wp-content\\\/uploads\\\/2022\\\/10\\\/wandern-wallis-1.jpg\",\"contentUrl\":\"https:\\\/\\\/hotel-gaedi.ch\\\/wp-content\\\/uploads\\\/2022\\\/10\\\/wandern-wallis-1.jpg\"},{\"@type\":\"BreadcrumbList\",\"@id\":\"https:\\\/\\\/hotel-gaedi.ch\\\/fr\\\/activites\\\/randonnee-hivernale\\\/#breadcrumb\",\"itemListElement\":[{\"@type\":\"ListItem\",\"position\":1,\"name\":\"Home\",\"item\":\"https:\\\/\\\/hotel-gaedi.ch\\\/fr\\\/\"},{\"@type\":\"ListItem\",\"position\":2,\"name\":\"Activit\u00e9s\",\"item\":\"https:\\\/\\\/hotel-gaedi.ch\\\/fr\\\/activites\\\/\"},{\"@type\":\"ListItem\",\"position\":3,\"name\":\"Randonn\u00e9e hivernale\"}]},{\"@type\":\"WebSite\",\"@id\":\"https:\\\/\\\/hotel-gaedi.ch\\\/#website\",\"url\":\"https:\\\/\\\/hotel-gaedi.ch\\\/\",\"name\":\"Hotel G\u00e4di\",\"description\":\"Ferien im Hotel G\u00e4di - Gr\u00e4chen\",\"potentialAction\":[{\"@type\":\"SearchAction\",\"target\":{\"@type\":\"EntryPoint\",\"urlTemplate\":\"https:\\\/\\\/hotel-gaedi.ch\\\/?s={search_term_string}\"},\"query-input\":{\"@type\":\"PropertyValueSpecification\",\"valueRequired\":true,\"valueName\":\"search_term_string\"}}],\"inLanguage\":\"fr-FR\"}]}<\/script>\n<!-- \/ Yoast SEO plugin. -->","yoast_head_json":{"title":"Randonn\u00e9es hivernales | H\u00f4tel G\u00e4di Gr\u00e4chen","description":"L'h\u00f4tel G\u00e4di est le point de d\u00e9part id\u00e9al pour vos vacances dans les Alpes valaisannes avec de nombreuses activit\u00e9s hivernales comme les randonn\u00e9es hivernales.","robots":{"index":"index","follow":"follow","max-snippet":"max-snippet:-1","max-image-preview":"max-image-preview:large","max-video-preview":"max-video-preview:-1"},"canonical":"https:\/\/hotel-gaedi.ch\/fr\/activites\/randonnee-hivernale\/","og_locale":"fr_FR","og_type":"article","og_title":"Randonn\u00e9es hivernales | H\u00f4tel G\u00e4di Gr\u00e4chen","og_description":"L'h\u00f4tel G\u00e4di est le point de d\u00e9part id\u00e9al pour vos vacances dans les Alpes valaisannes avec de nombreuses activit\u00e9s hivernales comme les randonn\u00e9es hivernales.","og_url":"https:\/\/hotel-gaedi.ch\/fr\/activites\/randonnee-hivernale\/","og_site_name":"Hotel G\u00e4di","article_modified_time":"2022-11-29T18:49:52+00:00","og_image":[{"url":"https:\/\/hotel-gaedi.ch\/wp-content\/uploads\/2022\/10\/wandern-wallis-1.jpg","type":"","width":"","height":""}],"twitter_card":"summary_large_image","twitter_misc":{"Dur\u00e9e de lecture estim\u00e9e":"1 minute"},"schema":{"@context":"https:\/\/schema.org","@graph":[{"@type":"WebPage","@id":"https:\/\/hotel-gaedi.ch\/fr\/activites\/randonnee-hivernale\/","url":"https:\/\/hotel-gaedi.ch\/fr\/activites\/randonnee-hivernale\/","name":"Randonn\u00e9es hivernales | H\u00f4tel G\u00e4di Gr\u00e4chen","isPartOf":{"@id":"https:\/\/hotel-gaedi.ch\/#website"},"primaryImageOfPage":{"@id":"https:\/\/hotel-gaedi.ch\/fr\/activites\/randonnee-hivernale\/#primaryimage"},"image":{"@id":"https:\/\/hotel-gaedi.ch\/fr\/activites\/randonnee-hivernale\/#primaryimage"},"thumbnailUrl":"https:\/\/hotel-gaedi.ch\/wp-content\/uploads\/2022\/10\/wandern-wallis-1.jpg","datePublished":"2022-11-01T15:37:34+00:00","dateModified":"2022-11-29T18:49:52+00:00","description":"L'h\u00f4tel G\u00e4di est le point de d\u00e9part id\u00e9al pour vos vacances dans les Alpes valaisannes avec de nombreuses activit\u00e9s hivernales comme les randonn\u00e9es hivernales.","breadcrumb":{"@id":"https:\/\/hotel-gaedi.ch\/fr\/activites\/randonnee-hivernale\/#breadcrumb"},"inLanguage":"fr-FR","potentialAction":[{"@type":"ReadAction","target":["https:\/\/hotel-gaedi.ch\/fr\/activites\/randonnee-hivernale\/"]}]},{"@type":"ImageObject","inLanguage":"fr-FR","@id":"https:\/\/hotel-gaedi.ch\/fr\/activites\/randonnee-hivernale\/#primaryimage","url":"https:\/\/hotel-gaedi.ch\/wp-content\/uploads\/2022\/10\/wandern-wallis-1.jpg","contentUrl":"https:\/\/hotel-gaedi.ch\/wp-content\/uploads\/2022\/10\/wandern-wallis-1.jpg"},{"@type":"BreadcrumbList","@id":"https:\/\/hotel-gaedi.ch\/fr\/activites\/randonnee-hivernale\/#breadcrumb","itemListElement":[{"@type":"ListItem","position":1,"name":"Home","item":"https:\/\/hotel-gaedi.ch\/fr\/"},{"@type":"ListItem","position":2,"name":"Activit\u00e9s","item":"https:\/\/hotel-gaedi.ch\/fr\/activites\/"},{"@type":"ListItem","position":3,"name":"Randonn\u00e9e hivernale"}]},{"@type":"WebSite","@id":"https:\/\/hotel-gaedi.ch\/#website","url":"https:\/\/hotel-gaedi.ch\/","name":"Hotel G\u00e4di","description":"Ferien im Hotel G\u00e4di - Gr\u00e4chen","potentialAction":[{"@type":"SearchAction","target":{"@type":"EntryPoint","urlTemplate":"https:\/\/hotel-gaedi.ch\/?s={search_term_string}"},"query-input":{"@type":"PropertyValueSpecification","valueRequired":true,"valueName":"search_term_string"}}],"inLanguage":"fr-FR"}]}},"_links":{"self":[{"href":"https:\/\/hotel-gaedi.ch\/fr\/wp-json\/wp\/v2\/pages\/3420","targetHints":{"allow":["GET"]}}],"collection":[{"href":"https:\/\/hotel-gaedi.ch\/fr\/wp-json\/wp\/v2\/pages"}],"about":[{"href":"https:\/\/hotel-gaedi.ch\/fr\/wp-json\/wp\/v2\/types\/page"}],"author":[{"embeddable":true,"href":"https:\/\/hotel-gaedi.ch\/fr\/wp-json\/wp\/v2\/users\/2"}],"replies":[{"embeddable":true,"href":"https:\/\/hotel-gaedi.ch\/fr\/wp-json\/wp\/v2\/comments?post=3420"}],"version-history":[{"count":1,"href":"https:\/\/hotel-gaedi.ch\/fr\/wp-json\/wp\/v2\/pages\/3420\/revisions"}],"predecessor-version":[{"id":3421,"href":"https:\/\/hotel-gaedi.ch\/fr\/wp-json\/wp\/v2\/pages\/3420\/revisions\/3421"}],"up":[{"embeddable":true,"href":"https:\/\/hotel-gaedi.ch\/fr\/wp-json\/wp\/v2\/pages\/3418"}],"wp:attachment":[{"href":"https:\/\/hotel-gaedi.ch\/fr\/wp-json\/wp\/v2\/media?parent=3420"}],"curies":[{"name":"wp","href":"https:\/\/api.w.org\/{rel}","templated":true}]}}