{"id":3424,"date":"2022-10-06T10:31:53","date_gmt":"2022-10-06T08:31:53","guid":{"rendered":"https:\/\/hotel-gaedi.ch\/activites\/faire-du-velo\/"},"modified":"2024-11-15T15:08:52","modified_gmt":"2024-11-15T14:08:52","slug":"faire-du-velo","status":"publish","type":"page","link":"https:\/\/hotel-gaedi.ch\/fr\/activites\/faire-du-velo\/","title":{"rendered":"Faire du v\u00e9lo"},"content":{"rendered":"\n<div class=\"wp-block-group container introtext-centered-sun-icon-title\"><div class=\"wp-block-group__inner-container is-layout-flow wp-block-group-is-layout-flow\">\n<div class=\"wp-block-columns row is-layout-flex wp-container-core-columns-is-layout-9d6595d7 wp-block-columns-is-layout-flex\">\n<div class=\"wp-block-column col-12 is-layout-flow wp-block-column-is-layout-flow\">\n<h1 class=\"wp-block-heading\">Gr\u00e4chen, le plus grand domaine de VTT du Valais<\/h1>\n\n\n\n<p>La r\u00e9gion de Gr\u00e4chen et de Vi\u00e8ge, toute proche, offre le plus grand domaine de VTT de notre magnifique Valais. Le r\u00e9seau comprend 310 km de sentiers qui vous m\u00e8neront le long de lacs, de ruisseaux de montagne, \u00e0 travers les for\u00eats et avec toujours en vue les imposants sommets de 4000 m\u00e8tres.<br\/><\/p>\n\n\n\n<p>Les trails s&rsquo;\u00e9tendent autour de Gr\u00e4chen, jusqu&rsquo;\u00e0 2450 m\u00e8tres d&rsquo;altitude ou descendent dans la vall\u00e9e la plus basse de Suisse. Ou encore Zermatt, avec le Cervin, o\u00f9 il existe \u00e9galement de nombreux trails. Atteignable depuis St. Niklaus en 40 minutes de train.<\/p>\n\n\n\n<p>Ch\u00e8res motardes, chers motards, la diversit\u00e9 est au rendez-vous.<\/p>\n\n\n\n<p>Bon \u00e0 savoir : Gr\u00e4chen a \u00e9t\u00e9 le lieu de d\u00e9part du Swiss Epic Challenge et des Championnats du monde de VTT 2019.  <\/p>\n<\/div>\n<\/div>\n<\/div><\/div>\n\n<div class=\"wp-block-group container teaser-2col-image-text multiple-images-horizontal\"><div class=\"wp-block-group__inner-container is-layout-flow wp-block-group-is-layout-flow\">\n<div class=\"wp-block-columns row is-layout-flex wp-container-core-columns-is-layout-9d6595d7 wp-block-columns-is-layout-flex\">\n<div class=\"wp-block-column col-lg-12 col-xl-7 is-layout-flow wp-block-column-is-layout-flow\">\n<div class=\"wp-block-columns row is-layout-flex wp-container-core-columns-is-layout-9d6595d7 wp-block-columns-is-layout-flex\">\n<div class=\"wp-block-column col-12 col-sm-6 is-layout-flow wp-block-column-is-layout-flow\">\n<figure class=\"wp-block-image size-full\"><img decoding=\"async\" src=\"https:\/\/hotel-gaedi.ch\/wp-content\/uploads\/2022\/11\/2018_VTT_GrachenMoosalp_32_&#xA9;Valais-Wallis-Promotion-Pascal-Gertschen-2.jpg\" alt=\"\" class=\"wp-image-2414\"\/><\/figure>\n<\/div>\n\n\n\n<div class=\"wp-block-column col-12 col-sm-6 is-layout-flow wp-block-column-is-layout-flow\">\n<figure class=\"wp-block-image size-full\"><img loading=\"lazy\" decoding=\"async\" width=\"835\" height=\"1024\" src=\"https:\/\/hotel-gaedi.ch\/wp-content\/uploads\/2022\/10\/biken-wallis-gaedi.jpg\" alt=\"\" class=\"wp-image-1286\" srcset=\"https:\/\/hotel-gaedi.ch\/wp-content\/uploads\/2022\/10\/biken-wallis-gaedi.jpg 835w, https:\/\/hotel-gaedi.ch\/wp-content\/uploads\/2022\/10\/biken-wallis-gaedi-408x500.jpg 408w, https:\/\/hotel-gaedi.ch\/wp-content\/uploads\/2022\/10\/biken-wallis-gaedi-768x942.jpg 768w\" sizes=\"auto, (max-width: 835px) 100vw, 835px\" \/><\/figure>\n<\/div>\n<\/div>\n<\/div>\n\n\n\n<div class=\"wp-block-column col-lg-12 col-xl-5 is-layout-flow wp-block-column-is-layout-flow\">\n<h2 class=\"wp-block-heading\">L&rsquo;infrastructure parfaite pour le v\u00e9lo<\/h2>\n\n\n\n<ul class=\"wp-block-list\">\n<li>Local \u00e0 v\u00e9los dans la maison : \u00e0 c\u00f4t\u00e9 de la r\u00e9ception, verrouillable<\/li>\n\n\n\n<li>Lavage de v\u00e9los : pr\u00e8s de la maison<\/li>\n\n\n\n<li>Service de blanchisserie : Nous lavons vos v\u00eatements de v\u00e9lo pendant la nuit<\/li>\n\n\n\n<li>Buffet petit-d\u00e9jeuner Power : sans notre copieux G\u00e4di M\u00fcesli ou nos d\u00e9licieux plats \u00e0 base d&rsquo;\u0153ufs, pas de tour \u00e0 v\u00e9lo !<\/li>\n<\/ul>\n\n\n\n<div class=\"wp-block-buttons is-layout-flex wp-block-buttons-is-layout-flex\">\n<div class=\"wp-block-button\"><a class=\"wp-block-button__link wp-element-button\" href=\"https:\/\/www.bike-wallis.ch\/de\/p\/graechen\/805188450\/\" target=\"_blank\" rel=\"noreferrer noopener\">Informations sur le v\u00e9lo<\/a><\/div>\n<\/div>\n<\/div>\n<\/div>\n<\/div><\/div>\n\n<div class=\"wp-block-group container-fluid section-dark-bg-icons-text\"><div class=\"wp-block-group__inner-container is-layout-flow wp-block-group-is-layout-flow\">\n<div class=\"wp-block-columns row is-layout-flex wp-container-core-columns-is-layout-9d6595d7 wp-block-columns-is-layout-flex\">\n<div class=\"wp-block-column col-12 is-layout-flow wp-block-column-is-layout-flow\">\n<div class=\"wp-block-group container\"><div class=\"wp-block-group__inner-container is-layout-flow wp-block-group-is-layout-flow\">\n<div class=\"wp-block-columns row gx-6 is-layout-flex wp-container-core-columns-is-layout-9d6595d7 wp-block-columns-is-layout-flex\">\n<div class=\"wp-block-column col-12 col-lg-4 is-layout-flow wp-block-column-is-layout-flow\">\n<figure class=\"wp-block-image size-large\"><img decoding=\"async\" src=\"https:\/\/hotel-gaedi.ch\/wp-content\/uploads\/2022\/10\/bike_gebiet.svg\" alt=\"\" class=\"wp-image-2100\"\/><\/figure>\n\n\n\n<h4 class=\"wp-block-heading\">Le plus grand domaine de VTT du Valais<\/h4>\n<\/div>\n\n\n\n<div class=\"wp-block-column col-12 col-lg-4 is-layout-flow wp-block-column-is-layout-flow\">\n<figure class=\"wp-block-image size-large\"><img decoding=\"async\" src=\"https:\/\/hotel-gaedi.ch\/wp-content\/uploads\/2022\/10\/bike_infrastruktur.svg\" alt=\"\" class=\"wp-image-2099\"\/><\/figure>\n\n\n\n<h4 class=\"wp-block-heading\">Infrastructure de pointe pour le v\u00e9lo<\/h4>\n<\/div>\n\n\n\n<div class=\"wp-block-column col-12 col-lg-4 is-layout-flow wp-block-column-is-layout-flow\">\n<figure class=\"wp-block-image size-large\"><img decoding=\"async\" src=\"https:\/\/hotel-gaedi.ch\/wp-content\/uploads\/2022\/10\/waescheservice.svg\" alt=\"\" class=\"wp-image-2098\"\/><\/figure>\n\n\n\n<h4 class=\"wp-block-heading\">Service de blanchisserie<\/h4>\n<\/div>\n<\/div>\n<\/div><\/div>\n<\/div>\n<\/div>\n<\/div><\/div>\n\n<div class=\"wp-block-group container-fluid fullwidth-bg-image-overlay-text flowtext\"><div class=\"wp-block-group__inner-container is-layout-flow wp-block-group-is-layout-flow\">\n<div class=\"wp-block-columns row is-layout-flex wp-container-core-columns-is-layout-9d6595d7 wp-block-columns-is-layout-flex\">\n<div class=\"wp-block-column col-12 is-layout-flow wp-block-column-is-layout-flow\">\n<div class=\"wp-block-cover is-light\" style=\"min-height:772px;aspect-ratio:unset;\"><span aria-hidden=\"true\" class=\"wp-block-cover__background has-background-dim-0 has-background-dim\"><\/span><img loading=\"lazy\" decoding=\"async\" width=\"2560\" height=\"1558\" class=\"wp-block-cover__image-background wp-image-2417\" alt=\"\" src=\"https:\/\/hotel-gaedi.ch\/wp-content\/uploads\/2022\/11\/2017_Famille_Ete_-c-Valais-Wallis-Promotion-Pascal-Gertschen-120_Grachen_chasse-au-tresor-2-scaled.jpg\" data-object-fit=\"cover\" srcset=\"https:\/\/hotel-gaedi.ch\/wp-content\/uploads\/2022\/11\/2017_Famille_Ete_-c-Valais-Wallis-Promotion-Pascal-Gertschen-120_Grachen_chasse-au-tresor-2-scaled.jpg 2560w, https:\/\/hotel-gaedi.ch\/wp-content\/uploads\/2022\/11\/2017_Famille_Ete_-c-Valais-Wallis-Promotion-Pascal-Gertschen-120_Grachen_chasse-au-tresor-2-500x304.jpg 500w, https:\/\/hotel-gaedi.ch\/wp-content\/uploads\/2022\/11\/2017_Famille_Ete_-c-Valais-Wallis-Promotion-Pascal-Gertschen-120_Grachen_chasse-au-tresor-2-1024x623.jpg 1024w, https:\/\/hotel-gaedi.ch\/wp-content\/uploads\/2022\/11\/2017_Famille_Ete_-c-Valais-Wallis-Promotion-Pascal-Gertschen-120_Grachen_chasse-au-tresor-2-768x467.jpg 768w, https:\/\/hotel-gaedi.ch\/wp-content\/uploads\/2022\/11\/2017_Famille_Ete_-c-Valais-Wallis-Promotion-Pascal-Gertschen-120_Grachen_chasse-au-tresor-2-1536x935.jpg 1536w, https:\/\/hotel-gaedi.ch\/wp-content\/uploads\/2022\/11\/2017_Famille_Ete_-c-Valais-Wallis-Promotion-Pascal-Gertschen-120_Grachen_chasse-au-tresor-2-2048x1246.jpg 2048w\" sizes=\"auto, (max-width: 2560px) 100vw, 2560px\" \/><div class=\"wp-block-cover__inner-container is-layout-flow wp-block-cover-is-layout-flow\">\n<div class=\"wp-block-group container\"><div class=\"wp-block-group__inner-container is-layout-flow wp-block-group-is-layout-flow\">\n<div class=\"wp-block-columns row is-layout-flex wp-container-core-columns-is-layout-9d6595d7 wp-block-columns-is-layout-flex\">\n<div class=\"wp-block-column col-12 col-lg-7 is-layout-flow wp-block-column-is-layout-flow\">\n<p>Randonn\u00e9e \u00e0 Gr\u00e4chen<\/p>\n\n\n\n<p>En hiver, Gr\u00e4chen propose des sentiers de randonn\u00e9e vari\u00e9s et magnifiques pour se d\u00e9tendre en pleine nature.<\/p>\n\n\n\n<div class=\"wp-block-buttons is-layout-flex wp-block-buttons-is-layout-flex\">\n<div class=\"wp-block-button\"><a class=\"wp-block-button__link wp-element-button\" href=\"https:\/\/hotel-gaedi.ch\/fr\/activites\/randonnee\/\" target=\"_blank\" rel=\"noreferrer noopener\">En savoir plus<\/a><\/div>\n<\/div>\n<\/div>\n<\/div>\n<\/div><\/div>\n<\/div><\/div>\n<\/div>\n<\/div>\n<\/div><\/div>\n\n<div class=\"wp-block-group container introtext-centered-sun-icon-title\"><div class=\"wp-block-group__inner-container is-layout-flow wp-block-group-is-layout-flow\">\n<div class=\"wp-block-columns row is-layout-flex wp-container-core-columns-is-layout-9d6595d7 wp-block-columns-is-layout-flex\">\n<div class=\"wp-block-column col-12 is-layout-flow wp-block-column-is-layout-flow\">\n<figure class=\"wp-block-image size-large is-resized\"><img decoding=\"async\" src=\"https:\/\/hotel-gaedi.ch\/wp-content\/uploads\/2022\/09\/sonne-logo.svg\" alt=\"\" class=\"wp-image-155\" style=\"width:100px\"\/><\/figure>\n\n\n\n<blockquote class=\"wp-block-quote is-layout-flow wp-block-quote-is-layout-flow\">\n<p>\u00ab\u00a0Pour un s\u00e9jour \u00e0 v\u00e9lo \u00e0 Gr\u00e4chen, j&rsquo;ai choisi l&rsquo;h\u00f4tel G\u00e4di. Cette d\u00e9cision \u00e9tait la bonne\u00a0\u00bb.<\/p>\n<\/blockquote>\n<\/div>\n<\/div>\n<\/div><\/div>\n","protected":false},"excerpt":{"rendered":"<p>Gr\u00e4chen, le plus grand domaine de VTT du Valais La r\u00e9gion de Gr\u00e4chen et de Vi\u00e8ge, toute proche, offre le plus grand domaine de VTT de notre magnifique Valais. Le r\u00e9seau comprend 310 km de sentiers qui vous m\u00e8neront le long de lacs, de ruisseaux de montagne, \u00e0 travers les for\u00eats et avec toujours en [&hellip;]<\/p>\n","protected":false},"author":2,"featured_media":0,"parent":3418,"menu_order":0,"comment_status":"closed","ping_status":"closed","template":"","meta":{"_acf_changed":false,"inline_featured_image":false,"footnotes":""},"class_list":["post-3424","page","type-page","status-publish","hentry"],"acf":[],"yoast_head":"<!-- This site is optimized with the Yoast SEO plugin v27.5 - https:\/\/yoast.com\/product\/yoast-seo-wordpress\/ -->\n<title>V\u00e9lo | H\u00f4tel G\u00e4di Gr\u00e4chen<\/title>\n<meta name=\"description\" content=\"L&#039;h\u00f4tel G\u00e4di est le point de d\u00e9part id\u00e9al pour vos vacances dans les Alpes valaisannes avec de nombreuses activit\u00e9s comme le v\u00e9lo.\" \/>\n<meta name=\"robots\" content=\"index, follow, max-snippet:-1, max-image-preview:large, max-video-preview:-1\" \/>\n<link rel=\"canonical\" href=\"https:\/\/hotel-gaedi.ch\/fr\/activites\/faire-du-velo\/\" \/>\n<meta property=\"og:locale\" content=\"fr_FR\" \/>\n<meta property=\"og:type\" content=\"article\" \/>\n<meta property=\"og:title\" content=\"V\u00e9lo | H\u00f4tel G\u00e4di Gr\u00e4chen\" \/>\n<meta property=\"og:description\" content=\"L&#039;h\u00f4tel G\u00e4di est le point de d\u00e9part id\u00e9al pour vos vacances dans les Alpes valaisannes avec de nombreuses activit\u00e9s comme le v\u00e9lo.\" \/>\n<meta property=\"og:url\" content=\"https:\/\/hotel-gaedi.ch\/fr\/activites\/faire-du-velo\/\" \/>\n<meta property=\"og:site_name\" content=\"Hotel G\u00e4di\" \/>\n<meta property=\"article:modified_time\" content=\"2024-11-15T14:08:52+00:00\" \/>\n<meta property=\"og:image\" content=\"https:\/\/hotel-gaedi.ch\/wp-content\/uploads\/2022\/11\/2018_VTT_GrachenMoosalp_32_&#xA9;Valais-Wallis-Promotion-Pascal-Gertschen-2.jpg\" \/>\n<meta name=\"twitter:card\" content=\"summary_large_image\" \/>\n<meta name=\"twitter:label1\" content=\"Dur\u00e9e de lecture estim\u00e9e\" \/>\n\t<meta name=\"twitter:data1\" content=\"1 minute\" \/>\n<script type=\"application\/ld+json\" class=\"yoast-schema-graph\">{\"@context\":\"https:\\\/\\\/schema.org\",\"@graph\":[{\"@type\":\"WebPage\",\"@id\":\"https:\\\/\\\/hotel-gaedi.ch\\\/fr\\\/activites\\\/faire-du-velo\\\/\",\"url\":\"https:\\\/\\\/hotel-gaedi.ch\\\/fr\\\/activites\\\/faire-du-velo\\\/\",\"name\":\"V\u00e9lo | H\u00f4tel G\u00e4di Gr\u00e4chen\",\"isPartOf\":{\"@id\":\"https:\\\/\\\/hotel-gaedi.ch\\\/#website\"},\"primaryImageOfPage\":{\"@id\":\"https:\\\/\\\/hotel-gaedi.ch\\\/fr\\\/activites\\\/faire-du-velo\\\/#primaryimage\"},\"image\":{\"@id\":\"https:\\\/\\\/hotel-gaedi.ch\\\/fr\\\/activites\\\/faire-du-velo\\\/#primaryimage\"},\"thumbnailUrl\":\"https:\\\/\\\/hotel-gaedi.ch\\\/wp-content\\\/uploads\\\/2022\\\/11\\\/2018_VTT_GrachenMoosalp_32_&#xA9;Valais-Wallis-Promotion-Pascal-Gertschen-2.jpg\",\"datePublished\":\"2022-10-06T08:31:53+00:00\",\"dateModified\":\"2024-11-15T14:08:52+00:00\",\"description\":\"L'h\u00f4tel G\u00e4di est le point de d\u00e9part id\u00e9al pour vos vacances dans les Alpes valaisannes avec de nombreuses activit\u00e9s comme le v\u00e9lo.\",\"breadcrumb\":{\"@id\":\"https:\\\/\\\/hotel-gaedi.ch\\\/fr\\\/activites\\\/faire-du-velo\\\/#breadcrumb\"},\"inLanguage\":\"fr-FR\",\"potentialAction\":[{\"@type\":\"ReadAction\",\"target\":[\"https:\\\/\\\/hotel-gaedi.ch\\\/fr\\\/activites\\\/faire-du-velo\\\/\"]}]},{\"@type\":\"ImageObject\",\"inLanguage\":\"fr-FR\",\"@id\":\"https:\\\/\\\/hotel-gaedi.ch\\\/fr\\\/activites\\\/faire-du-velo\\\/#primaryimage\",\"url\":\"https:\\\/\\\/hotel-gaedi.ch\\\/wp-content\\\/uploads\\\/2022\\\/11\\\/2018_VTT_GrachenMoosalp_32_&#xA9;Valais-Wallis-Promotion-Pascal-Gertschen-2.jpg\",\"contentUrl\":\"https:\\\/\\\/hotel-gaedi.ch\\\/wp-content\\\/uploads\\\/2022\\\/11\\\/2018_VTT_GrachenMoosalp_32_&#xA9;Valais-Wallis-Promotion-Pascal-Gertschen-2.jpg\"},{\"@type\":\"BreadcrumbList\",\"@id\":\"https:\\\/\\\/hotel-gaedi.ch\\\/fr\\\/activites\\\/faire-du-velo\\\/#breadcrumb\",\"itemListElement\":[{\"@type\":\"ListItem\",\"position\":1,\"name\":\"Home\",\"item\":\"https:\\\/\\\/hotel-gaedi.ch\\\/fr\\\/\"},{\"@type\":\"ListItem\",\"position\":2,\"name\":\"Activit\u00e9s\",\"item\":\"https:\\\/\\\/hotel-gaedi.ch\\\/fr\\\/activites\\\/\"},{\"@type\":\"ListItem\",\"position\":3,\"name\":\"Faire du v\u00e9lo\"}]},{\"@type\":\"WebSite\",\"@id\":\"https:\\\/\\\/hotel-gaedi.ch\\\/#website\",\"url\":\"https:\\\/\\\/hotel-gaedi.ch\\\/\",\"name\":\"Hotel G\u00e4di\",\"description\":\"Ferien im Hotel G\u00e4di - Gr\u00e4chen\",\"potentialAction\":[{\"@type\":\"SearchAction\",\"target\":{\"@type\":\"EntryPoint\",\"urlTemplate\":\"https:\\\/\\\/hotel-gaedi.ch\\\/?s={search_term_string}\"},\"query-input\":{\"@type\":\"PropertyValueSpecification\",\"valueRequired\":true,\"valueName\":\"search_term_string\"}}],\"inLanguage\":\"fr-FR\"}]}<\/script>\n<!-- \/ Yoast SEO plugin. -->","yoast_head_json":{"title":"V\u00e9lo | H\u00f4tel G\u00e4di Gr\u00e4chen","description":"L'h\u00f4tel G\u00e4di est le point de d\u00e9part id\u00e9al pour vos vacances dans les Alpes valaisannes avec de nombreuses activit\u00e9s comme le v\u00e9lo.","robots":{"index":"index","follow":"follow","max-snippet":"max-snippet:-1","max-image-preview":"max-image-preview:large","max-video-preview":"max-video-preview:-1"},"canonical":"https:\/\/hotel-gaedi.ch\/fr\/activites\/faire-du-velo\/","og_locale":"fr_FR","og_type":"article","og_title":"V\u00e9lo | H\u00f4tel G\u00e4di Gr\u00e4chen","og_description":"L'h\u00f4tel G\u00e4di est le point de d\u00e9part id\u00e9al pour vos vacances dans les Alpes valaisannes avec de nombreuses activit\u00e9s comme le v\u00e9lo.","og_url":"https:\/\/hotel-gaedi.ch\/fr\/activites\/faire-du-velo\/","og_site_name":"Hotel G\u00e4di","article_modified_time":"2024-11-15T14:08:52+00:00","og_image":[{"url":"https:\/\/hotel-gaedi.ch\/wp-content\/uploads\/2022\/11\/2018_VTT_GrachenMoosalp_32_&#xA9;Valais-Wallis-Promotion-Pascal-Gertschen-2.jpg","type":"","width":"","height":""}],"twitter_card":"summary_large_image","twitter_misc":{"Dur\u00e9e de lecture estim\u00e9e":"1 minute"},"schema":{"@context":"https:\/\/schema.org","@graph":[{"@type":"WebPage","@id":"https:\/\/hotel-gaedi.ch\/fr\/activites\/faire-du-velo\/","url":"https:\/\/hotel-gaedi.ch\/fr\/activites\/faire-du-velo\/","name":"V\u00e9lo | H\u00f4tel G\u00e4di Gr\u00e4chen","isPartOf":{"@id":"https:\/\/hotel-gaedi.ch\/#website"},"primaryImageOfPage":{"@id":"https:\/\/hotel-gaedi.ch\/fr\/activites\/faire-du-velo\/#primaryimage"},"image":{"@id":"https:\/\/hotel-gaedi.ch\/fr\/activites\/faire-du-velo\/#primaryimage"},"thumbnailUrl":"https:\/\/hotel-gaedi.ch\/wp-content\/uploads\/2022\/11\/2018_VTT_GrachenMoosalp_32_&#xA9;Valais-Wallis-Promotion-Pascal-Gertschen-2.jpg","datePublished":"2022-10-06T08:31:53+00:00","dateModified":"2024-11-15T14:08:52+00:00","description":"L'h\u00f4tel G\u00e4di est le point de d\u00e9part id\u00e9al pour vos vacances dans les Alpes valaisannes avec de nombreuses activit\u00e9s comme le v\u00e9lo.","breadcrumb":{"@id":"https:\/\/hotel-gaedi.ch\/fr\/activites\/faire-du-velo\/#breadcrumb"},"inLanguage":"fr-FR","potentialAction":[{"@type":"ReadAction","target":["https:\/\/hotel-gaedi.ch\/fr\/activites\/faire-du-velo\/"]}]},{"@type":"ImageObject","inLanguage":"fr-FR","@id":"https:\/\/hotel-gaedi.ch\/fr\/activites\/faire-du-velo\/#primaryimage","url":"https:\/\/hotel-gaedi.ch\/wp-content\/uploads\/2022\/11\/2018_VTT_GrachenMoosalp_32_&#xA9;Valais-Wallis-Promotion-Pascal-Gertschen-2.jpg","contentUrl":"https:\/\/hotel-gaedi.ch\/wp-content\/uploads\/2022\/11\/2018_VTT_GrachenMoosalp_32_&#xA9;Valais-Wallis-Promotion-Pascal-Gertschen-2.jpg"},{"@type":"BreadcrumbList","@id":"https:\/\/hotel-gaedi.ch\/fr\/activites\/faire-du-velo\/#breadcrumb","itemListElement":[{"@type":"ListItem","position":1,"name":"Home","item":"https:\/\/hotel-gaedi.ch\/fr\/"},{"@type":"ListItem","position":2,"name":"Activit\u00e9s","item":"https:\/\/hotel-gaedi.ch\/fr\/activites\/"},{"@type":"ListItem","position":3,"name":"Faire du v\u00e9lo"}]},{"@type":"WebSite","@id":"https:\/\/hotel-gaedi.ch\/#website","url":"https:\/\/hotel-gaedi.ch\/","name":"Hotel G\u00e4di","description":"Ferien im Hotel G\u00e4di - Gr\u00e4chen","potentialAction":[{"@type":"SearchAction","target":{"@type":"EntryPoint","urlTemplate":"https:\/\/hotel-gaedi.ch\/?s={search_term_string}"},"query-input":{"@type":"PropertyValueSpecification","valueRequired":true,"valueName":"search_term_string"}}],"inLanguage":"fr-FR"}]}},"_links":{"self":[{"href":"https:\/\/hotel-gaedi.ch\/fr\/wp-json\/wp\/v2\/pages\/3424","targetHints":{"allow":["GET"]}}],"collection":[{"href":"https:\/\/hotel-gaedi.ch\/fr\/wp-json\/wp\/v2\/pages"}],"about":[{"href":"https:\/\/hotel-gaedi.ch\/fr\/wp-json\/wp\/v2\/types\/page"}],"author":[{"embeddable":true,"href":"https:\/\/hotel-gaedi.ch\/fr\/wp-json\/wp\/v2\/users\/2"}],"replies":[{"embeddable":true,"href":"https:\/\/hotel-gaedi.ch\/fr\/wp-json\/wp\/v2\/comments?post=3424"}],"version-history":[{"count":2,"href":"https:\/\/hotel-gaedi.ch\/fr\/wp-json\/wp\/v2\/pages\/3424\/revisions"}],"predecessor-version":[{"id":4370,"href":"https:\/\/hotel-gaedi.ch\/fr\/wp-json\/wp\/v2\/pages\/3424\/revisions\/4370"}],"up":[{"embeddable":true,"href":"https:\/\/hotel-gaedi.ch\/fr\/wp-json\/wp\/v2\/pages\/3418"}],"wp:attachment":[{"href":"https:\/\/hotel-gaedi.ch\/fr\/wp-json\/wp\/v2\/media?parent=3424"}],"curies":[{"name":"wp","href":"https:\/\/api.w.org\/{rel}","templated":true}]}}