{"id":3426,"date":"2022-09-09T12:15:57","date_gmt":"2022-09-09T10:15:57","guid":{"rendered":"https:\/\/hotel-gaedi.ch\/activites\/randonnee\/"},"modified":"2024-11-15T15:07:22","modified_gmt":"2024-11-15T14:07:22","slug":"randonnee","status":"publish","type":"page","link":"https:\/\/hotel-gaedi.ch\/fr\/activites\/randonnee\/","title":{"rendered":"Randonn\u00e9e"},"content":{"rendered":"\n<div class=\"wp-block-group container introtext-centered-sun-icon-title\"><div class=\"wp-block-group__inner-container is-layout-flow wp-block-group-is-layout-flow\">\n<div class=\"wp-block-columns row is-layout-flex wp-container-core-columns-is-layout-9d6595d7 wp-block-columns-is-layout-flex\">\n<div class=\"wp-block-column col-12 is-layout-flow wp-block-column-is-layout-flow\">\n<h1 class=\"wp-block-heading\">Randonner en Valais avec des vues c\u00e9lestes<\/h1>\n\n\n\n<p>L&rsquo;h\u00f4tel G\u00e4di \u00e0 Gr\u00e4chen est le point de d\u00e9part parfait pour des vacances de randonn\u00e9e en Valais. La vue est pourtant d&rsquo;une beaut\u00e9 imbattable. Que ce soit directement sur le prochain sentier de randonn\u00e9e, avec la t\u00e9l\u00e9cabine Hannigalp directement devant l&rsquo;h\u00f4tel G\u00e4di sur la montagne ou avec le bus vers le lieu de d\u00e9part de votre choix ; l&rsquo;h\u00f4tel G\u00e4di est toujours au bon endroit.<\/p>\n<\/div>\n<\/div>\n<\/div><\/div>\n\n<div class=\"wp-block-group container teaser-2col-image-text multiple-images-horizontal\"><div class=\"wp-block-group__inner-container is-layout-flow wp-block-group-is-layout-flow\">\n<div class=\"wp-block-columns row is-layout-flex wp-container-core-columns-is-layout-9d6595d7 wp-block-columns-is-layout-flex\">\n<div class=\"wp-block-column col-lg-12 col-xl-7 is-layout-flow wp-block-column-is-layout-flow\">\n<div class=\"wp-block-columns row is-layout-flex wp-container-core-columns-is-layout-9d6595d7 wp-block-columns-is-layout-flex\">\n<div class=\"wp-block-column col-12 col-sm-6 is-layout-flow wp-block-column-is-layout-flow\">\n<figure class=\"wp-block-image size-full\"><img loading=\"lazy\" decoding=\"async\" width=\"835\" height=\"1024\" src=\"https:\/\/hotel-gaedi.ch\/wp-content\/uploads\/2022\/11\/2017_Famille_Ete_-c-Valais-Wallis-Promotion-Pascal-Gertschen-180_Grachen_chasse-au-tresor.jpg\" alt=\"\" class=\"wp-image-2408\" srcset=\"https:\/\/hotel-gaedi.ch\/wp-content\/uploads\/2022\/11\/2017_Famille_Ete_-c-Valais-Wallis-Promotion-Pascal-Gertschen-180_Grachen_chasse-au-tresor.jpg 835w, https:\/\/hotel-gaedi.ch\/wp-content\/uploads\/2022\/11\/2017_Famille_Ete_-c-Valais-Wallis-Promotion-Pascal-Gertschen-180_Grachen_chasse-au-tresor-408x500.jpg 408w, https:\/\/hotel-gaedi.ch\/wp-content\/uploads\/2022\/11\/2017_Famille_Ete_-c-Valais-Wallis-Promotion-Pascal-Gertschen-180_Grachen_chasse-au-tresor-768x942.jpg 768w\" sizes=\"auto, (max-width: 835px) 100vw, 835px\" \/><\/figure>\n<\/div>\n\n\n\n<div class=\"wp-block-column col-12 col-sm-6 is-layout-flow wp-block-column-is-layout-flow\">\n<figure class=\"wp-block-image size-full\"><img loading=\"lazy\" decoding=\"async\" width=\"835\" height=\"1024\" src=\"https:\/\/hotel-gaedi.ch\/wp-content\/uploads\/2022\/11\/2017_Famille_Ete_-c-Valais-Wallis-Promotion-Pascal-Gertschen-22_Grachen_chasse-au-tresor.jpg\" alt=\"\" class=\"wp-image-2407\" srcset=\"https:\/\/hotel-gaedi.ch\/wp-content\/uploads\/2022\/11\/2017_Famille_Ete_-c-Valais-Wallis-Promotion-Pascal-Gertschen-22_Grachen_chasse-au-tresor.jpg 835w, https:\/\/hotel-gaedi.ch\/wp-content\/uploads\/2022\/11\/2017_Famille_Ete_-c-Valais-Wallis-Promotion-Pascal-Gertschen-22_Grachen_chasse-au-tresor-408x500.jpg 408w, https:\/\/hotel-gaedi.ch\/wp-content\/uploads\/2022\/11\/2017_Famille_Ete_-c-Valais-Wallis-Promotion-Pascal-Gertschen-22_Grachen_chasse-au-tresor-768x942.jpg 768w\" sizes=\"auto, (max-width: 835px) 100vw, 835px\" \/><\/figure>\n<\/div>\n<\/div>\n<\/div>\n\n\n\n<div class=\"wp-block-column col-lg-12 col-xl-5 is-layout-flow wp-block-column-is-layout-flow\">\n<h2 class=\"wp-block-heading\">Connaissez-vous le sentier de l&rsquo;Europe avec le pont suspendu Charles Kuonen ?<\/h2>\n\n\n\n<p>Le nouveau pont suspendu <em>Charles Kuonen<\/em> est un <em>must<\/em>. Il mesure pas moins de 494 m\u00e8tres de long et se trouve \u00e0 85 m\u00e8tres au-dessus des gorges. Il s&rsquo;agit du plus long pont suspendu des Alpes.<\/p>\n\n\n\n<p>En hiver, Gr\u00e4chen propose des sentiers de randonn\u00e9e vari\u00e9s et magnifiques pour se d\u00e9tendre en pleine nature. Qu&rsquo;il s&rsquo;agisse de courts trajets de 20 minutes ou de longues randonn\u00e9es de plus de deux heures ; vous trouverez certainement l&rsquo;itin\u00e9raire qui vous convient.<\/p>\n\n\n\n<div class=\"wp-block-buttons is-layout-flex wp-block-buttons-is-layout-flex\">\n<div class=\"wp-block-button\"><a class=\"wp-block-button__link wp-element-button\" href=\"https:\/\/graechen.ch\/en\/Hiking-Time\" target=\"_blank\" rel=\"noreferrer noopener\">Informations sur la randonn\u00e9e<\/a><\/div>\n<\/div>\n<\/div>\n<\/div>\n<\/div><\/div>\n\n<div class=\"wp-block-group container-fluid section-dark-bg-icons-text\"><div class=\"wp-block-group__inner-container is-layout-flow wp-block-group-is-layout-flow\">\n<div class=\"wp-block-columns row is-layout-flex wp-container-core-columns-is-layout-9d6595d7 wp-block-columns-is-layout-flex\">\n<div class=\"wp-block-column col-12 is-layout-flow wp-block-column-is-layout-flow\">\n<div class=\"wp-block-group container\"><div class=\"wp-block-group__inner-container is-layout-flow wp-block-group-is-layout-flow\">\n<div class=\"wp-block-columns row gx-6 is-layout-flex wp-container-core-columns-is-layout-9d6595d7 wp-block-columns-is-layout-flex\">\n<div class=\"wp-block-column col-12 col-lg-4 is-layout-flow wp-block-column-is-layout-flow\">\n<figure class=\"wp-block-image size-large\"><img decoding=\"async\" src=\"https:\/\/hotel-gaedi.ch\/wp-content\/uploads\/2022\/10\/weitwanderungen.svg\" alt=\"\" class=\"wp-image-1260\"\/><\/figure>\n\n\n\n<h4 class=\"wp-block-heading\">Grandes randonn\u00e9es en Valais<\/h4>\n\n\n\n<p>sentier d&rsquo;altitude, panoramas, Cervin<\/p>\n<\/div>\n\n\n\n<div class=\"wp-block-column col-12 col-lg-4 is-layout-flow wp-block-column-is-layout-flow\">\n<figure class=\"wp-block-image size-large\"><img decoding=\"async\" src=\"https:\/\/hotel-gaedi.ch\/wp-content\/uploads\/2022\/10\/kurzwanderung.svg\" alt=\"\" class=\"wp-image-1257\"\/><\/figure>\n\n\n\n<h4 class=\"wp-block-heading\">Courtes randonn\u00e9es autour de Gr\u00e4chen en Valais<\/h4>\n\n\n\n<p>A votre guise, sur 250 km de sentiers de randonn\u00e9e<\/p>\n<\/div>\n\n\n\n<div class=\"wp-block-column col-12 col-lg-4 is-layout-flow wp-block-column-is-layout-flow\">\n<figure class=\"wp-block-image size-large\"><img decoding=\"async\" src=\"https:\/\/hotel-gaedi.ch\/wp-content\/uploads\/2022\/10\/kulinarikwanderung.svg\" alt=\"\" class=\"wp-image-1256\"\/><\/figure>\n\n\n\n<h4 class=\"wp-block-heading\">Randonn\u00e9e culinaire<\/h4>\n\n\n\n<p>Sur la piste des sp\u00e9cialit\u00e9s valaisannes<\/p>\n<\/div>\n<\/div>\n<\/div><\/div>\n<\/div>\n<\/div>\n<\/div><\/div>\n\n<div class=\"wp-block-group container-fluid fullwidth-bg-image-overlay-text flowtext\"><div class=\"wp-block-group__inner-container is-layout-flow wp-block-group-is-layout-flow\">\n<div class=\"wp-block-columns row is-layout-flex wp-container-core-columns-is-layout-9d6595d7 wp-block-columns-is-layout-flex\">\n<div class=\"wp-block-column col-12 is-layout-flow wp-block-column-is-layout-flow\">\n<div class=\"wp-block-cover\" style=\"min-height:772px;aspect-ratio:unset;\"><span aria-hidden=\"true\" class=\"wp-block-cover__background has-background-dim-0 has-background-dim\"><\/span><img loading=\"lazy\" decoding=\"async\" width=\"1920\" height=\"1169\" class=\"wp-block-cover__image-background wp-image-2411\" alt=\"\" src=\"https:\/\/hotel-gaedi.ch\/wp-content\/uploads\/2022\/11\/2018_VTT_GrachenMoosalp_32_\u00a9Valais-Wallis-Promotion-Pascal-Gertschen.jpg\" data-object-fit=\"cover\" srcset=\"https:\/\/hotel-gaedi.ch\/wp-content\/uploads\/2022\/11\/2018_VTT_GrachenMoosalp_32_\u00a9Valais-Wallis-Promotion-Pascal-Gertschen.jpg 1920w, https:\/\/hotel-gaedi.ch\/wp-content\/uploads\/2022\/11\/2018_VTT_GrachenMoosalp_32_\u00a9Valais-Wallis-Promotion-Pascal-Gertschen-500x304.jpg 500w, https:\/\/hotel-gaedi.ch\/wp-content\/uploads\/2022\/11\/2018_VTT_GrachenMoosalp_32_\u00a9Valais-Wallis-Promotion-Pascal-Gertschen-1024x623.jpg 1024w, https:\/\/hotel-gaedi.ch\/wp-content\/uploads\/2022\/11\/2018_VTT_GrachenMoosalp_32_\u00a9Valais-Wallis-Promotion-Pascal-Gertschen-768x468.jpg 768w, https:\/\/hotel-gaedi.ch\/wp-content\/uploads\/2022\/11\/2018_VTT_GrachenMoosalp_32_\u00a9Valais-Wallis-Promotion-Pascal-Gertschen-1536x935.jpg 1536w\" sizes=\"auto, (max-width: 1920px) 100vw, 1920px\" \/><div class=\"wp-block-cover__inner-container is-layout-flow wp-block-cover-is-layout-flow\">\n<div class=\"wp-block-group container\"><div class=\"wp-block-group__inner-container is-layout-flow wp-block-group-is-layout-flow\">\n<div class=\"wp-block-columns row is-layout-flex wp-container-core-columns-is-layout-9d6595d7 wp-block-columns-is-layout-flex\">\n<div class=\"wp-block-column col-12 col-lg-7 is-layout-flow wp-block-column-is-layout-flow\">\n<p>H\u00f4tel pour cyclistes et randonneurs<\/p>\n\n\n\n<p>Notre partenaire v\u00e9lo One Sport vous accompagne sur des trails de difficult\u00e9 moyenne, vous donne des conseils pour une bonne alimentation et pour faire du v\u00e9lo en m\u00e9nageant vos forces.  <br\/>Le propre garage \u00e0 v\u00e9los de l&rsquo;h\u00f4tel G\u00e4di offre une protection et des possibilit\u00e9s de nettoyage.<\/p>\n\n\n\n<div class=\"wp-block-buttons is-layout-flex wp-block-buttons-is-layout-flex\">\n<div class=\"wp-block-button\"><a class=\"wp-block-button__link wp-element-button\" href=\"https:\/\/hotel-gaedi.ch\/fr\/activites\/faire-du-velo\/\">En savoir plus<\/a><\/div>\n<\/div>\n<\/div>\n<\/div>\n<\/div><\/div>\n<\/div><\/div>\n<\/div>\n<\/div>\n<\/div><\/div>\n\n<div class=\"wp-block-group container introtext-centered-sun-icon-title\"><div class=\"wp-block-group__inner-container is-layout-flow wp-block-group-is-layout-flow\">\n<div class=\"wp-block-columns row is-layout-flex wp-container-core-columns-is-layout-9d6595d7 wp-block-columns-is-layout-flex\">\n<div class=\"wp-block-column col-12 is-layout-flow wp-block-column-is-layout-flow\"><div class=\"wp-block-image\">\n<figure class=\"aligncenter size-large is-resized\"><img decoding=\"async\" src=\"https:\/\/hotel-gaedi.ch\/wp-content\/uploads\/2022\/09\/sonne-logo.svg\" alt=\"\" class=\"wp-image-155\" style=\"width:100px\"\/><\/figure>\n<\/div>\n\n\n<blockquote class=\"wp-block-quote is-layout-flow wp-block-quote-is-layout-flow\">\n<p><a href=\"https:\/\/www.tripadvisor.at\/ShowUserReviews-g229458-d1237673-r769387346-Hotel_Gadi-Graechen_Canton_of_Valais_Swiss_Alps.html\" target=\"_blank\" rel=\"noreferrer noopener\">\u00ab\u00a0L&rsquo;h\u00f4tel G\u00e4di s&rsquo;est r\u00e9v\u00e9l\u00e9 \u00eatre une v\u00e9ritable perle !<\/a> Notamment en raison du r\u00e9seau de sentiers de randonn\u00e9e tr\u00e8s chouette \u00e0 Gr\u00e4chen et de l&rsquo;offre compl\u00e8te d&rsquo;excursions\u00a0\u00bb.<\/p>\n<\/blockquote>\n<\/div>\n<\/div>\n<\/div><\/div>\n","protected":false},"excerpt":{"rendered":"<p>Randonner en Valais avec des vues c\u00e9lestes L&rsquo;h\u00f4tel G\u00e4di \u00e0 Gr\u00e4chen est le point de d\u00e9part parfait pour des vacances de randonn\u00e9e en Valais. La vue est pourtant d&rsquo;une beaut\u00e9 imbattable. Que ce soit directement sur le prochain sentier de randonn\u00e9e, avec la t\u00e9l\u00e9cabine Hannigalp directement devant l&rsquo;h\u00f4tel G\u00e4di sur la montagne ou avec le [&hellip;]<\/p>\n","protected":false},"author":1,"featured_media":0,"parent":3418,"menu_order":0,"comment_status":"closed","ping_status":"closed","template":"","meta":{"_acf_changed":false,"inline_featured_image":false,"footnotes":""},"class_list":["post-3426","page","type-page","status-publish","hentry"],"acf":[],"yoast_head":"<!-- This site is optimized with the Yoast SEO plugin v27.5 - https:\/\/yoast.com\/product\/yoast-seo-wordpress\/ -->\n<title>Randonn\u00e9e en Valais | H\u00f4tel G\u00e4di Gr\u00e4chen<\/title>\n<meta name=\"description\" content=\"L&#039;h\u00f4tel G\u00e4di \u00e0 Gr\u00e4chen, dans les Alpes valaisannes, est le point de d\u00e9part id\u00e9al pour des vacances de randonn\u00e9e et d&#039;autres activit\u00e9s estivales et hivernales.\" \/>\n<meta name=\"robots\" content=\"index, follow, max-snippet:-1, max-image-preview:large, max-video-preview:-1\" \/>\n<link rel=\"canonical\" href=\"https:\/\/hotel-gaedi.ch\/fr\/activites\/randonnee\/\" \/>\n<meta property=\"og:locale\" content=\"fr_FR\" \/>\n<meta property=\"og:type\" content=\"article\" \/>\n<meta property=\"og:title\" content=\"Randonn\u00e9e en Valais | H\u00f4tel G\u00e4di Gr\u00e4chen\" \/>\n<meta property=\"og:description\" content=\"L&#039;h\u00f4tel G\u00e4di \u00e0 Gr\u00e4chen, dans les Alpes valaisannes, est le point de d\u00e9part id\u00e9al pour des vacances de randonn\u00e9e et d&#039;autres activit\u00e9s estivales et hivernales.\" \/>\n<meta property=\"og:url\" content=\"https:\/\/hotel-gaedi.ch\/fr\/activites\/randonnee\/\" \/>\n<meta property=\"og:site_name\" content=\"Hotel G\u00e4di\" \/>\n<meta property=\"article:modified_time\" content=\"2024-11-15T14:07:22+00:00\" \/>\n<meta property=\"og:image\" content=\"https:\/\/hotel-gaedi.ch\/wp-content\/uploads\/2022\/11\/2017_Famille_Ete_-c-Valais-Wallis-Promotion-Pascal-Gertschen-180_Grachen_chasse-au-tresor.jpg\" \/>\n\t<meta property=\"og:image:width\" content=\"835\" \/>\n\t<meta property=\"og:image:height\" content=\"1024\" \/>\n\t<meta property=\"og:image:type\" content=\"image\/jpeg\" \/>\n<meta name=\"twitter:card\" content=\"summary_large_image\" \/>\n<meta name=\"twitter:label1\" content=\"Dur\u00e9e de lecture estim\u00e9e\" \/>\n\t<meta name=\"twitter:data1\" content=\"2 minutes\" \/>\n<script type=\"application\/ld+json\" class=\"yoast-schema-graph\">{\"@context\":\"https:\\\/\\\/schema.org\",\"@graph\":[{\"@type\":\"WebPage\",\"@id\":\"https:\\\/\\\/hotel-gaedi.ch\\\/fr\\\/activites\\\/randonnee\\\/\",\"url\":\"https:\\\/\\\/hotel-gaedi.ch\\\/fr\\\/activites\\\/randonnee\\\/\",\"name\":\"Randonn\u00e9e en Valais | H\u00f4tel G\u00e4di Gr\u00e4chen\",\"isPartOf\":{\"@id\":\"https:\\\/\\\/hotel-gaedi.ch\\\/#website\"},\"primaryImageOfPage\":{\"@id\":\"https:\\\/\\\/hotel-gaedi.ch\\\/fr\\\/activites\\\/randonnee\\\/#primaryimage\"},\"image\":{\"@id\":\"https:\\\/\\\/hotel-gaedi.ch\\\/fr\\\/activites\\\/randonnee\\\/#primaryimage\"},\"thumbnailUrl\":\"https:\\\/\\\/hotel-gaedi.ch\\\/wp-content\\\/uploads\\\/2022\\\/11\\\/2017_Famille_Ete_-c-Valais-Wallis-Promotion-Pascal-Gertschen-180_Grachen_chasse-au-tresor.jpg\",\"datePublished\":\"2022-09-09T10:15:57+00:00\",\"dateModified\":\"2024-11-15T14:07:22+00:00\",\"description\":\"L'h\u00f4tel G\u00e4di \u00e0 Gr\u00e4chen, dans les Alpes valaisannes, est le point de d\u00e9part id\u00e9al pour des vacances de randonn\u00e9e et d'autres activit\u00e9s estivales et hivernales.\",\"breadcrumb\":{\"@id\":\"https:\\\/\\\/hotel-gaedi.ch\\\/fr\\\/activites\\\/randonnee\\\/#breadcrumb\"},\"inLanguage\":\"fr-FR\",\"potentialAction\":[{\"@type\":\"ReadAction\",\"target\":[\"https:\\\/\\\/hotel-gaedi.ch\\\/fr\\\/activites\\\/randonnee\\\/\"]}]},{\"@type\":\"ImageObject\",\"inLanguage\":\"fr-FR\",\"@id\":\"https:\\\/\\\/hotel-gaedi.ch\\\/fr\\\/activites\\\/randonnee\\\/#primaryimage\",\"url\":\"https:\\\/\\\/hotel-gaedi.ch\\\/wp-content\\\/uploads\\\/2022\\\/11\\\/2017_Famille_Ete_-c-Valais-Wallis-Promotion-Pascal-Gertschen-180_Grachen_chasse-au-tresor.jpg\",\"contentUrl\":\"https:\\\/\\\/hotel-gaedi.ch\\\/wp-content\\\/uploads\\\/2022\\\/11\\\/2017_Famille_Ete_-c-Valais-Wallis-Promotion-Pascal-Gertschen-180_Grachen_chasse-au-tresor.jpg\"},{\"@type\":\"BreadcrumbList\",\"@id\":\"https:\\\/\\\/hotel-gaedi.ch\\\/fr\\\/activites\\\/randonnee\\\/#breadcrumb\",\"itemListElement\":[{\"@type\":\"ListItem\",\"position\":1,\"name\":\"Home\",\"item\":\"https:\\\/\\\/hotel-gaedi.ch\\\/fr\\\/\"},{\"@type\":\"ListItem\",\"position\":2,\"name\":\"Activit\u00e9s\",\"item\":\"https:\\\/\\\/hotel-gaedi.ch\\\/fr\\\/activites\\\/\"},{\"@type\":\"ListItem\",\"position\":3,\"name\":\"Randonn\u00e9e\"}]},{\"@type\":\"WebSite\",\"@id\":\"https:\\\/\\\/hotel-gaedi.ch\\\/#website\",\"url\":\"https:\\\/\\\/hotel-gaedi.ch\\\/\",\"name\":\"Hotel G\u00e4di\",\"description\":\"Ferien im Hotel G\u00e4di - Gr\u00e4chen\",\"potentialAction\":[{\"@type\":\"SearchAction\",\"target\":{\"@type\":\"EntryPoint\",\"urlTemplate\":\"https:\\\/\\\/hotel-gaedi.ch\\\/?s={search_term_string}\"},\"query-input\":{\"@type\":\"PropertyValueSpecification\",\"valueRequired\":true,\"valueName\":\"search_term_string\"}}],\"inLanguage\":\"fr-FR\"}]}<\/script>\n<!-- \/ Yoast SEO plugin. -->","yoast_head_json":{"title":"Randonn\u00e9e en Valais | H\u00f4tel G\u00e4di Gr\u00e4chen","description":"L'h\u00f4tel G\u00e4di \u00e0 Gr\u00e4chen, dans les Alpes valaisannes, est le point de d\u00e9part id\u00e9al pour des vacances de randonn\u00e9e et d'autres activit\u00e9s estivales et hivernales.","robots":{"index":"index","follow":"follow","max-snippet":"max-snippet:-1","max-image-preview":"max-image-preview:large","max-video-preview":"max-video-preview:-1"},"canonical":"https:\/\/hotel-gaedi.ch\/fr\/activites\/randonnee\/","og_locale":"fr_FR","og_type":"article","og_title":"Randonn\u00e9e en Valais | H\u00f4tel G\u00e4di Gr\u00e4chen","og_description":"L'h\u00f4tel G\u00e4di \u00e0 Gr\u00e4chen, dans les Alpes valaisannes, est le point de d\u00e9part id\u00e9al pour des vacances de randonn\u00e9e et d'autres activit\u00e9s estivales et hivernales.","og_url":"https:\/\/hotel-gaedi.ch\/fr\/activites\/randonnee\/","og_site_name":"Hotel G\u00e4di","article_modified_time":"2024-11-15T14:07:22+00:00","og_image":[{"width":835,"height":1024,"url":"https:\/\/hotel-gaedi.ch\/wp-content\/uploads\/2022\/11\/2017_Famille_Ete_-c-Valais-Wallis-Promotion-Pascal-Gertschen-180_Grachen_chasse-au-tresor.jpg","type":"image\/jpeg"}],"twitter_card":"summary_large_image","twitter_misc":{"Dur\u00e9e de lecture estim\u00e9e":"2 minutes"},"schema":{"@context":"https:\/\/schema.org","@graph":[{"@type":"WebPage","@id":"https:\/\/hotel-gaedi.ch\/fr\/activites\/randonnee\/","url":"https:\/\/hotel-gaedi.ch\/fr\/activites\/randonnee\/","name":"Randonn\u00e9e en Valais | H\u00f4tel G\u00e4di Gr\u00e4chen","isPartOf":{"@id":"https:\/\/hotel-gaedi.ch\/#website"},"primaryImageOfPage":{"@id":"https:\/\/hotel-gaedi.ch\/fr\/activites\/randonnee\/#primaryimage"},"image":{"@id":"https:\/\/hotel-gaedi.ch\/fr\/activites\/randonnee\/#primaryimage"},"thumbnailUrl":"https:\/\/hotel-gaedi.ch\/wp-content\/uploads\/2022\/11\/2017_Famille_Ete_-c-Valais-Wallis-Promotion-Pascal-Gertschen-180_Grachen_chasse-au-tresor.jpg","datePublished":"2022-09-09T10:15:57+00:00","dateModified":"2024-11-15T14:07:22+00:00","description":"L'h\u00f4tel G\u00e4di \u00e0 Gr\u00e4chen, dans les Alpes valaisannes, est le point de d\u00e9part id\u00e9al pour des vacances de randonn\u00e9e et d'autres activit\u00e9s estivales et hivernales.","breadcrumb":{"@id":"https:\/\/hotel-gaedi.ch\/fr\/activites\/randonnee\/#breadcrumb"},"inLanguage":"fr-FR","potentialAction":[{"@type":"ReadAction","target":["https:\/\/hotel-gaedi.ch\/fr\/activites\/randonnee\/"]}]},{"@type":"ImageObject","inLanguage":"fr-FR","@id":"https:\/\/hotel-gaedi.ch\/fr\/activites\/randonnee\/#primaryimage","url":"https:\/\/hotel-gaedi.ch\/wp-content\/uploads\/2022\/11\/2017_Famille_Ete_-c-Valais-Wallis-Promotion-Pascal-Gertschen-180_Grachen_chasse-au-tresor.jpg","contentUrl":"https:\/\/hotel-gaedi.ch\/wp-content\/uploads\/2022\/11\/2017_Famille_Ete_-c-Valais-Wallis-Promotion-Pascal-Gertschen-180_Grachen_chasse-au-tresor.jpg"},{"@type":"BreadcrumbList","@id":"https:\/\/hotel-gaedi.ch\/fr\/activites\/randonnee\/#breadcrumb","itemListElement":[{"@type":"ListItem","position":1,"name":"Home","item":"https:\/\/hotel-gaedi.ch\/fr\/"},{"@type":"ListItem","position":2,"name":"Activit\u00e9s","item":"https:\/\/hotel-gaedi.ch\/fr\/activites\/"},{"@type":"ListItem","position":3,"name":"Randonn\u00e9e"}]},{"@type":"WebSite","@id":"https:\/\/hotel-gaedi.ch\/#website","url":"https:\/\/hotel-gaedi.ch\/","name":"Hotel G\u00e4di","description":"Ferien im Hotel G\u00e4di - Gr\u00e4chen","potentialAction":[{"@type":"SearchAction","target":{"@type":"EntryPoint","urlTemplate":"https:\/\/hotel-gaedi.ch\/?s={search_term_string}"},"query-input":{"@type":"PropertyValueSpecification","valueRequired":true,"valueName":"search_term_string"}}],"inLanguage":"fr-FR"}]}},"_links":{"self":[{"href":"https:\/\/hotel-gaedi.ch\/fr\/wp-json\/wp\/v2\/pages\/3426","targetHints":{"allow":["GET"]}}],"collection":[{"href":"https:\/\/hotel-gaedi.ch\/fr\/wp-json\/wp\/v2\/pages"}],"about":[{"href":"https:\/\/hotel-gaedi.ch\/fr\/wp-json\/wp\/v2\/types\/page"}],"author":[{"embeddable":true,"href":"https:\/\/hotel-gaedi.ch\/fr\/wp-json\/wp\/v2\/users\/1"}],"replies":[{"embeddable":true,"href":"https:\/\/hotel-gaedi.ch\/fr\/wp-json\/wp\/v2\/comments?post=3426"}],"version-history":[{"count":5,"href":"https:\/\/hotel-gaedi.ch\/fr\/wp-json\/wp\/v2\/pages\/3426\/revisions"}],"predecessor-version":[{"id":4367,"href":"https:\/\/hotel-gaedi.ch\/fr\/wp-json\/wp\/v2\/pages\/3426\/revisions\/4367"}],"up":[{"embeddable":true,"href":"https:\/\/hotel-gaedi.ch\/fr\/wp-json\/wp\/v2\/pages\/3418"}],"wp:attachment":[{"href":"https:\/\/hotel-gaedi.ch\/fr\/wp-json\/wp\/v2\/media?parent=3426"}],"curies":[{"name":"wp","href":"https:\/\/api.w.org\/{rel}","templated":true}]}}