{"id":3430,"date":"2022-09-10T13:04:04","date_gmt":"2022-09-10T11:04:04","guid":{"rendered":"https:\/\/hotel-gaedi.ch\/faq\/"},"modified":"2026-04-16T19:49:30","modified_gmt":"2026-04-16T17:49:30","slug":"faq","status":"publish","type":"page","link":"https:\/\/hotel-gaedi.ch\/fr\/faq\/","title":{"rendered":"FAQ"},"content":{"rendered":"\n<div class=\"wp-block-group container introtext-centered-sun-icon-title\"><div class=\"wp-block-group__inner-container is-layout-flow wp-block-group-is-layout-flow\">\n<div class=\"wp-block-columns row is-layout-flex wp-container-core-columns-is-layout-9d6595d7 wp-block-columns-is-layout-flex\">\n<div class=\"wp-block-column col-12 is-layout-flow wp-block-column-is-layout-flow\">\n<h1 class=\"wp-block-heading\"><strong>FAQ | questions fr\u00e9quemment pos\u00e9es<\/strong><\/h1>\n\n\n\n<p>Notre h\u00f4tel avec une touche personnelle, se trouve directement \u00e0 c\u00f4t\u00e9 de la station inf\u00e9rieure du t\u00e9l\u00e9ph\u00e9rique Hannigalp. En quelques pas, vous vous trouvez au c\u0153ur de Gr\u00e4chen. Notre hospitalit\u00e9 est v\u00e9cue selon la devise \u00ab\u00a0naturel-personnel\u00a0\u00bb.<\/p>\n\n\n\n<p>Vous trouverez ici des informations utiles :<\/p>\n<\/div>\n<\/div>\n<\/div><\/div>\n\n<div class=\"wp-block-group container accordion-items\"><div class=\"wp-block-group__inner-container is-layout-flow wp-block-group-is-layout-flow\">\n<div class=\"wp-block-columns row is-layout-flex wp-container-core-columns-is-layout-9d6595d7 wp-block-columns-is-layout-flex\">\n<div class=\"wp-block-column col-12 is-layout-flow wp-block-column-is-layout-flow\">\n<div class=\"wp-block-pb-accordion-item c-accordion__item js-accordion-item no-js\" data-initially-open=\"false\" data-click-to-close=\"true\" data-auto-close=\"true\" data-scroll=\"false\" data-scroll-offset=\"0\"><h4 id=\"at-1340\" class=\"c-accordion__title js-accordion-controller\" role=\"button\">Check in&nbsp;<\/h4><div id=\"ac-1340\" class=\"c-accordion__content\">\n<p>\u00e0 partir de 14h00, votre chambre est \u00e0 votre disposition.<\/p>\n<\/div><\/div>\n\n\n\n<div class=\"wp-block-pb-accordion-item c-accordion__item js-accordion-item no-js\" data-initially-open=\"false\" data-click-to-close=\"true\" data-auto-close=\"true\" data-scroll=\"false\" data-scroll-offset=\"0\"><h4 id=\"at-1341\" class=\"c-accordion__title js-accordion-controller\" role=\"button\">Gl\u00fccks-Halbpension<\/h4><div id=\"ac-1341\" class=\"c-accordion__content\">\n<p>Nous r\u00e9servons pour vous le d\u00eener dans le cadre de la demi-pension du bonheur pour l&rsquo;ensemble de votre s\u00e9jour, et non pour des soir\u00e9es individuelles. Vous allez certainement adorer notre cuisine &#8211; c&rsquo;est promis. M\u00e9lanie et Martin, vos h\u00f4tes et la petite \u00e9quipe, vous concoctent chaque soir des plats l\u00e9gers et raffin\u00e9s, issus de notre magnifique r\u00e9gion et du monde entier.<\/p>\n\n\n\n<p>Prix en \u00e9t\u00e9 par personne :<br\/>pour 1 nuit CHF 49.00<br\/>A partir de 2 nuits CHF 40.00<\/p>\n\n\n\n<p>Prix en hiver par personne :<br\/>pour 1 nuit : CHF 56.00<br\/>2 nuits : CHF 50.00<br\/>A partir de 3 nuits : CHF 45.00<\/p>\n\n\n\n<p>Les enfants b\u00e9n\u00e9ficient d&rsquo;une r\u00e9duction.<\/p>\n<\/div><\/div>\n\n\n\n<div class=\"wp-block-pb-accordion-item c-accordion__item js-accordion-item no-js\" data-initially-open=\"false\" data-click-to-close=\"true\" data-auto-close=\"true\" data-scroll=\"false\" data-scroll-offset=\"0\"><h4 id=\"at-1342\" class=\"c-accordion__title js-accordion-controller\" role=\"button\">A la carte<\/h4><div id=\"ac-1342\" class=\"c-accordion__content\">\n<p>Les h\u00f4tes et leur \u00e9quipe vous concoctent des plats raffin\u00e9s et l\u00e9gers de notre r\u00e9gion et du monde entier. Nous nous ferons \u00e9galement un plaisir de vous g\u00e2ter \u00e0 la carte. R\u00e9servez d\u00e8s maintenant votre table &#8211; notre cuisine est tr\u00e8s appr\u00e9ci\u00e9e et est consid\u00e9r\u00e9e comme un conseil d&rsquo;initi\u00e9 \u00e0 Gr\u00e4chen ! Uniquement sur r\u00e9servation, \u00e0 partir de 18h30.<\/p>\n<\/div><\/div>\n\n\n\n<div class=\"wp-block-pb-accordion-item c-accordion__item js-accordion-item no-js\" data-initially-open=\"false\" data-click-to-close=\"true\" data-auto-close=\"true\" data-scroll=\"false\" data-scroll-offset=\"0\"><h4 id=\"at-1343\" class=\"c-accordion__title js-accordion-controller\" role=\"button\">Kitchen off Day w\u00e4hrend der Sommersaison<\/h4><div id=\"ac-1343\" class=\"c-accordion__content\">\n<p>Pendant la saison estivale, nous nous accordons une pause cr\u00e9ative le dimanche soir en cuisine et au restaurant. Nous tenons \u00e0 votre disposition une liste de restaurants amis \u00e0 Gr\u00e4chen et dans les environs, que nous vous recommandons vivement. Nous nous r\u00e9jouissons de vous g\u00e2ter culinairement tous les autres jours.<\/p>\n<\/div><\/div>\n\n\n\n<div class=\"wp-block-pb-accordion-item c-accordion__item js-accordion-item no-js\" data-initially-open=\"false\" data-click-to-close=\"true\" data-auto-close=\"true\" data-scroll=\"false\" data-scroll-offset=\"0\"><h4 id=\"at-1344\" class=\"c-accordion__title js-accordion-controller\" role=\"button\"><strong>Wellness<\/strong><\/h4><div id=\"ac-1344\" class=\"c-accordion__content\">\n<p>SPA &#8211; tu es merveilleuse !<br\/>Depuis la saison d&rsquo;hiver 2022, le nouveau petit paysage de piscine raffin\u00e9 est pr\u00eat \u00e0 vous accueillir dans l&rsquo;espace bien-\u00eatre. Nous avons cr\u00e9\u00e9 quelque chose d&rsquo;encore meilleur \u00e0 partir de quelque chose de bien. L&rsquo;utilisation du paysage de la piscine est gratuite, le sauna finlandais ainsi que le vitarium peuvent \u00eatre r\u00e9serv\u00e9s en tant que spa priv\u00e9. Vous souhaitez un peignoir et des chaussons ? Pour la location, nous facturons CHF 12.00 par peignoir de bain &amp; s\u00e9jour. Nos h\u00f4tes b\u00e9n\u00e9ficient d&rsquo;une r\u00e9duction de 10% sur tous les soins dispens\u00e9s par le Beauty Paradise \u00ab\u00a0Casa Bella\u00a0\u00bb.<br\/>Cliquez ici pour acc\u00e9der \u00e0 notre <strong><a href=\"https:\/\/hotel-gaedi.ch\/fr\/bien-etre-spa\/\">Espace bien-\u00eatre.<\/a><\/strong><\/p>\n<\/div><\/div>\n\n\n\n<div class=\"wp-block-pb-accordion-item c-accordion__item js-accordion-item no-js\" data-initially-open=\"false\" data-click-to-close=\"true\" data-auto-close=\"true\" data-scroll=\"false\" data-scroll-offset=\"0\"><h4 id=\"at-1345\" class=\"c-accordion__title js-accordion-controller\" role=\"button\"><strong><strong>Internet<\/strong><\/strong><\/h4><div id=\"ac-1345\" class=\"c-accordion__content\">\n<p>WLAN gratuit dans toute la maison<\/p>\n<\/div><\/div>\n\n\n\n<div class=\"wp-block-pb-accordion-item c-accordion__item js-accordion-item no-js\" data-initially-open=\"false\" data-click-to-close=\"true\" data-auto-close=\"true\" data-scroll=\"false\" data-scroll-offset=\"0\"><h4 id=\"at-1346\" class=\"c-accordion__title js-accordion-controller\" role=\"button\"><strong><strong><strong>Skiraum<\/strong><\/strong><\/strong><\/h4><div id=\"ac-1346\" class=\"c-accordion__content\">\n<p>Notre nouveau local \u00e0 skis chauff\u00e9 avec chauffe-chaussures se trouve au rez-de-chauss\u00e9e, juste \u00e0 c\u00f4t\u00e9 de la r\u00e9ception. La station de d\u00e9part n&rsquo;est qu&rsquo;\u00e0 2 minutes \u00e0 pied.<\/p>\n<\/div><\/div>\n\n\n\n<div class=\"wp-block-pb-accordion-item c-accordion__item js-accordion-item no-js\" data-initially-open=\"false\" data-click-to-close=\"true\" data-auto-close=\"true\" data-scroll=\"false\" data-scroll-offset=\"0\"><h4 id=\"at-1347\" class=\"c-accordion__title js-accordion-controller\" role=\"button\"><strong><strong><strong><strong>Preise<\/strong><\/strong><\/strong><\/strong><\/h4><div id=\"ac-1347\" class=\"c-accordion__content\">\n<p>Nos prix comprennent le buffet de petit-d\u00e9jeuner, le service, l&rsquo;utilisation des jacuzzis, le parking ext\u00e9rieur et la TVA. Taxe de s\u00e9jour non comprise : adultes CHF 3.80, enfants 6 &#8211; 16 ans CHF 1.90 par nuit et par personne.<\/p>\n<\/div><\/div>\n\n\n\n<div class=\"wp-block-pb-accordion-item c-accordion__item js-accordion-item no-js\" data-initially-open=\"false\" data-click-to-close=\"true\" data-auto-close=\"true\" data-scroll=\"false\" data-scroll-offset=\"0\"><h4 id=\"at-1348\" class=\"c-accordion__title js-accordion-controller\" role=\"button\"><strong><strong><strong><strong><strong><strong>Zahlungsarten<\/strong><\/strong><\/strong><\/strong><\/strong><\/strong><\/h4><div id=\"ac-1348\" class=\"c-accordion__content\">\n<p>Esp\u00e8ces, Visa, Maestro, Postcard et Mastercard<\/p>\n<\/div><\/div>\n\n\n\n<div class=\"wp-block-pb-accordion-item c-accordion__item js-accordion-item no-js\" data-initially-open=\"false\" data-click-to-close=\"true\" data-auto-close=\"true\" data-scroll=\"false\" data-scroll-offset=\"0\"><h4 id=\"at-1349\" class=\"c-accordion__title js-accordion-controller\" role=\"button\"><strong><strong><strong><strong><strong><strong><strong>Garage<\/strong><\/strong><\/strong><\/strong><\/strong><\/strong><\/strong><\/h4><div id=\"ac-1349\" class=\"c-accordion__content\">\n<p>Dans notre garage : CHF 10.00 par nuit. R\u00e9servation n\u00e9cessaire<\/p>\n<\/div><\/div>\n\n\n\n<div class=\"wp-block-pb-accordion-item c-accordion__item js-accordion-item no-js\" data-initially-open=\"false\" data-click-to-close=\"true\" data-auto-close=\"true\" data-scroll=\"false\" data-scroll-offset=\"0\"><h4 id=\"at-13410\" class=\"c-accordion__title js-accordion-controller\" role=\"button\"><strong><strong><strong><strong><strong><strong><strong><strong>Haustiere<\/strong><\/strong><\/strong><\/strong><\/strong><\/strong><\/strong><\/strong><\/h4><div id=\"ac-13410\" class=\"c-accordion__content\">\n<p>Les animaux domestiques ne sont pas autoris\u00e9s dans notre maison.<\/p>\n<\/div><\/div>\n\n\n\n<div class=\"wp-block-pb-accordion-item c-accordion__item js-accordion-item no-js\" data-initially-open=\"false\" data-click-to-close=\"true\" data-auto-close=\"true\" data-scroll=\"false\" data-scroll-offset=\"0\"><h4 id=\"at-13411\" class=\"c-accordion__title js-accordion-controller\" role=\"button\">Check out<\/h4><div id=\"ac-13411\" class=\"c-accordion__content\">\n<p>Tout a une fin, y compris vos vacances. Le check-out est pr\u00e9vu avant 10h00. Les d\u00e9parts anticip\u00e9s sont factur\u00e9s \u00e0 100%.<\/p>\n<\/div><\/div>\n\n\n\n<div class=\"wp-block-pb-accordion-item c-accordion__item js-accordion-item no-js\" data-initially-open=\"false\" data-click-to-close=\"true\" data-auto-close=\"true\" data-scroll=\"false\" data-scroll-offset=\"0\"><h4 id=\"at-13412\" class=\"c-accordion__title js-accordion-controller\" role=\"button\"><strong><strong><strong><strong><strong><strong><strong><strong><strong><strong>Storno<\/strong><\/strong><\/strong><\/strong><\/strong><\/strong><\/strong><\/strong><\/strong><\/strong><\/h4><div id=\"ac-13412\" class=\"c-accordion__content\">\n<p>Quelques lignes imprim\u00e9es en petits caract\u00e8res<br\/>Nos conditions d&rsquo;annulation :<br\/>Nous acceptons les annulations jusqu&rsquo;\u00e0 30 jours avant l&rsquo;arriv\u00e9e sans frais.<br\/>Les annulations 29 &#8211; 20 jours avant l&rsquo;arriv\u00e9e 50% du prix total.<br\/>Les annulations 19 &#8211; 08 jours avant l&rsquo;arriv\u00e9e 70% du prix total.<br\/>Les annulations 07 &#8211; 00 jours avant l&rsquo;arriv\u00e9e ainsi que les d\u00e9parts anticip\u00e9s seront factur\u00e9s \u00e0 100% du prix total.<br\/>Nous vous recommandons de souscrire une assurance annulation de voyage.<\/p>\n<\/div><\/div>\n<\/div>\n<\/div>\n<\/div><\/div>\n","protected":false},"excerpt":{"rendered":"<p>FAQ | questions fr\u00e9quemment pos\u00e9es Notre h\u00f4tel avec une touche personnelle, se trouve directement \u00e0 c\u00f4t\u00e9 de la station inf\u00e9rieure du t\u00e9l\u00e9ph\u00e9rique Hannigalp. En quelques pas, vous vous trouvez au c\u0153ur de Gr\u00e4chen. Notre hospitalit\u00e9 est v\u00e9cue selon la devise \u00ab\u00a0naturel-personnel\u00a0\u00bb. Vous trouverez ici des informations utiles :<\/p>\n","protected":false},"author":1,"featured_media":0,"parent":0,"menu_order":0,"comment_status":"closed","ping_status":"closed","template":"","meta":{"_acf_changed":false,"inline_featured_image":false,"footnotes":""},"class_list":["post-3430","page","type-page","status-publish","hentry"],"acf":[],"yoast_head":"<!-- This site is optimized with the Yoast SEO plugin v27.5 - https:\/\/yoast.com\/product\/yoast-seo-wordpress\/ -->\n<title>FAQ Questions fr\u00e9quentes | H\u00f4tel G\u00e4di Gr\u00e4chen<\/title>\n<meta name=\"description\" content=\"Toutes les r\u00e9ponses aux questions les plus fr\u00e9quemment pos\u00e9es sur l&#039;h\u00f4tel G\u00e4di \u00e0 Gr\u00e4chen. D&#039;autres questions ? N&#039;h\u00e9sitez pas \u00e0 nous contacter.\" \/>\n<meta name=\"robots\" content=\"index, follow, max-snippet:-1, max-image-preview:large, max-video-preview:-1\" \/>\n<link rel=\"canonical\" href=\"https:\/\/hotel-gaedi.ch\/fr\/faq\/\" \/>\n<meta property=\"og:locale\" content=\"fr_FR\" \/>\n<meta property=\"og:type\" content=\"article\" \/>\n<meta property=\"og:title\" content=\"FAQ Questions fr\u00e9quentes | H\u00f4tel G\u00e4di Gr\u00e4chen\" \/>\n<meta property=\"og:description\" content=\"Toutes les r\u00e9ponses aux questions les plus fr\u00e9quemment pos\u00e9es sur l&#039;h\u00f4tel G\u00e4di \u00e0 Gr\u00e4chen. D&#039;autres questions ? N&#039;h\u00e9sitez pas \u00e0 nous contacter.\" \/>\n<meta property=\"og:url\" content=\"https:\/\/hotel-gaedi.ch\/fr\/faq\/\" \/>\n<meta property=\"og:site_name\" content=\"Hotel G\u00e4di\" \/>\n<meta property=\"article:modified_time\" content=\"2026-04-16T17:49:30+00:00\" \/>\n<meta name=\"twitter:card\" content=\"summary_large_image\" \/>\n<meta name=\"twitter:label1\" content=\"Dur\u00e9e de lecture estim\u00e9e\" \/>\n\t<meta name=\"twitter:data1\" content=\"3 minutes\" \/>\n<script type=\"application\/ld+json\" class=\"yoast-schema-graph\">{\"@context\":\"https:\\\/\\\/schema.org\",\"@graph\":[{\"@type\":\"WebPage\",\"@id\":\"https:\\\/\\\/hotel-gaedi.ch\\\/fr\\\/faq\\\/\",\"url\":\"https:\\\/\\\/hotel-gaedi.ch\\\/fr\\\/faq\\\/\",\"name\":\"FAQ Questions fr\u00e9quentes | H\u00f4tel G\u00e4di Gr\u00e4chen\",\"isPartOf\":{\"@id\":\"https:\\\/\\\/hotel-gaedi.ch\\\/#website\"},\"datePublished\":\"2022-09-10T11:04:04+00:00\",\"dateModified\":\"2026-04-16T17:49:30+00:00\",\"description\":\"Toutes les r\u00e9ponses aux questions les plus fr\u00e9quemment pos\u00e9es sur l'h\u00f4tel G\u00e4di \u00e0 Gr\u00e4chen. D'autres questions ? N'h\u00e9sitez pas \u00e0 nous contacter.\",\"breadcrumb\":{\"@id\":\"https:\\\/\\\/hotel-gaedi.ch\\\/fr\\\/faq\\\/#breadcrumb\"},\"inLanguage\":\"fr-FR\",\"potentialAction\":[{\"@type\":\"ReadAction\",\"target\":[\"https:\\\/\\\/hotel-gaedi.ch\\\/fr\\\/faq\\\/\"]}]},{\"@type\":\"BreadcrumbList\",\"@id\":\"https:\\\/\\\/hotel-gaedi.ch\\\/fr\\\/faq\\\/#breadcrumb\",\"itemListElement\":[{\"@type\":\"ListItem\",\"position\":1,\"name\":\"Home\",\"item\":\"https:\\\/\\\/hotel-gaedi.ch\\\/fr\\\/\"},{\"@type\":\"ListItem\",\"position\":2,\"name\":\"FAQ\"}]},{\"@type\":\"WebSite\",\"@id\":\"https:\\\/\\\/hotel-gaedi.ch\\\/#website\",\"url\":\"https:\\\/\\\/hotel-gaedi.ch\\\/\",\"name\":\"Hotel G\u00e4di\",\"description\":\"Ferien im Hotel G\u00e4di - Gr\u00e4chen\",\"potentialAction\":[{\"@type\":\"SearchAction\",\"target\":{\"@type\":\"EntryPoint\",\"urlTemplate\":\"https:\\\/\\\/hotel-gaedi.ch\\\/?s={search_term_string}\"},\"query-input\":{\"@type\":\"PropertyValueSpecification\",\"valueRequired\":true,\"valueName\":\"search_term_string\"}}],\"inLanguage\":\"fr-FR\"}]}<\/script>\n<!-- \/ Yoast SEO plugin. -->","yoast_head_json":{"title":"FAQ Questions fr\u00e9quentes | H\u00f4tel G\u00e4di Gr\u00e4chen","description":"Toutes les r\u00e9ponses aux questions les plus fr\u00e9quemment pos\u00e9es sur l'h\u00f4tel G\u00e4di \u00e0 Gr\u00e4chen. D'autres questions ? N'h\u00e9sitez pas \u00e0 nous contacter.","robots":{"index":"index","follow":"follow","max-snippet":"max-snippet:-1","max-image-preview":"max-image-preview:large","max-video-preview":"max-video-preview:-1"},"canonical":"https:\/\/hotel-gaedi.ch\/fr\/faq\/","og_locale":"fr_FR","og_type":"article","og_title":"FAQ Questions fr\u00e9quentes | H\u00f4tel G\u00e4di Gr\u00e4chen","og_description":"Toutes les r\u00e9ponses aux questions les plus fr\u00e9quemment pos\u00e9es sur l'h\u00f4tel G\u00e4di \u00e0 Gr\u00e4chen. D'autres questions ? N'h\u00e9sitez pas \u00e0 nous contacter.","og_url":"https:\/\/hotel-gaedi.ch\/fr\/faq\/","og_site_name":"Hotel G\u00e4di","article_modified_time":"2026-04-16T17:49:30+00:00","twitter_card":"summary_large_image","twitter_misc":{"Dur\u00e9e de lecture estim\u00e9e":"3 minutes"},"schema":{"@context":"https:\/\/schema.org","@graph":[{"@type":"WebPage","@id":"https:\/\/hotel-gaedi.ch\/fr\/faq\/","url":"https:\/\/hotel-gaedi.ch\/fr\/faq\/","name":"FAQ Questions fr\u00e9quentes | H\u00f4tel G\u00e4di Gr\u00e4chen","isPartOf":{"@id":"https:\/\/hotel-gaedi.ch\/#website"},"datePublished":"2022-09-10T11:04:04+00:00","dateModified":"2026-04-16T17:49:30+00:00","description":"Toutes les r\u00e9ponses aux questions les plus fr\u00e9quemment pos\u00e9es sur l'h\u00f4tel G\u00e4di \u00e0 Gr\u00e4chen. D'autres questions ? N'h\u00e9sitez pas \u00e0 nous contacter.","breadcrumb":{"@id":"https:\/\/hotel-gaedi.ch\/fr\/faq\/#breadcrumb"},"inLanguage":"fr-FR","potentialAction":[{"@type":"ReadAction","target":["https:\/\/hotel-gaedi.ch\/fr\/faq\/"]}]},{"@type":"BreadcrumbList","@id":"https:\/\/hotel-gaedi.ch\/fr\/faq\/#breadcrumb","itemListElement":[{"@type":"ListItem","position":1,"name":"Home","item":"https:\/\/hotel-gaedi.ch\/fr\/"},{"@type":"ListItem","position":2,"name":"FAQ"}]},{"@type":"WebSite","@id":"https:\/\/hotel-gaedi.ch\/#website","url":"https:\/\/hotel-gaedi.ch\/","name":"Hotel G\u00e4di","description":"Ferien im Hotel G\u00e4di - Gr\u00e4chen","potentialAction":[{"@type":"SearchAction","target":{"@type":"EntryPoint","urlTemplate":"https:\/\/hotel-gaedi.ch\/?s={search_term_string}"},"query-input":{"@type":"PropertyValueSpecification","valueRequired":true,"valueName":"search_term_string"}}],"inLanguage":"fr-FR"}]}},"_links":{"self":[{"href":"https:\/\/hotel-gaedi.ch\/fr\/wp-json\/wp\/v2\/pages\/3430","targetHints":{"allow":["GET"]}}],"collection":[{"href":"https:\/\/hotel-gaedi.ch\/fr\/wp-json\/wp\/v2\/pages"}],"about":[{"href":"https:\/\/hotel-gaedi.ch\/fr\/wp-json\/wp\/v2\/types\/page"}],"author":[{"embeddable":true,"href":"https:\/\/hotel-gaedi.ch\/fr\/wp-json\/wp\/v2\/users\/1"}],"replies":[{"embeddable":true,"href":"https:\/\/hotel-gaedi.ch\/fr\/wp-json\/wp\/v2\/comments?post=3430"}],"version-history":[{"count":11,"href":"https:\/\/hotel-gaedi.ch\/fr\/wp-json\/wp\/v2\/pages\/3430\/revisions"}],"predecessor-version":[{"id":4739,"href":"https:\/\/hotel-gaedi.ch\/fr\/wp-json\/wp\/v2\/pages\/3430\/revisions\/4739"}],"wp:attachment":[{"href":"https:\/\/hotel-gaedi.ch\/fr\/wp-json\/wp\/v2\/media?parent=3430"}],"curies":[{"name":"wp","href":"https:\/\/api.w.org\/{rel}","templated":true}]}}