{"id":3432,"date":"2022-09-09T12:17:52","date_gmt":"2022-09-09T10:17:52","guid":{"rendered":"https:\/\/hotel-gaedi.ch\/arrivee-contact\/"},"modified":"2023-11-29T10:33:49","modified_gmt":"2023-11-29T09:33:49","slug":"arrivee-contact","status":"publish","type":"page","link":"https:\/\/hotel-gaedi.ch\/fr\/arrivee-contact\/","title":{"rendered":"Arriv\u00e9e &amp; contact"},"content":{"rendered":"\n<div class=\"wp-block-group container-fluid header-teaser iframe\"><div class=\"wp-block-group__inner-container is-layout-flow wp-block-group-is-layout-flow\">\n<div class=\"wp-block-columns row is-layout-flex wp-container-core-columns-is-layout-9d6595d7 wp-block-columns-is-layout-flex\">\n<div class=\"wp-block-column col-12 is-layout-flow wp-block-column-is-layout-flow\">\n<div class=\"wp-block-group container\"><div class=\"wp-block-group__inner-container is-layout-flow wp-block-group-is-layout-flow\">\n<div class=\"wp-block-columns row is-layout-flex wp-container-core-columns-is-layout-9d6595d7 wp-block-columns-is-layout-flex\">\n<div class=\"wp-block-column col-md-12 col-lg-6 order-2 order-lg-1 is-layout-flow wp-block-column-is-layout-flow\">\n<div class=\"wp-block-group\"><div class=\"wp-block-group__inner-container is-layout-flow wp-block-group-is-layout-flow\">\n<h1 class=\"wp-block-heading\">Acc\u00e8s et contact<\/h1>\n\n\n\n<p>Martin Brigger &amp; M\u00e9lanie Williner <\/p>\n\n\n\n<p>H\u00f4tel G\u00e4di <br\/>pr\u00e8s du t\u00e9l\u00e9ph\u00e9rique Hannigalp  <br\/>Rue de l&rsquo;Ours 466  <br\/>3925 Gr\u00e4chen  <\/p>\n\n\n\n<p>T\u00e9l. +41 27 956 18 28<br\/><a href=\"mailto:info@hotel-gaedi.ch\"><\/a><a href=\"mailto:info@hotel-gaedi.ch\">info@hotel-gaedi.ch<\/a> <\/p>\n\n\n\n<a href=\"https:\/\/www.facebook.com\/hotel.gaedi.graechen\" target=\"_blank\" rel=\"noopener\"><svg xmlns=\"http:\/\/www.w3.org\/2000\/svg\" xmlns:xlink=\"http:\/\/www.w3.org\/1999\/xlink\" class=\"facebook\" version=\"1.1\" id=\"Capa_1\" x=\"0px\" y=\"0px\" viewbox=\"0 0 48.605 48.605\" style=\"enable-background:new 0 0 48.605 48.605;\" xml:space=\"preserve\">\n<g>\n\t<path d=\"M34.094,8.688h4.756V0.005h-8.643c-0.721-0.03-9.51-0.198-11.788,8.489c-0.033,0.091-0.761,2.157-0.761,6.983l-7.903,0.024 v9.107l7.913-0.023v24.021h12.087v-24h8v-9.131h-8v-2.873C29.755,10.816,30.508,8.688,34.094,8.688z M35.755,17.474v5.131h-8v24 h-8.087V22.579l-7.913,0.023v-5.107l7.934-0.023l-0.021-1.017c-0.104-5.112,0.625-7.262,0.658-7.365 c1.966-7.482,9.473-7.106,9.795-7.086l6.729,0.002v4.683h-2.756c-4.673,0-6.338,3.054-6.338,5.912v4.873L35.755,17.474 L35.755,17.474z\"><\/path>\n<\/g><\/svg><\/a>\n\n<a href=\"https:\/\/instagram.com\/hotelgaedi?igshid=YmMyMTA2M2Y=\" target=\"_blank\" rel=\"noopener\">\n<svg xmlns=\"http:\/\/www.w3.org\/2000\/svg\" class=\"insta\" width=\"64px\" height=\"64px\" viewbox=\"0 0 64 64\"><title><\/title><path d=\"M44,57H20A13,13,0,0,1,7,44V20A13,13,0,0,1,20,7H44A13,13,0,0,1,57,20V44A13,13,0,0,1,44,57ZM20,9A11,11,0,0,0,9,20V44A11,11,0,0,0,20,55H44A11,11,0,0,0,55,44V20A11,11,0,0,0,44,9Z\"><\/path><path d=\"M32,43.67A11.67,11.67,0,1,1,43.67,32,11.68,11.68,0,0,1,32,43.67Zm0-21.33A9.67,9.67,0,1,0,41.67,32,9.68,9.68,0,0,0,32,22.33Z\"><\/path><path d=\"M44.5,21A3.5,3.5,0,1,1,48,17.5,3.5,3.5,0,0,1,44.5,21Zm0-5A1.5,1.5,0,1,0,46,17.5,1.5,1.5,0,0,0,44.5,16Z\"><\/path><\/svg><\/a>\n<\/div><\/div>\n<\/div>\n\n\n\n<div class=\"wp-block-column col-md-12 col-lg-6 order-1 order-lg-2 is-layout-flow wp-block-column-is-layout-flow\">\n<iframe src=\"https:\/\/www.google.com\/maps\/embed?pb=!1m14!1m8!1m3!1d11046.619568786355!2d7.8419899!3d46.1974258!3m2!1i1024!2i768!4f13.1!3m3!1m2!1s0x0%3A0x98647199283b6ccc!2sHotel%20G%C3%A4di!5e0!3m2!1sde!2sch!4v1665148899106!5m2!1sde!2sch\" style=\"border:0;\" allowfullscreen=\"\" loading=\"lazy\" referrerpolicy=\"no-referrer-when-downgrade\" width=\"600\" height=\"450\"><\/iframe>\n<\/div>\n<\/div>\n<\/div><\/div>\n<\/div>\n<\/div>\n<\/div><\/div>\n\n<div class=\"wp-block-group container-fluid section-dark-bg-icons-text noBg\"><div class=\"wp-block-group__inner-container is-layout-flow wp-block-group-is-layout-flow\">\n<div class=\"wp-block-group container\"><div class=\"wp-block-group__inner-container is-layout-flow wp-block-group-is-layout-flow\">\n<div class=\"wp-block-columns row gx-6 is-layout-flex wp-container-core-columns-is-layout-9d6595d7 wp-block-columns-is-layout-flex\">\n<div class=\"wp-block-column col-12 col-lg-4 is-layout-flow wp-block-column-is-layout-flow\">\n<figure class=\"wp-block-image size-large\"><img decoding=\"async\" src=\"https:\/\/hotel-gaedi.ch\/wp-content\/uploads\/2022\/10\/001-car.svg\" alt=\"\" class=\"wp-image-1451\"\/><\/figure>\n\n\n\n<h4 class=\"wp-block-heading\">En voiture<\/h4>\n\n\n\n<p>Planifiez votre arriv\u00e9e dans la station de vacances de Gr\u00e4chen | Valais. L&rsquo;h\u00f4tel G\u00e4di propose des places de parking en plein air ou dans le garage.<\/p>\n<\/div>\n\n\n\n<div class=\"wp-block-column col-12 col-lg-4 is-layout-flow wp-block-column-is-layout-flow\">\n<figure class=\"wp-block-image size-large\"><img decoding=\"async\" src=\"https:\/\/hotel-gaedi.ch\/wp-content\/uploads\/2022\/10\/002-train.svg\" alt=\"\" class=\"wp-image-1453\"\/><\/figure>\n\n\n\n<h4 class=\"wp-block-heading\">En train<\/h4>\n\n\n\n<p>Le voyage avec les <a href=\"https:\/\/www.sbb.ch\/de\" target=\"_blank\" rel=\"noreferrer noopener\">CFF<\/a> est confortable et attrayant ; \u00e0 la gare de Vi\u00e8ge, le trajet se poursuit avec le Matterhorn Gotthard Bahn jusqu&rsquo;\u00e0 Saint-Nicolas. D\u00e9parts toutes les demi-heures.<\/p>\n\n\n\n<p>Changer de bus. <\/p>\n\n\n\n<p>Les week-ends et les jours f\u00e9ri\u00e9s, bus directs au d\u00e9part de Vi\u00e8ge.<\/p>\n<\/div>\n\n\n\n<div class=\"wp-block-column col-12 col-lg-4 is-layout-flow wp-block-column-is-layout-flow\">\n<figure class=\"wp-block-image size-large\"><img decoding=\"async\" src=\"https:\/\/hotel-gaedi.ch\/wp-content\/uploads\/2022\/10\/003-departures.svg\" alt=\"\" class=\"wp-image-1454\"\/><\/figure>\n\n\n\n<h4 class=\"wp-block-heading\">En avion<\/h4>\n\n\n\n<p>Gr\u00e4chen est accessible en train depuis l&rsquo;a\u00e9roport de Gen\u00e8ve ou de Zurich. <\/p>\n<\/div>\n<\/div>\n\n\n\n<div class=\"wp-block-columns row gx-6 pt-5 is-layout-flex wp-container-core-columns-is-layout-9d6595d7 wp-block-columns-is-layout-flex\">\n<div class=\"wp-block-column col-12 col-lg-4 is-layout-flow wp-block-column-is-layout-flow\">\n<figure class=\"wp-block-image size-large\"><img decoding=\"async\" src=\"https:\/\/hotel-gaedi.ch\/wp-content\/uploads\/2022\/10\/zufuss.svg\" alt=\"\" class=\"wp-image-2123\"\/><\/figure>\n\n\n\n<h4 class=\"wp-block-heading\">A pied<\/h4>\n\n\n\n<p>Gr\u00e4chen en Valais est situ\u00e9 sur des itin\u00e9raires de randonn\u00e9e connus et peut \u00eatre facilement atteint \u00e0 pied.<\/p>\n<\/div>\n\n\n\n<div class=\"wp-block-column col-12 col-lg-4 is-layout-flow wp-block-column-is-layout-flow\">\n<figure class=\"wp-block-image size-large\"><img decoding=\"async\" src=\"https:\/\/hotel-gaedi.ch\/wp-content\/uploads\/2022\/10\/veloraum.svg\" alt=\"\" class=\"wp-image-1308\"\/><\/figure>\n\n\n\n<h4 class=\"wp-block-heading\">En v\u00e9lo<\/h4>\n\n\n\n<p>Gr\u00e4chen a \u00e9t\u00e9 le lieu de d\u00e9part des Championnats du monde de VTT 2019. Vers et depuis Gr\u00e4chen, il existe des itin\u00e9raires et des trails.<\/p>\n<\/div>\n<\/div>\n<\/div><\/div>\n<\/div><\/div>\n\n<div class=\"wp-block-group container gaedi-forms\"><div class=\"wp-block-group__inner-container is-layout-flow wp-block-group-is-layout-flow\">\n<div class=\"wp-block-columns row is-layout-flex wp-container-core-columns-is-layout-9d6595d7 wp-block-columns-is-layout-flex\">\n<div class=\"wp-block-column col-12 is-layout-flow wp-block-column-is-layout-flow\">\n<h2 class=\"wp-block-heading\">Votre demande : le premier pas vers votre bonheur<\/h2>\n<\/div>\n<\/div>\n\n\n\n<div class=\"wp-block-columns row is-layout-flex wp-container-core-columns-is-layout-9d6595d7 wp-block-columns-is-layout-flex\">\n<div class=\"wp-block-column col-12 is-layout-flow wp-block-column-is-layout-flow\">\n<div class=\"wp-block-contact-form-7-contact-form-selector\">\n<div class=\"wpcf7 no-js\" id=\"wpcf7-f3401-o1\" lang=\"fr-FR\" dir=\"ltr\" data-wpcf7-id=\"3401\">\n<div class=\"screen-reader-response\"><p role=\"status\" aria-live=\"polite\" aria-atomic=\"true\"><\/p> <ul><\/ul><\/div>\n<form action=\"\/fr\/wp-json\/wp\/v2\/pages\/3432#wpcf7-f3401-o1\" method=\"post\" class=\"wpcf7-form init\" aria-label=\"Formulaire de contact\" novalidate=\"novalidate\" data-status=\"init\">\n<fieldset class=\"hidden-fields-container\"><input type=\"hidden\" name=\"_wpcf7\" value=\"3401\" \/><input type=\"hidden\" name=\"_wpcf7_version\" value=\"6.1.5\" \/><input type=\"hidden\" name=\"_wpcf7_locale\" value=\"fr_FR\" \/><input type=\"hidden\" name=\"_wpcf7_unit_tag\" value=\"wpcf7-f3401-o1\" \/><input type=\"hidden\" name=\"_wpcf7_container_post\" value=\"0\" \/><input type=\"hidden\" name=\"_wpcf7_posted_data_hash\" value=\"\" \/><input type=\"hidden\" name=\"_wpcf7_recaptcha_response\" value=\"\" \/>\n<\/fieldset>\n<div class=\"row\">\n\t<div class=\"col-12 col-md-6\">\n\t\t<p><span class=\"wpcf7-form-control-wrap\" data-name=\"vorname-nachname\"><input size=\"40\" maxlength=\"400\" class=\"wpcf7-form-control wpcf7-text wpcf7-validates-as-required\" aria-required=\"true\" aria-invalid=\"false\" placeholder=\"Pr\u00e9nom \/ Nom de famille\" value=\"\" type=\"text\" name=\"vorname-nachname\" \/><\/span>\n\t\t<\/p>\n\t<\/div>\n\t<div class=\"col-12 col-md-6\">\n\t\t<p><span class=\"wpcf7-form-control-wrap\" data-name=\"adresse\"><input size=\"40\" maxlength=\"400\" class=\"wpcf7-form-control wpcf7-text wpcf7-validates-as-required\" aria-required=\"true\" aria-invalid=\"false\" placeholder=\"Adresse*\" value=\"\" type=\"text\" name=\"adresse\" \/><\/span>\n\t\t<\/p>\n\t<\/div>\n<\/div>\n<div class=\"row\">\n\t<div class=\"col-12 col-md-6\">\n\t\t<p><span class=\"wpcf7-form-control-wrap\" data-name=\"plz-ort\"><input size=\"40\" maxlength=\"400\" class=\"wpcf7-form-control wpcf7-text wpcf7-validates-as-required\" aria-required=\"true\" aria-invalid=\"false\" placeholder=\"NPA\/Lieu*\" value=\"\" type=\"text\" name=\"plz-ort\" \/><\/span>\n\t\t<\/p>\n\t<\/div>\n\t<div class=\"col-12 col-md-6\">\n\t\t<p><span class=\"wpcf7-form-control-wrap\" data-name=\"land\"><input size=\"40\" maxlength=\"400\" class=\"wpcf7-form-control wpcf7-text wpcf7-validates-as-required\" aria-required=\"true\" aria-invalid=\"false\" placeholder=\"Land*\" value=\"\" type=\"text\" name=\"land\" \/><\/span>\n\t\t<\/p>\n\t<\/div>\n<\/div>\n<div class=\"row\">\n\t<div class=\"col-12 col-md-6\">\n\t\t<p><span class=\"wpcf7-form-control-wrap\" data-name=\"email\"><input size=\"40\" maxlength=\"400\" class=\"wpcf7-form-control wpcf7-email wpcf7-validates-as-required wpcf7-text wpcf7-validates-as-email\" aria-required=\"true\" aria-invalid=\"false\" placeholder=\"Email*\" value=\"\" type=\"email\" name=\"email\" \/><\/span>\n\t\t<\/p>\n\t<\/div>\n\t<div class=\"col-12 col-md-6\">\n\t\t<p><span class=\"wpcf7-form-control-wrap\" data-name=\"telefon\"><input size=\"40\" maxlength=\"400\" class=\"wpcf7-form-control wpcf7-text wpcf7-validates-as-required\" aria-required=\"true\" aria-invalid=\"false\" placeholder=\"T\u00e9l\u00e9phone*\" value=\"\" type=\"text\" name=\"telefon\" \/><\/span>\n\t\t<\/p>\n\t<\/div>\n<\/div>\n<div class=\"row\">\n\t<div class=\"col-12\">\n\t\t<p><span class=\"wpcf7-form-control-wrap\" data-name=\"nachricht\"><textarea cols=\"40\" rows=\"10\" maxlength=\"2000\" class=\"wpcf7-form-control wpcf7-textarea\" aria-invalid=\"false\" placeholder=\"Message\" name=\"nachricht\"><\/textarea><\/span>\n\t\t<\/p>\n\t<\/div>\n<\/div>\n<div class=\"row\">\n\t<div class=\"col-4 col-lg-2 offset-sm-8 offset-lg-10\">\n\t\t<p><input class=\"wpcf7-form-control wpcf7-submit has-spinner\" type=\"submit\" value=\"Envoyer\" \/>\n\t\t<\/p>\n\t<\/div>\n<\/div><div class=\"wpcf7-response-output\" aria-hidden=\"true\"><\/div>\n<\/form>\n<\/div>\n<\/div>\n<\/div>\n<\/div>\n<\/div><\/div>\n","protected":false},"excerpt":{"rendered":"<p>Acc\u00e8s et contact Martin Brigger &amp; M\u00e9lanie Williner H\u00f4tel G\u00e4di pr\u00e8s du t\u00e9l\u00e9ph\u00e9rique Hannigalp Rue de l&rsquo;Ours 466 3925 Gr\u00e4chen T\u00e9l. +41 27 956 18 28info@hotel-gaedi.ch En voiture Planifiez votre arriv\u00e9e dans la station de vacances de Gr\u00e4chen | Valais. L&rsquo;h\u00f4tel G\u00e4di propose des places de parking en plein air ou dans le garage. En [&hellip;]<\/p>\n","protected":false},"author":1,"featured_media":0,"parent":0,"menu_order":0,"comment_status":"closed","ping_status":"closed","template":"","meta":{"_acf_changed":false,"inline_featured_image":false,"footnotes":""},"class_list":["post-3432","page","type-page","status-publish","hentry"],"acf":[],"yoast_head":"<!-- This site is optimized with the Yoast SEO plugin v27.5 - https:\/\/yoast.com\/product\/yoast-seo-wordpress\/ -->\n<title>Arriv\u00e9e &amp; contact | H\u00f4tel G\u00e4di Gr\u00e4chen<\/title>\n<meta name=\"description\" content=\"L&#039;h\u00f4tel G\u00e4di jouit d&#039;une situation centrale et ensoleill\u00e9e \u00e0 Gr\u00e4chen, juste \u00e0 c\u00f4t\u00e9 des pistes de ski et de la t\u00e9l\u00e9cabine des contes de f\u00e9es.\" \/>\n<meta name=\"robots\" content=\"index, follow, max-snippet:-1, max-image-preview:large, max-video-preview:-1\" \/>\n<link rel=\"canonical\" href=\"https:\/\/hotel-gaedi.ch\/fr\/arrivee-contact\/\" \/>\n<meta property=\"og:locale\" content=\"fr_FR\" \/>\n<meta property=\"og:type\" content=\"article\" \/>\n<meta property=\"og:title\" content=\"Arriv\u00e9e &amp; contact | H\u00f4tel G\u00e4di Gr\u00e4chen\" \/>\n<meta property=\"og:description\" content=\"L&#039;h\u00f4tel G\u00e4di jouit d&#039;une situation centrale et ensoleill\u00e9e \u00e0 Gr\u00e4chen, juste \u00e0 c\u00f4t\u00e9 des pistes de ski et de la t\u00e9l\u00e9cabine des contes de f\u00e9es.\" \/>\n<meta property=\"og:url\" content=\"https:\/\/hotel-gaedi.ch\/fr\/arrivee-contact\/\" \/>\n<meta property=\"og:site_name\" content=\"Hotel G\u00e4di\" \/>\n<meta property=\"article:modified_time\" content=\"2023-11-29T09:33:49+00:00\" \/>\n<meta property=\"og:image\" content=\"https:\/\/hotel-gaedi.ch\/wp-content\/uploads\/2022\/10\/001-car.svg\" \/>\n<meta name=\"twitter:card\" content=\"summary_large_image\" \/>\n<meta name=\"twitter:label1\" content=\"Dur\u00e9e de lecture estim\u00e9e\" \/>\n\t<meta name=\"twitter:data1\" content=\"1 minute\" \/>\n<script type=\"application\/ld+json\" class=\"yoast-schema-graph\">{\"@context\":\"https:\\\/\\\/schema.org\",\"@graph\":[{\"@type\":\"WebPage\",\"@id\":\"https:\\\/\\\/hotel-gaedi.ch\\\/fr\\\/arrivee-contact\\\/\",\"url\":\"https:\\\/\\\/hotel-gaedi.ch\\\/fr\\\/arrivee-contact\\\/\",\"name\":\"Arriv\u00e9e & contact | H\u00f4tel G\u00e4di Gr\u00e4chen\",\"isPartOf\":{\"@id\":\"https:\\\/\\\/hotel-gaedi.ch\\\/#website\"},\"primaryImageOfPage\":{\"@id\":\"https:\\\/\\\/hotel-gaedi.ch\\\/fr\\\/arrivee-contact\\\/#primaryimage\"},\"image\":{\"@id\":\"https:\\\/\\\/hotel-gaedi.ch\\\/fr\\\/arrivee-contact\\\/#primaryimage\"},\"thumbnailUrl\":\"https:\\\/\\\/hotel-gaedi.ch\\\/wp-content\\\/uploads\\\/2022\\\/10\\\/001-car.svg\",\"datePublished\":\"2022-09-09T10:17:52+00:00\",\"dateModified\":\"2023-11-29T09:33:49+00:00\",\"description\":\"L'h\u00f4tel G\u00e4di jouit d'une situation centrale et ensoleill\u00e9e \u00e0 Gr\u00e4chen, juste \u00e0 c\u00f4t\u00e9 des pistes de ski et de la t\u00e9l\u00e9cabine des contes de f\u00e9es.\",\"breadcrumb\":{\"@id\":\"https:\\\/\\\/hotel-gaedi.ch\\\/fr\\\/arrivee-contact\\\/#breadcrumb\"},\"inLanguage\":\"fr-FR\",\"potentialAction\":[{\"@type\":\"ReadAction\",\"target\":[\"https:\\\/\\\/hotel-gaedi.ch\\\/fr\\\/arrivee-contact\\\/\"]}]},{\"@type\":\"ImageObject\",\"inLanguage\":\"fr-FR\",\"@id\":\"https:\\\/\\\/hotel-gaedi.ch\\\/fr\\\/arrivee-contact\\\/#primaryimage\",\"url\":\"https:\\\/\\\/hotel-gaedi.ch\\\/wp-content\\\/uploads\\\/2022\\\/10\\\/001-car.svg\",\"contentUrl\":\"https:\\\/\\\/hotel-gaedi.ch\\\/wp-content\\\/uploads\\\/2022\\\/10\\\/001-car.svg\"},{\"@type\":\"BreadcrumbList\",\"@id\":\"https:\\\/\\\/hotel-gaedi.ch\\\/fr\\\/arrivee-contact\\\/#breadcrumb\",\"itemListElement\":[{\"@type\":\"ListItem\",\"position\":1,\"name\":\"Home\",\"item\":\"https:\\\/\\\/hotel-gaedi.ch\\\/fr\\\/\"},{\"@type\":\"ListItem\",\"position\":2,\"name\":\"Arriv\u00e9e &amp; contact\"}]},{\"@type\":\"WebSite\",\"@id\":\"https:\\\/\\\/hotel-gaedi.ch\\\/#website\",\"url\":\"https:\\\/\\\/hotel-gaedi.ch\\\/\",\"name\":\"Hotel G\u00e4di\",\"description\":\"Ferien im Hotel G\u00e4di - Gr\u00e4chen\",\"potentialAction\":[{\"@type\":\"SearchAction\",\"target\":{\"@type\":\"EntryPoint\",\"urlTemplate\":\"https:\\\/\\\/hotel-gaedi.ch\\\/?s={search_term_string}\"},\"query-input\":{\"@type\":\"PropertyValueSpecification\",\"valueRequired\":true,\"valueName\":\"search_term_string\"}}],\"inLanguage\":\"fr-FR\"}]}<\/script>\n<!-- \/ Yoast SEO plugin. -->","yoast_head_json":{"title":"Arriv\u00e9e & contact | H\u00f4tel G\u00e4di Gr\u00e4chen","description":"L'h\u00f4tel G\u00e4di jouit d'une situation centrale et ensoleill\u00e9e \u00e0 Gr\u00e4chen, juste \u00e0 c\u00f4t\u00e9 des pistes de ski et de la t\u00e9l\u00e9cabine des contes de f\u00e9es.","robots":{"index":"index","follow":"follow","max-snippet":"max-snippet:-1","max-image-preview":"max-image-preview:large","max-video-preview":"max-video-preview:-1"},"canonical":"https:\/\/hotel-gaedi.ch\/fr\/arrivee-contact\/","og_locale":"fr_FR","og_type":"article","og_title":"Arriv\u00e9e & contact | H\u00f4tel G\u00e4di Gr\u00e4chen","og_description":"L'h\u00f4tel G\u00e4di jouit d'une situation centrale et ensoleill\u00e9e \u00e0 Gr\u00e4chen, juste \u00e0 c\u00f4t\u00e9 des pistes de ski et de la t\u00e9l\u00e9cabine des contes de f\u00e9es.","og_url":"https:\/\/hotel-gaedi.ch\/fr\/arrivee-contact\/","og_site_name":"Hotel G\u00e4di","article_modified_time":"2023-11-29T09:33:49+00:00","og_image":[{"url":"https:\/\/hotel-gaedi.ch\/wp-content\/uploads\/2022\/10\/001-car.svg","type":"","width":"","height":""}],"twitter_card":"summary_large_image","twitter_misc":{"Dur\u00e9e de lecture estim\u00e9e":"1 minute"},"schema":{"@context":"https:\/\/schema.org","@graph":[{"@type":"WebPage","@id":"https:\/\/hotel-gaedi.ch\/fr\/arrivee-contact\/","url":"https:\/\/hotel-gaedi.ch\/fr\/arrivee-contact\/","name":"Arriv\u00e9e & contact | H\u00f4tel G\u00e4di Gr\u00e4chen","isPartOf":{"@id":"https:\/\/hotel-gaedi.ch\/#website"},"primaryImageOfPage":{"@id":"https:\/\/hotel-gaedi.ch\/fr\/arrivee-contact\/#primaryimage"},"image":{"@id":"https:\/\/hotel-gaedi.ch\/fr\/arrivee-contact\/#primaryimage"},"thumbnailUrl":"https:\/\/hotel-gaedi.ch\/wp-content\/uploads\/2022\/10\/001-car.svg","datePublished":"2022-09-09T10:17:52+00:00","dateModified":"2023-11-29T09:33:49+00:00","description":"L'h\u00f4tel G\u00e4di jouit d'une situation centrale et ensoleill\u00e9e \u00e0 Gr\u00e4chen, juste \u00e0 c\u00f4t\u00e9 des pistes de ski et de la t\u00e9l\u00e9cabine des contes de f\u00e9es.","breadcrumb":{"@id":"https:\/\/hotel-gaedi.ch\/fr\/arrivee-contact\/#breadcrumb"},"inLanguage":"fr-FR","potentialAction":[{"@type":"ReadAction","target":["https:\/\/hotel-gaedi.ch\/fr\/arrivee-contact\/"]}]},{"@type":"ImageObject","inLanguage":"fr-FR","@id":"https:\/\/hotel-gaedi.ch\/fr\/arrivee-contact\/#primaryimage","url":"https:\/\/hotel-gaedi.ch\/wp-content\/uploads\/2022\/10\/001-car.svg","contentUrl":"https:\/\/hotel-gaedi.ch\/wp-content\/uploads\/2022\/10\/001-car.svg"},{"@type":"BreadcrumbList","@id":"https:\/\/hotel-gaedi.ch\/fr\/arrivee-contact\/#breadcrumb","itemListElement":[{"@type":"ListItem","position":1,"name":"Home","item":"https:\/\/hotel-gaedi.ch\/fr\/"},{"@type":"ListItem","position":2,"name":"Arriv\u00e9e &amp; contact"}]},{"@type":"WebSite","@id":"https:\/\/hotel-gaedi.ch\/#website","url":"https:\/\/hotel-gaedi.ch\/","name":"Hotel G\u00e4di","description":"Ferien im Hotel G\u00e4di - Gr\u00e4chen","potentialAction":[{"@type":"SearchAction","target":{"@type":"EntryPoint","urlTemplate":"https:\/\/hotel-gaedi.ch\/?s={search_term_string}"},"query-input":{"@type":"PropertyValueSpecification","valueRequired":true,"valueName":"search_term_string"}}],"inLanguage":"fr-FR"}]}},"_links":{"self":[{"href":"https:\/\/hotel-gaedi.ch\/fr\/wp-json\/wp\/v2\/pages\/3432","targetHints":{"allow":["GET"]}}],"collection":[{"href":"https:\/\/hotel-gaedi.ch\/fr\/wp-json\/wp\/v2\/pages"}],"about":[{"href":"https:\/\/hotel-gaedi.ch\/fr\/wp-json\/wp\/v2\/types\/page"}],"author":[{"embeddable":true,"href":"https:\/\/hotel-gaedi.ch\/fr\/wp-json\/wp\/v2\/users\/1"}],"replies":[{"embeddable":true,"href":"https:\/\/hotel-gaedi.ch\/fr\/wp-json\/wp\/v2\/comments?post=3432"}],"version-history":[{"count":2,"href":"https:\/\/hotel-gaedi.ch\/fr\/wp-json\/wp\/v2\/pages\/3432\/revisions"}],"predecessor-version":[{"id":4081,"href":"https:\/\/hotel-gaedi.ch\/fr\/wp-json\/wp\/v2\/pages\/3432\/revisions\/4081"}],"wp:attachment":[{"href":"https:\/\/hotel-gaedi.ch\/fr\/wp-json\/wp\/v2\/media?parent=3432"}],"curies":[{"name":"wp","href":"https:\/\/api.w.org\/{rel}","templated":true}]}}