{"id":3434,"date":"2022-09-09T12:17:09","date_gmt":"2022-09-09T10:17:09","guid":{"rendered":"https:\/\/hotel-gaedi.ch\/bien-etre-spa\/"},"modified":"2022-11-29T19:52:40","modified_gmt":"2022-11-29T18:52:40","slug":"bien-etre-spa","status":"publish","type":"page","link":"https:\/\/hotel-gaedi.ch\/fr\/bien-etre-spa\/","title":{"rendered":"Bien-\u00eatre &amp; Spa"},"content":{"rendered":"\n<div class=\"wp-block-group container-fluid section-75percent-image-text-white-bg\"><div class=\"wp-block-group__inner-container is-layout-flow wp-block-group-is-layout-flow\">\n<div class=\"wp-block-columns row is-layout-flex wp-container-core-columns-is-layout-9d6595d7 wp-block-columns-is-layout-flex\">\n<div class=\"wp-block-column col-12 is-layout-flow wp-block-column-is-layout-flow\">\n<div class=\"wp-block-group container\"><div class=\"wp-block-group__inner-container is-layout-flow wp-block-group-is-layout-flow\">\n<div class=\"wp-block-columns row is-layout-flex wp-container-core-columns-is-layout-9d6595d7 wp-block-columns-is-layout-flex\">\n<div class=\"wp-block-column col-md-12 col-lg-8 is-layout-flow wp-block-column-is-layout-flow\">\n<figure class=\"wp-block-image size-large\"><img loading=\"lazy\" decoding=\"async\" width=\"1024\" height=\"682\" src=\"https:\/\/hotel-gaedi.ch\/wp-content\/uploads\/2022\/10\/zimmer_15-1024x682.jpg\" alt=\"\" class=\"wp-image-1225\" srcset=\"https:\/\/hotel-gaedi.ch\/wp-content\/uploads\/2022\/10\/zimmer_15-1024x682.jpg 1024w, https:\/\/hotel-gaedi.ch\/wp-content\/uploads\/2022\/10\/zimmer_15-500x333.jpg 500w, https:\/\/hotel-gaedi.ch\/wp-content\/uploads\/2022\/10\/zimmer_15-768x511.jpg 768w, https:\/\/hotel-gaedi.ch\/wp-content\/uploads\/2022\/10\/zimmer_15-1536x1022.jpg 1536w, https:\/\/hotel-gaedi.ch\/wp-content\/uploads\/2022\/10\/zimmer_15.jpg 1920w\" sizes=\"auto, (max-width: 1024px) 100vw, 1024px\" \/><\/figure>\n<\/div>\n\n\n\n<div class=\"wp-block-column col-md-12 col-lg-4 is-layout-flow wp-block-column-is-layout-flow\">\n<div class=\"wp-block-group\"><div class=\"wp-block-group__inner-container is-layout-flow wp-block-group-is-layout-flow\">\n<h2 class=\"wp-block-heading\">Le bien-\u00eatre \u00e0 l&rsquo;\u00e9tat pur \u00e0 l&rsquo;h\u00f4tel G\u00e4di \u00e0 Gr\u00e4chen<\/h2>\n\n\n\n<p>La vue d\u00e9gag\u00e9e sur le ciel et les montagnes valaisannes est particuli\u00e8rement impressionnante, tandis que vous vous rem\u00e9morez votre journ\u00e9e de vacances dans le jacuzzi \u00e9clair\u00e9 ou dans la piscine s\u00e9par\u00e9e, dot\u00e9e d&rsquo;une g\u00e9n\u00e9reuse surface de repos et de buses de massage.&nbsp;<\/p>\n<\/div><\/div>\n<\/div>\n<\/div>\n<\/div><\/div>\n<\/div>\n<\/div>\n<\/div><\/div>\n\n\n\n<div class=\"wp-block-group container-fluid section-75percent-image-text-white-bg odd\"><div class=\"wp-block-group__inner-container is-layout-flow wp-block-group-is-layout-flow\">\n<div class=\"wp-block-columns row is-layout-flex wp-container-core-columns-is-layout-9d6595d7 wp-block-columns-is-layout-flex\">\n<div class=\"wp-block-column col-12 is-layout-flow wp-block-column-is-layout-flow\">\n<div class=\"wp-block-group container\"><div class=\"wp-block-group__inner-container is-layout-flow wp-block-group-is-layout-flow\">\n<div class=\"wp-block-columns row is-layout-flex wp-container-core-columns-is-layout-9d6595d7 wp-block-columns-is-layout-flex\">\n<div class=\"wp-block-column col-md-12 col-lg-8 is-layout-flow wp-block-column-is-layout-flow\">\n<figure class=\"wp-block-image size-large\"><img loading=\"lazy\" decoding=\"async\" width=\"1024\" height=\"665\" src=\"https:\/\/hotel-gaedi.ch\/wp-content\/uploads\/2022\/10\/04_Vitarium-1024x665.jpg\" alt=\"\" class=\"wp-image-1224\" srcset=\"https:\/\/hotel-gaedi.ch\/wp-content\/uploads\/2022\/10\/04_Vitarium-1024x665.jpg 1024w, https:\/\/hotel-gaedi.ch\/wp-content\/uploads\/2022\/10\/04_Vitarium-500x324.jpg 500w, https:\/\/hotel-gaedi.ch\/wp-content\/uploads\/2022\/10\/04_Vitarium-768x498.jpg 768w, https:\/\/hotel-gaedi.ch\/wp-content\/uploads\/2022\/10\/04_Vitarium-1536x997.jpg 1536w, https:\/\/hotel-gaedi.ch\/wp-content\/uploads\/2022\/10\/04_Vitarium.jpg 1920w\" sizes=\"auto, (max-width: 1024px) 100vw, 1024px\" \/><\/figure>\n<\/div>\n\n\n\n<div class=\"wp-block-column col-md-12 col-lg-4 is-layout-flow wp-block-column-is-layout-flow\">\n<div class=\"wp-block-group\"><div class=\"wp-block-group__inner-container is-layout-flow wp-block-group-is-layout-flow\">\n<h2 class=\"wp-block-heading\">Le vitarium<\/h2>\n\n\n\n<p>Le Vitarium, unique \u00e0 Gr\u00e4chen : un m\u00e9lange de chaleur agr\u00e9able et de vapeur plaisante, de si\u00e8ges ergonomiques, y compris la musicoth\u00e9rapie et la luminoth\u00e9rapie. Le Vitarium de l&rsquo;h\u00f4tel G\u00e4di peut \u00eatre r\u00e9serv\u00e9 en tant que spa priv\u00e9.<\/p>\n<\/div><\/div>\n<\/div>\n<\/div>\n<\/div><\/div>\n<\/div>\n<\/div>\n<\/div><\/div>\n\n\n\n<div class=\"wp-block-group container-fluid section-75percent-image-text-white-bg\"><div class=\"wp-block-group__inner-container is-layout-flow wp-block-group-is-layout-flow\">\n<div class=\"wp-block-columns row is-layout-flex wp-container-core-columns-is-layout-9d6595d7 wp-block-columns-is-layout-flex\">\n<div class=\"wp-block-column col-12 is-layout-flow wp-block-column-is-layout-flow\">\n<div class=\"wp-block-group container\"><div class=\"wp-block-group__inner-container is-layout-flow wp-block-group-is-layout-flow\">\n<div class=\"wp-block-columns row is-layout-flex wp-container-core-columns-is-layout-9d6595d7 wp-block-columns-is-layout-flex\">\n<div class=\"wp-block-column col-md-12 col-lg-8 is-layout-flow wp-block-column-is-layout-flow\">\n<figure class=\"wp-block-image size-full\"><img loading=\"lazy\" decoding=\"async\" width=\"798\" height=\"528\" src=\"https:\/\/hotel-gaedi.ch\/wp-content\/uploads\/2022\/10\/sauna.jpg\" alt=\"\" class=\"wp-image-1141\" srcset=\"https:\/\/hotel-gaedi.ch\/wp-content\/uploads\/2022\/10\/sauna.jpg 798w, https:\/\/hotel-gaedi.ch\/wp-content\/uploads\/2022\/10\/sauna-500x331.jpg 500w, https:\/\/hotel-gaedi.ch\/wp-content\/uploads\/2022\/10\/sauna-768x508.jpg 768w\" sizes=\"auto, (max-width: 798px) 100vw, 798px\" \/><\/figure>\n<\/div>\n\n\n\n<div class=\"wp-block-column col-md-12 col-lg-4 is-layout-flow wp-block-column-is-layout-flow\">\n<div class=\"wp-block-group\"><div class=\"wp-block-group__inner-container is-layout-flow wp-block-group-is-layout-flow\">\n<h2 class=\"wp-block-heading\">Transpirer et se d\u00e9tendre<\/h2>\n\n\n\n<p>De plus, le sauna finlandais spacieux avec fen\u00eatre panoramique attire les visiteurs. Les chaises longues avec vue sur l&rsquo;ext\u00e9rieur compl\u00e8tent l&rsquo;exp\u00e9rience de d\u00e9tente. L&rsquo;utilisation du petit espace aquatique est gratuite pour les clients de l&rsquo;h\u00f4tel G\u00e4di. Le sauna finlandais peut \u00eatre r\u00e9serv\u00e9 en tant que spa priv\u00e9.<\/p>\n<\/div><\/div>\n<\/div>\n<\/div>\n<\/div><\/div>\n<\/div>\n<\/div>\n<\/div><\/div>\n\n\n\n<div class=\"wp-block-group container introtext-centered-sun-icon-title\"><div class=\"wp-block-group__inner-container is-layout-flow wp-block-group-is-layout-flow\">\n<div class=\"wp-block-columns row is-layout-flex wp-container-core-columns-is-layout-9d6595d7 wp-block-columns-is-layout-flex\">\n<div class=\"wp-block-column col-12 is-layout-flow wp-block-column-is-layout-flow\">\n<figure class=\"wp-block-image size-large is-resized\"><img decoding=\"async\" src=\"https:\/\/hotel-gaedi.ch\/wp-content\/uploads\/2022\/09\/sonne-logo.svg\" alt=\"\" class=\"wp-image-155\" width=\"100\"><\/figure>\n\n\n\n<h4 class=\"wp-block-heading\">\u00ab\u00a0Incroyable de voir \u00e0 quel point nous avons \u00e9t\u00e9 pris en charge avec comp\u00e9tence et amabilit\u00e9. De l&rsquo;accueil \u00e0 la chambre, en passant par la gastronomie, le bien-\u00eatre et le spa, sans oublier le service, tout ne m\u00e9rite que les meilleures notes. Nous reviendrons !\u00a0\u00bb<\/h4>\n<\/div>\n<\/div>\n<\/div><\/div>\n","protected":false},"excerpt":{"rendered":"<p>Le bien-\u00eatre \u00e0 l&rsquo;\u00e9tat pur \u00e0 l&rsquo;h\u00f4tel G\u00e4di \u00e0 Gr\u00e4chen La vue d\u00e9gag\u00e9e sur le ciel et les montagnes valaisannes est particuli\u00e8rement impressionnante, tandis que vous vous rem\u00e9morez votre journ\u00e9e de vacances dans le jacuzzi \u00e9clair\u00e9 ou dans la piscine s\u00e9par\u00e9e, dot\u00e9e d&rsquo;une g\u00e9n\u00e9reuse surface de repos et de buses de massage.&nbsp; Le vitarium Le [&hellip;]<\/p>\n","protected":false},"author":1,"featured_media":0,"parent":0,"menu_order":0,"comment_status":"closed","ping_status":"closed","template":"","meta":{"_acf_changed":false,"inline_featured_image":false,"footnotes":""},"class_list":["post-3434","page","type-page","status-publish","hentry"],"acf":[],"yoast_head":"<!-- This site is optimized with the Yoast SEO plugin v27.5 - https:\/\/yoast.com\/product\/yoast-seo-wordpress\/ -->\n<title>Bien-\u00eatre &amp; Spa | H\u00f4tel G\u00e4di Gr\u00e4chen<\/title>\n<meta name=\"description\" content=\"Vue sur les montagnes valaisannes pendant que vous vous rem\u00e9morez votre journ\u00e9e de vacances dans le jacuzzi ? Notre espace bien-\u00eatre vous enchantera.\" \/>\n<meta name=\"robots\" content=\"index, follow, max-snippet:-1, max-image-preview:large, max-video-preview:-1\" \/>\n<link rel=\"canonical\" href=\"https:\/\/hotel-gaedi.ch\/fr\/bien-etre-spa\/\" \/>\n<meta property=\"og:locale\" content=\"fr_FR\" \/>\n<meta property=\"og:type\" content=\"article\" \/>\n<meta property=\"og:title\" content=\"Bien-\u00eatre &amp; Spa | H\u00f4tel G\u00e4di Gr\u00e4chen\" \/>\n<meta property=\"og:description\" content=\"Vue sur les montagnes valaisannes pendant que vous vous rem\u00e9morez votre journ\u00e9e de vacances dans le jacuzzi ? Notre espace bien-\u00eatre vous enchantera.\" \/>\n<meta property=\"og:url\" content=\"https:\/\/hotel-gaedi.ch\/fr\/bien-etre-spa\/\" \/>\n<meta property=\"og:site_name\" content=\"Hotel G\u00e4di\" \/>\n<meta property=\"article:modified_time\" content=\"2022-11-29T18:52:40+00:00\" \/>\n<meta property=\"og:image\" content=\"https:\/\/hotel-gaedi.ch\/wp-content\/uploads\/2022\/10\/zimmer_15-1024x682.jpg\" \/>\n<meta name=\"twitter:card\" content=\"summary_large_image\" \/>\n<meta name=\"twitter:label1\" content=\"Dur\u00e9e de lecture estim\u00e9e\" \/>\n\t<meta name=\"twitter:data1\" content=\"1 minute\" \/>\n<script type=\"application\/ld+json\" class=\"yoast-schema-graph\">{\"@context\":\"https:\\\/\\\/schema.org\",\"@graph\":[{\"@type\":\"WebPage\",\"@id\":\"https:\\\/\\\/hotel-gaedi.ch\\\/fr\\\/bien-etre-spa\\\/\",\"url\":\"https:\\\/\\\/hotel-gaedi.ch\\\/fr\\\/bien-etre-spa\\\/\",\"name\":\"Bien-\u00eatre & Spa | H\u00f4tel G\u00e4di Gr\u00e4chen\",\"isPartOf\":{\"@id\":\"https:\\\/\\\/hotel-gaedi.ch\\\/#website\"},\"primaryImageOfPage\":{\"@id\":\"https:\\\/\\\/hotel-gaedi.ch\\\/fr\\\/bien-etre-spa\\\/#primaryimage\"},\"image\":{\"@id\":\"https:\\\/\\\/hotel-gaedi.ch\\\/fr\\\/bien-etre-spa\\\/#primaryimage\"},\"thumbnailUrl\":\"https:\\\/\\\/hotel-gaedi.ch\\\/wp-content\\\/uploads\\\/2022\\\/10\\\/zimmer_15-1024x682.jpg\",\"datePublished\":\"2022-09-09T10:17:09+00:00\",\"dateModified\":\"2022-11-29T18:52:40+00:00\",\"description\":\"Vue sur les montagnes valaisannes pendant que vous vous rem\u00e9morez votre journ\u00e9e de vacances dans le jacuzzi ? Notre espace bien-\u00eatre vous enchantera.\",\"breadcrumb\":{\"@id\":\"https:\\\/\\\/hotel-gaedi.ch\\\/fr\\\/bien-etre-spa\\\/#breadcrumb\"},\"inLanguage\":\"fr-FR\",\"potentialAction\":[{\"@type\":\"ReadAction\",\"target\":[\"https:\\\/\\\/hotel-gaedi.ch\\\/fr\\\/bien-etre-spa\\\/\"]}]},{\"@type\":\"ImageObject\",\"inLanguage\":\"fr-FR\",\"@id\":\"https:\\\/\\\/hotel-gaedi.ch\\\/fr\\\/bien-etre-spa\\\/#primaryimage\",\"url\":\"https:\\\/\\\/hotel-gaedi.ch\\\/wp-content\\\/uploads\\\/2022\\\/10\\\/zimmer_15-1024x682.jpg\",\"contentUrl\":\"https:\\\/\\\/hotel-gaedi.ch\\\/wp-content\\\/uploads\\\/2022\\\/10\\\/zimmer_15-1024x682.jpg\"},{\"@type\":\"BreadcrumbList\",\"@id\":\"https:\\\/\\\/hotel-gaedi.ch\\\/fr\\\/bien-etre-spa\\\/#breadcrumb\",\"itemListElement\":[{\"@type\":\"ListItem\",\"position\":1,\"name\":\"Home\",\"item\":\"https:\\\/\\\/hotel-gaedi.ch\\\/fr\\\/\"},{\"@type\":\"ListItem\",\"position\":2,\"name\":\"Bien-\u00eatre &amp; Spa\"}]},{\"@type\":\"WebSite\",\"@id\":\"https:\\\/\\\/hotel-gaedi.ch\\\/#website\",\"url\":\"https:\\\/\\\/hotel-gaedi.ch\\\/\",\"name\":\"Hotel G\u00e4di\",\"description\":\"Ferien im Hotel G\u00e4di - Gr\u00e4chen\",\"potentialAction\":[{\"@type\":\"SearchAction\",\"target\":{\"@type\":\"EntryPoint\",\"urlTemplate\":\"https:\\\/\\\/hotel-gaedi.ch\\\/?s={search_term_string}\"},\"query-input\":{\"@type\":\"PropertyValueSpecification\",\"valueRequired\":true,\"valueName\":\"search_term_string\"}}],\"inLanguage\":\"fr-FR\"}]}<\/script>\n<!-- \/ Yoast SEO plugin. -->","yoast_head_json":{"title":"Bien-\u00eatre & Spa | H\u00f4tel G\u00e4di Gr\u00e4chen","description":"Vue sur les montagnes valaisannes pendant que vous vous rem\u00e9morez votre journ\u00e9e de vacances dans le jacuzzi ? Notre espace bien-\u00eatre vous enchantera.","robots":{"index":"index","follow":"follow","max-snippet":"max-snippet:-1","max-image-preview":"max-image-preview:large","max-video-preview":"max-video-preview:-1"},"canonical":"https:\/\/hotel-gaedi.ch\/fr\/bien-etre-spa\/","og_locale":"fr_FR","og_type":"article","og_title":"Bien-\u00eatre & Spa | H\u00f4tel G\u00e4di Gr\u00e4chen","og_description":"Vue sur les montagnes valaisannes pendant que vous vous rem\u00e9morez votre journ\u00e9e de vacances dans le jacuzzi ? Notre espace bien-\u00eatre vous enchantera.","og_url":"https:\/\/hotel-gaedi.ch\/fr\/bien-etre-spa\/","og_site_name":"Hotel G\u00e4di","article_modified_time":"2022-11-29T18:52:40+00:00","og_image":[{"url":"https:\/\/hotel-gaedi.ch\/wp-content\/uploads\/2022\/10\/zimmer_15-1024x682.jpg","type":"","width":"","height":""}],"twitter_card":"summary_large_image","twitter_misc":{"Dur\u00e9e de lecture estim\u00e9e":"1 minute"},"schema":{"@context":"https:\/\/schema.org","@graph":[{"@type":"WebPage","@id":"https:\/\/hotel-gaedi.ch\/fr\/bien-etre-spa\/","url":"https:\/\/hotel-gaedi.ch\/fr\/bien-etre-spa\/","name":"Bien-\u00eatre & Spa | H\u00f4tel G\u00e4di Gr\u00e4chen","isPartOf":{"@id":"https:\/\/hotel-gaedi.ch\/#website"},"primaryImageOfPage":{"@id":"https:\/\/hotel-gaedi.ch\/fr\/bien-etre-spa\/#primaryimage"},"image":{"@id":"https:\/\/hotel-gaedi.ch\/fr\/bien-etre-spa\/#primaryimage"},"thumbnailUrl":"https:\/\/hotel-gaedi.ch\/wp-content\/uploads\/2022\/10\/zimmer_15-1024x682.jpg","datePublished":"2022-09-09T10:17:09+00:00","dateModified":"2022-11-29T18:52:40+00:00","description":"Vue sur les montagnes valaisannes pendant que vous vous rem\u00e9morez votre journ\u00e9e de vacances dans le jacuzzi ? Notre espace bien-\u00eatre vous enchantera.","breadcrumb":{"@id":"https:\/\/hotel-gaedi.ch\/fr\/bien-etre-spa\/#breadcrumb"},"inLanguage":"fr-FR","potentialAction":[{"@type":"ReadAction","target":["https:\/\/hotel-gaedi.ch\/fr\/bien-etre-spa\/"]}]},{"@type":"ImageObject","inLanguage":"fr-FR","@id":"https:\/\/hotel-gaedi.ch\/fr\/bien-etre-spa\/#primaryimage","url":"https:\/\/hotel-gaedi.ch\/wp-content\/uploads\/2022\/10\/zimmer_15-1024x682.jpg","contentUrl":"https:\/\/hotel-gaedi.ch\/wp-content\/uploads\/2022\/10\/zimmer_15-1024x682.jpg"},{"@type":"BreadcrumbList","@id":"https:\/\/hotel-gaedi.ch\/fr\/bien-etre-spa\/#breadcrumb","itemListElement":[{"@type":"ListItem","position":1,"name":"Home","item":"https:\/\/hotel-gaedi.ch\/fr\/"},{"@type":"ListItem","position":2,"name":"Bien-\u00eatre &amp; Spa"}]},{"@type":"WebSite","@id":"https:\/\/hotel-gaedi.ch\/#website","url":"https:\/\/hotel-gaedi.ch\/","name":"Hotel G\u00e4di","description":"Ferien im Hotel G\u00e4di - Gr\u00e4chen","potentialAction":[{"@type":"SearchAction","target":{"@type":"EntryPoint","urlTemplate":"https:\/\/hotel-gaedi.ch\/?s={search_term_string}"},"query-input":{"@type":"PropertyValueSpecification","valueRequired":true,"valueName":"search_term_string"}}],"inLanguage":"fr-FR"}]}},"_links":{"self":[{"href":"https:\/\/hotel-gaedi.ch\/fr\/wp-json\/wp\/v2\/pages\/3434","targetHints":{"allow":["GET"]}}],"collection":[{"href":"https:\/\/hotel-gaedi.ch\/fr\/wp-json\/wp\/v2\/pages"}],"about":[{"href":"https:\/\/hotel-gaedi.ch\/fr\/wp-json\/wp\/v2\/types\/page"}],"author":[{"embeddable":true,"href":"https:\/\/hotel-gaedi.ch\/fr\/wp-json\/wp\/v2\/users\/1"}],"replies":[{"embeddable":true,"href":"https:\/\/hotel-gaedi.ch\/fr\/wp-json\/wp\/v2\/comments?post=3434"}],"version-history":[{"count":1,"href":"https:\/\/hotel-gaedi.ch\/fr\/wp-json\/wp\/v2\/pages\/3434\/revisions"}],"predecessor-version":[{"id":3435,"href":"https:\/\/hotel-gaedi.ch\/fr\/wp-json\/wp\/v2\/pages\/3434\/revisions\/3435"}],"wp:attachment":[{"href":"https:\/\/hotel-gaedi.ch\/fr\/wp-json\/wp\/v2\/media?parent=3434"}],"curies":[{"name":"wp","href":"https:\/\/api.w.org\/{rel}","templated":true}]}}