{"id":3442,"date":"2022-10-06T11:32:20","date_gmt":"2022-10-06T09:32:20","guid":{"rendered":"https:\/\/hotel-gaedi.ch\/a-propos-de-nous\/equipe\/"},"modified":"2026-04-16T19:48:56","modified_gmt":"2026-04-16T17:48:56","slug":"equipe","status":"publish","type":"page","link":"https:\/\/hotel-gaedi.ch\/fr\/a-propos-de-nous\/equipe\/","title":{"rendered":"\u00c9quipe"},"content":{"rendered":"\n<div class=\"wp-block-group container introtext-centered-sun-icon-title\"><div class=\"wp-block-group__inner-container is-layout-flow wp-block-group-is-layout-flow\">\n<div class=\"wp-block-columns row is-layout-flex wp-container-core-columns-is-layout-9d6595d7 wp-block-columns-is-layout-flex\">\n<div class=\"wp-block-column col-12 is-layout-flow wp-block-column-is-layout-flow\">\n<h1 class=\"wp-block-heading\">L&rsquo;\u00e9quipe G\u00e4di<\/h1>\n\n\n\n<p>Si vous ne connaissez pas encore l&rsquo;H\u00f4tel G\u00e4di Gr\u00e4chen | Valais ; laissez-vous convaincre par les nombreux et merveilleux commentaires de nos clients. Cette distinction, ainsi que celle d&rsquo;h\u00f4tel le plus accueillant de Suisse et celle d&rsquo;h\u00f4tel alpin Gold le plus appr\u00e9ci\u00e9 obtenues en 2017, nous incitent et nous motivent \u00e0 nous <em>am\u00e9liorer<\/em> encore et toujours <em> <em>. <\/em><\/em> <\/p>\n<\/div>\n<\/div>\n<\/div><\/div>\n\n<div class=\"wp-block-group container-fluid section-75percent-image-text-white-bg\"><div class=\"wp-block-group__inner-container is-layout-flow wp-block-group-is-layout-flow\">\n<div class=\"wp-block-columns row is-layout-flex wp-container-core-columns-is-layout-9d6595d7 wp-block-columns-is-layout-flex\">\n<div class=\"wp-block-column col-12 is-layout-flow wp-block-column-is-layout-flow\">\n<div class=\"wp-block-group container\"><div class=\"wp-block-group__inner-container is-layout-flow wp-block-group-is-layout-flow\">\n<div class=\"wp-block-columns row is-layout-flex wp-container-core-columns-is-layout-9d6595d7 wp-block-columns-is-layout-flex\">\n<div class=\"wp-block-column col-md-12 col-lg-8 is-layout-flow wp-block-column-is-layout-flow\">\n<figure class=\"wp-block-image size-large\"><img loading=\"lazy\" decoding=\"async\" width=\"1024\" height=\"683\" src=\"https:\/\/hotel-gaedi.ch\/wp-content\/uploads\/2022\/10\/gastgeber-hotel-gaedi-1024x683.jpg\" alt=\"\" class=\"wp-image-1340\" srcset=\"https:\/\/hotel-gaedi.ch\/wp-content\/uploads\/2022\/10\/gastgeber-hotel-gaedi-1024x683.jpg 1024w, https:\/\/hotel-gaedi.ch\/wp-content\/uploads\/2022\/10\/gastgeber-hotel-gaedi-500x333.jpg 500w, https:\/\/hotel-gaedi.ch\/wp-content\/uploads\/2022\/10\/gastgeber-hotel-gaedi-768x512.jpg 768w, https:\/\/hotel-gaedi.ch\/wp-content\/uploads\/2022\/10\/gastgeber-hotel-gaedi-1536x1024.jpg 1536w, https:\/\/hotel-gaedi.ch\/wp-content\/uploads\/2022\/10\/gastgeber-hotel-gaedi.jpg 1920w\" sizes=\"auto, (max-width: 1024px) 100vw, 1024px\" \/><\/figure>\n<\/div>\n\n\n\n<div class=\"wp-block-column col-md-12 col-lg-4 is-layout-flow wp-block-column-is-layout-flow\">\n<div class=\"wp-block-group\"><div class=\"wp-block-group__inner-container is-layout-flow wp-block-group-is-layout-flow\">\n<h2 class=\"wp-block-heading\">Le couple d&rsquo;accueil<\/h2>\n\n\n\n<p>Loin du quotidien, \u00e0 l&rsquo;h\u00f4tel G\u00e4di. Faites-vous plaisir et passez du temps chez nous \u00e0 Gr\u00e4chen. Que vous fassiez du v\u00e9lo, de la randonn\u00e9e ou que vous ne fassiez rien, nous vous garantissons un moment insouciant avec la demi-pension G\u00e4di Gl\u00fccks et le bien-\u00eatre et le spa enchanteurs.<\/p>\n\n\n\n<p>Dans l&rsquo;attente de vous accueillir chez nous,<\/p>\n\n\n\n<p>Votre M\u00e9lanie et Martin<\/p>\n\n\n\n<p><\/p>\n<\/div><\/div>\n<\/div>\n<\/div>\n<\/div><\/div>\n<\/div>\n<\/div>\n<\/div><\/div>\n\n<div class=\"wp-block-group container image-text-grid-3-col\"><div class=\"wp-block-group__inner-container is-layout-flow wp-block-group-is-layout-flow\">\n<div class=\"wp-block-columns row is-layout-flex wp-container-core-columns-is-layout-9d6595d7 wp-block-columns-is-layout-flex\">\n<div class=\"wp-block-column col-12 col-md-4 is-layout-flow wp-block-column-is-layout-flow\">\n<figure class=\"wp-block-image size-large\"><img decoding=\"async\" src=\"https:\/\/hotel-gaedi.ch\/wp-content\/uploads\/2022\/10\/Ga&#x308;di_106-1024x682.jpg\" alt=\"\" class=\"wp-image-1933\"\/><\/figure>\n\n\n\n<h4 class=\"wp-block-heading\">Martin<\/h4>\n\n\n\n<p>H\u00f4te &#8211; Vous enchantera avec ses talents de cuisinier<\/p>\n<\/div>\n\n\n\n<div class=\"wp-block-column col-12 col-md-4 is-layout-flow wp-block-column-is-layout-flow\">\n<figure class=\"wp-block-image size-large\"><img decoding=\"async\" src=\"https:\/\/hotel-gaedi.ch\/wp-content\/uploads\/2022\/10\/Ga&#x308;di_25-1024x682.jpg\" alt=\"\" class=\"wp-image-1932\"\/><\/figure>\n\n\n\n<h4 class=\"wp-block-heading\">M\u00e9lanie<\/h4>\n\n\n\n<p>H\u00f4te(sse) &#8211; Tu as l&rsquo;amour du d\u00e9tail.<\/p>\n<\/div>\n\n\n\n<div class=\"wp-block-column col-12 col-md-4 is-layout-flow wp-block-column-is-layout-flow\">\n<figure class=\"wp-block-image size-full\"><img loading=\"lazy\" decoding=\"async\" width=\"1024\" height=\"683\" src=\"https:\/\/hotel-gaedi.ch\/wp-content\/uploads\/2025\/12\/angela.jpg\" alt=\"\" class=\"wp-image-4658\" srcset=\"https:\/\/hotel-gaedi.ch\/wp-content\/uploads\/2025\/12\/angela.jpg 1024w, https:\/\/hotel-gaedi.ch\/wp-content\/uploads\/2025\/12\/angela-500x333.jpg 500w, https:\/\/hotel-gaedi.ch\/wp-content\/uploads\/2025\/12\/angela-768x512.jpg 768w\" sizes=\"auto, (max-width: 1024px) 100vw, 1024px\" \/><\/figure>\n\n\n\n<h4 class=\"wp-block-heading\">Angela<\/h4>\n\n\n\n<p>\u00c9quipe de service &#8211; Elle aime le contact avec les clients<\/p>\n<\/div>\n<\/div>\n\n\n\n<div class=\"wp-block-columns row is-layout-flex wp-container-core-columns-is-layout-9d6595d7 wp-block-columns-is-layout-flex\">\n<div class=\"wp-block-column col-12 col-md-4 is-layout-flow wp-block-column-is-layout-flow\">\n<figure class=\"wp-block-image size-large\"><img decoding=\"async\" src=\"https:\/\/hotel-gaedi.ch\/wp-content\/uploads\/2022\/10\/Ga&#x308;di_128-1024x682.jpg\" alt=\"\" class=\"wp-image-1927\"\/><\/figure>\n\n\n\n<h4 class=\"wp-block-heading\">Franz<\/h4>\n\n\n\n<p>\u00c9quipe de cuisine &#8211; Ne laisse rien br\u00fbler<\/p>\n<\/div>\n\n\n\n<div class=\"wp-block-column col-12 col-md-4 is-layout-flow wp-block-column-is-layout-flow\">\n<figure class=\"wp-block-image size-large\"><img decoding=\"async\" src=\"https:\/\/hotel-gaedi.ch\/wp-content\/uploads\/2022\/10\/Ga&#x308;di_135-1024x682.jpg\" alt=\"\" class=\"wp-image-1928\"\/><\/figure>\n\n\n\n<h4 class=\"wp-block-heading\">Franziska<\/h4>\n\n\n\n<p>\u00c9quipe de service et de cuisine &#8211; Toujours du temp\u00e9rament<\/p>\n<\/div>\n\n\n\n<div class=\"wp-block-column col-12 col-md-4 is-layout-flow wp-block-column-is-layout-flow\">\n<figure class=\"wp-block-image size-full\"><img loading=\"lazy\" decoding=\"async\" width=\"1024\" height=\"683\" src=\"https:\/\/hotel-gaedi.ch\/wp-content\/uploads\/2025\/12\/elisabetta.jpg\" alt=\"\" class=\"wp-image-4660\" srcset=\"https:\/\/hotel-gaedi.ch\/wp-content\/uploads\/2025\/12\/elisabetta.jpg 1024w, https:\/\/hotel-gaedi.ch\/wp-content\/uploads\/2025\/12\/elisabetta-500x333.jpg 500w, https:\/\/hotel-gaedi.ch\/wp-content\/uploads\/2025\/12\/elisabetta-768x512.jpg 768w\" sizes=\"auto, (max-width: 1024px) 100vw, 1024px\" \/><\/figure>\n\n\n\n<h4 class=\"wp-block-heading\">Elisabetta<\/h4>\n\n\n\n<p>\u00c9quipe de service &#8211; Toujours un sourire pour nos clients<\/p>\n<\/div>\n<\/div>\n\n\n\n<div class=\"wp-block-columns row is-layout-flex wp-container-core-columns-is-layout-9d6595d7 wp-block-columns-is-layout-flex\">\n<div class=\"wp-block-column col-12 col-md-4 is-layout-flow wp-block-column-is-layout-flow\">\n<figure class=\"wp-block-image size-full\"><img loading=\"lazy\" decoding=\"async\" width=\"1024\" height=\"681\" src=\"https:\/\/hotel-gaedi.ch\/wp-content\/uploads\/2024\/12\/Jasmin.jpg\" alt=\"\" class=\"wp-image-4510\" srcset=\"https:\/\/hotel-gaedi.ch\/wp-content\/uploads\/2024\/12\/Jasmin.jpg 1024w, https:\/\/hotel-gaedi.ch\/wp-content\/uploads\/2024\/12\/Jasmin-500x333.jpg 500w, https:\/\/hotel-gaedi.ch\/wp-content\/uploads\/2024\/12\/Jasmin-768x511.jpg 768w\" sizes=\"auto, (max-width: 1024px) 100vw, 1024px\" \/><\/figure>\n\n\n\n<h4 class=\"wp-block-heading\">Jasmin<\/h4>\n\n\n\n<p>Chambres et \u00e9quipe de cuisine &#8211; La gaiet\u00e9 avec beaucoup d&rsquo;humour<\/p>\n<\/div>\n\n\n\n<div class=\"wp-block-column col-12 col-md-4 is-layout-flow wp-block-column-is-layout-flow\">\n<figure class=\"wp-block-image size-large\"><img loading=\"lazy\" decoding=\"async\" width=\"1024\" height=\"683\" src=\"https:\/\/hotel-gaedi.ch\/wp-content\/uploads\/2022\/10\/Gaedi_image_129-1024x683.jpg\" alt=\"\" class=\"wp-image-1362\" srcset=\"https:\/\/hotel-gaedi.ch\/wp-content\/uploads\/2022\/10\/Gaedi_image_129-1024x683.jpg 1024w, https:\/\/hotel-gaedi.ch\/wp-content\/uploads\/2022\/10\/Gaedi_image_129-500x333.jpg 500w, https:\/\/hotel-gaedi.ch\/wp-content\/uploads\/2022\/10\/Gaedi_image_129-768x512.jpg 768w, https:\/\/hotel-gaedi.ch\/wp-content\/uploads\/2022\/10\/Gaedi_image_129-1536x1024.jpg 1536w, https:\/\/hotel-gaedi.ch\/wp-content\/uploads\/2022\/10\/Gaedi_image_129.jpg 1920w\" sizes=\"auto, (max-width: 1024px) 100vw, 1024px\" \/><\/figure>\n\n\n\n<h4 class=\"wp-block-heading\">Malene<\/h4>\n\n\n\n<p>Serviceteam &#8211; Apporte sa gaiet\u00e9 danoise en Valais<\/p>\n<\/div>\n\n\n\n<div class=\"wp-block-column col-12 col-md-4 is-layout-flow wp-block-column-is-layout-flow\">\n<figure class=\"wp-block-image size-large\"><img decoding=\"async\" src=\"https:\/\/hotel-gaedi.ch\/wp-content\/uploads\/2022\/10\/Ga&#x308;di_97-1024x682.jpg\" alt=\"\" class=\"wp-image-1363\"\/><\/figure>\n\n\n\n<h4 class=\"wp-block-heading\">Michaela<\/h4>\n\n\n\n<p>\u00c9quipe de service et de chambre &#8211; l&rsquo;ennui est un mot inconnu pour eux<\/p>\n<\/div>\n<\/div>\n\n\n\n<div class=\"wp-block-columns row is-layout-flex wp-container-core-columns-is-layout-9d6595d7 wp-block-columns-is-layout-flex\">\n<div class=\"wp-block-column col-12 col-md-4 is-layout-flow wp-block-column-is-layout-flow\">\n<figure class=\"wp-block-image size-large\"><img decoding=\"async\" src=\"https:\/\/hotel-gaedi.ch\/wp-content\/uploads\/2022\/10\/Ga&#x308;di_75-1024x682.jpg\" alt=\"\" class=\"wp-image-1359\"\/><\/figure>\n\n\n\n<h4 class=\"wp-block-heading\">Susanne<\/h4>\n\n\n\n<p>\u00c9quipe de service &#8211; Trouve la vari\u00e9t\u00e9 passionnante<\/p>\n<\/div>\n\n\n\n<div class=\"wp-block-column col-12 col-md-4 is-layout-flow wp-block-column-is-layout-flow\">\n<figure class=\"wp-block-image size-full\"><img loading=\"lazy\" decoding=\"async\" width=\"1024\" height=\"681\" src=\"https:\/\/hotel-gaedi.ch\/wp-content\/uploads\/2022\/11\/michi.jpg\" alt=\"\" class=\"wp-image-2525\" srcset=\"https:\/\/hotel-gaedi.ch\/wp-content\/uploads\/2022\/11\/michi.jpg 1024w, https:\/\/hotel-gaedi.ch\/wp-content\/uploads\/2022\/11\/michi-500x333.jpg 500w, https:\/\/hotel-gaedi.ch\/wp-content\/uploads\/2022\/11\/michi-768x511.jpg 768w\" sizes=\"auto, (max-width: 1024px) 100vw, 1024px\" \/><\/figure>\n\n\n\n<h4 class=\"wp-block-heading\">Michel<\/h4>\n\n\n\n<p>L&rsquo;homme de toutes les situations &#8211; Personne ne caresse le fromage \u00e0 raclette comme lui<\/p>\n<\/div>\n\n\n\n<div class=\"wp-block-column col-12 col-md-4 is-layout-flow wp-block-column-is-layout-flow\">\n<figure class=\"wp-block-image size-large\"><img decoding=\"async\" src=\"https:\/\/hotel-gaedi.ch\/wp-content\/uploads\/2022\/10\/Ga&#x308;di_88-1024x682.jpg\" alt=\"\" class=\"wp-image-1364\"\/><\/figure>\n\n\n\n<h4 class=\"wp-block-heading\">Anna<\/h4>\n\n\n\n<p>Partout en action &#8211; la flexibilit\u00e9 est essentielle<\/p>\n<\/div>\n<\/div>\n\n\n\n<div class=\"wp-block-columns row is-layout-flex wp-container-core-columns-is-layout-9d6595d7 wp-block-columns-is-layout-flex\">\n<div class=\"wp-block-column col-12 col-md-4 is-layout-flow wp-block-column-is-layout-flow\">\n<figure class=\"wp-block-image size-large\"><img decoding=\"async\" src=\"https:\/\/hotel-gaedi.ch\/wp-content\/uploads\/2022\/10\/Ga&#x308;di_51-1024x682.jpg\" alt=\"\" class=\"wp-image-1361\"\/><\/figure>\n\n\n\n<h4 class=\"wp-block-heading\">Maria<\/h4>\n\n\n\n<p>\u00c9quipe de chambre et de cuisine &#8211; garde toujours son calme<\/p>\n<\/div>\n\n\n\n<div class=\"wp-block-column col-12 col-md-4 is-layout-flow wp-block-column-is-layout-flow\">\n<figure class=\"wp-block-image size-full\"><img loading=\"lazy\" decoding=\"async\" width=\"1024\" height=\"683\" src=\"https:\/\/hotel-gaedi.ch\/wp-content\/uploads\/2025\/12\/chayanit.jpg\" alt=\"\" class=\"wp-image-4659\" srcset=\"https:\/\/hotel-gaedi.ch\/wp-content\/uploads\/2025\/12\/chayanit.jpg 1024w, https:\/\/hotel-gaedi.ch\/wp-content\/uploads\/2025\/12\/chayanit-500x333.jpg 500w, https:\/\/hotel-gaedi.ch\/wp-content\/uploads\/2025\/12\/chayanit-768x512.jpg 768w\" sizes=\"auto, (max-width: 1024px) 100vw, 1024px\" \/><\/figure>\n\n\n\n<h4 class=\"wp-block-heading\">Chayanit<\/h4>\n\n\n\n<p>Chambre &#8211; est agile comme une belette<\/p>\n<\/div>\n\n\n\n<div class=\"wp-block-column col-12 col-md-4 is-layout-flow wp-block-column-is-layout-flow\">\n<figure class=\"wp-block-image size-full\"><img loading=\"lazy\" decoding=\"async\" width=\"1024\" height=\"683\" src=\"https:\/\/hotel-gaedi.ch\/wp-content\/uploads\/2025\/12\/roberta.jpg\" alt=\"\" class=\"wp-image-4661\" srcset=\"https:\/\/hotel-gaedi.ch\/wp-content\/uploads\/2025\/12\/roberta.jpg 1024w, https:\/\/hotel-gaedi.ch\/wp-content\/uploads\/2025\/12\/roberta-500x333.jpg 500w, https:\/\/hotel-gaedi.ch\/wp-content\/uploads\/2025\/12\/roberta-768x512.jpg 768w\" sizes=\"auto, (max-width: 1024px) 100vw, 1024px\" \/><\/figure>\n\n\n\n<h4 class=\"wp-block-heading\">Roberta<\/h4>\n\n\n\n<p>\u00c9quipe de chambre et de cuisine &#8211; Elle aime cuisiner pour la vie &amp; veille \u00e0 la propret\u00e9 des chambres<\/p>\n<\/div>\n<\/div>\n<\/div><\/div>\n\n<div id=\"HomeHeader\" class=\"wp-block-group container-fluid fullwidth-bg-image-overlay-text flowtext\"><div class=\"wp-block-group__inner-container is-layout-flow wp-block-group-is-layout-flow\">\n<div class=\"wp-block-columns row is-layout-flex wp-container-core-columns-is-layout-9d6595d7 wp-block-columns-is-layout-flex\">\n<div class=\"wp-block-column col-12 is-layout-flow wp-block-column-is-layout-flow\">\n<div class=\"wp-block-cover\" style=\"min-height:772px;aspect-ratio:unset;\"><img loading=\"lazy\" decoding=\"async\" width=\"1920\" height=\"1280\" class=\"wp-block-cover__image-background wp-image-2045\" alt=\"\" src=\"https:\/\/hotel-gaedi.ch\/wp-content\/uploads\/2022\/10\/unsere-zimmer-anshcauen.jpg\" style=\"object-position:48% 56%\" data-object-fit=\"cover\" data-object-position=\"48% 56%\" srcset=\"https:\/\/hotel-gaedi.ch\/wp-content\/uploads\/2022\/10\/unsere-zimmer-anshcauen.jpg 1920w, https:\/\/hotel-gaedi.ch\/wp-content\/uploads\/2022\/10\/unsere-zimmer-anshcauen-500x333.jpg 500w, https:\/\/hotel-gaedi.ch\/wp-content\/uploads\/2022\/10\/unsere-zimmer-anshcauen-1024x683.jpg 1024w, https:\/\/hotel-gaedi.ch\/wp-content\/uploads\/2022\/10\/unsere-zimmer-anshcauen-768x512.jpg 768w, https:\/\/hotel-gaedi.ch\/wp-content\/uploads\/2022\/10\/unsere-zimmer-anshcauen-1536x1024.jpg 1536w\" sizes=\"auto, (max-width: 1920px) 100vw, 1920px\" \/><span aria-hidden=\"true\" class=\"wp-block-cover__background has-background-dim-0 has-background-dim\"><\/span><div class=\"wp-block-cover__inner-container is-layout-flow wp-block-cover-is-layout-flow\">\n<div class=\"wp-block-group container\"><div class=\"wp-block-group__inner-container is-layout-flow wp-block-group-is-layout-flow\">\n<div class=\"wp-block-columns row is-layout-flex wp-container-core-columns-is-layout-9d6595d7 wp-block-columns-is-layout-flex\">\n<div class=\"wp-block-column col-12 col-lg-7 is-layout-flow wp-block-column-is-layout-flow\">\n<p>Nos chambres<\/p>\n\n\n\n<p>Nos h\u00f4tes adorent nos chambres. Tous sont clairs, spacieux et agr\u00e9ables, certains ont \u00e9t\u00e9 r\u00e9cemment r\u00e9nov\u00e9s. Gr\u00e2ce \u00e0 sa magnifique exposition sud, elle est inond\u00e9e de lumi\u00e8re et offre une vue sur les magnifiques montagnes valaisannes. <\/p>\n\n\n\n<div class=\"wp-block-buttons is-layout-flex wp-block-buttons-is-layout-flex\">\n<div class=\"wp-block-button\"><a class=\"wp-block-button__link wp-element-button\" href=\"https:\/\/hotel-gaedi.ch\/fr\/hotel\/chambres-prix\/\">Nos chambres<\/a><\/div>\n<\/div>\n<\/div>\n<\/div>\n<\/div><\/div>\n<\/div><\/div>\n<\/div>\n<\/div>\n<\/div><\/div>\n\n<div class=\"wp-block-group container introtext-centered-sun-icon-title\"><div class=\"wp-block-group__inner-container is-layout-flow wp-block-group-is-layout-flow\">\n<div class=\"wp-block-columns row is-layout-flex wp-container-core-columns-is-layout-9d6595d7 wp-block-columns-is-layout-flex\">\n<div class=\"wp-block-column col-12 is-layout-flow wp-block-column-is-layout-flow\">\n<blockquote class=\"wp-block-quote is-layout-flow wp-block-quote-is-layout-flow\">\n<p>Un si bel endroit et une si gentille famille\u00a0\u00bb. La nourriture est si fine. Tout le monde est si serviable. Les chambres sont si confortables. J&rsquo;aime tant aller \u00e0 l&rsquo;h\u00f4tel G\u00e4di\u00a0\u00bb.<\/p>\n<\/blockquote>\n<\/div>\n<\/div>\n<\/div><\/div>\n","protected":false},"excerpt":{"rendered":"<p>L&rsquo;\u00e9quipe G\u00e4di Si vous ne connaissez pas encore l&rsquo;H\u00f4tel G\u00e4di Gr\u00e4chen | Valais ; laissez-vous convaincre par les nombreux et merveilleux commentaires de nos clients. Cette distinction, ainsi que celle d&rsquo;h\u00f4tel le plus accueillant de Suisse et celle d&rsquo;h\u00f4tel alpin Gold le plus appr\u00e9ci\u00e9 obtenues en 2017, nous incitent et nous motivent \u00e0 nous am\u00e9liorer [&hellip;]<\/p>\n","protected":false},"author":2,"featured_media":0,"parent":3440,"menu_order":0,"comment_status":"closed","ping_status":"closed","template":"","meta":{"_acf_changed":false,"inline_featured_image":false,"footnotes":""},"class_list":["post-3442","page","type-page","status-publish","hentry"],"acf":[],"yoast_head":"<!-- This site is optimized with the Yoast SEO plugin v27.4 - https:\/\/yoast.com\/product\/yoast-seo-wordpress\/ -->\n<title>Notre \u00e9quipe | H\u00f4tel G\u00e4di Gr\u00e4chen<\/title>\n<meta name=\"description\" content=\"Toute notre \u00e9quipe de l&#039;H\u00f4tel G\u00e4di vous souhaite la bienvenue \u00e0 Gr\u00e4chen, dans les Alpes valaisannes, et r\u00e9pond \u00e0 vos souhaits et besoins.\" \/>\n<meta name=\"robots\" content=\"index, follow, max-snippet:-1, max-image-preview:large, max-video-preview:-1\" \/>\n<link rel=\"canonical\" href=\"https:\/\/hotel-gaedi.ch\/fr\/a-propos-de-nous\/equipe\/\" \/>\n<meta property=\"og:locale\" content=\"fr_FR\" \/>\n<meta property=\"og:type\" content=\"article\" \/>\n<meta property=\"og:title\" content=\"Notre \u00e9quipe | H\u00f4tel G\u00e4di Gr\u00e4chen\" \/>\n<meta property=\"og:description\" content=\"Toute notre \u00e9quipe de l&#039;H\u00f4tel G\u00e4di vous souhaite la bienvenue \u00e0 Gr\u00e4chen, dans les Alpes valaisannes, et r\u00e9pond \u00e0 vos souhaits et besoins.\" \/>\n<meta property=\"og:url\" content=\"https:\/\/hotel-gaedi.ch\/fr\/a-propos-de-nous\/equipe\/\" \/>\n<meta property=\"og:site_name\" content=\"Hotel G\u00e4di\" \/>\n<meta property=\"article:modified_time\" content=\"2026-04-16T17:48:56+00:00\" \/>\n<meta property=\"og:image\" content=\"https:\/\/hotel-gaedi.ch\/wp-content\/uploads\/2022\/10\/gastgeber-hotel-gaedi.jpg\" \/>\n\t<meta property=\"og:image:width\" content=\"1920\" \/>\n\t<meta property=\"og:image:height\" content=\"1280\" \/>\n\t<meta property=\"og:image:type\" content=\"image\/jpeg\" \/>\n<meta name=\"twitter:card\" content=\"summary_large_image\" \/>\n<meta name=\"twitter:label1\" content=\"Dur\u00e9e de lecture estim\u00e9e\" \/>\n\t<meta name=\"twitter:data1\" content=\"2 minutes\" \/>\n<script type=\"application\/ld+json\" class=\"yoast-schema-graph\">{\"@context\":\"https:\\\/\\\/schema.org\",\"@graph\":[{\"@type\":\"WebPage\",\"@id\":\"https:\\\/\\\/hotel-gaedi.ch\\\/fr\\\/a-propos-de-nous\\\/equipe\\\/\",\"url\":\"https:\\\/\\\/hotel-gaedi.ch\\\/fr\\\/a-propos-de-nous\\\/equipe\\\/\",\"name\":\"Notre \u00e9quipe | H\u00f4tel G\u00e4di Gr\u00e4chen\",\"isPartOf\":{\"@id\":\"https:\\\/\\\/hotel-gaedi.ch\\\/#website\"},\"primaryImageOfPage\":{\"@id\":\"https:\\\/\\\/hotel-gaedi.ch\\\/fr\\\/a-propos-de-nous\\\/equipe\\\/#primaryimage\"},\"image\":{\"@id\":\"https:\\\/\\\/hotel-gaedi.ch\\\/fr\\\/a-propos-de-nous\\\/equipe\\\/#primaryimage\"},\"thumbnailUrl\":\"https:\\\/\\\/hotel-gaedi.ch\\\/wp-content\\\/uploads\\\/2022\\\/10\\\/gastgeber-hotel-gaedi-1024x683.jpg\",\"datePublished\":\"2022-10-06T09:32:20+00:00\",\"dateModified\":\"2026-04-16T17:48:56+00:00\",\"description\":\"Toute notre \u00e9quipe de l'H\u00f4tel G\u00e4di vous souhaite la bienvenue \u00e0 Gr\u00e4chen, dans les Alpes valaisannes, et r\u00e9pond \u00e0 vos souhaits et besoins.\",\"breadcrumb\":{\"@id\":\"https:\\\/\\\/hotel-gaedi.ch\\\/fr\\\/a-propos-de-nous\\\/equipe\\\/#breadcrumb\"},\"inLanguage\":\"fr-FR\",\"potentialAction\":[{\"@type\":\"ReadAction\",\"target\":[\"https:\\\/\\\/hotel-gaedi.ch\\\/fr\\\/a-propos-de-nous\\\/equipe\\\/\"]}]},{\"@type\":\"ImageObject\",\"inLanguage\":\"fr-FR\",\"@id\":\"https:\\\/\\\/hotel-gaedi.ch\\\/fr\\\/a-propos-de-nous\\\/equipe\\\/#primaryimage\",\"url\":\"https:\\\/\\\/hotel-gaedi.ch\\\/wp-content\\\/uploads\\\/2022\\\/10\\\/gastgeber-hotel-gaedi-1024x683.jpg\",\"contentUrl\":\"https:\\\/\\\/hotel-gaedi.ch\\\/wp-content\\\/uploads\\\/2022\\\/10\\\/gastgeber-hotel-gaedi-1024x683.jpg\"},{\"@type\":\"BreadcrumbList\",\"@id\":\"https:\\\/\\\/hotel-gaedi.ch\\\/fr\\\/a-propos-de-nous\\\/equipe\\\/#breadcrumb\",\"itemListElement\":[{\"@type\":\"ListItem\",\"position\":1,\"name\":\"Home\",\"item\":\"https:\\\/\\\/hotel-gaedi.ch\\\/fr\\\/\"},{\"@type\":\"ListItem\",\"position\":2,\"name\":\"\u00c0 propos de nous\",\"item\":\"https:\\\/\\\/hotel-gaedi.ch\\\/fr\\\/a-propos-de-nous\\\/\"},{\"@type\":\"ListItem\",\"position\":3,\"name\":\"\u00c9quipe\"}]},{\"@type\":\"WebSite\",\"@id\":\"https:\\\/\\\/hotel-gaedi.ch\\\/#website\",\"url\":\"https:\\\/\\\/hotel-gaedi.ch\\\/\",\"name\":\"Hotel G\u00e4di\",\"description\":\"Ferien im Hotel G\u00e4di - Gr\u00e4chen\",\"potentialAction\":[{\"@type\":\"SearchAction\",\"target\":{\"@type\":\"EntryPoint\",\"urlTemplate\":\"https:\\\/\\\/hotel-gaedi.ch\\\/?s={search_term_string}\"},\"query-input\":{\"@type\":\"PropertyValueSpecification\",\"valueRequired\":true,\"valueName\":\"search_term_string\"}}],\"inLanguage\":\"fr-FR\"}]}<\/script>\n<!-- \/ Yoast SEO plugin. -->","yoast_head_json":{"title":"Notre \u00e9quipe | H\u00f4tel G\u00e4di Gr\u00e4chen","description":"Toute notre \u00e9quipe de l'H\u00f4tel G\u00e4di vous souhaite la bienvenue \u00e0 Gr\u00e4chen, dans les Alpes valaisannes, et r\u00e9pond \u00e0 vos souhaits et besoins.","robots":{"index":"index","follow":"follow","max-snippet":"max-snippet:-1","max-image-preview":"max-image-preview:large","max-video-preview":"max-video-preview:-1"},"canonical":"https:\/\/hotel-gaedi.ch\/fr\/a-propos-de-nous\/equipe\/","og_locale":"fr_FR","og_type":"article","og_title":"Notre \u00e9quipe | H\u00f4tel G\u00e4di Gr\u00e4chen","og_description":"Toute notre \u00e9quipe de l'H\u00f4tel G\u00e4di vous souhaite la bienvenue \u00e0 Gr\u00e4chen, dans les Alpes valaisannes, et r\u00e9pond \u00e0 vos souhaits et besoins.","og_url":"https:\/\/hotel-gaedi.ch\/fr\/a-propos-de-nous\/equipe\/","og_site_name":"Hotel G\u00e4di","article_modified_time":"2026-04-16T17:48:56+00:00","og_image":[{"width":1920,"height":1280,"url":"https:\/\/hotel-gaedi.ch\/wp-content\/uploads\/2022\/10\/gastgeber-hotel-gaedi.jpg","type":"image\/jpeg"}],"twitter_card":"summary_large_image","twitter_misc":{"Dur\u00e9e de lecture estim\u00e9e":"2 minutes"},"schema":{"@context":"https:\/\/schema.org","@graph":[{"@type":"WebPage","@id":"https:\/\/hotel-gaedi.ch\/fr\/a-propos-de-nous\/equipe\/","url":"https:\/\/hotel-gaedi.ch\/fr\/a-propos-de-nous\/equipe\/","name":"Notre \u00e9quipe | H\u00f4tel G\u00e4di Gr\u00e4chen","isPartOf":{"@id":"https:\/\/hotel-gaedi.ch\/#website"},"primaryImageOfPage":{"@id":"https:\/\/hotel-gaedi.ch\/fr\/a-propos-de-nous\/equipe\/#primaryimage"},"image":{"@id":"https:\/\/hotel-gaedi.ch\/fr\/a-propos-de-nous\/equipe\/#primaryimage"},"thumbnailUrl":"https:\/\/hotel-gaedi.ch\/wp-content\/uploads\/2022\/10\/gastgeber-hotel-gaedi-1024x683.jpg","datePublished":"2022-10-06T09:32:20+00:00","dateModified":"2026-04-16T17:48:56+00:00","description":"Toute notre \u00e9quipe de l'H\u00f4tel G\u00e4di vous souhaite la bienvenue \u00e0 Gr\u00e4chen, dans les Alpes valaisannes, et r\u00e9pond \u00e0 vos souhaits et besoins.","breadcrumb":{"@id":"https:\/\/hotel-gaedi.ch\/fr\/a-propos-de-nous\/equipe\/#breadcrumb"},"inLanguage":"fr-FR","potentialAction":[{"@type":"ReadAction","target":["https:\/\/hotel-gaedi.ch\/fr\/a-propos-de-nous\/equipe\/"]}]},{"@type":"ImageObject","inLanguage":"fr-FR","@id":"https:\/\/hotel-gaedi.ch\/fr\/a-propos-de-nous\/equipe\/#primaryimage","url":"https:\/\/hotel-gaedi.ch\/wp-content\/uploads\/2022\/10\/gastgeber-hotel-gaedi-1024x683.jpg","contentUrl":"https:\/\/hotel-gaedi.ch\/wp-content\/uploads\/2022\/10\/gastgeber-hotel-gaedi-1024x683.jpg"},{"@type":"BreadcrumbList","@id":"https:\/\/hotel-gaedi.ch\/fr\/a-propos-de-nous\/equipe\/#breadcrumb","itemListElement":[{"@type":"ListItem","position":1,"name":"Home","item":"https:\/\/hotel-gaedi.ch\/fr\/"},{"@type":"ListItem","position":2,"name":"\u00c0 propos de nous","item":"https:\/\/hotel-gaedi.ch\/fr\/a-propos-de-nous\/"},{"@type":"ListItem","position":3,"name":"\u00c9quipe"}]},{"@type":"WebSite","@id":"https:\/\/hotel-gaedi.ch\/#website","url":"https:\/\/hotel-gaedi.ch\/","name":"Hotel G\u00e4di","description":"Ferien im Hotel G\u00e4di - Gr\u00e4chen","potentialAction":[{"@type":"SearchAction","target":{"@type":"EntryPoint","urlTemplate":"https:\/\/hotel-gaedi.ch\/?s={search_term_string}"},"query-input":{"@type":"PropertyValueSpecification","valueRequired":true,"valueName":"search_term_string"}}],"inLanguage":"fr-FR"}]}},"_links":{"self":[{"href":"https:\/\/hotel-gaedi.ch\/fr\/wp-json\/wp\/v2\/pages\/3442","targetHints":{"allow":["GET"]}}],"collection":[{"href":"https:\/\/hotel-gaedi.ch\/fr\/wp-json\/wp\/v2\/pages"}],"about":[{"href":"https:\/\/hotel-gaedi.ch\/fr\/wp-json\/wp\/v2\/types\/page"}],"author":[{"embeddable":true,"href":"https:\/\/hotel-gaedi.ch\/fr\/wp-json\/wp\/v2\/users\/2"}],"replies":[{"embeddable":true,"href":"https:\/\/hotel-gaedi.ch\/fr\/wp-json\/wp\/v2\/comments?post=3442"}],"version-history":[{"count":10,"href":"https:\/\/hotel-gaedi.ch\/fr\/wp-json\/wp\/v2\/pages\/3442\/revisions"}],"predecessor-version":[{"id":4705,"href":"https:\/\/hotel-gaedi.ch\/fr\/wp-json\/wp\/v2\/pages\/3442\/revisions\/4705"}],"up":[{"embeddable":true,"href":"https:\/\/hotel-gaedi.ch\/fr\/wp-json\/wp\/v2\/pages\/3440"}],"wp:attachment":[{"href":"https:\/\/hotel-gaedi.ch\/fr\/wp-json\/wp\/v2\/media?parent=3442"}],"curies":[{"name":"wp","href":"https:\/\/api.w.org\/{rel}","templated":true}]}}