{"id":3444,"date":"2022-09-09T12:18:44","date_gmt":"2022-09-09T10:18:44","guid":{"rendered":"https:\/\/hotel-gaedi.ch\/a-propos-de-nous\/emplois\/"},"modified":"2023-04-28T13:50:17","modified_gmt":"2023-04-28T11:50:17","slug":"emplois","status":"publish","type":"page","link":"https:\/\/hotel-gaedi.ch\/fr\/a-propos-de-nous\/emplois\/","title":{"rendered":"Emplois"},"content":{"rendered":"\n<div class=\"wp-block-group container introtext-centered-sun-icon-title\"><div class=\"wp-block-group__inner-container is-layout-flow wp-block-group-is-layout-flow\">\n<div class=\"wp-block-columns row is-layout-flex wp-container-core-columns-is-layout-9d6595d7 wp-block-columns-is-layout-flex\">\n<div class=\"wp-block-column col-12 is-layout-flow wp-block-column-is-layout-flow\">\n<h1 class=\"wp-block-heading\">Ton travail \u00e0 l&rsquo;h\u00f4tel G\u00e4di<\/h1>\n\n\n\n<p>Rejoins la famille G\u00e4di ! En 1971, les parents de Martin ont ouvert l&rsquo;h\u00f4tel G\u00e4di \u00e0 Gr\u00e4chen. Plus tard, M\u00e9lanie et Martin ont tous deux pu reprendre l&rsquo;h\u00f4tel et continuent \u00e0 le g\u00e9rer avec le m\u00eame esprit familial. Dans ce contexte, les voies d\u00e9cisionnelles sont courtes, les collaborateurs se sentent bien chez nous et sont bien impliqu\u00e9s dans l&rsquo;entreprise. G\u00e4di un jour, G\u00e4di toujours, car nous avons effectivement de nombreux collaborateurs de longue date. Tu vois, chez nous, tu peux vieillir \u263a<\/p>\n\n\n\n<p>En plus du travail, Gr\u00e4chen propose de fantastiques activit\u00e9s de loisirs au c\u0153ur des montagnes valaisannes. Parmi celles-ci, on trouve de nombreuses activit\u00e9s sportives, les bains thermaux ou le shopping \u00e0 Brigue. De plus, nous faisons partie des <a href=\"https:\/\/best3starhotels.ch\/\" target=\"_blank\" rel=\"noreferrer noopener\">BEST 3 STAR HOTELS of Switzerland<\/a>, ce qui sera \u00e9galement passionnant pour toi et t&rsquo;apportera des goodies.<\/p>\n<\/div>\n<\/div>\n<\/div><\/div>\n\n<div class=\"wp-block-group container accordion-items\"><div class=\"wp-block-group__inner-container is-layout-flow wp-block-group-is-layout-flow\">\n<div class=\"wp-block-columns row is-layout-flex wp-container-core-columns-is-layout-9d6595d7 wp-block-columns-is-layout-flex\">\n<div class=\"wp-block-column col-12 is-layout-flow wp-block-column-is-layout-flow\">\n<div class=\"wp-block-pb-accordion-item c-accordion__item js-accordion-item no-js\" data-initially-open=\"false\" data-click-to-close=\"true\" data-auto-close=\"true\" data-scroll=\"false\" data-scroll-offset=\"0\"><h4 id=\"at-810\" class=\"c-accordion__title js-accordion-controller\" role=\"button\">Restaurantfach Frau, Mann oder divers Gelernt und\/oder mit Erfahrung<\/h4><div id=\"ac-810\" class=\"c-accordion__content\">\n<p>Tu ma\u00eetrises le service et tu te r\u00e9jouis lorsque les clients sont contents de leur repas.<br\/>et \u00e0 boire, mais aussi avec l&rsquo;ambiance de notre restaurant.<br\/>Nous y servons chaque soir notre menu du bonheur en demi-pension ou les fameux plats \u00e0 la carte.<br\/>Les tribunaux.<br\/><br\/>Nous sommes fiers de nos nombreux habitu\u00e9s, qui nous appr\u00e9cient autant que nous les appr\u00e9cions.<br\/>As-tu envie de nous aider \u00e0 rester l&rsquo;un des h\u00f4tels les plus accueillants de Suisse ?<br\/>Suisse ?<br\/><br\/>L&rsquo;h\u00f4tel G\u00e4di se trouve directement \u00e0 la station inf\u00e9rieure de la t\u00e9l\u00e9cabine Hannigalp ; les meilleures conditions sont donc r\u00e9unies pour que vous puissiez profiter pleinement de votre s\u00e9jour.<br\/>conditions pour explorer les superbes sentiers de randonn\u00e9e pendant ton temps libre.<br\/><br\/>Es-tu pr\u00eat(e) \u00e0 t&rsquo;engager et \u00e0 t&rsquo;amuser quand tout va bien ?<br\/>Oui ! Dans ce cas, nous nous r\u00e9jouissons de recevoir ta candidature \u00e9crite compl\u00e8te par e-mail.<\/p>\n\n\n\n<p><br\/>M\u00e9lanie Williner<br\/>H\u00f4te et copropri\u00e9taire<br\/>H\u00f4tel G\u00e4di Gr\u00e4chen<br\/>Rue de l&rsquo;Ours 466<br\/>CH- 3925 Gr\u00e4chen<br\/>+41 27 956 18 28<br\/><a href=\"mailto:info@hotel-gaedi.ch\">info@hotel-gaedi.ch<br\/><\/a><a href=\"https:\/\/www.hotel-gaedi.ch\/sites\/de\/\" target=\"_blank\" rel=\"noreferrer noopener\">www.hotel-gaedi.ch<\/a><\/p>\n<\/div><\/div>\n\n\n\n<div class=\"wp-block-pb-accordion-item c-accordion__item js-accordion-item no-js\" data-initially-open=\"false\" data-click-to-close=\"true\" data-auto-close=\"true\" data-scroll=\"false\" data-scroll-offset=\"0\"><h4 id=\"at-811\" class=\"c-accordion__title js-accordion-controller\" role=\"button\">Zimmer Frau, Mann oder divers Gelernt und\/oder mit Erfahrung \u2013 mit einem Putzfimmel<\/h4><div id=\"ac-811\" class=\"c-accordion__content\">\n<p>La propret\u00e9 jusque dans les moindres recoins est importante pour toi. Tu aimes ce qui brille et rayonne ? Ensuite, tu fais tic-tac<br\/>tu es comme nous. Nous tenons \u00e0 ce que nos h\u00f4tes aient des chambres propres et brillantes.<br\/>et des bains.<br\/><br\/>Nous savons que c&rsquo;est un travail \u00e9puisant. C&rsquo;est pourquoi nous te cherchons. Tu es heureux quand<br\/>tu as d\u00e9couvert une poussi\u00e8re ou une peluche et que tu l&rsquo;as nettoy\u00e9e.<br\/><br\/>Nous sommes fiers de nos nombreux habitu\u00e9s, qui nous appr\u00e9cient autant que nous les appr\u00e9cions. Tu as envie<br\/>nous aider \u00e0 continuer \u00e0 faire partie des h\u00f4tels les plus accueillants de Suisse ?<br\/><br\/>L&rsquo;h\u00f4tel G\u00e4di Gr\u00e4chen se trouve directement \u00e0 la station inf\u00e9rieure de la t\u00e9l\u00e9cabine Hannigalp ; les meilleures conditions sont donc r\u00e9unies pour que vous puissiez profiter pleinement de votre s\u00e9jour.<br\/>Les conditions sont r\u00e9unies pour que tu puisses partir sur les pistes pendant ton temps libre.<br\/><br\/>Es-tu pr\u00eat(e) \u00e0 t&rsquo;engager et \u00e0 t&rsquo;amuser quand tout va bien ?<br\/>Oui ! Dans ce cas, nous nous r\u00e9jouissons de recevoir ta candidature \u00e9crite compl\u00e8te par e-mail.<br\/><br\/>M\u00e9lanie Williner<br\/>H\u00f4te et copropri\u00e9taire<br\/>H\u00f4tel G\u00e4di Gr\u00e4chen<br\/>Rue de l&rsquo;Ours 466<br\/>CH- 3925 Gr\u00e4chen<br\/>+41 27 956 18 28<br\/><a href=\"mailto:info@hotel-gaedi.ch\">info@hotel-gaedi.ch<br\/><\/a><a href=\"https:\/\/www.hotel-gaedi.ch\/sites\/de\/\" target=\"_blank\" rel=\"noreferrer noopener\">www.hotel-gaedi.ch<\/a><\/p>\n<\/div><\/div>\n<\/div>\n<\/div>\n<\/div><\/div>\n","protected":false},"excerpt":{"rendered":"<p>Ton travail \u00e0 l&rsquo;h\u00f4tel G\u00e4di Rejoins la famille G\u00e4di ! En 1971, les parents de Martin ont ouvert l&rsquo;h\u00f4tel G\u00e4di \u00e0 Gr\u00e4chen. Plus tard, M\u00e9lanie et Martin ont tous deux pu reprendre l&rsquo;h\u00f4tel et continuent \u00e0 le g\u00e9rer avec le m\u00eame esprit familial. Dans ce contexte, les voies d\u00e9cisionnelles sont courtes, les collaborateurs se sentent [&hellip;]<\/p>\n","protected":false},"author":1,"featured_media":0,"parent":3440,"menu_order":0,"comment_status":"closed","ping_status":"closed","template":"","meta":{"_acf_changed":false,"inline_featured_image":false,"footnotes":""},"class_list":["post-3444","page","type-page","status-publish","hentry"],"acf":[],"yoast_head":"<!-- This site is optimized with the Yoast SEO plugin v27.5 - https:\/\/yoast.com\/product\/yoast-seo-wordpress\/ -->\n<title>Emplois | H\u00f4tel G\u00e4di Gr\u00e4chen<\/title>\n<meta name=\"description\" content=\"Rejoignez la famille G\u00e4di. En plus du travail, de fantastiques activit\u00e9s de loisirs au c\u0153ur des montagnes valaisannes vous attendent \u00e0 Gr\u00e4chen.\" \/>\n<meta name=\"robots\" content=\"index, follow, max-snippet:-1, max-image-preview:large, max-video-preview:-1\" \/>\n<link rel=\"canonical\" href=\"https:\/\/hotel-gaedi.ch\/fr\/a-propos-de-nous\/emplois\/\" \/>\n<meta property=\"og:locale\" content=\"fr_FR\" \/>\n<meta property=\"og:type\" content=\"article\" \/>\n<meta property=\"og:title\" content=\"Emplois | H\u00f4tel G\u00e4di Gr\u00e4chen\" \/>\n<meta property=\"og:description\" content=\"Rejoignez la famille G\u00e4di. En plus du travail, de fantastiques activit\u00e9s de loisirs au c\u0153ur des montagnes valaisannes vous attendent \u00e0 Gr\u00e4chen.\" \/>\n<meta property=\"og:url\" content=\"https:\/\/hotel-gaedi.ch\/fr\/a-propos-de-nous\/emplois\/\" \/>\n<meta property=\"og:site_name\" content=\"Hotel G\u00e4di\" \/>\n<meta property=\"article:modified_time\" content=\"2023-04-28T11:50:17+00:00\" \/>\n<meta name=\"twitter:card\" content=\"summary_large_image\" \/>\n<meta name=\"twitter:label1\" content=\"Dur\u00e9e de lecture estim\u00e9e\" \/>\n\t<meta name=\"twitter:data1\" content=\"3 minutes\" \/>\n<script type=\"application\/ld+json\" class=\"yoast-schema-graph\">{\"@context\":\"https:\\\/\\\/schema.org\",\"@graph\":[{\"@type\":\"WebPage\",\"@id\":\"https:\\\/\\\/hotel-gaedi.ch\\\/fr\\\/a-propos-de-nous\\\/emplois\\\/\",\"url\":\"https:\\\/\\\/hotel-gaedi.ch\\\/fr\\\/a-propos-de-nous\\\/emplois\\\/\",\"name\":\"Emplois | H\u00f4tel G\u00e4di Gr\u00e4chen\",\"isPartOf\":{\"@id\":\"https:\\\/\\\/hotel-gaedi.ch\\\/#website\"},\"datePublished\":\"2022-09-09T10:18:44+00:00\",\"dateModified\":\"2023-04-28T11:50:17+00:00\",\"description\":\"Rejoignez la famille G\u00e4di. En plus du travail, de fantastiques activit\u00e9s de loisirs au c\u0153ur des montagnes valaisannes vous attendent \u00e0 Gr\u00e4chen.\",\"breadcrumb\":{\"@id\":\"https:\\\/\\\/hotel-gaedi.ch\\\/fr\\\/a-propos-de-nous\\\/emplois\\\/#breadcrumb\"},\"inLanguage\":\"fr-FR\",\"potentialAction\":[{\"@type\":\"ReadAction\",\"target\":[\"https:\\\/\\\/hotel-gaedi.ch\\\/fr\\\/a-propos-de-nous\\\/emplois\\\/\"]}]},{\"@type\":\"BreadcrumbList\",\"@id\":\"https:\\\/\\\/hotel-gaedi.ch\\\/fr\\\/a-propos-de-nous\\\/emplois\\\/#breadcrumb\",\"itemListElement\":[{\"@type\":\"ListItem\",\"position\":1,\"name\":\"Home\",\"item\":\"https:\\\/\\\/hotel-gaedi.ch\\\/fr\\\/\"},{\"@type\":\"ListItem\",\"position\":2,\"name\":\"\u00c0 propos de nous\",\"item\":\"https:\\\/\\\/hotel-gaedi.ch\\\/fr\\\/a-propos-de-nous\\\/\"},{\"@type\":\"ListItem\",\"position\":3,\"name\":\"Emplois\"}]},{\"@type\":\"WebSite\",\"@id\":\"https:\\\/\\\/hotel-gaedi.ch\\\/#website\",\"url\":\"https:\\\/\\\/hotel-gaedi.ch\\\/\",\"name\":\"Hotel G\u00e4di\",\"description\":\"Ferien im Hotel G\u00e4di - Gr\u00e4chen\",\"potentialAction\":[{\"@type\":\"SearchAction\",\"target\":{\"@type\":\"EntryPoint\",\"urlTemplate\":\"https:\\\/\\\/hotel-gaedi.ch\\\/?s={search_term_string}\"},\"query-input\":{\"@type\":\"PropertyValueSpecification\",\"valueRequired\":true,\"valueName\":\"search_term_string\"}}],\"inLanguage\":\"fr-FR\"}]}<\/script>\n<!-- \/ Yoast SEO plugin. -->","yoast_head_json":{"title":"Emplois | H\u00f4tel G\u00e4di Gr\u00e4chen","description":"Rejoignez la famille G\u00e4di. En plus du travail, de fantastiques activit\u00e9s de loisirs au c\u0153ur des montagnes valaisannes vous attendent \u00e0 Gr\u00e4chen.","robots":{"index":"index","follow":"follow","max-snippet":"max-snippet:-1","max-image-preview":"max-image-preview:large","max-video-preview":"max-video-preview:-1"},"canonical":"https:\/\/hotel-gaedi.ch\/fr\/a-propos-de-nous\/emplois\/","og_locale":"fr_FR","og_type":"article","og_title":"Emplois | H\u00f4tel G\u00e4di Gr\u00e4chen","og_description":"Rejoignez la famille G\u00e4di. En plus du travail, de fantastiques activit\u00e9s de loisirs au c\u0153ur des montagnes valaisannes vous attendent \u00e0 Gr\u00e4chen.","og_url":"https:\/\/hotel-gaedi.ch\/fr\/a-propos-de-nous\/emplois\/","og_site_name":"Hotel G\u00e4di","article_modified_time":"2023-04-28T11:50:17+00:00","twitter_card":"summary_large_image","twitter_misc":{"Dur\u00e9e de lecture estim\u00e9e":"3 minutes"},"schema":{"@context":"https:\/\/schema.org","@graph":[{"@type":"WebPage","@id":"https:\/\/hotel-gaedi.ch\/fr\/a-propos-de-nous\/emplois\/","url":"https:\/\/hotel-gaedi.ch\/fr\/a-propos-de-nous\/emplois\/","name":"Emplois | H\u00f4tel G\u00e4di Gr\u00e4chen","isPartOf":{"@id":"https:\/\/hotel-gaedi.ch\/#website"},"datePublished":"2022-09-09T10:18:44+00:00","dateModified":"2023-04-28T11:50:17+00:00","description":"Rejoignez la famille G\u00e4di. En plus du travail, de fantastiques activit\u00e9s de loisirs au c\u0153ur des montagnes valaisannes vous attendent \u00e0 Gr\u00e4chen.","breadcrumb":{"@id":"https:\/\/hotel-gaedi.ch\/fr\/a-propos-de-nous\/emplois\/#breadcrumb"},"inLanguage":"fr-FR","potentialAction":[{"@type":"ReadAction","target":["https:\/\/hotel-gaedi.ch\/fr\/a-propos-de-nous\/emplois\/"]}]},{"@type":"BreadcrumbList","@id":"https:\/\/hotel-gaedi.ch\/fr\/a-propos-de-nous\/emplois\/#breadcrumb","itemListElement":[{"@type":"ListItem","position":1,"name":"Home","item":"https:\/\/hotel-gaedi.ch\/fr\/"},{"@type":"ListItem","position":2,"name":"\u00c0 propos de nous","item":"https:\/\/hotel-gaedi.ch\/fr\/a-propos-de-nous\/"},{"@type":"ListItem","position":3,"name":"Emplois"}]},{"@type":"WebSite","@id":"https:\/\/hotel-gaedi.ch\/#website","url":"https:\/\/hotel-gaedi.ch\/","name":"Hotel G\u00e4di","description":"Ferien im Hotel G\u00e4di - Gr\u00e4chen","potentialAction":[{"@type":"SearchAction","target":{"@type":"EntryPoint","urlTemplate":"https:\/\/hotel-gaedi.ch\/?s={search_term_string}"},"query-input":{"@type":"PropertyValueSpecification","valueRequired":true,"valueName":"search_term_string"}}],"inLanguage":"fr-FR"}]}},"_links":{"self":[{"href":"https:\/\/hotel-gaedi.ch\/fr\/wp-json\/wp\/v2\/pages\/3444","targetHints":{"allow":["GET"]}}],"collection":[{"href":"https:\/\/hotel-gaedi.ch\/fr\/wp-json\/wp\/v2\/pages"}],"about":[{"href":"https:\/\/hotel-gaedi.ch\/fr\/wp-json\/wp\/v2\/types\/page"}],"author":[{"embeddable":true,"href":"https:\/\/hotel-gaedi.ch\/fr\/wp-json\/wp\/v2\/users\/1"}],"replies":[{"embeddable":true,"href":"https:\/\/hotel-gaedi.ch\/fr\/wp-json\/wp\/v2\/comments?post=3444"}],"version-history":[{"count":2,"href":"https:\/\/hotel-gaedi.ch\/fr\/wp-json\/wp\/v2\/pages\/3444\/revisions"}],"predecessor-version":[{"id":3841,"href":"https:\/\/hotel-gaedi.ch\/fr\/wp-json\/wp\/v2\/pages\/3444\/revisions\/3841"}],"up":[{"embeddable":true,"href":"https:\/\/hotel-gaedi.ch\/fr\/wp-json\/wp\/v2\/pages\/3440"}],"wp:attachment":[{"href":"https:\/\/hotel-gaedi.ch\/fr\/wp-json\/wp\/v2\/media?parent=3444"}],"curies":[{"name":"wp","href":"https:\/\/api.w.org\/{rel}","templated":true}]}}