{"id":3446,"date":"2022-09-09T12:18:32","date_gmt":"2022-09-09T10:18:32","guid":{"rendered":"https:\/\/hotel-gaedi.ch\/a-propos-de-nous\/actualites\/"},"modified":"2025-11-20T18:50:29","modified_gmt":"2025-11-20T17:50:29","slug":"actualites","status":"publish","type":"page","link":"https:\/\/hotel-gaedi.ch\/fr\/a-propos-de-nous\/actualites\/","title":{"rendered":"Actualit\u00e9s"},"content":{"rendered":"\n<div class=\"wp-block-group container introtext-centered-sun-icon-title\"><div class=\"wp-block-group__inner-container is-layout-flow wp-block-group-is-layout-flow\">\n<div class=\"wp-block-columns row is-layout-flex wp-container-core-columns-is-layout-9d6595d7 wp-block-columns-is-layout-flex\">\n<div class=\"wp-block-column col-12 is-layout-flow wp-block-column-is-layout-flow\">\n<h1 class=\"wp-block-heading\">Actuel \u00e0 l&rsquo;h\u00f4tel G\u00e4di<\/h1>\n\n\n\n<p>La r\u00e9gion de Gr\u00e4chen | St. Niklaus en Valais est appr\u00e9ci\u00e9e pour sa situation ensoleill\u00e9e et ses excellentes pistes de ski alpin et de ski de fond en hiver, ses trails et ses sentiers de randonn\u00e9e en \u00e9t\u00e9. L&rsquo;h\u00f4tel G\u00e4di \u00e0 Gr\u00e4chen propose des vacances \u00e0 tous ceux qui veulent se faire du bien et qui appr\u00e9cient une ambiance familiale simple.&nbsp;<\/p>\n\n\n\n<p>Vous trouverez ici des informations et de pr\u00e9cieux conseils pour vos vacances \u00e0 l&rsquo;h\u00f4tel G\u00e4di \u00e0 Gr\u00e4chen et dans la r\u00e9gion.<\/p>\n<\/div>\n<\/div>\n<\/div><\/div>\n\n\n\n<div class=\"wp-block-group container custom-posttype-filtered-list\"><div class=\"wp-block-group__inner-container is-layout-flow wp-block-group-is-layout-flow\">\n<div class=\"wp-block-columns row is-layout-flex wp-container-core-columns-is-layout-9d6595d7 wp-block-columns-is-layout-flex\">\n<div class=\"wp-block-column col-12 is-layout-flow wp-block-column-is-layout-flow\">\n<div class=\"wp-block-query is-layout-flow wp-block-query-is-layout-flow\">\n<ul class=\"wp-block-categories-list wp-block-categories\">\t\n<li class=\"cat-item cat-item-10\"><a href=\"#\" class=\"active\" data-roomfilter=\"tous\">Tous les<\/a><\/li>\n<li class=\"cat-item cat-item-6\"><a href=\"#\" data-roomfilter=\"gaedi-insider-infos-fr\">G\u00e4di Insider Infos<\/a><\/li>\n<li class=\"cat-item cat-item-6\"><a href=\"#\" data-roomfilter=\"conseils-et-activites\">Conseils et activit\u00e9s<\/a><\/li>\n<\/ul>\n\n\n<ul class=\"is-flex-container columns-3 wp-block-post-template is-layout-flow wp-block-post-template-is-layout-flow\"><li class=\"wp-block-post post-4064 post type-post status-publish format-standard has-post-thumbnail hentry category-gaedi-insider-infos-fr\">\n<figure class=\"wp-block-post-featured-image\"><a href=\"https:\/\/hotel-gaedi.ch\/fr\/2023\/11\/29\/celui-qui-commence-la-journee-avec-le-sourire-a-deja-gagne\/\" target=\"_self\"  ><img loading=\"lazy\" decoding=\"async\" width=\"1780\" height=\"1187\" src=\"https:\/\/hotel-gaedi.ch\/wp-content\/uploads\/2023\/11\/beste-winter-hotels-2023.jpg\" class=\"attachment-post-thumbnail size-post-thumbnail wp-post-image\" alt=\"Celui qui commence la journ\u00e9e avec le sourire&#8230; a d\u00e9j\u00e0 gagn\u00e9\" style=\"object-fit:cover;\" srcset=\"https:\/\/hotel-gaedi.ch\/wp-content\/uploads\/2023\/11\/beste-winter-hotels-2023.jpg 1780w, https:\/\/hotel-gaedi.ch\/wp-content\/uploads\/2023\/11\/beste-winter-hotels-2023-500x333.jpg 500w, https:\/\/hotel-gaedi.ch\/wp-content\/uploads\/2023\/11\/beste-winter-hotels-2023-1024x683.jpg 1024w, https:\/\/hotel-gaedi.ch\/wp-content\/uploads\/2023\/11\/beste-winter-hotels-2023-768x512.jpg 768w, https:\/\/hotel-gaedi.ch\/wp-content\/uploads\/2023\/11\/beste-winter-hotels-2023-1536x1024.jpg 1536w\" sizes=\"auto, (max-width: 1780px) 100vw, 1780px\" \/><\/a><\/figure>\n\n<div class=\"wp-block-post-date\"><time datetime=\"2023-11-29T10:15:25+01:00\">novembre 2023<\/time><\/div>\n\n<h4 class=\"wp-block-post-title\">Celui qui commence la journ\u00e9e avec le sourire&#8230; a d\u00e9j\u00e0 gagn\u00e9<\/h4>\n\n<div class=\"wp-block-post-excerpt\"><p class=\"wp-block-post-excerpt__excerpt\">Le c\u00e9l\u00e8bre classement des h\u00f4tels de Karl Wild nous a d\u00e9sign\u00e9s comme l&rsquo;un des 25 meilleurs h\u00f4tels d&rsquo;hiver 3 \u00e9toiles de Suisse. <\/p><\/div>\n\n<a class=\"wp-block-read-more\" href=\"https:\/\/hotel-gaedi.ch\/fr\/2023\/11\/29\/celui-qui-commence-la-journee-avec-le-sourire-a-deja-gagne\/\" target=\"_self\">Details<span class=\"screen-reader-text\">\u00a0: Celui qui commence la journ\u00e9e avec le sourire&#8230; a d\u00e9j\u00e0 gagn\u00e9<\/span><\/a>\n<\/li><li class=\"wp-block-post post-3534 post type-post status-publish format-standard has-post-thumbnail hentry category-gaedi-insider-infos-fr\">\n<figure class=\"wp-block-post-featured-image\"><a href=\"https:\/\/hotel-gaedi.ch\/fr\/2022\/12\/21\/hotel-gaedi-graechen-un-des-meilleurs-hotels-dhiver-de-suisse\/\" target=\"_self\"  ><img loading=\"lazy\" decoding=\"async\" width=\"1780\" height=\"1187\" src=\"https:\/\/hotel-gaedi.ch\/wp-content\/uploads\/2022\/12\/beste-winter-hotels.jpg\" class=\"attachment-post-thumbnail size-post-thumbnail wp-post-image\" alt=\"H\u00f4tel G\u00e4di Gr\u00e4chen &#8211; Un des meilleurs h\u00f4tels d&rsquo;hiver de Suisse\" style=\"object-fit:cover;\" srcset=\"https:\/\/hotel-gaedi.ch\/wp-content\/uploads\/2022\/12\/beste-winter-hotels.jpg 1780w, https:\/\/hotel-gaedi.ch\/wp-content\/uploads\/2022\/12\/beste-winter-hotels-500x333.jpg 500w, https:\/\/hotel-gaedi.ch\/wp-content\/uploads\/2022\/12\/beste-winter-hotels-1024x683.jpg 1024w, https:\/\/hotel-gaedi.ch\/wp-content\/uploads\/2022\/12\/beste-winter-hotels-768x512.jpg 768w, https:\/\/hotel-gaedi.ch\/wp-content\/uploads\/2022\/12\/beste-winter-hotels-1536x1024.jpg 1536w\" sizes=\"auto, (max-width: 1780px) 100vw, 1780px\" \/><\/a><\/figure>\n\n<div class=\"wp-block-post-date\"><time datetime=\"2022-12-21T17:19:49+01:00\">d\u00e9cembre 2022<\/time><\/div>\n\n<h4 class=\"wp-block-post-title\">H\u00f4tel G\u00e4di Gr\u00e4chen &#8211; Un des meilleurs h\u00f4tels d&rsquo;hiver de Suisse<\/h4>\n\n<div class=\"wp-block-post-excerpt\"><p class=\"wp-block-post-excerpt__excerpt\">Le c\u00e9l\u00e8bre classement des h\u00f4tels de Karl Wild nous a d\u00e9sign\u00e9s comme l&rsquo;un des 25 meilleurs h\u00f4tels d&rsquo;hiver 3 \u00e9toiles de Suisse. <\/p><\/div>\n\n<a class=\"wp-block-read-more\" href=\"https:\/\/hotel-gaedi.ch\/fr\/2022\/12\/21\/hotel-gaedi-graechen-un-des-meilleurs-hotels-dhiver-de-suisse\/\" target=\"_self\">Details<span class=\"screen-reader-text\">\u00a0: H\u00f4tel G\u00e4di Gr\u00e4chen &#8211; Un des meilleurs h\u00f4tels d&rsquo;hiver de Suisse<\/span><\/a>\n<\/li><li class=\"wp-block-post post-3540 post type-post status-publish format-standard has-post-thumbnail hentry category-gaedi-insider-infos-fr\">\n<figure class=\"wp-block-post-featured-image\"><a href=\"https:\/\/hotel-gaedi.ch\/fr\/2022\/12\/16\/gaedi-fait-partie-des-meilleurs-hotels-3-etoiles-de-suisse\/\" target=\"_self\"  ><img loading=\"lazy\" decoding=\"async\" width=\"1780\" height=\"1187\" src=\"https:\/\/hotel-gaedi.ch\/wp-content\/uploads\/2022\/12\/hotel-gaedi-best-3-star.jpg\" class=\"attachment-post-thumbnail size-post-thumbnail wp-post-image\" alt=\"G\u00e4di fait partie des meilleurs h\u00f4tels 3 \u00e9toiles de Suisse\" style=\"object-fit:cover;\" srcset=\"https:\/\/hotel-gaedi.ch\/wp-content\/uploads\/2022\/12\/hotel-gaedi-best-3-star.jpg 1780w, https:\/\/hotel-gaedi.ch\/wp-content\/uploads\/2022\/12\/hotel-gaedi-best-3-star-500x333.jpg 500w, https:\/\/hotel-gaedi.ch\/wp-content\/uploads\/2022\/12\/hotel-gaedi-best-3-star-1024x683.jpg 1024w, https:\/\/hotel-gaedi.ch\/wp-content\/uploads\/2022\/12\/hotel-gaedi-best-3-star-768x512.jpg 768w, https:\/\/hotel-gaedi.ch\/wp-content\/uploads\/2022\/12\/hotel-gaedi-best-3-star-1536x1024.jpg 1536w\" sizes=\"auto, (max-width: 1780px) 100vw, 1780px\" \/><\/a><\/figure>\n\n<div class=\"wp-block-post-date\"><time datetime=\"2022-12-16T17:53:30+01:00\">d\u00e9cembre 2022<\/time><\/div>\n\n<h4 class=\"wp-block-post-title\">G\u00e4di fait partie des meilleurs h\u00f4tels 3 \u00e9toiles de Suisse<\/h4>\n\n<div class=\"wp-block-post-excerpt\"><p class=\"wp-block-post-excerpt__excerpt\">Nous faisons partie des Best3Star Hotels of Switzerland. Nous sommes extr\u00eamement fiers de notre \u00e9quipe et nous la remercions du fond du c\u0153ur pour tout ! <\/p><\/div>\n\n<a class=\"wp-block-read-more\" href=\"https:\/\/hotel-gaedi.ch\/fr\/2022\/12\/16\/gaedi-fait-partie-des-meilleurs-hotels-3-etoiles-de-suisse\/\" target=\"_self\">Details<span class=\"screen-reader-text\">\u00a0: G\u00e4di fait partie des meilleurs h\u00f4tels 3 \u00e9toiles de Suisse<\/span><\/a>\n<\/li><li class=\"wp-block-post post-3548 post type-post status-publish format-standard has-post-thumbnail hentry category-conseils-et-activites category-non-classifiee\">\n<figure class=\"wp-block-post-featured-image\"><a href=\"https:\/\/hotel-gaedi.ch\/fr\/2022\/10\/09\/graechen-est-le-plus-grand-domaine-de-vtt-du-valais\/\" target=\"_self\"  ><img loading=\"lazy\" decoding=\"async\" width=\"535\" height=\"355\" src=\"https:\/\/hotel-gaedi.ch\/wp-content\/uploads\/2022\/10\/graechen-bike-haengebruecke-europaweg.jpg\" class=\"attachment-post-thumbnail size-post-thumbnail wp-post-image\" alt=\"Gr\u00e4chen est le plus grand domaine de VTT du Valais\" style=\"object-fit:cover;\" srcset=\"https:\/\/hotel-gaedi.ch\/wp-content\/uploads\/2022\/10\/graechen-bike-haengebruecke-europaweg.jpg 535w, https:\/\/hotel-gaedi.ch\/wp-content\/uploads\/2022\/10\/graechen-bike-haengebruecke-europaweg-500x332.jpg 500w\" sizes=\"auto, (max-width: 535px) 100vw, 535px\" \/><\/a><\/figure>\n\n<div class=\"wp-block-post-date\"><time datetime=\"2022-10-09T12:13:00+02:00\">octobre 2022<\/time><\/div>\n\n<h4 class=\"wp-block-post-title\">Gr\u00e4chen est le plus grand domaine de VTT du Valais<\/h4>\n\n<div class=\"wp-block-post-excerpt\"><p class=\"wp-block-post-excerpt__excerpt\">Nos circuits en VTT s&rsquo;\u00e9tendent de 660 m d&rsquo;altitude jusqu&rsquo;au sommet de la montagne. M. \u00e0 2450 m d&rsquo;altitude M. Ensoleill\u00e9 et vari\u00e9. <\/p><\/div>\n\n<a class=\"wp-block-read-more\" href=\"https:\/\/hotel-gaedi.ch\/fr\/2022\/10\/09\/graechen-est-le-plus-grand-domaine-de-vtt-du-valais\/\" target=\"_self\">Details<span class=\"screen-reader-text\">\u00a0: Gr\u00e4chen est le plus grand domaine de VTT du Valais<\/span><\/a>\n<\/li><li class=\"wp-block-post post-3556 post type-post status-publish format-standard has-post-thumbnail hentry category-gaedi-insider-infos-fr category-non-classifiee\">\n<figure class=\"wp-block-post-featured-image\"><a href=\"https:\/\/hotel-gaedi.ch\/fr\/2022\/10\/09\/la-cuisine-est-laffaire-du-chef\/\" target=\"_self\"  ><img loading=\"lazy\" decoding=\"async\" width=\"535\" height=\"357\" src=\"https:\/\/hotel-gaedi.ch\/wp-content\/uploads\/2022\/09\/martin-brigger-koch-hotel-gaedi-graechen-gross.jpg\" class=\"attachment-post-thumbnail size-post-thumbnail wp-post-image\" alt=\"La cuisine est l&rsquo;affaire du chef\" style=\"object-fit:cover;\" srcset=\"https:\/\/hotel-gaedi.ch\/wp-content\/uploads\/2022\/09\/martin-brigger-koch-hotel-gaedi-graechen-gross.jpg 535w, https:\/\/hotel-gaedi.ch\/wp-content\/uploads\/2022\/09\/martin-brigger-koch-hotel-gaedi-graechen-gross-500x334.jpg 500w\" sizes=\"auto, (max-width: 535px) 100vw, 535px\" \/><\/a><\/figure>\n\n<div class=\"wp-block-post-date\"><time datetime=\"2022-10-09T12:12:00+02:00\">octobre 2022<\/time><\/div>\n\n<h4 class=\"wp-block-post-title\">La cuisine est l&rsquo;affaire du chef<\/h4>\n\n<div class=\"wp-block-post-excerpt\"><p class=\"wp-block-post-excerpt__excerpt\">Croquant, frais et cuisin\u00e9 avec beaucoup d&rsquo;amour. <\/p><\/div>\n\n<a class=\"wp-block-read-more\" href=\"https:\/\/hotel-gaedi.ch\/fr\/2022\/10\/09\/la-cuisine-est-laffaire-du-chef\/\" target=\"_self\">Details<span class=\"screen-reader-text\">\u00a0: La cuisine est l&rsquo;affaire du chef<\/span><\/a>\n<\/li><li class=\"wp-block-post post-3564 post type-post status-publish format-standard has-post-thumbnail hentry category-gaedi-insider-infos-fr category-non-classifiee\">\n<figure class=\"wp-block-post-featured-image\"><a href=\"https:\/\/hotel-gaedi.ch\/fr\/2022\/10\/09\/lhotel-alpin-le-plus-populaire\/\" target=\"_self\"  ><img loading=\"lazy\" decoding=\"async\" width=\"535\" height=\"355\" src=\"https:\/\/hotel-gaedi.ch\/wp-content\/uploads\/2022\/10\/winter-award-2018-gross.jpg\" class=\"attachment-post-thumbnail size-post-thumbnail wp-post-image\" alt=\"L&rsquo;h\u00f4tel alpin le plus populaire\" style=\"object-fit:cover;\" srcset=\"https:\/\/hotel-gaedi.ch\/wp-content\/uploads\/2022\/10\/winter-award-2018-gross.jpg 535w, https:\/\/hotel-gaedi.ch\/wp-content\/uploads\/2022\/10\/winter-award-2018-gross-500x332.jpg 500w\" sizes=\"auto, (max-width: 535px) 100vw, 535px\" \/><\/a><\/figure>\n\n<div class=\"wp-block-post-date\"><time datetime=\"2022-10-09T12:11:00+02:00\">octobre 2022<\/time><\/div>\n\n<h4 class=\"wp-block-post-title\">L&rsquo;h\u00f4tel alpin le plus populaire<\/h4>\n\n<div class=\"wp-block-post-excerpt\"><p class=\"wp-block-post-excerpt__excerpt\">Le 26 avril 2018, la 23e c\u00e9r\u00e9monie de remise des Winter Awards s&rsquo;est d\u00e9roul\u00e9e au lac Achensee, dans le Tyrol. <\/p><\/div>\n\n<a class=\"wp-block-read-more\" href=\"https:\/\/hotel-gaedi.ch\/fr\/2022\/10\/09\/lhotel-alpin-le-plus-populaire\/\" target=\"_self\">Details<span class=\"screen-reader-text\">\u00a0: L&rsquo;h\u00f4tel alpin le plus populaire<\/span><\/a>\n<\/li><li class=\"wp-block-post post-3580 post type-post status-publish format-standard has-post-thumbnail hentry category-conseils-et-activites category-non-classifiee\">\n<figure class=\"wp-block-post-featured-image\"><a href=\"https:\/\/hotel-gaedi.ch\/fr\/2022\/10\/09\/biketrails\/\" target=\"_self\"  ><img loading=\"lazy\" decoding=\"async\" width=\"535\" height=\"357\" src=\"https:\/\/hotel-gaedi.ch\/wp-content\/uploads\/2022\/10\/biketrails-graechen.jpg\" class=\"attachment-post-thumbnail size-post-thumbnail wp-post-image\" alt=\"Biketrails\" style=\"object-fit:cover;\" srcset=\"https:\/\/hotel-gaedi.ch\/wp-content\/uploads\/2022\/10\/biketrails-graechen.jpg 535w, https:\/\/hotel-gaedi.ch\/wp-content\/uploads\/2022\/10\/biketrails-graechen-500x334.jpg 500w\" sizes=\"auto, (max-width: 535px) 100vw, 535px\" \/><\/a><\/figure>\n\n<div class=\"wp-block-post-date\"><time datetime=\"2022-10-09T12:09:17+02:00\">octobre 2022<\/time><\/div>\n\n<h4 class=\"wp-block-post-title\">Biketrails<\/h4>\n\n<div class=\"wp-block-post-excerpt\"><p class=\"wp-block-post-excerpt__excerpt\">\u00c0 tous les motards passionn\u00e9s et \u00e0 ceux qui veulent le devenir ! <\/p><\/div>\n\n<a class=\"wp-block-read-more\" href=\"https:\/\/hotel-gaedi.ch\/fr\/2022\/10\/09\/biketrails\/\" target=\"_self\">Details<span class=\"screen-reader-text\">\u00a0: Biketrails<\/span><\/a>\n<\/li><li class=\"wp-block-post post-3588 post type-post status-publish format-standard has-post-thumbnail hentry category-conseils-et-activites category-non-classifiee\">\n<figure class=\"wp-block-post-featured-image\"><a href=\"https:\/\/hotel-gaedi.ch\/fr\/2022\/10\/09\/randonnees-hivernales\/\" target=\"_self\"  ><img loading=\"lazy\" decoding=\"async\" width=\"535\" height=\"357\" src=\"https:\/\/hotel-gaedi.ch\/wp-content\/uploads\/2022\/10\/winterwanderweg-graechen-gross.jpg\" class=\"attachment-post-thumbnail size-post-thumbnail wp-post-image\" alt=\"Randonn\u00e9es hivernales\" style=\"object-fit:cover;\" srcset=\"https:\/\/hotel-gaedi.ch\/wp-content\/uploads\/2022\/10\/winterwanderweg-graechen-gross.jpg 535w, https:\/\/hotel-gaedi.ch\/wp-content\/uploads\/2022\/10\/winterwanderweg-graechen-gross-500x334.jpg 500w\" sizes=\"auto, (max-width: 535px) 100vw, 535px\" \/><\/a><\/figure>\n\n<div class=\"wp-block-post-date\"><time datetime=\"2022-10-09T12:08:21+02:00\">octobre 2022<\/time><\/div>\n\n<h4 class=\"wp-block-post-title\">Randonn\u00e9es hivernales<\/h4>\n\n<div class=\"wp-block-post-excerpt\"><p class=\"wp-block-post-excerpt__excerpt\">Gr\u00e4chen offre des randonn\u00e9es hivernales vari\u00e9es et magnifiques. <\/p><\/div>\n\n<a class=\"wp-block-read-more\" href=\"https:\/\/hotel-gaedi.ch\/fr\/2022\/10\/09\/randonnees-hivernales\/\" target=\"_self\">Details<span class=\"screen-reader-text\">\u00a0: Randonn\u00e9es hivernales<\/span><\/a>\n<\/li><li class=\"wp-block-post post-3596 post type-post status-publish format-standard has-post-thumbnail hentry category-gaedi-insider-infos-fr category-non-classifiee\">\n<figure class=\"wp-block-post-featured-image\"><a href=\"https:\/\/hotel-gaedi.ch\/fr\/2022\/10\/09\/hue-hue-hue-1ere-place\/\" target=\"_self\"  ><img loading=\"lazy\" decoding=\"async\" width=\"535\" height=\"355\" src=\"https:\/\/hotel-gaedi.ch\/wp-content\/uploads\/2022\/10\/prix-bienvenu-2017-hotel-gaedi-graechen-gross.jpg\" class=\"attachment-post-thumbnail size-post-thumbnail wp-post-image\" alt=\"Hue, hue, hue ! 1\u00e8re place\" style=\"object-fit:cover;\" srcset=\"https:\/\/hotel-gaedi.ch\/wp-content\/uploads\/2022\/10\/prix-bienvenu-2017-hotel-gaedi-graechen-gross.jpg 535w, https:\/\/hotel-gaedi.ch\/wp-content\/uploads\/2022\/10\/prix-bienvenu-2017-hotel-gaedi-graechen-gross-500x332.jpg 500w\" sizes=\"auto, (max-width: 535px) 100vw, 535px\" \/><\/a><\/figure>\n\n<div class=\"wp-block-post-date\"><time datetime=\"2022-10-09T12:07:35+02:00\">octobre 2022<\/time><\/div>\n\n<h4 class=\"wp-block-post-title\">Hue, hue, hue ! 1\u00e8re place<\/h4>\n\n<div class=\"wp-block-post-excerpt\"><p class=\"wp-block-post-excerpt__excerpt\">R\u00e9trospective 2017 : lorsque Suisse Tourisme nous a appel\u00e9s pour nous annoncer que nous \u00e9tions nomin\u00e9s dans la cat\u00e9gorie \u00ab\u00a0petits et raffin\u00e9s\u00a0\u00bb des h\u00f4tels les plus accueillants de Suisse en 2017, nous \u00e9tions fous de joie ! <\/p><\/div>\n\n<a class=\"wp-block-read-more\" href=\"https:\/\/hotel-gaedi.ch\/fr\/2022\/10\/09\/hue-hue-hue-1ere-place\/\" target=\"_self\">Details<span class=\"screen-reader-text\">\u00a0: Hue, hue, hue ! 1\u00e8re place<\/span><\/a>\n<\/li><li class=\"wp-block-post post-3604 post type-post status-publish format-standard has-post-thumbnail hentry category-conseils-et-activites category-non-classifiee\">\n<figure class=\"wp-block-post-featured-image\"><a href=\"https:\/\/hotel-gaedi.ch\/fr\/2022\/10\/09\/nouveau-pont-suspendu-sur-leuropaweg\/\" target=\"_self\"  ><img loading=\"lazy\" decoding=\"async\" width=\"535\" height=\"357\" src=\"https:\/\/hotel-gaedi.ch\/wp-content\/uploads\/2022\/10\/europabruecke-graechen-zermatt-randa.jpg\" class=\"attachment-post-thumbnail size-post-thumbnail wp-post-image\" alt=\"Nouveau pont suspendu sur l&rsquo;Europaweg\" style=\"object-fit:cover;\" srcset=\"https:\/\/hotel-gaedi.ch\/wp-content\/uploads\/2022\/10\/europabruecke-graechen-zermatt-randa.jpg 535w, https:\/\/hotel-gaedi.ch\/wp-content\/uploads\/2022\/10\/europabruecke-graechen-zermatt-randa-500x334.jpg 500w\" sizes=\"auto, (max-width: 535px) 100vw, 535px\" \/><\/a><\/figure>\n\n<div class=\"wp-block-post-date\"><time datetime=\"2022-10-09T12:06:35+02:00\">octobre 2022<\/time><\/div>\n\n<h4 class=\"wp-block-post-title\">Nouveau pont suspendu sur l&rsquo;Europaweg<\/h4>\n\n<div class=\"wp-block-post-excerpt\"><p class=\"wp-block-post-excerpt__excerpt\">\u00c9poustouflant &#8211; Captivant &#8211; Imposant <\/p><\/div>\n\n<a class=\"wp-block-read-more\" href=\"https:\/\/hotel-gaedi.ch\/fr\/2022\/10\/09\/nouveau-pont-suspendu-sur-leuropaweg\/\" target=\"_self\">Details<span class=\"screen-reader-text\">\u00a0: Nouveau pont suspendu sur l&rsquo;Europaweg<\/span><\/a>\n<\/li><li class=\"wp-block-post post-3612 post type-post status-publish format-standard has-post-thumbnail hentry category-conseils-et-activites category-non-classifiee\">\n<figure class=\"wp-block-post-featured-image\"><a href=\"https:\/\/hotel-gaedi.ch\/fr\/2022\/10\/09\/bisses-conduites-deau\/\" target=\"_self\"  ><img loading=\"lazy\" decoding=\"async\" width=\"535\" height=\"357\" src=\"https:\/\/hotel-gaedi.ch\/wp-content\/uploads\/2022\/10\/suonen-wasserleiten-graechen-gross.jpg\" class=\"attachment-post-thumbnail size-post-thumbnail wp-post-image\" alt=\"Bisses \/ Conduites d&rsquo;eau\" style=\"object-fit:cover;\" srcset=\"https:\/\/hotel-gaedi.ch\/wp-content\/uploads\/2022\/10\/suonen-wasserleiten-graechen-gross.jpg 535w, https:\/\/hotel-gaedi.ch\/wp-content\/uploads\/2022\/10\/suonen-wasserleiten-graechen-gross-500x334.jpg 500w\" sizes=\"auto, (max-width: 535px) 100vw, 535px\" \/><\/a><\/figure>\n\n<div class=\"wp-block-post-date\"><time datetime=\"2022-10-09T12:05:37+02:00\">octobre 2022<\/time><\/div>\n\n<h4 class=\"wp-block-post-title\">Bisses \/ Conduites d&rsquo;eau<\/h4>\n\n<div class=\"wp-block-post-excerpt\"><p class=\"wp-block-post-excerpt__excerpt\">Un morceau d&rsquo;histoire de la montagne \u00e0 vivre ! <\/p><\/div>\n\n<a class=\"wp-block-read-more\" href=\"https:\/\/hotel-gaedi.ch\/fr\/2022\/10\/09\/bisses-conduites-deau\/\" target=\"_self\">Details<span class=\"screen-reader-text\">\u00a0: Bisses \/ Conduites d&rsquo;eau<\/span><\/a>\n<\/li><li class=\"wp-block-post post-3620 post type-post status-publish format-standard has-post-thumbnail hentry category-conseils-et-activites category-non-classifiee\">\n<figure class=\"wp-block-post-featured-image\"><a href=\"https:\/\/hotel-gaedi.ch\/fr\/2022\/10\/09\/visite-guidee-du-village-de-graechen\/\" target=\"_self\"  ><img loading=\"lazy\" decoding=\"async\" width=\"535\" height=\"357\" src=\"https:\/\/hotel-gaedi.ch\/wp-content\/uploads\/2022\/10\/die-geschichte-der-hotel-dorfrundgang-graechen.jpg\" class=\"attachment-post-thumbnail size-post-thumbnail wp-post-image\" alt=\"Visite guid\u00e9e du village de Gr\u00e4chen\" style=\"object-fit:cover;\" srcset=\"https:\/\/hotel-gaedi.ch\/wp-content\/uploads\/2022\/10\/die-geschichte-der-hotel-dorfrundgang-graechen.jpg 535w, https:\/\/hotel-gaedi.ch\/wp-content\/uploads\/2022\/10\/die-geschichte-der-hotel-dorfrundgang-graechen-500x334.jpg 500w\" sizes=\"auto, (max-width: 535px) 100vw, 535px\" \/><\/a><\/figure>\n\n<div class=\"wp-block-post-date\"><time datetime=\"2022-10-09T12:04:36+02:00\">octobre 2022<\/time><\/div>\n\n<h4 class=\"wp-block-post-title\">Visite guid\u00e9e du village de Gr\u00e4chen<\/h4>\n\n<div class=\"wp-block-post-excerpt\"><p class=\"wp-block-post-excerpt__excerpt\">Apprenez-en plus sur la destination de vacances tr\u00e8s pris\u00e9e de Gr\u00e4chen au cours de cette promenade accompagn\u00e9e. <\/p><\/div>\n\n<a class=\"wp-block-read-more\" href=\"https:\/\/hotel-gaedi.ch\/fr\/2022\/10\/09\/visite-guidee-du-village-de-graechen\/\" target=\"_self\">Details<span class=\"screen-reader-text\">\u00a0: Visite guid\u00e9e du village de Gr\u00e4chen<\/span><\/a>\n<\/li><li class=\"wp-block-post post-3628 post type-post status-publish format-standard has-post-thumbnail hentry category-gaedi-insider-infos-fr category-non-classifiee\">\n<figure class=\"wp-block-post-featured-image\"><a href=\"https:\/\/hotel-gaedi.ch\/fr\/2022\/10\/09\/nous-sommes-tres-heureux\/\" target=\"_self\"  ><img loading=\"lazy\" decoding=\"async\" width=\"190\" height=\"127\" src=\"https:\/\/hotel-gaedi.ch\/wp-content\/uploads\/2022\/10\/holiday-check.jpg\" class=\"attachment-post-thumbnail size-post-thumbnail wp-post-image\" alt=\"Nous sommes tr\u00e8s heureux !\" style=\"object-fit:cover;\" \/><\/a><\/figure>\n\n<div class=\"wp-block-post-date\"><time datetime=\"2022-10-09T11:58:19+02:00\">octobre 2022<\/time><\/div>\n\n<h4 class=\"wp-block-post-title\">Nous sommes tr\u00e8s heureux !<\/h4>\n\n<div class=\"wp-block-post-excerpt\"><p class=\"wp-block-post-excerpt__excerpt\">Notre \u00e9tablissement fait partie des h\u00f4tels tr\u00e8s bien not\u00e9s sur HolidayCheck. <\/p><\/div>\n\n<a class=\"wp-block-read-more\" href=\"https:\/\/hotel-gaedi.ch\/fr\/2022\/10\/09\/nous-sommes-tres-heureux\/\" target=\"_self\">Details<span class=\"screen-reader-text\">\u00a0: Nous sommes tr\u00e8s heureux !<\/span><\/a>\n<\/li><li class=\"wp-block-post post-3636 post type-post status-publish format-standard has-post-thumbnail hentry category-conseils-et-activites category-non-classifiee\">\n<figure class=\"wp-block-post-featured-image\"><a href=\"https:\/\/hotel-gaedi.ch\/fr\/2022\/10\/09\/vous-navez-pas-envie-de-skier\/\" target=\"_self\"  ><img loading=\"lazy\" decoding=\"async\" width=\"535\" height=\"357\" src=\"https:\/\/hotel-gaedi.ch\/wp-content\/uploads\/2022\/10\/natureisbahn-graechen-hotel-gaedi-gross.jpg\" class=\"attachment-post-thumbnail size-post-thumbnail wp-post-image\" alt=\"Vous n&rsquo;avez pas envie de skier ?\" style=\"object-fit:cover;\" srcset=\"https:\/\/hotel-gaedi.ch\/wp-content\/uploads\/2022\/10\/natureisbahn-graechen-hotel-gaedi-gross.jpg 535w, https:\/\/hotel-gaedi.ch\/wp-content\/uploads\/2022\/10\/natureisbahn-graechen-hotel-gaedi-gross-500x334.jpg 500w\" sizes=\"auto, (max-width: 535px) 100vw, 535px\" \/><\/a><\/figure>\n\n<div class=\"wp-block-post-date\"><time datetime=\"2022-10-09T11:57:03+02:00\">octobre 2022<\/time><\/div>\n\n<h4 class=\"wp-block-post-title\">Vous n&rsquo;avez pas envie de skier ?<\/h4>\n\n<div class=\"wp-block-post-excerpt\"><p class=\"wp-block-post-excerpt__excerpt\">Alors la patinoire naturelle de Gr\u00e4chen est peut-\u00eatre faite pour vous ! <\/p><\/div>\n\n<a class=\"wp-block-read-more\" href=\"https:\/\/hotel-gaedi.ch\/fr\/2022\/10\/09\/vous-navez-pas-envie-de-skier\/\" target=\"_self\">Details<span class=\"screen-reader-text\">\u00a0: Vous n&rsquo;avez pas envie de skier ?<\/span><\/a>\n<\/li><li class=\"wp-block-post post-4706 post type-post status-publish format-standard has-post-thumbnail hentry category-gaedi-insider-infos-fr category-non-classifiee\">\n<figure class=\"wp-block-post-featured-image\"><a href=\"https:\/\/hotel-gaedi.ch\/fr\/2022\/10\/09\/prix-bienvenu-de-suisse-tourisme\/\" target=\"_self\"  ><img loading=\"lazy\" decoding=\"async\" width=\"535\" height=\"355\" src=\"https:\/\/hotel-gaedi.ch\/wp-content\/uploads\/2022\/10\/top-100-hotels.jpg\" class=\"attachment-post-thumbnail size-post-thumbnail wp-post-image\" alt=\"Prix Bienvenu de Suisse Tourisme\" style=\"object-fit:cover;\" srcset=\"https:\/\/hotel-gaedi.ch\/wp-content\/uploads\/2022\/10\/top-100-hotels.jpg 535w, https:\/\/hotel-gaedi.ch\/wp-content\/uploads\/2022\/10\/top-100-hotels-500x332.jpg 500w\" sizes=\"auto, (max-width: 535px) 100vw, 535px\" \/><\/a><\/figure>\n\n<div class=\"wp-block-post-date\"><time datetime=\"2022-10-09T11:52:35+02:00\">octobre 2022<\/time><\/div>\n\n<h4 class=\"wp-block-post-title\">Prix Bienvenu de Suisse Tourisme<\/h4>\n\n<div class=\"wp-block-post-excerpt\"><p class=\"wp-block-post-excerpt__excerpt\">L&rsquo;h\u00f4tel G\u00e4di Gr\u00e4chen a d\u00e9j\u00e0 \u00e9t\u00e9 class\u00e9 plusieurs fois parmi les 100 h\u00f4tels les plus accueillants de Suisse ! <\/p><\/div>\n\n<a class=\"wp-block-read-more\" href=\"https:\/\/hotel-gaedi.ch\/fr\/2022\/10\/09\/prix-bienvenu-de-suisse-tourisme\/\" target=\"_self\">Details<span class=\"screen-reader-text\">\u00a0: Prix Bienvenu de Suisse Tourisme<\/span><\/a>\n<\/li><\/ul>\n\n<\/div>\n<\/div>\n<\/div>\n<\/div><\/div>\n\n\n\n<div class=\"wp-block-group container introtext-centered-sun-icon-title\"><div class=\"wp-block-group__inner-container is-layout-flow wp-block-group-is-layout-flow\">\n<div class=\"wp-block-columns row is-layout-flex wp-container-core-columns-is-layout-9d6595d7 wp-block-columns-is-layout-flex\">\n<div class=\"wp-block-column col-12 is-layout-flow wp-block-column-is-layout-flow\">\n<figure class=\"wp-block-image size-large is-resized\"><img decoding=\"async\" src=\"https:\/\/hotel-gaedi.ch\/wp-content\/uploads\/2022\/09\/sonne-logo.svg\" alt=\"\" class=\"wp-image-155\" width=\"100\"\/><\/figure>\n\n\n\n<blockquote class=\"wp-block-quote is-layout-flow wp-block-quote-is-layout-flow\">\n<p><span style=\"font-size: 2.1875rem;\">\u00ab\u00a0Ch\u00e8re M\u00e9lanie, cher Martin, nous avons \u00e9t\u00e9 chaleureusement accueillis et avons pu faire la connaissance d&rsquo;h\u00f4tes tr\u00e8s sympathiques.<\/span><\/p>\n\n\n\n<p>Belle chambre lumineuse et propre, excellent petit d\u00e9jeuner, rien ne manquait, tr\u00e8s tr\u00e8s bonne nourriture et, comme toujours, des gens merveilleusement aimables qui nous ont g\u00e2t\u00e9s\u00a0\u00bb.<\/p>\n<\/blockquote>\n<\/div>\n<\/div>\n<\/div><\/div>\n","protected":false},"excerpt":{"rendered":"<p>Actuel \u00e0 l&rsquo;h\u00f4tel G\u00e4di La r\u00e9gion de Gr\u00e4chen | St. Niklaus en Valais est appr\u00e9ci\u00e9e pour sa situation ensoleill\u00e9e et ses excellentes pistes de ski alpin et de ski de fond en hiver, ses trails et ses sentiers de randonn\u00e9e en \u00e9t\u00e9. L&rsquo;h\u00f4tel G\u00e4di \u00e0 Gr\u00e4chen propose des vacances \u00e0 tous ceux qui veulent se [&hellip;]<\/p>\n","protected":false},"author":1,"featured_media":0,"parent":3440,"menu_order":0,"comment_status":"closed","ping_status":"closed","template":"","meta":{"_acf_changed":false,"inline_featured_image":false,"footnotes":""},"class_list":["post-3446","page","type-page","status-publish","hentry"],"acf":[],"yoast_head":"<!-- This site is optimized with the Yoast SEO plugin v27.5 - https:\/\/yoast.com\/product\/yoast-seo-wordpress\/ -->\n<title>Actualit\u00e9s | H\u00f4tel G\u00e4di Gr\u00e4chen<\/title>\n<meta name=\"description\" content=\"Vous trouverez ici toutes les informations actuelles ainsi que de pr\u00e9cieux conseils pour vos vacances \u00e0 l&#039;h\u00f4tel G\u00e4di \u00e0 Gr\u00e4chen.\" \/>\n<meta name=\"robots\" content=\"index, follow, max-snippet:-1, max-image-preview:large, max-video-preview:-1\" \/>\n<link rel=\"canonical\" href=\"https:\/\/hotel-gaedi.ch\/fr\/a-propos-de-nous\/actualites\/\" \/>\n<meta property=\"og:locale\" content=\"fr_FR\" \/>\n<meta property=\"og:type\" content=\"article\" \/>\n<meta property=\"og:title\" content=\"Actualit\u00e9s | H\u00f4tel G\u00e4di Gr\u00e4chen\" \/>\n<meta property=\"og:description\" content=\"Vous trouverez ici toutes les informations actuelles ainsi que de pr\u00e9cieux conseils pour vos vacances \u00e0 l&#039;h\u00f4tel G\u00e4di \u00e0 Gr\u00e4chen.\" \/>\n<meta property=\"og:url\" content=\"https:\/\/hotel-gaedi.ch\/fr\/a-propos-de-nous\/actualites\/\" \/>\n<meta property=\"og:site_name\" content=\"Hotel G\u00e4di\" \/>\n<meta property=\"article:modified_time\" content=\"2025-11-20T17:50:29+00:00\" \/>\n<meta property=\"og:image\" content=\"https:\/\/hotel-gaedi.ch\/wp-content\/uploads\/2022\/09\/sonne-logo.svg\" \/>\n<meta name=\"twitter:card\" content=\"summary_large_image\" \/>\n<meta name=\"twitter:label1\" content=\"Dur\u00e9e de lecture estim\u00e9e\" \/>\n\t<meta name=\"twitter:data1\" content=\"1 minute\" \/>\n<script type=\"application\/ld+json\" class=\"yoast-schema-graph\">{\"@context\":\"https:\\\/\\\/schema.org\",\"@graph\":[{\"@type\":\"WebPage\",\"@id\":\"https:\\\/\\\/hotel-gaedi.ch\\\/fr\\\/a-propos-de-nous\\\/actualites\\\/\",\"url\":\"https:\\\/\\\/hotel-gaedi.ch\\\/fr\\\/a-propos-de-nous\\\/actualites\\\/\",\"name\":\"Actualit\u00e9s | H\u00f4tel G\u00e4di Gr\u00e4chen\",\"isPartOf\":{\"@id\":\"https:\\\/\\\/hotel-gaedi.ch\\\/#website\"},\"primaryImageOfPage\":{\"@id\":\"https:\\\/\\\/hotel-gaedi.ch\\\/fr\\\/a-propos-de-nous\\\/actualites\\\/#primaryimage\"},\"image\":{\"@id\":\"https:\\\/\\\/hotel-gaedi.ch\\\/fr\\\/a-propos-de-nous\\\/actualites\\\/#primaryimage\"},\"thumbnailUrl\":\"https:\\\/\\\/hotel-gaedi.ch\\\/wp-content\\\/uploads\\\/2022\\\/09\\\/sonne-logo.svg\",\"datePublished\":\"2022-09-09T10:18:32+00:00\",\"dateModified\":\"2025-11-20T17:50:29+00:00\",\"description\":\"Vous trouverez ici toutes les informations actuelles ainsi que de pr\u00e9cieux conseils pour vos vacances \u00e0 l'h\u00f4tel G\u00e4di \u00e0 Gr\u00e4chen.\",\"breadcrumb\":{\"@id\":\"https:\\\/\\\/hotel-gaedi.ch\\\/fr\\\/a-propos-de-nous\\\/actualites\\\/#breadcrumb\"},\"inLanguage\":\"fr-FR\",\"potentialAction\":[{\"@type\":\"ReadAction\",\"target\":[\"https:\\\/\\\/hotel-gaedi.ch\\\/fr\\\/a-propos-de-nous\\\/actualites\\\/\"]}]},{\"@type\":\"ImageObject\",\"inLanguage\":\"fr-FR\",\"@id\":\"https:\\\/\\\/hotel-gaedi.ch\\\/fr\\\/a-propos-de-nous\\\/actualites\\\/#primaryimage\",\"url\":\"https:\\\/\\\/hotel-gaedi.ch\\\/wp-content\\\/uploads\\\/2022\\\/09\\\/sonne-logo.svg\",\"contentUrl\":\"https:\\\/\\\/hotel-gaedi.ch\\\/wp-content\\\/uploads\\\/2022\\\/09\\\/sonne-logo.svg\"},{\"@type\":\"BreadcrumbList\",\"@id\":\"https:\\\/\\\/hotel-gaedi.ch\\\/fr\\\/a-propos-de-nous\\\/actualites\\\/#breadcrumb\",\"itemListElement\":[{\"@type\":\"ListItem\",\"position\":1,\"name\":\"Home\",\"item\":\"https:\\\/\\\/hotel-gaedi.ch\\\/fr\\\/\"},{\"@type\":\"ListItem\",\"position\":2,\"name\":\"\u00c0 propos de nous\",\"item\":\"https:\\\/\\\/hotel-gaedi.ch\\\/fr\\\/a-propos-de-nous\\\/\"},{\"@type\":\"ListItem\",\"position\":3,\"name\":\"Actualit\u00e9s\"}]},{\"@type\":\"WebSite\",\"@id\":\"https:\\\/\\\/hotel-gaedi.ch\\\/#website\",\"url\":\"https:\\\/\\\/hotel-gaedi.ch\\\/\",\"name\":\"Hotel G\u00e4di\",\"description\":\"Ferien im Hotel G\u00e4di - Gr\u00e4chen\",\"potentialAction\":[{\"@type\":\"SearchAction\",\"target\":{\"@type\":\"EntryPoint\",\"urlTemplate\":\"https:\\\/\\\/hotel-gaedi.ch\\\/?s={search_term_string}\"},\"query-input\":{\"@type\":\"PropertyValueSpecification\",\"valueRequired\":true,\"valueName\":\"search_term_string\"}}],\"inLanguage\":\"fr-FR\"}]}<\/script>\n<!-- \/ Yoast SEO plugin. -->","yoast_head_json":{"title":"Actualit\u00e9s | H\u00f4tel G\u00e4di Gr\u00e4chen","description":"Vous trouverez ici toutes les informations actuelles ainsi que de pr\u00e9cieux conseils pour vos vacances \u00e0 l'h\u00f4tel G\u00e4di \u00e0 Gr\u00e4chen.","robots":{"index":"index","follow":"follow","max-snippet":"max-snippet:-1","max-image-preview":"max-image-preview:large","max-video-preview":"max-video-preview:-1"},"canonical":"https:\/\/hotel-gaedi.ch\/fr\/a-propos-de-nous\/actualites\/","og_locale":"fr_FR","og_type":"article","og_title":"Actualit\u00e9s | H\u00f4tel G\u00e4di Gr\u00e4chen","og_description":"Vous trouverez ici toutes les informations actuelles ainsi que de pr\u00e9cieux conseils pour vos vacances \u00e0 l'h\u00f4tel G\u00e4di \u00e0 Gr\u00e4chen.","og_url":"https:\/\/hotel-gaedi.ch\/fr\/a-propos-de-nous\/actualites\/","og_site_name":"Hotel G\u00e4di","article_modified_time":"2025-11-20T17:50:29+00:00","og_image":[{"url":"https:\/\/hotel-gaedi.ch\/wp-content\/uploads\/2022\/09\/sonne-logo.svg","type":"","width":"","height":""}],"twitter_card":"summary_large_image","twitter_misc":{"Dur\u00e9e de lecture estim\u00e9e":"1 minute"},"schema":{"@context":"https:\/\/schema.org","@graph":[{"@type":"WebPage","@id":"https:\/\/hotel-gaedi.ch\/fr\/a-propos-de-nous\/actualites\/","url":"https:\/\/hotel-gaedi.ch\/fr\/a-propos-de-nous\/actualites\/","name":"Actualit\u00e9s | H\u00f4tel G\u00e4di Gr\u00e4chen","isPartOf":{"@id":"https:\/\/hotel-gaedi.ch\/#website"},"primaryImageOfPage":{"@id":"https:\/\/hotel-gaedi.ch\/fr\/a-propos-de-nous\/actualites\/#primaryimage"},"image":{"@id":"https:\/\/hotel-gaedi.ch\/fr\/a-propos-de-nous\/actualites\/#primaryimage"},"thumbnailUrl":"https:\/\/hotel-gaedi.ch\/wp-content\/uploads\/2022\/09\/sonne-logo.svg","datePublished":"2022-09-09T10:18:32+00:00","dateModified":"2025-11-20T17:50:29+00:00","description":"Vous trouverez ici toutes les informations actuelles ainsi que de pr\u00e9cieux conseils pour vos vacances \u00e0 l'h\u00f4tel G\u00e4di \u00e0 Gr\u00e4chen.","breadcrumb":{"@id":"https:\/\/hotel-gaedi.ch\/fr\/a-propos-de-nous\/actualites\/#breadcrumb"},"inLanguage":"fr-FR","potentialAction":[{"@type":"ReadAction","target":["https:\/\/hotel-gaedi.ch\/fr\/a-propos-de-nous\/actualites\/"]}]},{"@type":"ImageObject","inLanguage":"fr-FR","@id":"https:\/\/hotel-gaedi.ch\/fr\/a-propos-de-nous\/actualites\/#primaryimage","url":"https:\/\/hotel-gaedi.ch\/wp-content\/uploads\/2022\/09\/sonne-logo.svg","contentUrl":"https:\/\/hotel-gaedi.ch\/wp-content\/uploads\/2022\/09\/sonne-logo.svg"},{"@type":"BreadcrumbList","@id":"https:\/\/hotel-gaedi.ch\/fr\/a-propos-de-nous\/actualites\/#breadcrumb","itemListElement":[{"@type":"ListItem","position":1,"name":"Home","item":"https:\/\/hotel-gaedi.ch\/fr\/"},{"@type":"ListItem","position":2,"name":"\u00c0 propos de nous","item":"https:\/\/hotel-gaedi.ch\/fr\/a-propos-de-nous\/"},{"@type":"ListItem","position":3,"name":"Actualit\u00e9s"}]},{"@type":"WebSite","@id":"https:\/\/hotel-gaedi.ch\/#website","url":"https:\/\/hotel-gaedi.ch\/","name":"Hotel G\u00e4di","description":"Ferien im Hotel G\u00e4di - Gr\u00e4chen","potentialAction":[{"@type":"SearchAction","target":{"@type":"EntryPoint","urlTemplate":"https:\/\/hotel-gaedi.ch\/?s={search_term_string}"},"query-input":{"@type":"PropertyValueSpecification","valueRequired":true,"valueName":"search_term_string"}}],"inLanguage":"fr-FR"}]}},"_links":{"self":[{"href":"https:\/\/hotel-gaedi.ch\/fr\/wp-json\/wp\/v2\/pages\/3446","targetHints":{"allow":["GET"]}}],"collection":[{"href":"https:\/\/hotel-gaedi.ch\/fr\/wp-json\/wp\/v2\/pages"}],"about":[{"href":"https:\/\/hotel-gaedi.ch\/fr\/wp-json\/wp\/v2\/types\/page"}],"author":[{"embeddable":true,"href":"https:\/\/hotel-gaedi.ch\/fr\/wp-json\/wp\/v2\/users\/1"}],"replies":[{"embeddable":true,"href":"https:\/\/hotel-gaedi.ch\/fr\/wp-json\/wp\/v2\/comments?post=3446"}],"version-history":[{"count":3,"href":"https:\/\/hotel-gaedi.ch\/fr\/wp-json\/wp\/v2\/pages\/3446\/revisions"}],"predecessor-version":[{"id":3650,"href":"https:\/\/hotel-gaedi.ch\/fr\/wp-json\/wp\/v2\/pages\/3446\/revisions\/3650"}],"up":[{"embeddable":true,"href":"https:\/\/hotel-gaedi.ch\/fr\/wp-json\/wp\/v2\/pages\/3440"}],"wp:attachment":[{"href":"https:\/\/hotel-gaedi.ch\/fr\/wp-json\/wp\/v2\/media?parent=3446"}],"curies":[{"name":"wp","href":"https:\/\/api.w.org\/{rel}","templated":true}]}}