{"id":3452,"date":"2022-09-09T12:12:25","date_gmt":"2022-09-09T10:12:25","guid":{"rendered":"https:\/\/hotel-gaedi.ch\/hotel\/chambres-prix\/"},"modified":"2025-01-02T09:14:39","modified_gmt":"2025-01-02T08:14:39","slug":"chambres-prix","status":"publish","type":"page","link":"https:\/\/hotel-gaedi.ch\/fr\/hotel\/chambres-prix\/","title":{"rendered":"Chambres &amp; prix"},"content":{"rendered":"\n<div class=\"wp-block-group container-fluid header-teaser\"><div class=\"wp-block-group__inner-container is-layout-flow wp-block-group-is-layout-flow\">\n<div class=\"wp-block-columns row is-layout-flex wp-container-core-columns-is-layout-9d6595d7 wp-block-columns-is-layout-flex\">\n<div class=\"wp-block-column col-12 is-layout-flow wp-block-column-is-layout-flow\">\n<div class=\"wp-block-group container\"><div class=\"wp-block-group__inner-container is-layout-flow wp-block-group-is-layout-flow\">\n<div class=\"wp-block-columns row is-layout-flex wp-container-core-columns-is-layout-9d6595d7 wp-block-columns-is-layout-flex\">\n<div class=\"wp-block-column col-md-12 col-lg-6  order-2 order-lg-1 is-layout-flow wp-block-column-is-layout-flow\">\n<div class=\"wp-block-group\"><div class=\"wp-block-group__inner-container is-layout-flow wp-block-group-is-layout-flow\">\n<h1 class=\"wp-block-heading\">Chambres et prix<\/h1>\n\n\n\n<p>En plus de la vue magnifique sur les montagnes valaisannes, nos h\u00f4tes se r\u00e9jouissent des chambres spacieuses et \u00e9quip\u00e9es de tout le confort de l&rsquo;h\u00f4tel G\u00e4di \u00e0 Gr\u00e4chen. Le soin m\u00e9ticuleux apport\u00e9 aux d\u00e9tails, qui nous tient \u00e0 c\u0153ur, fait que vous vous y sentez parfaitement \u00e0 l&rsquo;aise.  <\/p>\n\n\n\n<div class=\"wp-block-buttons is-layout-flex wp-block-buttons-is-layout-flex\">\n<div class=\"wp-block-button\"><a class=\"wp-block-button__link wp-element-button\" href=\"https:\/\/hotel-gaedi.ch\/fr\/faq\/\">FAQ<\/a><\/div>\n<\/div>\n<\/div><\/div>\n<\/div>\n\n\n\n<div class=\"wp-block-column col-md-12 col-lg-6 order-1 order-lg-2 is-layout-flow wp-block-column-is-layout-flow\">\n<figure class=\"wp-block-image size-large\"><img loading=\"lazy\" decoding=\"async\" width=\"1024\" height=\"1024\" src=\"https:\/\/hotel-gaedi.ch\/wp-content\/uploads\/2022\/09\/doppelzimmer-happy-hotel-graechen-wallis-zimmer-03-quadratisch-1024x1024.jpg\" alt=\"\" class=\"wp-image-591\" srcset=\"https:\/\/hotel-gaedi.ch\/wp-content\/uploads\/2022\/09\/doppelzimmer-happy-hotel-graechen-wallis-zimmer-03-quadratisch-1024x1024.jpg 1024w, https:\/\/hotel-gaedi.ch\/wp-content\/uploads\/2022\/09\/doppelzimmer-happy-hotel-graechen-wallis-zimmer-03-quadratisch-500x500.jpg 500w, https:\/\/hotel-gaedi.ch\/wp-content\/uploads\/2022\/09\/doppelzimmer-happy-hotel-graechen-wallis-zimmer-03-quadratisch-400x400.jpg 400w, https:\/\/hotel-gaedi.ch\/wp-content\/uploads\/2022\/09\/doppelzimmer-happy-hotel-graechen-wallis-zimmer-03-quadratisch-768x768.jpg 768w, https:\/\/hotel-gaedi.ch\/wp-content\/uploads\/2022\/09\/doppelzimmer-happy-hotel-graechen-wallis-zimmer-03-quadratisch.jpg 1065w\" sizes=\"auto, (max-width: 1024px) 100vw, 1024px\" \/><\/figure>\n<\/div>\n<\/div>\n<\/div><\/div>\n<\/div>\n<\/div>\n<\/div><\/div>\n\n<div class=\"wp-block-group container custom-posttype-filtered-list\"><div class=\"wp-block-group__inner-container is-layout-flow wp-block-group-is-layout-flow\">\n<div class=\"wp-block-columns row is-layout-flex wp-container-core-columns-is-layout-9d6595d7 wp-block-columns-is-layout-flex\">\n<div class=\"wp-block-column col-12 is-layout-flow wp-block-column-is-layout-flow\">\n<div class=\"wp-block-query is-layout-flow wp-block-query-is-layout-flow\">\n<ul class=\"wp-block-categories-list wp-block-categories\">\t\n<li class=\"cat-item cat-item-10\"><a href=\"#\" class=\"active\" data-roomfilter=\"alle\">Tous les<\/a><\/li>\n<li class=\"cat-item cat-item-6\"><a href=\"#\" data-roomfilter=\"doppelzimmer\">Chambre double<\/a><\/li>\n<li class=\"cat-item cat-item-6\"><a href=\"#\" data-roomfilter=\"dreibettzimmer\">Chambre \u00e0 trois lits<\/a><\/li>\n<li class=\"cat-item cat-item-6\"><a href=\"#\" data-roomfilter=\"familienzimmer\">Chambre familiale<\/a><\/li>\n<li class=\"cat-item cat-item-6\"><a href=\"#\" data-roomfilter=\"suite\">Suite<\/a><\/li>\n<\/ul>\n\n\n<ul class=\"columns-3 wp-block-post-template is-layout-grid wp-container-core-post-template-is-layout-2fc57c17 wp-block-post-template-is-layout-grid\"><li class=\"wp-block-post post-3402 zimmer type-zimmer status-publish has-post-thumbnail hentry zimmer-category-doppelzimmer\">\n<figure class=\"wp-block-post-featured-image\"><a href=\"https:\/\/hotel-gaedi.ch\/fr\/zimmer\/chambre-double-cozy\/\" target=\"_self\"  ><img loading=\"lazy\" decoding=\"async\" width=\"1600\" height=\"1065\" src=\"https:\/\/hotel-gaedi.ch\/wp-content\/uploads\/2022\/09\/neu-cozy.jpg\" class=\"attachment-post-thumbnail size-post-thumbnail wp-post-image\" alt=\"Chambre double Cozy\" style=\"object-fit:cover;\" srcset=\"https:\/\/hotel-gaedi.ch\/wp-content\/uploads\/2022\/09\/neu-cozy.jpg 1600w, https:\/\/hotel-gaedi.ch\/wp-content\/uploads\/2022\/09\/neu-cozy-500x333.jpg 500w, https:\/\/hotel-gaedi.ch\/wp-content\/uploads\/2022\/09\/neu-cozy-1024x682.jpg 1024w, https:\/\/hotel-gaedi.ch\/wp-content\/uploads\/2022\/09\/neu-cozy-768x511.jpg 768w, https:\/\/hotel-gaedi.ch\/wp-content\/uploads\/2022\/09\/neu-cozy-1536x1022.jpg 1536w\" sizes=\"auto, (max-width: 1600px) 100vw, 1600px\" \/><\/a><\/figure>\n\n<h4 class=\"zimmer-teaser-title wp-block-post-title\">Chambre double Cozy<\/h4><div><\/div>\n\n<a class=\"wp-block-read-more\" href=\"https:\/\/hotel-gaedi.ch\/fr\/zimmer\/chambre-double-cozy\/\" target=\"_self\">Details<span class=\"screen-reader-text\">\u00a0: Chambre double Cozy<\/span><\/a>\n\n\n<div class=\"wp-block-buttons is-layout-flex wp-block-buttons-is-layout-flex\">\n<div class=\"wp-block-button\"><a class=\"wp-block-button__link wp-element-button\" href=\"https:\/\/hotel-gaedi.ch\/fr\/reserver-une-chambre\/\">R\u00e9server<\/a><\/div>\n<\/div>\n\n<\/li><li class=\"wp-block-post post-3404 zimmer type-zimmer status-publish has-post-thumbnail hentry zimmer-category-doppelzimmer\">\n<figure class=\"wp-block-post-featured-image\"><a href=\"https:\/\/hotel-gaedi.ch\/fr\/zimmer\/chambre-double-happy\/\" target=\"_self\"  ><img loading=\"lazy\" decoding=\"async\" width=\"1600\" height=\"1065\" src=\"https:\/\/hotel-gaedi.ch\/wp-content\/uploads\/2022\/09\/neu-happy.jpg\" class=\"attachment-post-thumbnail size-post-thumbnail wp-post-image\" alt=\"Chambre double Happy\" style=\"object-fit:cover;\" srcset=\"https:\/\/hotel-gaedi.ch\/wp-content\/uploads\/2022\/09\/neu-happy.jpg 1600w, https:\/\/hotel-gaedi.ch\/wp-content\/uploads\/2022\/09\/neu-happy-500x333.jpg 500w, https:\/\/hotel-gaedi.ch\/wp-content\/uploads\/2022\/09\/neu-happy-1024x682.jpg 1024w, https:\/\/hotel-gaedi.ch\/wp-content\/uploads\/2022\/09\/neu-happy-768x511.jpg 768w, https:\/\/hotel-gaedi.ch\/wp-content\/uploads\/2022\/09\/neu-happy-1536x1022.jpg 1536w\" sizes=\"auto, (max-width: 1600px) 100vw, 1600px\" \/><\/a><\/figure>\n\n<h4 class=\"zimmer-teaser-title wp-block-post-title\">Chambre double Happy<\/h4><div><\/div>\n\n<a class=\"wp-block-read-more\" href=\"https:\/\/hotel-gaedi.ch\/fr\/zimmer\/chambre-double-happy\/\" target=\"_self\">Details<span class=\"screen-reader-text\">\u00a0: Chambre double Happy<\/span><\/a>\n\n\n<div class=\"wp-block-buttons is-layout-flex wp-block-buttons-is-layout-flex\">\n<div class=\"wp-block-button\"><a class=\"wp-block-button__link wp-element-button\" href=\"https:\/\/hotel-gaedi.ch\/fr\/reserver-une-chambre\/\">R\u00e9server<\/a><\/div>\n<\/div>\n\n<\/li><li class=\"wp-block-post post-3873 zimmer type-zimmer status-publish has-post-thumbnail hentry zimmer-category-doppelzimmer\">\n<figure class=\"wp-block-post-featured-image\"><a href=\"https:\/\/hotel-gaedi.ch\/fr\/zimmer\/chambre-double-superior-grand-lit\/\" target=\"_self\"  ><img loading=\"lazy\" decoding=\"async\" width=\"1600\" height=\"1065\" src=\"https:\/\/hotel-gaedi.ch\/wp-content\/uploads\/2022\/09\/doppelzimmer-grand-lit-hotel-graechen-wallis-2022.jpeg\" class=\"attachment-post-thumbnail size-post-thumbnail wp-post-image\" alt=\"Chambre double sup\u00e9rieure Grand Lit\" style=\"object-fit:cover;\" srcset=\"https:\/\/hotel-gaedi.ch\/wp-content\/uploads\/2022\/09\/doppelzimmer-grand-lit-hotel-graechen-wallis-2022.jpeg 1600w, https:\/\/hotel-gaedi.ch\/wp-content\/uploads\/2022\/09\/doppelzimmer-grand-lit-hotel-graechen-wallis-2022-500x333.jpeg 500w, https:\/\/hotel-gaedi.ch\/wp-content\/uploads\/2022\/09\/doppelzimmer-grand-lit-hotel-graechen-wallis-2022-1024x682.jpeg 1024w, https:\/\/hotel-gaedi.ch\/wp-content\/uploads\/2022\/09\/doppelzimmer-grand-lit-hotel-graechen-wallis-2022-768x511.jpeg 768w, https:\/\/hotel-gaedi.ch\/wp-content\/uploads\/2022\/09\/doppelzimmer-grand-lit-hotel-graechen-wallis-2022-1536x1022.jpeg 1536w\" sizes=\"auto, (max-width: 1600px) 100vw, 1600px\" \/><\/a><\/figure>\n\n<h4 class=\"zimmer-teaser-title wp-block-post-title\">Chambre double sup\u00e9rieure Grand Lit<\/h4><div><\/div>\n\n<a class=\"wp-block-read-more\" href=\"https:\/\/hotel-gaedi.ch\/fr\/zimmer\/chambre-double-superior-grand-lit\/\" target=\"_self\">Details<span class=\"screen-reader-text\">\u00a0: Chambre double sup\u00e9rieure Grand Lit<\/span><\/a>\n\n\n<div class=\"wp-block-buttons is-layout-flex wp-block-buttons-is-layout-flex\">\n<div class=\"wp-block-button\"><a class=\"wp-block-button__link wp-element-button\" href=\"https:\/\/hotel-gaedi.ch\/fr\/reserver-une-chambre\/\">R\u00e9server<\/a><\/div>\n<\/div>\n\n<\/li><li class=\"wp-block-post post-3406 zimmer type-zimmer status-publish has-post-thumbnail hentry zimmer-category-doppelzimmer\">\n<figure class=\"wp-block-post-featured-image\"><a href=\"https:\/\/hotel-gaedi.ch\/fr\/zimmer\/chambre-double-superior-plus\/\" target=\"_self\"  ><img loading=\"lazy\" decoding=\"async\" width=\"1920\" height=\"1278\" src=\"https:\/\/hotel-gaedi.ch\/wp-content\/uploads\/2022\/09\/korrektur.jpg\" class=\"attachment-post-thumbnail size-post-thumbnail wp-post-image\" alt=\"Chambre double Superior Plus\" style=\"object-fit:cover;\" srcset=\"https:\/\/hotel-gaedi.ch\/wp-content\/uploads\/2022\/09\/korrektur.jpg 1920w, https:\/\/hotel-gaedi.ch\/wp-content\/uploads\/2022\/09\/korrektur-500x333.jpg 500w, https:\/\/hotel-gaedi.ch\/wp-content\/uploads\/2022\/09\/korrektur-1024x682.jpg 1024w, https:\/\/hotel-gaedi.ch\/wp-content\/uploads\/2022\/09\/korrektur-768x511.jpg 768w, https:\/\/hotel-gaedi.ch\/wp-content\/uploads\/2022\/09\/korrektur-1536x1022.jpg 1536w\" sizes=\"auto, (max-width: 1920px) 100vw, 1920px\" \/><\/a><\/figure>\n\n<h4 class=\"zimmer-teaser-title wp-block-post-title\">Chambre double Superior Plus<\/h4><div><\/div>\n\n<a class=\"wp-block-read-more\" href=\"https:\/\/hotel-gaedi.ch\/fr\/zimmer\/chambre-double-superior-plus\/\" target=\"_self\">Details<span class=\"screen-reader-text\">\u00a0: Chambre double Superior Plus<\/span><\/a>\n\n\n<div class=\"wp-block-buttons is-layout-flex wp-block-buttons-is-layout-flex\">\n<div class=\"wp-block-button\"><a class=\"wp-block-button__link wp-element-button\" href=\"https:\/\/hotel-gaedi.ch\/fr\/reserver-une-chambre\/\">R\u00e9server<\/a><\/div>\n<\/div>\n\n<\/li><li class=\"wp-block-post post-3408 zimmer type-zimmer status-publish has-post-thumbnail hentry zimmer-category-suite\">\n<figure class=\"wp-block-post-featured-image\"><a href=\"https:\/\/hotel-gaedi.ch\/fr\/zimmer\/suite-de-37-m%c2%b2\/\" target=\"_self\"  ><img loading=\"lazy\" decoding=\"async\" width=\"1600\" height=\"1065\" src=\"https:\/\/hotel-gaedi.ch\/wp-content\/uploads\/2022\/09\/familiensuite-zimmer-preise-graechen-wallis-2022.jpeg\" class=\"attachment-post-thumbnail size-post-thumbnail wp-post-image\" alt=\"Suite 37 m\u00b2\" style=\"object-fit:cover;\" srcset=\"https:\/\/hotel-gaedi.ch\/wp-content\/uploads\/2022\/09\/familiensuite-zimmer-preise-graechen-wallis-2022.jpeg 1600w, https:\/\/hotel-gaedi.ch\/wp-content\/uploads\/2022\/09\/familiensuite-zimmer-preise-graechen-wallis-2022-500x333.jpeg 500w, https:\/\/hotel-gaedi.ch\/wp-content\/uploads\/2022\/09\/familiensuite-zimmer-preise-graechen-wallis-2022-1024x682.jpeg 1024w, https:\/\/hotel-gaedi.ch\/wp-content\/uploads\/2022\/09\/familiensuite-zimmer-preise-graechen-wallis-2022-768x511.jpeg 768w, https:\/\/hotel-gaedi.ch\/wp-content\/uploads\/2022\/09\/familiensuite-zimmer-preise-graechen-wallis-2022-1536x1022.jpeg 1536w\" sizes=\"auto, (max-width: 1600px) 100vw, 1600px\" \/><\/a><\/figure>\n\n<h4 class=\"zimmer-teaser-title wp-block-post-title\">Suite 37 m\u00b2<\/h4><div><\/div>\n\n<a class=\"wp-block-read-more\" href=\"https:\/\/hotel-gaedi.ch\/fr\/zimmer\/suite-de-37-m%c2%b2\/\" target=\"_self\">Details<span class=\"screen-reader-text\">\u00a0: Suite 37 m\u00b2<\/span><\/a>\n\n\n<div class=\"wp-block-buttons is-layout-flex wp-block-buttons-is-layout-flex\">\n<div class=\"wp-block-button\"><a class=\"wp-block-button__link wp-element-button\" href=\"https:\/\/hotel-gaedi.ch\/fr\/reserver-une-chambre\/\">R\u00e9server<\/a><\/div>\n<\/div>\n\n<\/li><li class=\"wp-block-post post-3412 zimmer type-zimmer status-publish has-post-thumbnail hentry zimmer-category-dreibettzimmer\">\n<figure class=\"wp-block-post-featured-image\"><a href=\"https:\/\/hotel-gaedi.ch\/fr\/zimmer\/chambre-a-trois-lits-superior\/\" target=\"_self\"  ><img loading=\"lazy\" decoding=\"async\" width=\"1600\" height=\"1065\" src=\"https:\/\/hotel-gaedi.ch\/wp-content\/uploads\/2022\/09\/dreibettzimmer-hotel-graechen-wallis-eltern.jpeg\" class=\"attachment-post-thumbnail size-post-thumbnail wp-post-image\" alt=\"Chambre \u00e0 trois lits Superior\" style=\"object-fit:cover;\" srcset=\"https:\/\/hotel-gaedi.ch\/wp-content\/uploads\/2022\/09\/dreibettzimmer-hotel-graechen-wallis-eltern.jpeg 1600w, https:\/\/hotel-gaedi.ch\/wp-content\/uploads\/2022\/09\/dreibettzimmer-hotel-graechen-wallis-eltern-500x333.jpeg 500w, https:\/\/hotel-gaedi.ch\/wp-content\/uploads\/2022\/09\/dreibettzimmer-hotel-graechen-wallis-eltern-1024x682.jpeg 1024w, https:\/\/hotel-gaedi.ch\/wp-content\/uploads\/2022\/09\/dreibettzimmer-hotel-graechen-wallis-eltern-768x511.jpeg 768w, https:\/\/hotel-gaedi.ch\/wp-content\/uploads\/2022\/09\/dreibettzimmer-hotel-graechen-wallis-eltern-1536x1022.jpeg 1536w\" sizes=\"auto, (max-width: 1600px) 100vw, 1600px\" \/><\/a><\/figure>\n\n<h4 class=\"zimmer-teaser-title wp-block-post-title\">Chambre \u00e0 trois lits Superior<\/h4><div><\/div>\n\n<a class=\"wp-block-read-more\" href=\"https:\/\/hotel-gaedi.ch\/fr\/zimmer\/chambre-a-trois-lits-superior\/\" target=\"_self\">Details<span class=\"screen-reader-text\">\u00a0: Chambre \u00e0 trois lits Superior<\/span><\/a>\n\n\n<div class=\"wp-block-buttons is-layout-flex wp-block-buttons-is-layout-flex\">\n<div class=\"wp-block-button\"><a class=\"wp-block-button__link wp-element-button\" href=\"https:\/\/hotel-gaedi.ch\/fr\/reserver-une-chambre\/\">R\u00e9server<\/a><\/div>\n<\/div>\n\n<\/li><li class=\"wp-block-post post-3414 zimmer type-zimmer status-publish has-post-thumbnail hentry zimmer-category-suite\">\n<figure class=\"wp-block-post-featured-image\"><a href=\"https:\/\/hotel-gaedi.ch\/fr\/zimmer\/suite-familiale-60-m%c2%b2\/\" target=\"_self\"  ><img loading=\"lazy\" decoding=\"async\" width=\"1600\" height=\"1065\" src=\"https:\/\/hotel-gaedi.ch\/wp-content\/uploads\/2022\/09\/familiensuite-zimmer-preise-graechen-wallis-2022-1.jpeg\" class=\"attachment-post-thumbnail size-post-thumbnail wp-post-image\" alt=\"Suite familiale 60 m\u00b2.\" style=\"object-fit:cover;\" srcset=\"https:\/\/hotel-gaedi.ch\/wp-content\/uploads\/2022\/09\/familiensuite-zimmer-preise-graechen-wallis-2022-1.jpeg 1600w, https:\/\/hotel-gaedi.ch\/wp-content\/uploads\/2022\/09\/familiensuite-zimmer-preise-graechen-wallis-2022-1-500x333.jpeg 500w, https:\/\/hotel-gaedi.ch\/wp-content\/uploads\/2022\/09\/familiensuite-zimmer-preise-graechen-wallis-2022-1-1024x682.jpeg 1024w, https:\/\/hotel-gaedi.ch\/wp-content\/uploads\/2022\/09\/familiensuite-zimmer-preise-graechen-wallis-2022-1-768x511.jpeg 768w, https:\/\/hotel-gaedi.ch\/wp-content\/uploads\/2022\/09\/familiensuite-zimmer-preise-graechen-wallis-2022-1-1536x1022.jpeg 1536w\" sizes=\"auto, (max-width: 1600px) 100vw, 1600px\" \/><\/a><\/figure>\n\n<h4 class=\"zimmer-teaser-title wp-block-post-title\">Suite familiale 60 m\u00b2.<\/h4><div><\/div>\n\n<a class=\"wp-block-read-more\" href=\"https:\/\/hotel-gaedi.ch\/fr\/zimmer\/suite-familiale-60-m%c2%b2\/\" target=\"_self\">Details<span class=\"screen-reader-text\">\u00a0: Suite familiale 60 m\u00b2.<\/span><\/a>\n\n\n<div class=\"wp-block-buttons is-layout-flex wp-block-buttons-is-layout-flex\">\n<div class=\"wp-block-button\"><a class=\"wp-block-button__link wp-element-button\" href=\"https:\/\/hotel-gaedi.ch\/fr\/reserver-une-chambre\/\">R\u00e9server<\/a><\/div>\n<\/div>\n\n<\/li><li class=\"wp-block-post post-3416 zimmer type-zimmer status-publish has-post-thumbnail hentry zimmer-category-familienzimmer\">\n<figure class=\"wp-block-post-featured-image\"><a href=\"https:\/\/hotel-gaedi.ch\/fr\/zimmer\/chambre-familiale-superior-avec-porte-communicante\/\" target=\"_self\"  ><img loading=\"lazy\" decoding=\"async\" width=\"1920\" height=\"1278\" src=\"https:\/\/hotel-gaedi.ch\/wp-content\/uploads\/2022\/09\/zimmer_6.jpg\" class=\"attachment-post-thumbnail size-post-thumbnail wp-post-image\" alt=\"Chambre familiale Superior avec porte communicante\" style=\"object-fit:cover;\" srcset=\"https:\/\/hotel-gaedi.ch\/wp-content\/uploads\/2022\/09\/zimmer_6.jpg 1920w, https:\/\/hotel-gaedi.ch\/wp-content\/uploads\/2022\/09\/zimmer_6-500x333.jpg 500w, https:\/\/hotel-gaedi.ch\/wp-content\/uploads\/2022\/09\/zimmer_6-1024x682.jpg 1024w, https:\/\/hotel-gaedi.ch\/wp-content\/uploads\/2022\/09\/zimmer_6-768x511.jpg 768w, https:\/\/hotel-gaedi.ch\/wp-content\/uploads\/2022\/09\/zimmer_6-1536x1022.jpg 1536w\" sizes=\"auto, (max-width: 1920px) 100vw, 1920px\" \/><\/a><\/figure>\n\n<h4 class=\"zimmer-teaser-title wp-block-post-title\">Chambre familiale Superior avec porte communicante<\/h4><div><\/div>\n\n<a class=\"wp-block-read-more\" href=\"https:\/\/hotel-gaedi.ch\/fr\/zimmer\/chambre-familiale-superior-avec-porte-communicante\/\" target=\"_self\">Details<span class=\"screen-reader-text\">\u00a0: Chambre familiale Superior avec porte communicante<\/span><\/a>\n\n\n<div class=\"wp-block-buttons is-layout-flex wp-block-buttons-is-layout-flex\">\n<div class=\"wp-block-button\"><a class=\"wp-block-button__link wp-element-button\" href=\"https:\/\/hotel-gaedi.ch\/fr\/reserver-une-chambre\/\">R\u00e9server<\/a><\/div>\n<\/div>\n\n<\/li><\/ul>\n\n<\/div>\n<\/div>\n<\/div>\n<\/div><\/div>\n\n<div class=\"wp-block-group container introtext-centered-sun-icon-title\"><div class=\"wp-block-group__inner-container is-layout-flow wp-block-group-is-layout-flow\">\n<div class=\"wp-block-columns row is-layout-flex wp-container-core-columns-is-layout-9d6595d7 wp-block-columns-is-layout-flex\">\n<div class=\"wp-block-column col-12 is-layout-flow wp-block-column-is-layout-flow\">\n<figure class=\"wp-block-image size-large is-resized\"><img decoding=\"async\" src=\"https:\/\/hotel-gaedi.ch\/wp-content\/uploads\/2022\/09\/sonne-logo.svg\" alt=\"\" class=\"wp-image-155\" style=\"width:100px\"\/><\/figure>\n\n\n\n<h4 class=\"wp-block-heading\">\u00ab\u00a0Superbe situation au centre et \u00e9quipement de pointe, chambres lumineuses et tr\u00e8s propres, nettoy\u00e9es \u00e0 chaque fois \u00e0 la h\u00e2te par les f\u00e9es du logis. Nous nous sommes sentis \u00e0 l&rsquo;aise ici d\u00e8s la premi\u00e8re minute\u00a0\u00bb.<\/h4>\n<\/div>\n<\/div>\n<\/div><\/div>\n","protected":false},"excerpt":{"rendered":"<p>Chambres et prix En plus de la vue magnifique sur les montagnes valaisannes, nos h\u00f4tes se r\u00e9jouissent des chambres spacieuses et \u00e9quip\u00e9es de tout le confort de l&rsquo;h\u00f4tel G\u00e4di \u00e0 Gr\u00e4chen. Le soin m\u00e9ticuleux apport\u00e9 aux d\u00e9tails, qui nous tient \u00e0 c\u0153ur, fait que vous vous y sentez parfaitement \u00e0 l&rsquo;aise. \u00ab\u00a0Superbe situation au centre [&hellip;]<\/p>\n","protected":false},"author":1,"featured_media":0,"parent":3350,"menu_order":0,"comment_status":"closed","ping_status":"closed","template":"","meta":{"_acf_changed":false,"inline_featured_image":false,"footnotes":""},"class_list":["post-3452","page","type-page","status-publish","hentry"],"acf":[],"yoast_head":"<!-- This site is optimized with the Yoast SEO plugin v27.5 - https:\/\/yoast.com\/product\/yoast-seo-wordpress\/ -->\n<title>Nos chambres &amp; prix | H\u00f4tel G\u00e4di Gr\u00e4chen<\/title>\n<meta name=\"description\" content=\"L&#039;h\u00f4tel G\u00e4di est le point de d\u00e9part id\u00e9al pour vos vacances en Valais. D\u00e9couvrez nos chambres confortables et lumineuses.\" \/>\n<meta name=\"robots\" content=\"index, follow, max-snippet:-1, max-image-preview:large, max-video-preview:-1\" \/>\n<link rel=\"canonical\" href=\"https:\/\/hotel-gaedi.ch\/fr\/hotel\/chambres-prix\/\" \/>\n<meta property=\"og:locale\" content=\"fr_FR\" \/>\n<meta property=\"og:type\" content=\"article\" \/>\n<meta property=\"og:title\" content=\"Nos chambres &amp; prix | H\u00f4tel G\u00e4di Gr\u00e4chen\" \/>\n<meta property=\"og:description\" content=\"L&#039;h\u00f4tel G\u00e4di est le point de d\u00e9part id\u00e9al pour vos vacances en Valais. D\u00e9couvrez nos chambres confortables et lumineuses.\" \/>\n<meta property=\"og:url\" content=\"https:\/\/hotel-gaedi.ch\/fr\/hotel\/chambres-prix\/\" \/>\n<meta property=\"og:site_name\" content=\"Hotel G\u00e4di\" \/>\n<meta property=\"article:modified_time\" content=\"2025-01-02T08:14:39+00:00\" \/>\n<meta property=\"og:image\" content=\"https:\/\/hotel-gaedi.ch\/wp-content\/uploads\/2022\/09\/doppelzimmer-happy-hotel-graechen-wallis-zimmer-03-quadratisch.jpg\" \/>\n\t<meta property=\"og:image:width\" content=\"1065\" \/>\n\t<meta property=\"og:image:height\" content=\"1065\" \/>\n\t<meta property=\"og:image:type\" content=\"image\/jpeg\" \/>\n<meta name=\"twitter:card\" content=\"summary_large_image\" \/>\n<meta name=\"twitter:label1\" content=\"Dur\u00e9e de lecture estim\u00e9e\" \/>\n\t<meta name=\"twitter:data1\" content=\"1 minute\" \/>\n<script type=\"application\/ld+json\" class=\"yoast-schema-graph\">{\"@context\":\"https:\\\/\\\/schema.org\",\"@graph\":[{\"@type\":\"WebPage\",\"@id\":\"https:\\\/\\\/hotel-gaedi.ch\\\/fr\\\/hotel\\\/chambres-prix\\\/\",\"url\":\"https:\\\/\\\/hotel-gaedi.ch\\\/fr\\\/hotel\\\/chambres-prix\\\/\",\"name\":\"Nos chambres & prix | H\u00f4tel G\u00e4di Gr\u00e4chen\",\"isPartOf\":{\"@id\":\"https:\\\/\\\/hotel-gaedi.ch\\\/#website\"},\"primaryImageOfPage\":{\"@id\":\"https:\\\/\\\/hotel-gaedi.ch\\\/fr\\\/hotel\\\/chambres-prix\\\/#primaryimage\"},\"image\":{\"@id\":\"https:\\\/\\\/hotel-gaedi.ch\\\/fr\\\/hotel\\\/chambres-prix\\\/#primaryimage\"},\"thumbnailUrl\":\"https:\\\/\\\/hotel-gaedi.ch\\\/wp-content\\\/uploads\\\/2022\\\/09\\\/doppelzimmer-happy-hotel-graechen-wallis-zimmer-03-quadratisch-1024x1024.jpg\",\"datePublished\":\"2022-09-09T10:12:25+00:00\",\"dateModified\":\"2025-01-02T08:14:39+00:00\",\"description\":\"L'h\u00f4tel G\u00e4di est le point de d\u00e9part id\u00e9al pour vos vacances en Valais. D\u00e9couvrez nos chambres confortables et lumineuses.\",\"breadcrumb\":{\"@id\":\"https:\\\/\\\/hotel-gaedi.ch\\\/fr\\\/hotel\\\/chambres-prix\\\/#breadcrumb\"},\"inLanguage\":\"fr-FR\",\"potentialAction\":[{\"@type\":\"ReadAction\",\"target\":[\"https:\\\/\\\/hotel-gaedi.ch\\\/fr\\\/hotel\\\/chambres-prix\\\/\"]}]},{\"@type\":\"ImageObject\",\"inLanguage\":\"fr-FR\",\"@id\":\"https:\\\/\\\/hotel-gaedi.ch\\\/fr\\\/hotel\\\/chambres-prix\\\/#primaryimage\",\"url\":\"https:\\\/\\\/hotel-gaedi.ch\\\/wp-content\\\/uploads\\\/2022\\\/09\\\/doppelzimmer-happy-hotel-graechen-wallis-zimmer-03-quadratisch-1024x1024.jpg\",\"contentUrl\":\"https:\\\/\\\/hotel-gaedi.ch\\\/wp-content\\\/uploads\\\/2022\\\/09\\\/doppelzimmer-happy-hotel-graechen-wallis-zimmer-03-quadratisch-1024x1024.jpg\"},{\"@type\":\"BreadcrumbList\",\"@id\":\"https:\\\/\\\/hotel-gaedi.ch\\\/fr\\\/hotel\\\/chambres-prix\\\/#breadcrumb\",\"itemListElement\":[{\"@type\":\"ListItem\",\"position\":1,\"name\":\"Home\",\"item\":\"https:\\\/\\\/hotel-gaedi.ch\\\/fr\\\/\"},{\"@type\":\"ListItem\",\"position\":2,\"name\":\"H\u00f4tel\",\"item\":\"https:\\\/\\\/hotel-gaedi.ch\\\/fr\\\/\"},{\"@type\":\"ListItem\",\"position\":3,\"name\":\"Chambres &amp; prix\"}]},{\"@type\":\"WebSite\",\"@id\":\"https:\\\/\\\/hotel-gaedi.ch\\\/#website\",\"url\":\"https:\\\/\\\/hotel-gaedi.ch\\\/\",\"name\":\"Hotel G\u00e4di\",\"description\":\"Ferien im Hotel G\u00e4di - Gr\u00e4chen\",\"potentialAction\":[{\"@type\":\"SearchAction\",\"target\":{\"@type\":\"EntryPoint\",\"urlTemplate\":\"https:\\\/\\\/hotel-gaedi.ch\\\/?s={search_term_string}\"},\"query-input\":{\"@type\":\"PropertyValueSpecification\",\"valueRequired\":true,\"valueName\":\"search_term_string\"}}],\"inLanguage\":\"fr-FR\"}]}<\/script>\n<!-- \/ Yoast SEO plugin. -->","yoast_head_json":{"title":"Nos chambres & prix | H\u00f4tel G\u00e4di Gr\u00e4chen","description":"L'h\u00f4tel G\u00e4di est le point de d\u00e9part id\u00e9al pour vos vacances en Valais. D\u00e9couvrez nos chambres confortables et lumineuses.","robots":{"index":"index","follow":"follow","max-snippet":"max-snippet:-1","max-image-preview":"max-image-preview:large","max-video-preview":"max-video-preview:-1"},"canonical":"https:\/\/hotel-gaedi.ch\/fr\/hotel\/chambres-prix\/","og_locale":"fr_FR","og_type":"article","og_title":"Nos chambres & prix | H\u00f4tel G\u00e4di Gr\u00e4chen","og_description":"L'h\u00f4tel G\u00e4di est le point de d\u00e9part id\u00e9al pour vos vacances en Valais. D\u00e9couvrez nos chambres confortables et lumineuses.","og_url":"https:\/\/hotel-gaedi.ch\/fr\/hotel\/chambres-prix\/","og_site_name":"Hotel G\u00e4di","article_modified_time":"2025-01-02T08:14:39+00:00","og_image":[{"width":1065,"height":1065,"url":"https:\/\/hotel-gaedi.ch\/wp-content\/uploads\/2022\/09\/doppelzimmer-happy-hotel-graechen-wallis-zimmer-03-quadratisch.jpg","type":"image\/jpeg"}],"twitter_card":"summary_large_image","twitter_misc":{"Dur\u00e9e de lecture estim\u00e9e":"1 minute"},"schema":{"@context":"https:\/\/schema.org","@graph":[{"@type":"WebPage","@id":"https:\/\/hotel-gaedi.ch\/fr\/hotel\/chambres-prix\/","url":"https:\/\/hotel-gaedi.ch\/fr\/hotel\/chambres-prix\/","name":"Nos chambres & prix | H\u00f4tel G\u00e4di Gr\u00e4chen","isPartOf":{"@id":"https:\/\/hotel-gaedi.ch\/#website"},"primaryImageOfPage":{"@id":"https:\/\/hotel-gaedi.ch\/fr\/hotel\/chambres-prix\/#primaryimage"},"image":{"@id":"https:\/\/hotel-gaedi.ch\/fr\/hotel\/chambres-prix\/#primaryimage"},"thumbnailUrl":"https:\/\/hotel-gaedi.ch\/wp-content\/uploads\/2022\/09\/doppelzimmer-happy-hotel-graechen-wallis-zimmer-03-quadratisch-1024x1024.jpg","datePublished":"2022-09-09T10:12:25+00:00","dateModified":"2025-01-02T08:14:39+00:00","description":"L'h\u00f4tel G\u00e4di est le point de d\u00e9part id\u00e9al pour vos vacances en Valais. D\u00e9couvrez nos chambres confortables et lumineuses.","breadcrumb":{"@id":"https:\/\/hotel-gaedi.ch\/fr\/hotel\/chambres-prix\/#breadcrumb"},"inLanguage":"fr-FR","potentialAction":[{"@type":"ReadAction","target":["https:\/\/hotel-gaedi.ch\/fr\/hotel\/chambres-prix\/"]}]},{"@type":"ImageObject","inLanguage":"fr-FR","@id":"https:\/\/hotel-gaedi.ch\/fr\/hotel\/chambres-prix\/#primaryimage","url":"https:\/\/hotel-gaedi.ch\/wp-content\/uploads\/2022\/09\/doppelzimmer-happy-hotel-graechen-wallis-zimmer-03-quadratisch-1024x1024.jpg","contentUrl":"https:\/\/hotel-gaedi.ch\/wp-content\/uploads\/2022\/09\/doppelzimmer-happy-hotel-graechen-wallis-zimmer-03-quadratisch-1024x1024.jpg"},{"@type":"BreadcrumbList","@id":"https:\/\/hotel-gaedi.ch\/fr\/hotel\/chambres-prix\/#breadcrumb","itemListElement":[{"@type":"ListItem","position":1,"name":"Home","item":"https:\/\/hotel-gaedi.ch\/fr\/"},{"@type":"ListItem","position":2,"name":"H\u00f4tel","item":"https:\/\/hotel-gaedi.ch\/fr\/"},{"@type":"ListItem","position":3,"name":"Chambres &amp; prix"}]},{"@type":"WebSite","@id":"https:\/\/hotel-gaedi.ch\/#website","url":"https:\/\/hotel-gaedi.ch\/","name":"Hotel G\u00e4di","description":"Ferien im Hotel G\u00e4di - Gr\u00e4chen","potentialAction":[{"@type":"SearchAction","target":{"@type":"EntryPoint","urlTemplate":"https:\/\/hotel-gaedi.ch\/?s={search_term_string}"},"query-input":{"@type":"PropertyValueSpecification","valueRequired":true,"valueName":"search_term_string"}}],"inLanguage":"fr-FR"}]}},"_links":{"self":[{"href":"https:\/\/hotel-gaedi.ch\/fr\/wp-json\/wp\/v2\/pages\/3452","targetHints":{"allow":["GET"]}}],"collection":[{"href":"https:\/\/hotel-gaedi.ch\/fr\/wp-json\/wp\/v2\/pages"}],"about":[{"href":"https:\/\/hotel-gaedi.ch\/fr\/wp-json\/wp\/v2\/types\/page"}],"author":[{"embeddable":true,"href":"https:\/\/hotel-gaedi.ch\/fr\/wp-json\/wp\/v2\/users\/1"}],"replies":[{"embeddable":true,"href":"https:\/\/hotel-gaedi.ch\/fr\/wp-json\/wp\/v2\/comments?post=3452"}],"version-history":[{"count":2,"href":"https:\/\/hotel-gaedi.ch\/fr\/wp-json\/wp\/v2\/pages\/3452\/revisions"}],"predecessor-version":[{"id":4529,"href":"https:\/\/hotel-gaedi.ch\/fr\/wp-json\/wp\/v2\/pages\/3452\/revisions\/4529"}],"up":[{"embeddable":true,"href":"https:\/\/hotel-gaedi.ch\/fr\/wp-json\/wp\/v2\/pages\/3350"}],"wp:attachment":[{"href":"https:\/\/hotel-gaedi.ch\/fr\/wp-json\/wp\/v2\/media?parent=3452"}],"curies":[{"name":"wp","href":"https:\/\/api.w.org\/{rel}","templated":true}]}}