{"id":3453,"date":"2022-06-30T19:59:08","date_gmt":"2022-06-30T17:59:08","guid":{"rendered":"https:\/\/hotel-gaedi.ch\/restaurant\/"},"modified":"2025-11-20T18:17:17","modified_gmt":"2025-11-20T17:17:17","slug":"restaurant","status":"publish","type":"page","link":"https:\/\/hotel-gaedi.ch\/fr\/restaurant\/","title":{"rendered":"Restaurant"},"content":{"rendered":"\n<div class=\"wp-block-group container-fluid header-teaser\"><div class=\"wp-block-group__inner-container is-layout-flow wp-block-group-is-layout-flow\">\n<div class=\"wp-block-columns row is-layout-flex wp-container-core-columns-is-layout-9d6595d7 wp-block-columns-is-layout-flex\">\n<div class=\"wp-block-column col-12 is-layout-flow wp-block-column-is-layout-flow\">\n<div class=\"wp-block-group container\"><div class=\"wp-block-group__inner-container is-layout-flow wp-block-group-is-layout-flow\">\n<div class=\"wp-block-columns row is-layout-flex wp-container-core-columns-is-layout-9d6595d7 wp-block-columns-is-layout-flex\">\n<div class=\"wp-block-column col-md-12 col-lg-6  order-2 order-lg-1 is-layout-flow wp-block-column-is-layout-flow\">\n<div class=\"wp-block-group\"><div class=\"wp-block-group__inner-container is-layout-flow wp-block-group-is-layout-flow\">\n<h1 class=\"wp-block-heading\">D\u00eener avec plaisir<\/h1>\n\n\n\n<p>L&rsquo;h\u00f4te Martin est lui-m\u00eame aux fourneaux du restaurant G\u00e4di Gr\u00e4chen. Il fait tout simplement appara\u00eetre de bons plats dans l&rsquo;assiette, qui mettent beaucoup de bonne humeur. Ils sont d\u00e9j\u00e0 un pur plaisir \u00e0 regarder, mais quand on les d\u00e9guste, le palais exulte. <\/p>\n\n\n\n<div class=\"wp-block-buttons is-layout-flex wp-block-buttons-is-layout-flex\">\n<div class=\"wp-block-button is-style-outline is-style-outline--1\"><a class=\"wp-block-button__link wp-element-button\" href=\"https:\/\/hotel-gaedi.ch\/fr\/restaurant\/menu\/\">Menu<\/a><\/div>\n\n\n\n<div class=\"wp-block-button\"><a class=\"wp-block-button__link wp-element-button\" href=\"https:\/\/hotel-gaedi.ch\/fr\/restaurant\/reservation-de-table\/\">R\u00e9servation de table<\/a><\/div>\n<\/div>\n<\/div><\/div>\n<\/div>\n\n\n\n<div class=\"wp-block-column col-md-12 col-lg-6 order-1 order-lg-2 is-layout-flow wp-block-column-is-layout-flow\">\n<figure class=\"wp-block-image size-large\"><img loading=\"lazy\" decoding=\"async\" width=\"1024\" height=\"683\" src=\"https:\/\/hotel-gaedi.ch\/wp-content\/uploads\/2024\/03\/hotel-gaedi-restaurant-1024x683.jpg\" alt=\"H&#xF4;tel G&#xE4;di - Restaurant G&#xE4;di - Sp&#xE9;cialit&#xE9;s raffin&#xE9;es\" class=\"wp-image-4118\" srcset=\"https:\/\/hotel-gaedi.ch\/wp-content\/uploads\/2024\/03\/hotel-gaedi-restaurant-1024x683.jpg 1024w, https:\/\/hotel-gaedi.ch\/wp-content\/uploads\/2024\/03\/hotel-gaedi-restaurant-500x333.jpg 500w, https:\/\/hotel-gaedi.ch\/wp-content\/uploads\/2024\/03\/hotel-gaedi-restaurant-768x512.jpg 768w, https:\/\/hotel-gaedi.ch\/wp-content\/uploads\/2024\/03\/hotel-gaedi-restaurant-1536x1024.jpg 1536w, https:\/\/hotel-gaedi.ch\/wp-content\/uploads\/2024\/03\/hotel-gaedi-restaurant.jpg 1600w\" sizes=\"auto, (max-width: 1024px) 100vw, 1024px\" \/><\/figure>\n<\/div>\n<\/div>\n<\/div><\/div>\n<\/div>\n<\/div>\n<\/div><\/div>\n\n<div class=\"wp-block-group container teaser-2col-image-text even\"><div class=\"wp-block-group__inner-container is-layout-flow wp-block-group-is-layout-flow\">\n<div class=\"wp-block-columns row is-layout-flex wp-container-core-columns-is-layout-9d6595d7 wp-block-columns-is-layout-flex\">\n<div class=\"wp-block-column col-lg-12 col-xl-5 is-layout-flow wp-block-column-is-layout-flow\">\n<figure class=\"wp-block-image size-full\"><img loading=\"lazy\" decoding=\"async\" width=\"1024\" height=\"682\" src=\"https:\/\/hotel-gaedi.ch\/wp-content\/uploads\/2022\/11\/glueck-halbpension-wallis.jpg\" alt=\"\" class=\"wp-image-2305\" srcset=\"https:\/\/hotel-gaedi.ch\/wp-content\/uploads\/2022\/11\/glueck-halbpension-wallis.jpg 1024w, https:\/\/hotel-gaedi.ch\/wp-content\/uploads\/2022\/11\/glueck-halbpension-wallis-500x333.jpg 500w, https:\/\/hotel-gaedi.ch\/wp-content\/uploads\/2022\/11\/glueck-halbpension-wallis-768x512.jpg 768w\" sizes=\"auto, (max-width: 1024px) 100vw, 1024px\" \/><\/figure>\n<\/div>\n\n\n\n<div class=\"wp-block-column col-lg-12 col-xl-7 is-layout-flow wp-block-column-is-layout-flow\">\n<h2 class=\"wp-block-heading\">Demi-pension du bonheur<\/h2>\n\n\n\n<p>Ce que le march\u00e9 et la saison nous offrent. Le chef de cuisine Martin cr\u00e9e chaque jour des plats raffin\u00e9s pour le d\u00eener en demi-pension au restaurant G\u00e4di Gr\u00e4chen. Le menu \u00e0 quatre plats est un v\u00e9ritable r\u00e9gal.<br\/><br\/>Suppl\u00e9ment demi-pension en \u00e9t\u00e9 :<br\/>1 nuit CHF 49.00 \u00e0 partir de 2 nuits CHF 40.00<br\/><br\/>Suppl\u00e9ment demi-pension en hiver :<br\/>1 nuit : CHF 55.00<br\/>2 nuits : CHF 49.00 <br\/>A partir de 3 nuits : CHF 44.00<br\/><\/p>\n\n\n\n<div class=\"wp-block-buttons is-layout-flex wp-block-buttons-is-layout-flex\">\n<div class=\"wp-block-button\"><a class=\"wp-block-button__link wp-element-button\" href=\"https:\/\/hotel-gaedi.ch\/fr\/restaurant\/demi-pension-du-bonheur\/\">En savoir plus<\/a><\/div>\n<\/div>\n<\/div>\n<\/div>\n<\/div><\/div>\n\n<div class=\"wp-block-group container teaser-2col-image-text odd\"><div class=\"wp-block-group__inner-container is-layout-flow wp-block-group-is-layout-flow\">\n<div class=\"wp-block-columns row is-layout-flex wp-container-core-columns-is-layout-9d6595d7 wp-block-columns-is-layout-flex\">\n<div class=\"wp-block-column col-lg-12 col-xl-5 is-layout-flow wp-block-column-is-layout-flow\">\n<figure class=\"wp-block-image size-full\"><img loading=\"lazy\" decoding=\"async\" width=\"1024\" height=\"682\" src=\"https:\/\/hotel-gaedi.ch\/wp-content\/uploads\/2022\/11\/event-1.jpg\" alt=\"\" class=\"wp-image-2294\" srcset=\"https:\/\/hotel-gaedi.ch\/wp-content\/uploads\/2022\/11\/event-1.jpg 1024w, https:\/\/hotel-gaedi.ch\/wp-content\/uploads\/2022\/11\/event-1-500x333.jpg 500w, https:\/\/hotel-gaedi.ch\/wp-content\/uploads\/2022\/11\/event-1-768x512.jpg 768w\" sizes=\"auto, (max-width: 1024px) 100vw, 1024px\" \/><\/figure>\n<\/div>\n\n\n\n<div class=\"wp-block-column col-lg-12 col-xl-7 is-layout-flow wp-block-column-is-layout-flow\">\n<h2 class=\"wp-block-heading\">Banquets, c\u00e9r\u00e9monies et f\u00eates<\/h2>\n\n\n\n<p>L&rsquo;h\u00f4tel G\u00e4di \u00e0 Gr\u00e4chen | Valais, situ\u00e9 directement \u00e0 c\u00f4t\u00e9 de la t\u00e9l\u00e9cabine Hannigalp, permet de c\u00e9l\u00e9brer des mariages, des f\u00eates de famille et des f\u00eates d&rsquo;entreprise. La salle peut accueillir jusqu&rsquo;\u00e0 120 personnes pour des banquets. Pour les petites f\u00eates, la salle peut \u00eatre divis\u00e9e en trois espaces.<\/p>\n\n\n\n<div class=\"wp-block-buttons is-layout-flex wp-block-buttons-is-layout-flex\">\n<div class=\"wp-block-button\"><a class=\"wp-block-button__link wp-element-button\" href=\"https:\/\/hotel-gaedi.ch\/fr\/restaurant\/organiser-des-banquets-fetes\/\">En savoir plus<\/a><\/div>\n<\/div>\n<\/div>\n<\/div>\n<\/div><\/div>\n\n<div class=\"wp-block-group container introtext-centered-sun-icon-title\"><div class=\"wp-block-group__inner-container is-layout-flow wp-block-group-is-layout-flow\">\n<div class=\"wp-block-columns row is-layout-flex wp-container-core-columns-is-layout-9d6595d7 wp-block-columns-is-layout-flex\">\n<div class=\"wp-block-column col-12 is-layout-flow wp-block-column-is-layout-flow\">\n<h4 class=\"wp-block-heading\">\u00ab\u00a0Ambiance agr\u00e9able et familiale, repas parfaits, grande attention port\u00e9e au service. Toute l&rsquo;\u00e9quipe est \u00e0 l&rsquo;\u00e9coute des souhaits des clients. En bref, nous nous sommes sentis parfaitement \u00e0 l&rsquo;aise et nous reviendrons avec plaisir !\u00a0\u00bb<\/h4>\n<\/div>\n<\/div>\n<\/div><\/div>\n\n<div id=\"HomeHeader\" class=\"wp-block-group container-fluid fullwidth-bg-image-overlay-text flowtext\"><div class=\"wp-block-group__inner-container is-layout-flow wp-block-group-is-layout-flow\">\n<div class=\"wp-block-columns row is-layout-flex wp-container-core-columns-is-layout-9d6595d7 wp-block-columns-is-layout-flex\">\n<div class=\"wp-block-column col-12 is-layout-flow wp-block-column-is-layout-flow\">\n<div class=\"wp-block-cover is-light\" style=\"min-height:772px;aspect-ratio:unset;\"><img loading=\"lazy\" decoding=\"async\" width=\"800\" height=\"600\" class=\"wp-block-cover__image-background wp-image-550\" alt=\"\" src=\"https:\/\/hotel-gaedi.ch\/wp-content\/uploads\/2022\/09\/feinschmecker-kueche-graechen-hotel-gaedi-4.jpeg\" style=\"object-position:48% 56%\" data-object-fit=\"cover\" data-object-position=\"48% 56%\" srcset=\"https:\/\/hotel-gaedi.ch\/wp-content\/uploads\/2022\/09\/feinschmecker-kueche-graechen-hotel-gaedi-4.jpeg 800w, https:\/\/hotel-gaedi.ch\/wp-content\/uploads\/2022\/09\/feinschmecker-kueche-graechen-hotel-gaedi-4-500x375.jpeg 500w, https:\/\/hotel-gaedi.ch\/wp-content\/uploads\/2022\/09\/feinschmecker-kueche-graechen-hotel-gaedi-4-768x576.jpeg 768w\" sizes=\"auto, (max-width: 800px) 100vw, 800px\" \/><span aria-hidden=\"true\" class=\"wp-block-cover__background has-background-dim-0 has-background-dim\"><\/span><div class=\"wp-block-cover__inner-container is-layout-flow wp-block-cover-is-layout-flow\">\n<div class=\"wp-block-group container\"><div class=\"wp-block-group__inner-container is-layout-flow wp-block-group-is-layout-flow\">\n<div class=\"wp-block-columns row is-layout-flex wp-container-core-columns-is-layout-9d6595d7 wp-block-columns-is-layout-flex\">\n<div class=\"wp-block-column col-12 col-lg-7 is-layout-flow wp-block-column-is-layout-flow\">\n<p>Offrir des bons d&rsquo;achat<\/p>\n\n\n\n<p>Offrir des moments de bonheur ? Vous \u00eates au bon endroit. Il suffit de choisir le bon qui te convient et de nous le faire personnaliser. Que ce soit pour un anniversaire ou la Saint-Valentin, pour No\u00ebl ou P\u00e2ques. Avec un bon de valeur pour l&rsquo;h\u00f4tel G\u00e4di \u00e0 Gr\u00e4chen, vous faites le bon choix.<\/p>\n\n\n\n<div class=\"wp-block-buttons is-layout-flex wp-block-buttons-is-layout-flex\">\n<div class=\"wp-block-button\"><a class=\"wp-block-button__link wp-element-button\" href=\"https:\/\/hotel-gaedi.ch\/fr\/bons-dachat\/\">En savoir plus<\/a><\/div>\n<\/div>\n<\/div>\n<\/div>\n<\/div><\/div>\n<\/div><\/div>\n<\/div>\n<\/div>\n<\/div><\/div>\n","protected":false},"excerpt":{"rendered":"<p>D\u00eener avec plaisir L&rsquo;h\u00f4te Martin est lui-m\u00eame aux fourneaux du restaurant G\u00e4di Gr\u00e4chen. Il fait tout simplement appara\u00eetre de bons plats dans l&rsquo;assiette, qui mettent beaucoup de bonne humeur. Ils sont d\u00e9j\u00e0 un pur plaisir \u00e0 regarder, mais quand on les d\u00e9guste, le palais exulte. Demi-pension du bonheur Ce que le march\u00e9 et la saison [&hellip;]<\/p>\n","protected":false},"author":1,"featured_media":0,"parent":0,"menu_order":0,"comment_status":"closed","ping_status":"closed","template":"","meta":{"_acf_changed":false,"inline_featured_image":false,"footnotes":""},"class_list":["post-3453","page","type-page","status-publish","hentry"],"acf":[],"yoast_head":"<!-- This site is optimized with the Yoast SEO plugin v27.5 - https:\/\/yoast.com\/product\/yoast-seo-wordpress\/ -->\n<title>Restaurant G\u00e4di | H\u00f4tel G\u00e4di Gr\u00e4chen<\/title>\n<meta name=\"description\" content=\"Demi-pension Repas du soir ou \u00e0 la carte au restaurant G\u00e4di Gr\u00e4chen - notre chef de cuisine Martin fait appara\u00eetre comme par magie les meilleurs plats valaisans dans votre assiette.\" \/>\n<meta name=\"robots\" content=\"index, follow, max-snippet:-1, max-image-preview:large, max-video-preview:-1\" \/>\n<link rel=\"canonical\" href=\"https:\/\/hotel-gaedi.ch\/fr\/restaurant\/\" \/>\n<meta property=\"og:locale\" content=\"fr_FR\" \/>\n<meta property=\"og:type\" content=\"article\" \/>\n<meta property=\"og:title\" content=\"Restaurant G\u00e4di | H\u00f4tel G\u00e4di Gr\u00e4chen\" \/>\n<meta property=\"og:description\" content=\"Demi-pension Repas du soir ou \u00e0 la carte au restaurant G\u00e4di Gr\u00e4chen - notre chef de cuisine Martin fait appara\u00eetre comme par magie les meilleurs plats valaisans dans votre assiette.\" \/>\n<meta property=\"og:url\" content=\"https:\/\/hotel-gaedi.ch\/fr\/restaurant\/\" \/>\n<meta property=\"og:site_name\" content=\"Hotel G\u00e4di\" \/>\n<meta property=\"article:modified_time\" content=\"2025-11-20T17:17:17+00:00\" \/>\n<meta property=\"og:image\" content=\"https:\/\/hotel-gaedi.ch\/wp-content\/uploads\/2024\/03\/hotel-gaedi-restaurant.jpg\" \/>\n\t<meta property=\"og:image:width\" content=\"1600\" \/>\n\t<meta property=\"og:image:height\" content=\"1067\" \/>\n\t<meta property=\"og:image:type\" content=\"image\/jpeg\" \/>\n<meta name=\"twitter:card\" content=\"summary_large_image\" \/>\n<meta name=\"twitter:label1\" content=\"Dur\u00e9e de lecture estim\u00e9e\" \/>\n\t<meta name=\"twitter:data1\" content=\"1 minute\" \/>\n<script type=\"application\/ld+json\" class=\"yoast-schema-graph\">{\"@context\":\"https:\\\/\\\/schema.org\",\"@graph\":[{\"@type\":\"WebPage\",\"@id\":\"https:\\\/\\\/hotel-gaedi.ch\\\/fr\\\/restaurant\\\/\",\"url\":\"https:\\\/\\\/hotel-gaedi.ch\\\/fr\\\/restaurant\\\/\",\"name\":\"Restaurant G\u00e4di | H\u00f4tel G\u00e4di Gr\u00e4chen\",\"isPartOf\":{\"@id\":\"https:\\\/\\\/hotel-gaedi.ch\\\/#website\"},\"primaryImageOfPage\":{\"@id\":\"https:\\\/\\\/hotel-gaedi.ch\\\/fr\\\/restaurant\\\/#primaryimage\"},\"image\":{\"@id\":\"https:\\\/\\\/hotel-gaedi.ch\\\/fr\\\/restaurant\\\/#primaryimage\"},\"thumbnailUrl\":\"https:\\\/\\\/hotel-gaedi.ch\\\/wp-content\\\/uploads\\\/2024\\\/03\\\/hotel-gaedi-restaurant-1024x683.jpg\",\"datePublished\":\"2022-06-30T17:59:08+00:00\",\"dateModified\":\"2025-11-20T17:17:17+00:00\",\"description\":\"Demi-pension Repas du soir ou \u00e0 la carte au restaurant G\u00e4di Gr\u00e4chen - notre chef de cuisine Martin fait appara\u00eetre comme par magie les meilleurs plats valaisans dans votre assiette.\",\"breadcrumb\":{\"@id\":\"https:\\\/\\\/hotel-gaedi.ch\\\/fr\\\/restaurant\\\/#breadcrumb\"},\"inLanguage\":\"fr-FR\",\"potentialAction\":[{\"@type\":\"ReadAction\",\"target\":[\"https:\\\/\\\/hotel-gaedi.ch\\\/fr\\\/restaurant\\\/\"]}]},{\"@type\":\"ImageObject\",\"inLanguage\":\"fr-FR\",\"@id\":\"https:\\\/\\\/hotel-gaedi.ch\\\/fr\\\/restaurant\\\/#primaryimage\",\"url\":\"https:\\\/\\\/hotel-gaedi.ch\\\/wp-content\\\/uploads\\\/2024\\\/03\\\/hotel-gaedi-restaurant-1024x683.jpg\",\"contentUrl\":\"https:\\\/\\\/hotel-gaedi.ch\\\/wp-content\\\/uploads\\\/2024\\\/03\\\/hotel-gaedi-restaurant-1024x683.jpg\"},{\"@type\":\"BreadcrumbList\",\"@id\":\"https:\\\/\\\/hotel-gaedi.ch\\\/fr\\\/restaurant\\\/#breadcrumb\",\"itemListElement\":[{\"@type\":\"ListItem\",\"position\":1,\"name\":\"Home\",\"item\":\"https:\\\/\\\/hotel-gaedi.ch\\\/fr\\\/\"},{\"@type\":\"ListItem\",\"position\":2,\"name\":\"Restaurant\"}]},{\"@type\":\"WebSite\",\"@id\":\"https:\\\/\\\/hotel-gaedi.ch\\\/#website\",\"url\":\"https:\\\/\\\/hotel-gaedi.ch\\\/\",\"name\":\"Hotel G\u00e4di\",\"description\":\"Ferien im Hotel G\u00e4di - Gr\u00e4chen\",\"potentialAction\":[{\"@type\":\"SearchAction\",\"target\":{\"@type\":\"EntryPoint\",\"urlTemplate\":\"https:\\\/\\\/hotel-gaedi.ch\\\/?s={search_term_string}\"},\"query-input\":{\"@type\":\"PropertyValueSpecification\",\"valueRequired\":true,\"valueName\":\"search_term_string\"}}],\"inLanguage\":\"fr-FR\"}]}<\/script>\n<!-- \/ Yoast SEO plugin. -->","yoast_head_json":{"title":"Restaurant G\u00e4di | H\u00f4tel G\u00e4di Gr\u00e4chen","description":"Demi-pension Repas du soir ou \u00e0 la carte au restaurant G\u00e4di Gr\u00e4chen - notre chef de cuisine Martin fait appara\u00eetre comme par magie les meilleurs plats valaisans dans votre assiette.","robots":{"index":"index","follow":"follow","max-snippet":"max-snippet:-1","max-image-preview":"max-image-preview:large","max-video-preview":"max-video-preview:-1"},"canonical":"https:\/\/hotel-gaedi.ch\/fr\/restaurant\/","og_locale":"fr_FR","og_type":"article","og_title":"Restaurant G\u00e4di | H\u00f4tel G\u00e4di Gr\u00e4chen","og_description":"Demi-pension Repas du soir ou \u00e0 la carte au restaurant G\u00e4di Gr\u00e4chen - notre chef de cuisine Martin fait appara\u00eetre comme par magie les meilleurs plats valaisans dans votre assiette.","og_url":"https:\/\/hotel-gaedi.ch\/fr\/restaurant\/","og_site_name":"Hotel G\u00e4di","article_modified_time":"2025-11-20T17:17:17+00:00","og_image":[{"width":1600,"height":1067,"url":"https:\/\/hotel-gaedi.ch\/wp-content\/uploads\/2024\/03\/hotel-gaedi-restaurant.jpg","type":"image\/jpeg"}],"twitter_card":"summary_large_image","twitter_misc":{"Dur\u00e9e de lecture estim\u00e9e":"1 minute"},"schema":{"@context":"https:\/\/schema.org","@graph":[{"@type":"WebPage","@id":"https:\/\/hotel-gaedi.ch\/fr\/restaurant\/","url":"https:\/\/hotel-gaedi.ch\/fr\/restaurant\/","name":"Restaurant G\u00e4di | H\u00f4tel G\u00e4di Gr\u00e4chen","isPartOf":{"@id":"https:\/\/hotel-gaedi.ch\/#website"},"primaryImageOfPage":{"@id":"https:\/\/hotel-gaedi.ch\/fr\/restaurant\/#primaryimage"},"image":{"@id":"https:\/\/hotel-gaedi.ch\/fr\/restaurant\/#primaryimage"},"thumbnailUrl":"https:\/\/hotel-gaedi.ch\/wp-content\/uploads\/2024\/03\/hotel-gaedi-restaurant-1024x683.jpg","datePublished":"2022-06-30T17:59:08+00:00","dateModified":"2025-11-20T17:17:17+00:00","description":"Demi-pension Repas du soir ou \u00e0 la carte au restaurant G\u00e4di Gr\u00e4chen - notre chef de cuisine Martin fait appara\u00eetre comme par magie les meilleurs plats valaisans dans votre assiette.","breadcrumb":{"@id":"https:\/\/hotel-gaedi.ch\/fr\/restaurant\/#breadcrumb"},"inLanguage":"fr-FR","potentialAction":[{"@type":"ReadAction","target":["https:\/\/hotel-gaedi.ch\/fr\/restaurant\/"]}]},{"@type":"ImageObject","inLanguage":"fr-FR","@id":"https:\/\/hotel-gaedi.ch\/fr\/restaurant\/#primaryimage","url":"https:\/\/hotel-gaedi.ch\/wp-content\/uploads\/2024\/03\/hotel-gaedi-restaurant-1024x683.jpg","contentUrl":"https:\/\/hotel-gaedi.ch\/wp-content\/uploads\/2024\/03\/hotel-gaedi-restaurant-1024x683.jpg"},{"@type":"BreadcrumbList","@id":"https:\/\/hotel-gaedi.ch\/fr\/restaurant\/#breadcrumb","itemListElement":[{"@type":"ListItem","position":1,"name":"Home","item":"https:\/\/hotel-gaedi.ch\/fr\/"},{"@type":"ListItem","position":2,"name":"Restaurant"}]},{"@type":"WebSite","@id":"https:\/\/hotel-gaedi.ch\/#website","url":"https:\/\/hotel-gaedi.ch\/","name":"Hotel G\u00e4di","description":"Ferien im Hotel G\u00e4di - Gr\u00e4chen","potentialAction":[{"@type":"SearchAction","target":{"@type":"EntryPoint","urlTemplate":"https:\/\/hotel-gaedi.ch\/?s={search_term_string}"},"query-input":{"@type":"PropertyValueSpecification","valueRequired":true,"valueName":"search_term_string"}}],"inLanguage":"fr-FR"}]}},"_links":{"self":[{"href":"https:\/\/hotel-gaedi.ch\/fr\/wp-json\/wp\/v2\/pages\/3453","targetHints":{"allow":["GET"]}}],"collection":[{"href":"https:\/\/hotel-gaedi.ch\/fr\/wp-json\/wp\/v2\/pages"}],"about":[{"href":"https:\/\/hotel-gaedi.ch\/fr\/wp-json\/wp\/v2\/types\/page"}],"author":[{"embeddable":true,"href":"https:\/\/hotel-gaedi.ch\/fr\/wp-json\/wp\/v2\/users\/1"}],"replies":[{"embeddable":true,"href":"https:\/\/hotel-gaedi.ch\/fr\/wp-json\/wp\/v2\/comments?post=3453"}],"version-history":[{"count":10,"href":"https:\/\/hotel-gaedi.ch\/fr\/wp-json\/wp\/v2\/pages\/3453\/revisions"}],"predecessor-version":[{"id":4628,"href":"https:\/\/hotel-gaedi.ch\/fr\/wp-json\/wp\/v2\/pages\/3453\/revisions\/4628"}],"wp:attachment":[{"href":"https:\/\/hotel-gaedi.ch\/fr\/wp-json\/wp\/v2\/media?parent=3453"}],"curies":[{"name":"wp","href":"https:\/\/api.w.org\/{rel}","templated":true}]}}