{"id":3457,"date":"2022-09-09T12:15:02","date_gmt":"2022-09-09T10:15:02","guid":{"rendered":"https:\/\/hotel-gaedi.ch\/restaurant\/reservation-de-table\/"},"modified":"2022-11-29T19:57:29","modified_gmt":"2022-11-29T18:57:29","slug":"reservation-de-table","status":"publish","type":"page","link":"https:\/\/hotel-gaedi.ch\/fr\/restaurant\/reservation-de-table\/","title":{"rendered":"R\u00e9servation de table"},"content":{"rendered":"\n<div class=\"wp-block-group container introtext-centered-sun-icon-title\"><div class=\"wp-block-group__inner-container is-layout-flow wp-block-group-is-layout-flow\">\n<div class=\"wp-block-columns row is-layout-flex wp-container-core-columns-is-layout-9d6595d7 wp-block-columns-is-layout-flex\">\n<div class=\"wp-block-column col-12 is-layout-flow wp-block-column-is-layout-flow\">\n<h1 class=\"wp-block-heading\">Restaurant G\u00e4di R\u00e9servation de table<\/h1>\n\n\n\n<p>L&rsquo;offre \u00e0 la carte s\u00e9duit avec des classiques fra\u00eechement pr\u00e9par\u00e9s par l&rsquo;h\u00f4te et chef de cuisine Martin.&nbsp;L&rsquo;ambiance soigneusement entretenue par M\u00e9lanie, l&rsquo;h\u00f4tesse, enthousiasme les nombreux clients du restaurant G\u00e4di Gr\u00e4chen. D\u00e8s l&rsquo;entr\u00e9e, vous ressentez l&rsquo;ambiance chaleureuse. C&rsquo;est la meilleure condition pour passer une soir\u00e9e savoureuse et d\u00e9tendue.&nbsp;<\/p>\n\n\n\n<h4 class=\"wp-block-heading\"><br><strong><a href=\"tel:0041279561828\">+41 27 956 18 28<\/a><\/strong><\/h4>\n<\/div>\n<\/div>\n<\/div><\/div>\n\n\n\n<div class=\"wp-block-group container teaser-2col-image-text even multiple-images-horizontal\"><div class=\"wp-block-group__inner-container is-layout-flow wp-block-group-is-layout-flow\">\n<div class=\"wp-block-columns row is-layout-flex wp-container-core-columns-is-layout-9d6595d7 wp-block-columns-is-layout-flex\">\n<div class=\"wp-block-column col-lg-12 col-xl-7 is-layout-flow wp-block-column-is-layout-flow\">\n<div class=\"wp-block-columns row is-layout-flex wp-container-core-columns-is-layout-9d6595d7 wp-block-columns-is-layout-flex\">\n<div class=\"wp-block-column col-12 col-sm-6 is-layout-flow wp-block-column-is-layout-flow\">\n<figure class=\"wp-block-image size-full\"><img loading=\"lazy\" decoding=\"async\" width=\"835\" height=\"1024\" src=\"https:\/\/hotel-gaedi.ch\/wp-content\/uploads\/2022\/11\/kueche.jpg\" alt=\"\" class=\"wp-image-2308\" srcset=\"https:\/\/hotel-gaedi.ch\/wp-content\/uploads\/2022\/11\/kueche.jpg 835w, https:\/\/hotel-gaedi.ch\/wp-content\/uploads\/2022\/11\/kueche-408x500.jpg 408w, https:\/\/hotel-gaedi.ch\/wp-content\/uploads\/2022\/11\/kueche-768x942.jpg 768w\" sizes=\"auto, (max-width: 835px) 100vw, 835px\" \/><\/figure>\n<\/div>\n\n\n\n<div class=\"wp-block-column col-12 col-sm-6 is-layout-flow wp-block-column-is-layout-flow\">\n<figure class=\"wp-block-image size-full\"><img loading=\"lazy\" decoding=\"async\" width=\"835\" height=\"1024\" src=\"https:\/\/hotel-gaedi.ch\/wp-content\/uploads\/2022\/10\/koch-hotel-gaedi.jpg\" alt=\"\" class=\"wp-image-1552\" srcset=\"https:\/\/hotel-gaedi.ch\/wp-content\/uploads\/2022\/10\/koch-hotel-gaedi.jpg 835w, https:\/\/hotel-gaedi.ch\/wp-content\/uploads\/2022\/10\/koch-hotel-gaedi-408x500.jpg 408w, https:\/\/hotel-gaedi.ch\/wp-content\/uploads\/2022\/10\/koch-hotel-gaedi-768x942.jpg 768w\" sizes=\"auto, (max-width: 835px) 100vw, 835px\" \/><\/figure>\n<\/div>\n<\/div>\n<\/div>\n\n\n\n<div class=\"wp-block-column col-lg-12 col-xl-5 is-layout-flow wp-block-column-is-layout-flow\">\n<h2 class=\"wp-block-heading\">La cuisine G\u00e4di<\/h2>\n\n\n\n<p>Les talents culinaires de Martin sont connus loin \u00e0 la ronde ; il n&rsquo;est donc pas \u00e9tonnant que des clients du village et de la r\u00e9gion trouvent le chemin du restaurant G\u00e4di Gr\u00e4chen, pr\u00e8s du t\u00e9l\u00e9ph\u00e9rique Hannigalp. Martin trouve son inspiration dans la r\u00e9gion ou lors de ses voyages ; la carte propose des classiques appr\u00e9ci\u00e9s, le menu demi-pension du soir surprend chaque jour avec des plats de saison. Les sp\u00e9cialit\u00e9s valaisannes en font bien entendu partie.<\/p>\n\n\n\n<div class=\"wp-block-buttons is-layout-flex wp-block-buttons-is-layout-flex\">\n<div class=\"wp-block-button\"><a class=\"wp-block-button__link wp-element-button\" href=\"https:\/\/hotel-gaedi.ch\/restaurant\/speisekarte\/\">Menu \u00e0 la carte<\/a><\/div>\n<\/div>\n<\/div>\n<\/div>\n<\/div><\/div>\n","protected":false},"excerpt":{"rendered":"<p>Restaurant G\u00e4di R\u00e9servation de table L&rsquo;offre \u00e0 la carte s\u00e9duit avec des classiques fra\u00eechement pr\u00e9par\u00e9s par l&rsquo;h\u00f4te et chef de cuisine Martin.&nbsp;L&rsquo;ambiance soigneusement entretenue par M\u00e9lanie, l&rsquo;h\u00f4tesse, enthousiasme les nombreux clients du restaurant G\u00e4di Gr\u00e4chen. D\u00e8s l&rsquo;entr\u00e9e, vous ressentez l&rsquo;ambiance chaleureuse. C&rsquo;est la meilleure condition pour passer une soir\u00e9e savoureuse et d\u00e9tendue.&nbsp; +41 27 956 [&hellip;]<\/p>\n","protected":false},"author":1,"featured_media":0,"parent":3453,"menu_order":0,"comment_status":"closed","ping_status":"closed","template":"","meta":{"_acf_changed":false,"inline_featured_image":false,"footnotes":""},"class_list":["post-3457","page","type-page","status-publish","hentry"],"acf":[],"yoast_head":"<!-- This site is optimized with the Yoast SEO plugin v27.5 - https:\/\/yoast.com\/product\/yoast-seo-wordpress\/ -->\n<title>R\u00e9servation de table au restaurant G\u00e4di | H\u00f4tel G\u00e4di Gr\u00e4chen<\/title>\n<meta name=\"description\" content=\"Envie de sp\u00e9cialit\u00e9s valaisannes ? Restaurant G\u00e4di Le chef de cuisine Martin fait appara\u00eetre comme par magie des plats raffin\u00e9s dans l&#039;assiette. R\u00e9servez votre table d\u00e8s maintenant.\" \/>\n<meta name=\"robots\" content=\"index, follow, max-snippet:-1, max-image-preview:large, max-video-preview:-1\" \/>\n<link rel=\"canonical\" href=\"https:\/\/hotel-gaedi.ch\/fr\/restaurant\/reservation-de-table\/\" \/>\n<meta property=\"og:locale\" content=\"fr_FR\" \/>\n<meta property=\"og:type\" content=\"article\" \/>\n<meta property=\"og:title\" content=\"R\u00e9servation de table au restaurant G\u00e4di | H\u00f4tel G\u00e4di Gr\u00e4chen\" \/>\n<meta property=\"og:description\" content=\"Envie de sp\u00e9cialit\u00e9s valaisannes ? Restaurant G\u00e4di Le chef de cuisine Martin fait appara\u00eetre comme par magie des plats raffin\u00e9s dans l&#039;assiette. R\u00e9servez votre table d\u00e8s maintenant.\" \/>\n<meta property=\"og:url\" content=\"https:\/\/hotel-gaedi.ch\/fr\/restaurant\/reservation-de-table\/\" \/>\n<meta property=\"og:site_name\" content=\"Hotel G\u00e4di\" \/>\n<meta property=\"article:modified_time\" content=\"2022-11-29T18:57:29+00:00\" \/>\n<meta property=\"og:image\" content=\"https:\/\/hotel-gaedi.ch\/wp-content\/uploads\/2022\/11\/kueche.jpg\" \/>\n<meta name=\"twitter:card\" content=\"summary_large_image\" \/>\n<meta name=\"twitter:label1\" content=\"Dur\u00e9e de lecture estim\u00e9e\" \/>\n\t<meta name=\"twitter:data1\" content=\"1 minute\" \/>\n<script type=\"application\/ld+json\" class=\"yoast-schema-graph\">{\"@context\":\"https:\\\/\\\/schema.org\",\"@graph\":[{\"@type\":\"WebPage\",\"@id\":\"https:\\\/\\\/hotel-gaedi.ch\\\/fr\\\/restaurant\\\/reservation-de-table\\\/\",\"url\":\"https:\\\/\\\/hotel-gaedi.ch\\\/fr\\\/restaurant\\\/reservation-de-table\\\/\",\"name\":\"R\u00e9servation de table au restaurant G\u00e4di | H\u00f4tel G\u00e4di Gr\u00e4chen\",\"isPartOf\":{\"@id\":\"https:\\\/\\\/hotel-gaedi.ch\\\/#website\"},\"primaryImageOfPage\":{\"@id\":\"https:\\\/\\\/hotel-gaedi.ch\\\/fr\\\/restaurant\\\/reservation-de-table\\\/#primaryimage\"},\"image\":{\"@id\":\"https:\\\/\\\/hotel-gaedi.ch\\\/fr\\\/restaurant\\\/reservation-de-table\\\/#primaryimage\"},\"thumbnailUrl\":\"https:\\\/\\\/hotel-gaedi.ch\\\/wp-content\\\/uploads\\\/2022\\\/11\\\/kueche.jpg\",\"datePublished\":\"2022-09-09T10:15:02+00:00\",\"dateModified\":\"2022-11-29T18:57:29+00:00\",\"description\":\"Envie de sp\u00e9cialit\u00e9s valaisannes ? Restaurant G\u00e4di Le chef de cuisine Martin fait appara\u00eetre comme par magie des plats raffin\u00e9s dans l'assiette. R\u00e9servez votre table d\u00e8s maintenant.\",\"breadcrumb\":{\"@id\":\"https:\\\/\\\/hotel-gaedi.ch\\\/fr\\\/restaurant\\\/reservation-de-table\\\/#breadcrumb\"},\"inLanguage\":\"fr-FR\",\"potentialAction\":[{\"@type\":\"ReadAction\",\"target\":[\"https:\\\/\\\/hotel-gaedi.ch\\\/fr\\\/restaurant\\\/reservation-de-table\\\/\"]}]},{\"@type\":\"ImageObject\",\"inLanguage\":\"fr-FR\",\"@id\":\"https:\\\/\\\/hotel-gaedi.ch\\\/fr\\\/restaurant\\\/reservation-de-table\\\/#primaryimage\",\"url\":\"https:\\\/\\\/hotel-gaedi.ch\\\/wp-content\\\/uploads\\\/2022\\\/11\\\/kueche.jpg\",\"contentUrl\":\"https:\\\/\\\/hotel-gaedi.ch\\\/wp-content\\\/uploads\\\/2022\\\/11\\\/kueche.jpg\"},{\"@type\":\"BreadcrumbList\",\"@id\":\"https:\\\/\\\/hotel-gaedi.ch\\\/fr\\\/restaurant\\\/reservation-de-table\\\/#breadcrumb\",\"itemListElement\":[{\"@type\":\"ListItem\",\"position\":1,\"name\":\"Home\",\"item\":\"https:\\\/\\\/hotel-gaedi.ch\\\/fr\\\/\"},{\"@type\":\"ListItem\",\"position\":2,\"name\":\"Restaurant\",\"item\":\"https:\\\/\\\/hotel-gaedi.ch\\\/fr\\\/restaurant\\\/\"},{\"@type\":\"ListItem\",\"position\":3,\"name\":\"R\u00e9servation de table\"}]},{\"@type\":\"WebSite\",\"@id\":\"https:\\\/\\\/hotel-gaedi.ch\\\/#website\",\"url\":\"https:\\\/\\\/hotel-gaedi.ch\\\/\",\"name\":\"Hotel G\u00e4di\",\"description\":\"Ferien im Hotel G\u00e4di - Gr\u00e4chen\",\"potentialAction\":[{\"@type\":\"SearchAction\",\"target\":{\"@type\":\"EntryPoint\",\"urlTemplate\":\"https:\\\/\\\/hotel-gaedi.ch\\\/?s={search_term_string}\"},\"query-input\":{\"@type\":\"PropertyValueSpecification\",\"valueRequired\":true,\"valueName\":\"search_term_string\"}}],\"inLanguage\":\"fr-FR\"}]}<\/script>\n<!-- \/ Yoast SEO plugin. -->","yoast_head_json":{"title":"R\u00e9servation de table au restaurant G\u00e4di | H\u00f4tel G\u00e4di Gr\u00e4chen","description":"Envie de sp\u00e9cialit\u00e9s valaisannes ? Restaurant G\u00e4di Le chef de cuisine Martin fait appara\u00eetre comme par magie des plats raffin\u00e9s dans l'assiette. R\u00e9servez votre table d\u00e8s maintenant.","robots":{"index":"index","follow":"follow","max-snippet":"max-snippet:-1","max-image-preview":"max-image-preview:large","max-video-preview":"max-video-preview:-1"},"canonical":"https:\/\/hotel-gaedi.ch\/fr\/restaurant\/reservation-de-table\/","og_locale":"fr_FR","og_type":"article","og_title":"R\u00e9servation de table au restaurant G\u00e4di | H\u00f4tel G\u00e4di Gr\u00e4chen","og_description":"Envie de sp\u00e9cialit\u00e9s valaisannes ? Restaurant G\u00e4di Le chef de cuisine Martin fait appara\u00eetre comme par magie des plats raffin\u00e9s dans l'assiette. R\u00e9servez votre table d\u00e8s maintenant.","og_url":"https:\/\/hotel-gaedi.ch\/fr\/restaurant\/reservation-de-table\/","og_site_name":"Hotel G\u00e4di","article_modified_time":"2022-11-29T18:57:29+00:00","og_image":[{"url":"https:\/\/hotel-gaedi.ch\/wp-content\/uploads\/2022\/11\/kueche.jpg","type":"","width":"","height":""}],"twitter_card":"summary_large_image","twitter_misc":{"Dur\u00e9e de lecture estim\u00e9e":"1 minute"},"schema":{"@context":"https:\/\/schema.org","@graph":[{"@type":"WebPage","@id":"https:\/\/hotel-gaedi.ch\/fr\/restaurant\/reservation-de-table\/","url":"https:\/\/hotel-gaedi.ch\/fr\/restaurant\/reservation-de-table\/","name":"R\u00e9servation de table au restaurant G\u00e4di | H\u00f4tel G\u00e4di Gr\u00e4chen","isPartOf":{"@id":"https:\/\/hotel-gaedi.ch\/#website"},"primaryImageOfPage":{"@id":"https:\/\/hotel-gaedi.ch\/fr\/restaurant\/reservation-de-table\/#primaryimage"},"image":{"@id":"https:\/\/hotel-gaedi.ch\/fr\/restaurant\/reservation-de-table\/#primaryimage"},"thumbnailUrl":"https:\/\/hotel-gaedi.ch\/wp-content\/uploads\/2022\/11\/kueche.jpg","datePublished":"2022-09-09T10:15:02+00:00","dateModified":"2022-11-29T18:57:29+00:00","description":"Envie de sp\u00e9cialit\u00e9s valaisannes ? Restaurant G\u00e4di Le chef de cuisine Martin fait appara\u00eetre comme par magie des plats raffin\u00e9s dans l'assiette. R\u00e9servez votre table d\u00e8s maintenant.","breadcrumb":{"@id":"https:\/\/hotel-gaedi.ch\/fr\/restaurant\/reservation-de-table\/#breadcrumb"},"inLanguage":"fr-FR","potentialAction":[{"@type":"ReadAction","target":["https:\/\/hotel-gaedi.ch\/fr\/restaurant\/reservation-de-table\/"]}]},{"@type":"ImageObject","inLanguage":"fr-FR","@id":"https:\/\/hotel-gaedi.ch\/fr\/restaurant\/reservation-de-table\/#primaryimage","url":"https:\/\/hotel-gaedi.ch\/wp-content\/uploads\/2022\/11\/kueche.jpg","contentUrl":"https:\/\/hotel-gaedi.ch\/wp-content\/uploads\/2022\/11\/kueche.jpg"},{"@type":"BreadcrumbList","@id":"https:\/\/hotel-gaedi.ch\/fr\/restaurant\/reservation-de-table\/#breadcrumb","itemListElement":[{"@type":"ListItem","position":1,"name":"Home","item":"https:\/\/hotel-gaedi.ch\/fr\/"},{"@type":"ListItem","position":2,"name":"Restaurant","item":"https:\/\/hotel-gaedi.ch\/fr\/restaurant\/"},{"@type":"ListItem","position":3,"name":"R\u00e9servation de table"}]},{"@type":"WebSite","@id":"https:\/\/hotel-gaedi.ch\/#website","url":"https:\/\/hotel-gaedi.ch\/","name":"Hotel G\u00e4di","description":"Ferien im Hotel G\u00e4di - Gr\u00e4chen","potentialAction":[{"@type":"SearchAction","target":{"@type":"EntryPoint","urlTemplate":"https:\/\/hotel-gaedi.ch\/?s={search_term_string}"},"query-input":{"@type":"PropertyValueSpecification","valueRequired":true,"valueName":"search_term_string"}}],"inLanguage":"fr-FR"}]}},"_links":{"self":[{"href":"https:\/\/hotel-gaedi.ch\/fr\/wp-json\/wp\/v2\/pages\/3457","targetHints":{"allow":["GET"]}}],"collection":[{"href":"https:\/\/hotel-gaedi.ch\/fr\/wp-json\/wp\/v2\/pages"}],"about":[{"href":"https:\/\/hotel-gaedi.ch\/fr\/wp-json\/wp\/v2\/types\/page"}],"author":[{"embeddable":true,"href":"https:\/\/hotel-gaedi.ch\/fr\/wp-json\/wp\/v2\/users\/1"}],"replies":[{"embeddable":true,"href":"https:\/\/hotel-gaedi.ch\/fr\/wp-json\/wp\/v2\/comments?post=3457"}],"version-history":[{"count":1,"href":"https:\/\/hotel-gaedi.ch\/fr\/wp-json\/wp\/v2\/pages\/3457\/revisions"}],"predecessor-version":[{"id":3458,"href":"https:\/\/hotel-gaedi.ch\/fr\/wp-json\/wp\/v2\/pages\/3457\/revisions\/3458"}],"up":[{"embeddable":true,"href":"https:\/\/hotel-gaedi.ch\/fr\/wp-json\/wp\/v2\/pages\/3453"}],"wp:attachment":[{"href":"https:\/\/hotel-gaedi.ch\/fr\/wp-json\/wp\/v2\/media?parent=3457"}],"curies":[{"name":"wp","href":"https:\/\/api.w.org\/{rel}","templated":true}]}}